{"id":1786,"date":"2022-05-13T10:34:24","date_gmt":"2022-05-13T08:34:24","guid":{"rendered":"https:\/\/moderaterna.se\/vastragotaland\/?post_type=politiker&#038;p=1786"},"modified":"2023-01-17T13:26:19","modified_gmt":"2023-01-17T12:26:19","slug":"annette-carlson","status":"publish","type":"politiker","link":"https:\/\/moderaterna.se\/vastragotaland\/politiker\/annette-carlson\/","title":{"rendered":"Annette Carlson"},"content":{"rendered":"\n<p>Det som en g\u00e5ng v\u00e4ckte mitt politiska intresse var en semesterresa samt att det inte gick att v\u00e4lja annan skola \u00e4n den anvisade. Resan gick till Bulgarien, d\u00e5 en kommuniststat, och den ofrihet som jag fick se och h\u00f6ra om ber\u00f6rde mig mycket. Fortfarande \u00e4r kampen f\u00f6r m\u00e4nniskors frihet, m\u00f6jlighet f\u00f6r den enskilde att v\u00e4lja samt m\u00f6jlighet att sj\u00e4lv f\u00e5 ta ansvar och styra \u00f6ver sitt liv, n\u00e5got som driver mig i mitt politiska engagemang \u00e4n idag.<\/p>\n\n\n\n<p>Mitt namn \u00e4r Annette Carlson och jag bor p\u00e5 stadsdelen Norrby i Bor\u00e5s. Denna mandatperiod har jag uppdraget att vara 1:e vice ordf\u00f6rande i Kommunstyrelsen i Bor\u00e5s och kommunalr\u00e5d i opposition. Jag har en bred erfarenhet av olika politikomr\u00e5den inom kommunen d\u00e5 jag under mina \u00e5r som f\u00f6rtroendevald suttit i n\u00e4mnder som hanterat byggnation, utbildning, socialtj\u00e4nst, \u00e4ldreomsorg, funktionshinderomsorg, kultur och fritid. P\u00e5 min fritid tycker jag om att se p\u00e5 fotboll, Elfsborg och jag tycker det \u00e4r roligt att g\u00e5 tipspromenader. Med ett fritidshus f\u00f6ljer ocks\u00e5 tr\u00e4dg\u00e5rdsarbete, som jag l\u00e4rt mig att tycka om.<\/p>\n\n\n\n<p>Trygghet, v\u00e4xtkraft samt ordning och reda \u00e4r ledorden som f\u00e5ngar in det som jag anser \u00e4r viktigt att arbeta med i en kommun. Det ska vara ordning och reda i ekonomin, i klass\u00adrummet, i integrationsarbetet och i kommunens styre.<\/p>\n\n\n\n<p>Bor\u00e5s ska vara en trygg kommun f\u00f6r alla. Oavsett tid p\u00e5 dygnet eller var man befinner sig. Det ska finnas&nbsp;plats p\u00e5 \u00e4ldreboendet n\u00e4r du beh\u00f6ver det. Barnen som ska k\u00e4nna sig trygga i skolan. Otrygga platser ska identifieras och vid behov ska kamera\u00f6vervakning, trygghetsv\u00e4rdar och ordningsvakter anv\u00e4ndas.<\/p>\n\n\n\n<p>F\u00f6r att f\u00e5 kraft att forts\u00e4tta utveckla&nbsp;hela Bor\u00e5s beh\u00f6vs nya bost\u00e4der, st\u00e4rkt f\u00f6retagsklimat, mer resurser in i klassrummen samt ett levande kulturliv. Ska vi p\u00e5 allvar ta tillvara p\u00e5 Bor\u00e5s m\u00f6jligheter att m\u00f6ta de problem som vi st\u00e5r inf\u00f6r kr\u00e4vs det l\u00f6sningar p\u00e5 hur Bor\u00e5s inte l\u00e4ngre har n\u00e5gra s\u00e4rskilt utsatta omr\u00e5den.&nbsp;<\/p>\n","protected":false},"featured_media":1787,"template":"","role":[120],"secondary-role":[],"class_list":["post-1786","politiker","type-politiker","status-publish","has-post-thumbnail","hentry"],"acf":[],"_links":{"self":[{"href":"https:\/\/moderaterna.se\/vastragotaland\/wp-json\/wp\/v2\/politiker\/1786","targetHints":{"allow":["GET"]}}],"collection":[{"href":"https:\/\/moderaterna.se\/vastragotaland\/wp-json\/wp\/v2\/politiker"}],"about":[{"href":"https:\/\/moderaterna.se\/vastragotaland\/wp-json\/wp\/v2\/types\/politiker"}],"wp:featuredmedia":[{"embeddable":true,"href":"https:\/\/moderaterna.se\/vastragotaland\/wp-json\/wp\/v2\/media\/1787"}],"wp:attachment":[{"href":"https:\/\/moderaterna.se\/vastragotaland\/wp-json\/wp\/v2\/media?parent=1786"}],"wp:term":[{"taxonomy":"role","embeddable":true,"href":"https:\/\/moderaterna.se\/vastragotaland\/wp-json\/wp\/v2\/role?post=1786"},{"taxonomy":"secondary-role","embeddable":true,"href":"https:\/\/moderaterna.se\/vastragotaland\/wp-json\/wp\/v2\/secondary-role?post=1786"}],"curies":[{"name":"wp","href":"https:\/\/api.w.org\/{rel}","templated":true}]}}