{"id":1006,"date":"2022-01-06T16:23:54","date_gmt":"2022-01-06T15:23:54","guid":{"rendered":"https:\/\/moderaterna.se\/vastragotaland\/?post_type=politiker&#038;p=1006"},"modified":"2023-11-26T08:38:25","modified_gmt":"2023-11-26T07:38:25","slug":"johan-bjorkman","status":"publish","type":"politiker","link":"https:\/\/moderaterna.se\/vastragotaland\/politiker\/johan-bjorkman\/","title":{"rendered":"Johan Bj\u00f6rkman"},"content":{"rendered":"\n<p>N\u00e4r jag flyttade till Hillared fr\u00e5n L\u00e4nghem 2004, en flytt p\u00e5 ca 7 km, blev det st\u00f6rre f\u00f6r\u00e4ndring \u00e4n jag f\u00f6rst t\u00e4nkt. F\u00f6rst m\u00e4rktes att det var nytt riktnummeromr\u00e5de f\u00f6r den fasta telefonen och vi fick byta telefonnummer. Sedan var det ny kommun och h\u00f6gre kommunalskatt. Det \u00e4r l\u00e4tt att se gr\u00e4nser p\u00e5 en karta men sv\u00e5rt att inse vilken administrativ p\u00e5verkan de kan ha f\u00f6r dem som verkar i omr\u00e5det.<\/p>\n\n\n\n<p>Strax efter vi flyttat in ringde telefonen och jag fick fr\u00e5gan om jag ville st\u00e5 med p\u00e5 Moderaternas lista till Kommunfullm\u00e4ktige i valet 2006. Jag var medlem men hade inte varit aktiv i min \u201dgamla\u201d kommun. Dock k\u00e4nde jag att jag ville testa och p\u00e5 den v\u00e4gen \u00e4r det.<\/p>\n\n\n\n<p>Jag har pr\u00f6vat p\u00e5 att som enda uppdrag sitta i en n\u00e4mnd med cirka&nbsp;tio&nbsp;m\u00f6ten per \u00e5r. D\u00e5 var det hundratals sidor med handlingar att s\u00e4tta sig in i mellan dagish\u00e4mtningar och uppgifter p\u00e5 jobbet som skulle klaras av i tid. Nu i min roll som oppositionsr\u00e5d i Svenljunga jobbar jag med alla fr\u00e5gor och f\u00e5r f\u00f6rs\u00f6ka s\u00e4tta mig in i stort som sm\u00e5tt. Nu senast g\u00e4llde det ett vattenskyddsomr\u00e5de f\u00f6r Falkenberg som g\u00e5r in i Svenljunga kommun och ber\u00f6r drygt 1 000 fastigheter i v\u00e5r kommun. Andra g\u00e5nger kan det g\u00e4lla en s\u00f6nderslagen busskur. Ingen dag \u00e4r den andra lik och det \u00e4r ett privilegium att f\u00e5 jobba med n\u00e5got som engagerar och samtidigt \u00e4r till f\u00f6r allas b\u00e4sta.<\/p>\n","protected":false},"featured_media":1007,"template":"","role":[120],"secondary-role":[],"class_list":["post-1006","politiker","type-politiker","status-publish","has-post-thumbnail","hentry"],"acf":[],"_links":{"self":[{"href":"https:\/\/moderaterna.se\/vastragotaland\/wp-json\/wp\/v2\/politiker\/1006","targetHints":{"allow":["GET"]}}],"collection":[{"href":"https:\/\/moderaterna.se\/vastragotaland\/wp-json\/wp\/v2\/politiker"}],"about":[{"href":"https:\/\/moderaterna.se\/vastragotaland\/wp-json\/wp\/v2\/types\/politiker"}],"wp:featuredmedia":[{"embeddable":true,"href":"https:\/\/moderaterna.se\/vastragotaland\/wp-json\/wp\/v2\/media\/1007"}],"wp:attachment":[{"href":"https:\/\/moderaterna.se\/vastragotaland\/wp-json\/wp\/v2\/media?parent=1006"}],"wp:term":[{"taxonomy":"role","embeddable":true,"href":"https:\/\/moderaterna.se\/vastragotaland\/wp-json\/wp\/v2\/role?post=1006"},{"taxonomy":"secondary-role","embeddable":true,"href":"https:\/\/moderaterna.se\/vastragotaland\/wp-json\/wp\/v2\/secondary-role?post=1006"}],"curies":[{"name":"wp","href":"https:\/\/api.w.org\/{rel}","templated":true}]}}