{"version":"1.0","provider_name":"Moderaterna i V\u00e4stra G\u00f6taland","provider_url":"https:\/\/moderaterna.se\/vastragotaland","author_name":"Terese Blomqvist","author_url":"https:\/\/moderaterna.se\/vastragotaland\/author\/tereseblomqvist\/","title":"Tomas Ekberg","type":"rich","width":600,"height":338,"html":"<blockquote class=\"wp-embedded-content\" data-secret=\"sUPY1F6wmz\"><a href=\"https:\/\/moderaterna.se\/vastragotaland\/politiker\/tomas-ekberg\/\">Tomas Ekberg<\/a><\/blockquote><iframe sandbox=\"allow-scripts\" security=\"restricted\" src=\"https:\/\/moderaterna.se\/vastragotaland\/politiker\/tomas-ekberg\/embed\/#?secret=sUPY1F6wmz\" width=\"600\" height=\"338\" title=\"\u201dTomas Ekberg\u201d &ndash; Moderaterna i V\u00e4stra G\u00f6taland\" data-secret=\"sUPY1F6wmz\" frameborder=\"0\" marginwidth=\"0\" marginheight=\"0\" scrolling=\"no\" class=\"wp-embedded-content\"><\/iframe><script>\n\/*! This file is auto-generated *\/\n!function(d,l){\"use strict\";l.querySelector&&d.addEventListener&&\"undefined\"!=typeof URL&&(d.wp=d.wp||{},d.wp.receiveEmbedMessage||(d.wp.receiveEmbedMessage=function(e){var t=e.data;if((t||t.secret||t.message||t.value)&&!\/[^a-zA-Z0-9]\/.test(t.secret)){for(var s,r,n,a=l.querySelectorAll('iframe[data-secret=\"'+t.secret+'\"]'),o=l.querySelectorAll('blockquote[data-secret=\"'+t.secret+'\"]'),c=new RegExp(\"^https?:$\",\"i\"),i=0;i<o.length;i++)o[i].style.display=\"none\";for(i=0;i<a.length;i++)s=a[i],e.source===s.contentWindow&&(s.removeAttribute(\"style\"),\"height\"===t.message?(1e3<(r=parseInt(t.value,10))?r=1e3:~~r<200&&(r=200),s.height=r):\"link\"===t.message&&(r=new URL(s.getAttribute(\"src\")),n=new URL(t.value),c.test(n.protocol))&&n.host===r.host&&l.activeElement===s&&(d.top.location.href=t.value))}},d.addEventListener(\"message\",d.wp.receiveEmbedMessage,!1),l.addEventListener(\"DOMContentLoaded\",function(){for(var e,t,s=l.querySelectorAll(\"iframe.wp-embedded-content\"),r=0;r<s.length;r++)(t=(e=s[r]).getAttribute(\"data-secret\"))||(t=Math.random().toString(36).substring(2,12),e.src+=\"#?secret=\"+t,e.setAttribute(\"data-secret\",t)),e.contentWindow.postMessage({message:\"ready\",secret:t},\"*\")},!1)))}(window,document);\n\/\/# sourceURL=https:\/\/moderaterna.se\/vastragotaland\/wp-includes\/js\/wp-embed.min.js\n<\/script>\n","thumbnail_url":"https:\/\/moderaterna.se\/app\/uploads\/sites\/18\/2022\/06\/Tomas-Ekberg-e1656588491358.jpg","thumbnail_width":785,"thumbnail_height":520,"description":"Jag bor i underbara Fritsla i Marks kommun. Jag engagerade mig politiskt innan valet 2018 och har under mandatperioden haft gl\u00e4djen att representera Moderaterna som oppositionsr\u00e5d. Min karri\u00e4r startades som f\u00f6retagare vid 21 \u00e5rs \u00e5lder och jag arbetade inom IT i n\u00e4stan 30 \u00e5r. Tillsammans med min fru driver vi nu; caf\u00e9, blomsteraff\u00e4r, delikatess och [&hellip;]"}