{"id":3011,"date":"2026-04-27T09:02:50","date_gmt":"2026-04-27T07:02:50","guid":{"rendered":"https:\/\/moderaterna.se\/uppsala\/?page_id=3011"},"modified":"2026-04-27T09:02:51","modified_gmt":"2026-04-27T07:02:51","slug":"minska-administrationen-du-ska-fa-valuta-for-dina-skattepengar","status":"publish","type":"page","link":"https:\/\/moderaterna.se\/uppsala\/minska-administrationen-du-ska-fa-valuta-for-dina-skattepengar\/","title":{"rendered":"Minska administrationen \u2013 du ska f\u00e5 valuta f\u00f6r dina skattepengar"},"content":{"rendered":"\n<p>Ekonomiskt ansvarstagande \u00e4r en f\u00f6ruts\u00e4ttning f\u00f6r en fungerande v\u00e4lf\u00e4rd av h\u00f6g kvalitet.<\/p>\n\n\n\n<p>Det borde vara en sj\u00e4lvklarhet att en sjuksk\u00f6terska eller l\u00e4kare ska arbeta med v\u00e5rd. F\u00e5r v\u00e5rdpersonal fokusera p\u00e5 patientm\u00f6tet kan de ocks\u00e5 ge fler patienter v\u00e5rd i tid. Vi anser att en rimlig m\u00e5ls\u00e4ttning \u00e4r att 80 procent av v\u00e5rdpersonalens arbetstid ska \u00e4gnas \u00e5t k\u00e4rnuppgifter.<\/p>\n\n\n\n<p>Vi m\u00e5ste st\u00e4ndigt rannsaka oss sj\u00e4lva och fr\u00e5ga oss hur vi kan utf\u00f6ra uppdraget b\u00e4ttre, smartare och effektivare i morgon. Fr\u00e5n politikens sida \u00e4r det viktigt att man b\u00f6rjar st\u00e4da trappan uppifr\u00e5n genom att se till att den politiska organisationen \u00e4r \u00e4ndam\u00e5lsenlig och effektiv. Moderaterna vill minska och reformera den politiska organisationen och f\u00f6rvaltningsorganisationen.<\/p>\n\n\n\n<p><strong>V\u00e5ra f\u00f6rslag i punktform<\/strong><\/p>\n\n\n\n<ul class=\"wp-block-list\">\n<li>L\u00e5ngsiktigt verka f\u00f6r l\u00e4gre skatteniv\u00e5 i Region Uppsala<\/li>\n\n\n\n<li>Det ska vara enkelt att boka och avboka bes\u00f6k digitalt. Det ska \u00e4ven vara tillg\u00e4ngligt via telefon<\/li>\n\n\n\n<li>Upphandla 1177 som telefontj\u00e4nst f\u00f6r att f\u00f6rb\u00e4ttra tillg\u00e4ngligheten<\/li>\n\n\n\n<li>\u00d6ka anv\u00e4ndningen av sammanh\u00e5llen journal och s\u00e4ker digital kommunikation<\/li>\n\n\n\n<li>Ge mer v\u00e5rd i hemmet<\/li>\n\n\n\n<li>Minska den politiska kostymen genom f\u00e4rre n\u00e4mnder och effektivare politisk organisation.<\/li>\n\n\n\n<li>Effektivisera f\u00f6rvaltningen och minska byr\u00e5kratin<\/li>\n\n\n\n<li>St\u00e4rk Region Uppsalas arbete med AI-anv\u00e4ndning f\u00f6r att frig\u00f6ra tid f\u00f6r regionens k\u00e4rnuppdrag<\/li>\n\n\n\n<li>M\u00f6jligg\u00f6r finansiella placeringar i f\u00f6rsvarsindustri<\/li>\n\n\n\n<li>Utveckla budgetprocessen f\u00f6r starkare budgetdisciplin<\/li>\n\n\n\n<li>F\u00f6rb\u00e4ttra hur regionen arbetar med upphandlingar, ink\u00f6p och logistik<\/li>\n\n\n\n<li>Utveckla Region Uppsalas arbete med benchmarking f\u00f6r att s\u00e4kerst\u00e4lla en h\u00e5llbar kostnadsutveckling och \u00f6ka produktiviteten<\/li>\n\n\n\n<li>Stoppa v\u00e4nsterstyrets planer p\u00e5 eget produktionsk\u00f6k f\u00f6r patientmat<\/li>\n\n\n\n<li>Region Uppsala ska sk\u00f6ta sina fastigheter och inhyrningar b\u00e4ttre samt investera f\u00f6r framtiden<\/li>\n<\/ul>\n","protected":false},"excerpt":{"rendered":"<p>Ekonomiskt ansvarstagande \u00e4r en f\u00f6ruts\u00e4ttning f\u00f6r en fungerande v\u00e4lf\u00e4rd av h\u00f6g kvalitet. Det borde vara en sj\u00e4lvklarhet att en sjuksk\u00f6terska eller l\u00e4kare ska arbeta med v\u00e5rd. F\u00e5r v\u00e5rdpersonal fokusera p\u00e5 patientm\u00f6tet kan de ocks\u00e5 ge fler patienter v\u00e5rd i tid. Vi anser att en rimlig m\u00e5ls\u00e4ttning \u00e4r att 80 procent av v\u00e5rdpersonalens arbetstid ska \u00e4gnas [&hellip;]<\/p>\n","protected":false},"author":99,"featured_media":0,"parent":0,"menu_order":0,"comment_status":"closed","ping_status":"closed","template":"","meta":{"_acf_changed":false,"_relevanssi_hide_post":"","_relevanssi_hide_content":"","_relevanssi_pin_for_all":"","_relevanssi_pin_keywords":"","_relevanssi_unpin_keywords":"","_relevanssi_related_keywords":"","_relevanssi_related_include_ids":"","_relevanssi_related_exclude_ids":"","_relevanssi_related_no_append":"","_relevanssi_related_not_related":"","_relevanssi_related_posts":"2777,1511,2735,2870,2470,2640","_relevanssi_noindex_reason":"","footnotes":""},"subject":[],"class_list":["post-3011","page","type-page","status-publish","hentry"],"acf":[],"publishpress_future_action":{"enabled":false,"date":"2026-05-06 00:43:46","action":"change-status","newStatus":"draft","terms":[],"taxonomy":"subject"},"_links":{"self":[{"href":"https:\/\/moderaterna.se\/uppsala\/wp-json\/wp\/v2\/pages\/3011","targetHints":{"allow":["GET"]}}],"collection":[{"href":"https:\/\/moderaterna.se\/uppsala\/wp-json\/wp\/v2\/pages"}],"about":[{"href":"https:\/\/moderaterna.se\/uppsala\/wp-json\/wp\/v2\/types\/page"}],"author":[{"embeddable":true,"href":"https:\/\/moderaterna.se\/uppsala\/wp-json\/wp\/v2\/users\/99"}],"replies":[{"embeddable":true,"href":"https:\/\/moderaterna.se\/uppsala\/wp-json\/wp\/v2\/comments?post=3011"}],"version-history":[{"count":1,"href":"https:\/\/moderaterna.se\/uppsala\/wp-json\/wp\/v2\/pages\/3011\/revisions"}],"predecessor-version":[{"id":3012,"href":"https:\/\/moderaterna.se\/uppsala\/wp-json\/wp\/v2\/pages\/3011\/revisions\/3012"}],"wp:attachment":[{"href":"https:\/\/moderaterna.se\/uppsala\/wp-json\/wp\/v2\/media?parent=3011"}],"wp:term":[{"taxonomy":"subject","embeddable":true,"href":"https:\/\/moderaterna.se\/uppsala\/wp-json\/wp\/v2\/subject?post=3011"}],"curies":[{"name":"wp","href":"https:\/\/api.w.org\/{rel}","templated":true}]}}