{"id":3008,"date":"2026-04-27T09:00:47","date_gmt":"2026-04-27T07:00:47","guid":{"rendered":"https:\/\/moderaterna.se\/uppsala\/?page_id=3008"},"modified":"2026-04-27T09:00:49","modified_gmt":"2026-04-27T07:00:49","slug":"trygg-i-varden-med-sprakkrav","status":"publish","type":"page","link":"https:\/\/moderaterna.se\/uppsala\/trygg-i-varden-med-sprakkrav\/","title":{"rendered":"Trygg i v\u00e5rden med spr\u00e5kkrav"},"content":{"rendered":"\n<p>F\u00f6r att komma till r\u00e4tta med spr\u00e5kbristerna inom v\u00e5rd och omsorg vill vi inf\u00f6ra tydliga spr\u00e5kkrav.<\/p>\n\n\n\n<p>Att personalen har goda kunskaper i svenska spr\u00e5ket \u00e4r en f\u00f6ruts\u00e4ttning f\u00f6r att arbetet ska utf\u00f6ras p\u00e5 ett tryggt och s\u00e4kert s\u00e4tt. Personalen beh\u00f6ver kunna kommunicera med dig f\u00f6r att ge r\u00e4tt behandling, informera om mediciner eller snabbt reagera vid n\u00f6dsituationer. Personalen beh\u00f6ver f\u00f6rst\u00e5 s\u00e5v\u00e4l medicinska instruktioner som regler och riktlinjer f\u00f6r att kunna f\u00f6lja dem. Det \u00e4r s\u00e4rskilt viktigt i takt med att v\u00e5rden blir alltmer avancerad.<\/p>\n\n\n\n<p>D\u00e4rf\u00f6r ska vi vidta de \u00e5tg\u00e4rder som kr\u00e4vs f\u00f6r att komma till r\u00e4tta med bristande spr\u00e5kkunskaper.<\/p>\n","protected":false},"excerpt":{"rendered":"<p>F\u00f6r att komma till r\u00e4tta med spr\u00e5kbristerna inom v\u00e5rd och omsorg vill vi inf\u00f6ra tydliga spr\u00e5kkrav. Att personalen har goda kunskaper i svenska spr\u00e5ket \u00e4r en f\u00f6ruts\u00e4ttning f\u00f6r att arbetet ska utf\u00f6ras p\u00e5 ett tryggt och s\u00e4kert s\u00e4tt. Personalen beh\u00f6ver kunna kommunicera med dig f\u00f6r att ge r\u00e4tt behandling, informera om mediciner eller snabbt reagera [&hellip;]<\/p>\n","protected":false},"author":99,"featured_media":0,"parent":0,"menu_order":0,"comment_status":"closed","ping_status":"closed","template":"","meta":{"_acf_changed":false,"_relevanssi_hide_post":"","_relevanssi_hide_content":"","_relevanssi_pin_for_all":"","_relevanssi_pin_keywords":"","_relevanssi_unpin_keywords":"","_relevanssi_related_keywords":"","_relevanssi_related_include_ids":"","_relevanssi_related_exclude_ids":"","_relevanssi_related_no_append":"","_relevanssi_related_not_related":"","_relevanssi_related_posts":"1517,2572,1951,2198,1802,2888","_relevanssi_noindex_reason":"","footnotes":""},"subject":[],"class_list":["post-3008","page","type-page","status-publish","hentry"],"acf":[],"publishpress_future_action":{"enabled":false,"date":"2026-05-06 00:42:41","action":"change-status","newStatus":"draft","terms":[],"taxonomy":"subject"},"_links":{"self":[{"href":"https:\/\/moderaterna.se\/uppsala\/wp-json\/wp\/v2\/pages\/3008","targetHints":{"allow":["GET"]}}],"collection":[{"href":"https:\/\/moderaterna.se\/uppsala\/wp-json\/wp\/v2\/pages"}],"about":[{"href":"https:\/\/moderaterna.se\/uppsala\/wp-json\/wp\/v2\/types\/page"}],"author":[{"embeddable":true,"href":"https:\/\/moderaterna.se\/uppsala\/wp-json\/wp\/v2\/users\/99"}],"replies":[{"embeddable":true,"href":"https:\/\/moderaterna.se\/uppsala\/wp-json\/wp\/v2\/comments?post=3008"}],"version-history":[{"count":1,"href":"https:\/\/moderaterna.se\/uppsala\/wp-json\/wp\/v2\/pages\/3008\/revisions"}],"predecessor-version":[{"id":3010,"href":"https:\/\/moderaterna.se\/uppsala\/wp-json\/wp\/v2\/pages\/3008\/revisions\/3010"}],"wp:attachment":[{"href":"https:\/\/moderaterna.se\/uppsala\/wp-json\/wp\/v2\/media?parent=3008"}],"wp:term":[{"taxonomy":"subject","embeddable":true,"href":"https:\/\/moderaterna.se\/uppsala\/wp-json\/wp\/v2\/subject?post=3008"}],"curies":[{"name":"wp","href":"https:\/\/api.w.org\/{rel}","templated":true}]}}