{"id":3003,"date":"2026-04-27T08:41:49","date_gmt":"2026-04-27T06:41:49","guid":{"rendered":"https:\/\/moderaterna.se\/uppsala\/?page_id=3003"},"modified":"2026-04-27T08:41:50","modified_gmt":"2026-04-27T06:41:50","slug":"vi-ska-fa-ordning-pa-barn-och-ungdomspsykiatrin","status":"publish","type":"page","link":"https:\/\/moderaterna.se\/uppsala\/vi-ska-fa-ordning-pa-barn-och-ungdomspsykiatrin\/","title":{"rendered":"Vi ska f\u00e5 ordning p\u00e5 barn- och ungdomspsykiatrin"},"content":{"rendered":"\n<p>Moderaterna vill f\u00e5 ordning p\u00e5 barn- och ungdomspsykiatrin. V\u00e5rden ska organiseras utifr\u00e5n<\/p>\n\n\n\n<p>barn och familjer. Idag bollas alldeles f\u00f6r m\u00e5nga runt mellan olika instanser utan att f\u00e5 r\u00e4tt hj\u00e4lp. Vi ska se till att barn f\u00e5r en sammanh\u00e5llen v\u00e5rd.<\/p>\n\n\n\n<p>Alla barn har r\u00e4tt till st\u00f6d och hj\u00e4lp vid psykisk oh\u00e4lsa och en fungerande skolg\u00e5ng. Alla barn i Uppsala f\u00f6rtj\u00e4nar r\u00e4tt f\u00f6ruts\u00e4ttningar att forma sina liv. \u00d6verg\u00e5ngen fr\u00e5n ungdomspsykiatrin till vuxenpsykiatrin vid 18 \u00e5rs \u00e5lder kan vara problematisk. Den inneb\u00e4r ofta en anpassning till nya rutiner, en annan v\u00e5rdmilj\u00f6 och nya v\u00e5rdkontakter. \u00d6verg\u00e5ngen mellan BUP och vuxenpsykiatrin beh\u00f6ver f\u00f6rb\u00e4ttras.<\/p>\n\n\n\n<p><strong>V\u00e5ra f\u00f6rslag i punktform<\/strong><\/p>\n\n\n\n<ul class=\"wp-block-list\">\n<li>V\u00e5rden ska ta helhetsansvaret f\u00f6r personer med samsjuklighet<\/li>\n\n\n\n<li>Unga med s\u00e4rskilt sv\u00e5r psykisk oh\u00e4lsa ska f\u00e5 en fast v\u00e5rdkontakt f\u00f6r att s\u00e4kerst\u00e4lla kontinuitet och samordning.<\/li>\n\n\n\n<li>F\u00f6rb\u00e4ttra arbetet mot suicid genom goda m\u00f6jligheter att snabbt komma i kontakt med v\u00e5rden, exempelvis genom st\u00f6dlinjer<\/li>\n\n\n\n<li>Skapa gemensamma team mellan elevh\u00e4lsa, v\u00e5rdcentral och BUP<\/li>\n\n\n\n<li>Utveckla digital v\u00e4gledning och st\u00f6d f\u00f6r f\u00f6r\u00e4ldrar \u2013 exempelvis via 1177 \u2013 i samverkan med kommunerna<\/li>\n\n\n\n<li>F\u00f6rb\u00e4ttra tillg\u00e4ngligheten till logopedinsatser, exempelvis genom LOV Logopedi<\/li>\n\n\n\n<li>Avskaffa v\u00e5rdens stupr\u00f6r mellan olika instanser, s\u00e5som kommun, prim\u00e4rv\u00e5rd och specialistv\u00e5rd.<\/li>\n\n\n\n<li>Analysera drivkrafter bakom \u00f6kningen av NPF-diagnoser, s\u00e5 att de med st\u00f6rst behov inte tr\u00e4ngs undan<\/li>\n\n\n\n<li>St\u00e4rk samverkan med Uppsala universitet f\u00f6r att f\u00f6rebygga morgondagens sjukdomar s\u00e5som preventiva insatser mot obesitas (barnfetma)\u00a0<\/li>\n<\/ul>\n","protected":false},"excerpt":{"rendered":"<p>Moderaterna vill f\u00e5 ordning p\u00e5 barn- och ungdomspsykiatrin. V\u00e5rden ska organiseras utifr\u00e5n barn och familjer. Idag bollas alldeles f\u00f6r m\u00e5nga runt mellan olika instanser utan att f\u00e5 r\u00e4tt hj\u00e4lp. Vi ska se till att barn f\u00e5r en sammanh\u00e5llen v\u00e5rd. Alla barn har r\u00e4tt till st\u00f6d och hj\u00e4lp vid psykisk oh\u00e4lsa och en fungerande skolg\u00e5ng. Alla [&hellip;]<\/p>\n","protected":false},"author":99,"featured_media":0,"parent":0,"menu_order":0,"comment_status":"closed","ping_status":"closed","template":"","meta":{"_acf_changed":false,"_relevanssi_hide_post":"","_relevanssi_hide_content":"","_relevanssi_pin_for_all":"","_relevanssi_pin_keywords":"","_relevanssi_unpin_keywords":"","_relevanssi_related_keywords":"","_relevanssi_related_include_ids":"","_relevanssi_related_exclude_ids":"","_relevanssi_related_no_append":"","_relevanssi_related_not_related":"","_relevanssi_related_posts":"1723,1774,2842,2246,1324,1744","_relevanssi_noindex_reason":"","footnotes":""},"subject":[],"class_list":["post-3003","page","type-page","status-publish","hentry"],"acf":[],"publishpress_future_action":{"enabled":false,"date":"2026-05-06 00:37:35","action":"change-status","newStatus":"draft","terms":[],"taxonomy":"subject"},"_links":{"self":[{"href":"https:\/\/moderaterna.se\/uppsala\/wp-json\/wp\/v2\/pages\/3003","targetHints":{"allow":["GET"]}}],"collection":[{"href":"https:\/\/moderaterna.se\/uppsala\/wp-json\/wp\/v2\/pages"}],"about":[{"href":"https:\/\/moderaterna.se\/uppsala\/wp-json\/wp\/v2\/types\/page"}],"author":[{"embeddable":true,"href":"https:\/\/moderaterna.se\/uppsala\/wp-json\/wp\/v2\/users\/99"}],"replies":[{"embeddable":true,"href":"https:\/\/moderaterna.se\/uppsala\/wp-json\/wp\/v2\/comments?post=3003"}],"version-history":[{"count":1,"href":"https:\/\/moderaterna.se\/uppsala\/wp-json\/wp\/v2\/pages\/3003\/revisions"}],"predecessor-version":[{"id":3004,"href":"https:\/\/moderaterna.se\/uppsala\/wp-json\/wp\/v2\/pages\/3003\/revisions\/3004"}],"wp:attachment":[{"href":"https:\/\/moderaterna.se\/uppsala\/wp-json\/wp\/v2\/media?parent=3003"}],"wp:term":[{"taxonomy":"subject","embeddable":true,"href":"https:\/\/moderaterna.se\/uppsala\/wp-json\/wp\/v2\/subject?post=3003"}],"curies":[{"name":"wp","href":"https:\/\/api.w.org\/{rel}","templated":true}]}}