{"id":2999,"date":"2026-04-27T08:35:52","date_gmt":"2026-04-27T06:35:52","guid":{"rendered":"https:\/\/moderaterna.se\/uppsala\/?page_id=2999"},"modified":"2026-04-27T08:53:37","modified_gmt":"2026-04-27T06:53:37","slug":"vard-att-lita-pa-inte-vanta-pa","status":"publish","type":"page","link":"https:\/\/moderaterna.se\/uppsala\/vard-att-lita-pa-inte-vanta-pa\/","title":{"rendered":"V\u00e5rd att lita p\u00e5. Inte v\u00e4nta p\u00e5."},"content":{"rendered":"\n<div class=\"wp-block-group\"><div class=\"wp-block-group__inner-container is-layout-constrained wp-block-group-is-layout-constrained\">\n<p>Uppsala l\u00e4ns sjukv\u00e5rd \u00e4r bland de absolut fr\u00e4msta i Sverige. P\u00e5 Akademiska sjukhuset v\u00e5rdas tusentals patienter, framtidens l\u00e4kare utbildas, och banbrytande forskning bedrivs. Men f\u00f6r att den starka bilden ska best\u00e5 kr\u00e4vs att vi samtidigt tar itu med de utmaningar som hotar att urholka den.<\/p>\n<\/div><\/div>\n\n\n\n<p>Sjukv\u00e5rden m\u00e5ste moderniseras s\u00e5 att fler kan f\u00e5 v\u00e5rd i tid och medarbetarna en b\u00e4ttre arbetsmilj\u00f6. Idag v\u00e4ntar alldeles f\u00f6r m\u00e5nga p\u00e5 v\u00e5rd i Uppsala. Det \u00e4r inte r\u00e4ttvist. Vi beh\u00f6ver korta v\u00e5rdk\u00f6erna och se till att v\u00e5rden finns d\u00e4r n\u00e4r du beh\u00f6ver den, oavsett i var i l\u00e4net du bor.<\/p>\n\n\n\n<p><strong>V\u00e5ra f\u00f6rslag i punkter f\u00f6r trygg och tillg\u00e4nglig v\u00e5rd<\/strong><\/p>\n\n\n\n<ul class=\"wp-block-list\">\n<li>St\u00e4rk Akademiska sjukhusets profil som centrum f\u00f6r h\u00f6gspecialiserad v\u00e5rd, flytta bassjukv\u00e5rd till andra v\u00e5rdgivare.<\/li>\n\n\n\n<li>Tills\u00e4tt en professionell styrelse f\u00f6r Akademiska sjukhuset f\u00f6r att s\u00e4tta patienten och v\u00e5rden i centrum. Styrelsens sammans\u00e4ttning b\u00f6r beakta expertis och kunskap om v\u00e5rdprofessionernas f\u00f6ruts\u00e4ttningar<\/li>\n\n\n\n<li>Se \u00f6ver sjukhusens ers\u00e4ttningsmodell och inf\u00f6r en best\u00e4llar-utf\u00f6rarmodell f\u00f6r v\u00e5rden<\/li>\n\n\n\n<li>Se \u00f6ver och modernisera laboratorieverksamheten<\/li>\n\n\n\n<li>St\u00e4rk arbetsvillkor och karri\u00e4rv\u00e4gar f\u00f6r att beh\u00e5lla och utveckla medarbetare<\/li>\n\n\n\n<li>Utveckla rotationstj\u00e4nster mellan sluten- och \u00f6ppenv\u00e5rd<\/li>\n\n\n\n<li>Utveckla en l\u00e5ngsiktig plan f\u00f6r kompetensf\u00f6rs\u00f6rjning inom alla yrkesgrupper<\/li>\n\n\n\n<li>Arbeta strategiskt med att upphandla v\u00e5rd och s\u00e4kerst\u00e4ll en m\u00e5ngfald av v\u00e5rdgivare<\/li>\n\n\n\n<li>Vi vill st\u00e4rka tillg\u00e4ngligheten inom h\u00f6rselv\u00e5rden genom en bredd av v\u00e5rdgivare och m\u00f6jlighet till att v\u00e4lja h\u00f6rapparat<\/li>\n\n\n\n<li>Region Uppsala ska bli ers\u00e4ttningsskyldig om de inte lever upp till v\u00e5rdgarantin<\/li>\n\n\n\n<li>Region Uppsalas v\u00e5rdgarantienhet ska utvecklas till en nationell v\u00e5rdf\u00f6rmedling<\/li>\n<\/ul>\n\n\n\n<p><strong>Prioritera kvinnors sjukdomar och h\u00e4lsa<\/strong><\/p>\n\n\n\n<ul class=\"wp-block-list\">\n<li>F\u00f6rb\u00e4ttra f\u00f6rlossningsv\u00e5rden genom att \u00f6ppna fler f\u00f6rlossningsplatser samt genom att implementera den senaste forskningen p\u00e5 omr\u00e5det. M\u00e5let om en barnmorska per f\u00f6dande ska vara styrande<\/li>\n\n\n\n<li>Prioritera f\u00f6rlossningsv\u00e5rden p\u00e5 Akademiska och avbryt inf\u00f6randet av regionfinansierade hemf\u00f6rlossningar p\u00e5 ovetenskaplig grund<\/li>\n\n\n\n<li>Se till att kvinnor som upplever problem efter f\u00f6rlossning f\u00e5r b\u00e4ttre v\u00e5rd \u00e4n idag<\/li>\n\n\n\n<li>Vi vill se ett kunskapslyft om menstruell sm\u00e4rta och kvinnospecifika sjukdomar, s\u00e5som endometrios eller PCOS, f\u00f6r hela Sveriges elevh\u00e4lsov\u00e5rd och prim\u00e4rv\u00e5rd<\/li>\n\n\n\n<li>B\u00e4ttre v\u00e5rd av f\u00f6rlossningsskador genom ett program f\u00f6r efterv\u00e5rden<\/li>\n\n\n\n<li>Bygg ut v\u00e5rden f\u00f6r klimakteriebesv\u00e4r.<\/li>\n\n\n\n<li>St\u00f6d vid ofrivillig barnl\u00f6shet ska f\u00f6rb\u00e4ttras. Moderaterna vill g\u00f6ra IVF och \u00e4ggfrysning mer tillg\u00e4ngligt f\u00f6r att ge fler ofrivilligt barnl\u00f6sa m\u00f6jligheten att skaffa barn<\/li>\n<\/ul>\n\n\n\n<p><strong>Vi satsar p\u00e5 v\u00e5rden f\u00f6r \u00e4ldre<\/strong><\/p>\n\n\n\n<ul class=\"wp-block-list\">\n<li>Utveckla \u00e4ldrev\u00e5rdsenheten s\u00e5 att fler \u00e4ldre kan f\u00e5 h\u00f6gkvalitativt omh\u00e4ndertagande i hemmet och slippa l\u00e4ggas in p\u00e5 sjukhus i on\u00f6dan. Fler \u00e4ldre ska ha fast kontakt med team omkring sig utifr\u00e5n deras behov<\/li>\n\n\n\n<li>Utveckla arbetet med \u00e4ldremottagningar s\u00e5 att de h\u00e5ller den h\u00f6ga niv\u00e5n p\u00e5 kvalitet och service som \u00e4ldre har r\u00e4tt att f\u00f6rv\u00e4nta sig<\/li>\n\n\n\n<li>Vaccinationsprogram f\u00f6r \u00e4ldre. Alla ska f\u00e5 samma skydd oavsett bostadsort och inkomst<\/li>\n\n\n\n<li>Ta bort den \u00f6vre \u00e5ldersgr\u00e4nsen f\u00f6r br\u00f6stcancerscreening<strong>. <\/strong>Kvinnor \u00f6ver 75 \u00e5r ska ocks\u00e5 ha tillg\u00e5ng till avgiftsfri mammografi<\/li>\n\n\n\n<li>Alla \u00e4ldre ska k\u00e4nna sig trygga med v\u00e5rden och inte falla mellan stolarna. D\u00e4rf\u00f6r vill vi st\u00e4rka den medicinska kompetensen inom \u00e4ldrev\u00e5rden<\/li>\n<\/ul>\n\n\n\n<p><strong>F\u00f6rebyggande v\u00e5rd<\/strong><\/p>\n\n\n\n<ul class=\"wp-block-list\">\n<li>St\u00e4rk det f\u00f6rebyggande arbetet inom h\u00e4lso- och sjukv\u00e5rden genom h\u00e4lsofr\u00e4mjande \u00e5tg\u00e4rder som \u00e4r evidensbaserade och fungerar<\/li>\n\n\n\n<li>\u00d6ka n\u00e4ringslivets och civilsamh\u00e4llets m\u00f6jligheter att vara med och utveckla v\u00e5rden genom att fr\u00e4mja anv\u00e4ndningen av nya finansieringsmodeller s\u00e5som exempelvis h\u00e4lsoobligationer och utfallsbaserade ers\u00e4ttningssystem<\/li>\n<\/ul>\n","protected":false},"excerpt":{"rendered":"<p>Uppsala l\u00e4ns sjukv\u00e5rd \u00e4r bland de absolut fr\u00e4msta i Sverige. P\u00e5 Akademiska sjukhuset v\u00e5rdas tusentals patienter, framtidens l\u00e4kare utbildas, och banbrytande forskning bedrivs. Men f\u00f6r att den starka bilden ska best\u00e5 kr\u00e4vs att vi samtidigt tar itu med de utmaningar som hotar att urholka den. Sjukv\u00e5rden m\u00e5ste moderniseras s\u00e5 att fler kan f\u00e5 v\u00e5rd i [&hellip;]<\/p>\n","protected":false},"author":99,"featured_media":0,"parent":0,"menu_order":0,"comment_status":"closed","ping_status":"closed","template":"","meta":{"_acf_changed":false,"_relevanssi_hide_post":"","_relevanssi_hide_content":"","_relevanssi_pin_for_all":"","_relevanssi_pin_keywords":"","_relevanssi_unpin_keywords":"","_relevanssi_related_keywords":"","_relevanssi_related_include_ids":"","_relevanssi_related_exclude_ids":"","_relevanssi_related_no_append":"","_relevanssi_related_not_related":"","_relevanssi_related_posts":"2350,2982,2246,1723,2842,2179","_relevanssi_noindex_reason":"","footnotes":""},"subject":[],"class_list":["post-2999","page","type-page","status-publish","hentry"],"acf":[],"publishpress_future_action":{"enabled":false,"date":"2026-05-06 00:36:50","action":"change-status","newStatus":"draft","terms":[],"taxonomy":"subject"},"_links":{"self":[{"href":"https:\/\/moderaterna.se\/uppsala\/wp-json\/wp\/v2\/pages\/2999","targetHints":{"allow":["GET"]}}],"collection":[{"href":"https:\/\/moderaterna.se\/uppsala\/wp-json\/wp\/v2\/pages"}],"about":[{"href":"https:\/\/moderaterna.se\/uppsala\/wp-json\/wp\/v2\/types\/page"}],"author":[{"embeddable":true,"href":"https:\/\/moderaterna.se\/uppsala\/wp-json\/wp\/v2\/users\/99"}],"replies":[{"embeddable":true,"href":"https:\/\/moderaterna.se\/uppsala\/wp-json\/wp\/v2\/comments?post=2999"}],"version-history":[{"count":2,"href":"https:\/\/moderaterna.se\/uppsala\/wp-json\/wp\/v2\/pages\/2999\/revisions"}],"predecessor-version":[{"id":3007,"href":"https:\/\/moderaterna.se\/uppsala\/wp-json\/wp\/v2\/pages\/2999\/revisions\/3007"}],"wp:attachment":[{"href":"https:\/\/moderaterna.se\/uppsala\/wp-json\/wp\/v2\/media?parent=2999"}],"wp:term":[{"taxonomy":"subject","embeddable":true,"href":"https:\/\/moderaterna.se\/uppsala\/wp-json\/wp\/v2\/subject?post=2999"}],"curies":[{"name":"wp","href":"https:\/\/api.w.org\/{rel}","templated":true}]}}