{"id":2409,"date":"2024-10-25T08:54:13","date_gmt":"2024-10-25T06:54:13","guid":{"rendered":"https:\/\/moderaterna.se\/uppsala\/?page_id=2409"},"modified":"2026-03-31T10:14:01","modified_gmt":"2026-03-31T08:14:01","slug":"infor-2026-hur-utvecklar-vi-den-moderata-politiken-for-region-uppsala","status":"publish","type":"page","link":"https:\/\/moderaterna.se\/uppsala\/infor-2026-hur-utvecklar-vi-den-moderata-politiken-for-region-uppsala\/","title":{"rendered":"Inf\u00f6r 2026: Hur utvecklar vi den moderata politiken f\u00f6r Region Uppsala?"},"content":{"rendered":"\n<p>Hur ska vi utveckla sjukv\u00e5rden, kollektivtrafiken, kulturen och arbetsmarknaden i Uppsala l\u00e4n?<\/p>\n\n\n\n<p>Sjukv\u00e5rden \u00e4r en av v\u00e4ljarnas viktigaste fr\u00e5gor, vilka \u00e4r Moderaternas svar p\u00e5 hur v\u00e5rden ska utvecklas?<\/p>\n\n\n\n<p>Kollektivtrafiken \u00e4r viktig f\u00f6r att du som pendlare ska kunna lita p\u00e5 att komma fram till jobbet i tid, f\u00f6r att barnen ska kunna komma till skolan och f\u00f6r att du ska kunna bo var i l\u00e4net du vill. Hur blir vi alternativet som st\u00e4rker kollektivtrafiken utan att f\u00f6rsv\u00e5ra f\u00f6r de som beh\u00f6ver ta bilen?<\/p>\n\n\n\n<p>F\u00f6r att v\u00e5rt l\u00e4n ska vara attraktivt att leva och bo i \u00e4r kulturutbudet och regional utveckling viktiga inslag. Hur ser Moderaternas vision av kulturens roll ut och hur utvecklar vi Uppsala l\u00e4n som tillv\u00e4xtregion med en stark arbetsmarknad?<\/p>\n\n\n\n<p>Under h\u00f6sten 2024 bj\u00f6d vi in till \u00e5terkommande m\u00f6tesplatser.<\/p>\n\n\n<div class=\"wp-block-image wp-duotone-unset-1\">\n<figure class=\"aligncenter size-large is-resized\"><img loading=\"lazy\" decoding=\"async\" width=\"1170\" height=\"780\" src=\"https:\/\/moderaterna.se\/app\/uploads\/sites\/15\/2024\/10\/Medlemstraff-edited-1.jpg\" alt=\"\" class=\"wp-image-2422\" style=\"width:601px;height:auto\" srcset=\"https:\/\/moderaterna.se\/app\/uploads\/sites\/15\/2024\/10\/Medlemstraff-edited-1.jpg 1170w, https:\/\/moderaterna.se\/app\/uploads\/sites\/15\/2024\/10\/Medlemstraff-edited-1-300x200.jpg 300w, https:\/\/moderaterna.se\/app\/uploads\/sites\/15\/2024\/10\/Medlemstraff-edited-1-1024x683.jpg 1024w, https:\/\/moderaterna.se\/app\/uploads\/sites\/15\/2024\/10\/Medlemstraff-edited-1-768x512.jpg 768w\" sizes=\"auto, (max-width: 1170px) 100vw, 1170px\" \/><\/figure>\n<\/div>\n\n\n<p>Synpunkterna \u00e4r en en del av underlaget f\u00f6r Moderaternas handlingsprogram f\u00f6r Region Uppsala 2026.<\/p>\n\n\n\n<p><strong>V\u00e5r arbetsgrupp<\/strong><\/p>\n\n\n<div class=\"wp-block-image\">\n<figure class=\"alignright size-large is-resized\"><img loading=\"lazy\" decoding=\"async\" width=\"1170\" height=\"780\" src=\"https:\/\/moderaterna.se\/app\/uploads\/sites\/15\/2024\/10\/Medoma-edited.jpg\" alt=\"\" class=\"wp-image-2420\" style=\"width:418px;height:auto\" srcset=\"https:\/\/moderaterna.se\/app\/uploads\/sites\/15\/2024\/10\/Medoma-edited.jpg 1170w, https:\/\/moderaterna.se\/app\/uploads\/sites\/15\/2024\/10\/Medoma-edited-300x200.jpg 300w, https:\/\/moderaterna.se\/app\/uploads\/sites\/15\/2024\/10\/Medoma-edited-1024x683.jpg 1024w, https:\/\/moderaterna.se\/app\/uploads\/sites\/15\/2024\/10\/Medoma-edited-768x512.jpg 768w\" sizes=\"auto, (max-width: 1170px) 100vw, 1170px\" \/><\/figure>\n<\/div>\n\n\n<p>Att utveckla moderaternas politik \u00e4r ett lagarbete d\u00e4r m\u00e5nga bidrar p\u00e5 olika s\u00e4tt. Men f\u00f6r att driva arbetet har vi tillsatt en s\u00e4rskild arbetsgrupp. <\/p>\n\n\n\n<p>Gruppen best\u00e5r av:<\/p>\n\n\n\n<p>Emilie Orring, Cecilia Linder, Jessica Kumlin, Nils Fall, Monica Av\u00e5s, Svante Berg, Klas Bergstr\u00f6m, Filip Uthammar och Christian Nordberg<\/p>\n\n\n\n<p><strong>Har du fr\u00e5gor om arbetet?<\/strong><\/p>\n\n\n\n<p>Kontakta Daniel Strandberg, politisk sekreterare, daniel.strandberg@moderaterna.se, 072- 202 15 25<\/p>\n","protected":false},"excerpt":{"rendered":"<p>Hur ska vi utveckla sjukv\u00e5rden, kollektivtrafiken, kulturen och arbetsmarknaden i Uppsala l\u00e4n? Sjukv\u00e5rden \u00e4r en av v\u00e4ljarnas viktigaste fr\u00e5gor, vilka \u00e4r Moderaternas svar p\u00e5 hur v\u00e5rden ska utvecklas? Kollektivtrafiken \u00e4r viktig f\u00f6r att du som pendlare ska kunna lita p\u00e5 att komma fram till jobbet i tid, f\u00f6r att barnen ska kunna komma till skolan [&hellip;]<\/p>\n","protected":false},"author":99,"featured_media":0,"parent":0,"menu_order":0,"comment_status":"closed","ping_status":"closed","template":"","meta":{"_acf_changed":false,"_relevanssi_hide_post":"","_relevanssi_hide_content":"","_relevanssi_pin_for_all":"","_relevanssi_pin_keywords":"","_relevanssi_unpin_keywords":"","_relevanssi_related_keywords":"","_relevanssi_related_include_ids":"","_relevanssi_related_exclude_ids":"","_relevanssi_related_no_append":"","_relevanssi_related_not_related":"","_relevanssi_related_posts":"2212,1896,1817,1316,1511,2387","_relevanssi_noindex_reason":"","footnotes":""},"subject":[],"class_list":["post-2409","page","type-page","status-publish","hentry"],"acf":[],"publishpress_future_action":{"enabled":false,"date":"2026-05-07 23:55:40","action":"change-status","newStatus":"draft","terms":[],"taxonomy":"subject"},"_links":{"self":[{"href":"https:\/\/moderaterna.se\/uppsala\/wp-json\/wp\/v2\/pages\/2409","targetHints":{"allow":["GET"]}}],"collection":[{"href":"https:\/\/moderaterna.se\/uppsala\/wp-json\/wp\/v2\/pages"}],"about":[{"href":"https:\/\/moderaterna.se\/uppsala\/wp-json\/wp\/v2\/types\/page"}],"author":[{"embeddable":true,"href":"https:\/\/moderaterna.se\/uppsala\/wp-json\/wp\/v2\/users\/99"}],"replies":[{"embeddable":true,"href":"https:\/\/moderaterna.se\/uppsala\/wp-json\/wp\/v2\/comments?post=2409"}],"version-history":[{"count":8,"href":"https:\/\/moderaterna.se\/uppsala\/wp-json\/wp\/v2\/pages\/2409\/revisions"}],"predecessor-version":[{"id":2980,"href":"https:\/\/moderaterna.se\/uppsala\/wp-json\/wp\/v2\/pages\/2409\/revisions\/2980"}],"wp:attachment":[{"href":"https:\/\/moderaterna.se\/uppsala\/wp-json\/wp\/v2\/media?parent=2409"}],"wp:term":[{"taxonomy":"subject","embeddable":true,"href":"https:\/\/moderaterna.se\/uppsala\/wp-json\/wp\/v2\/subject?post=2409"}],"curies":[{"name":"wp","href":"https:\/\/api.w.org\/{rel}","templated":true}]}}