{"id":1499,"date":"2022-08-02T14:18:49","date_gmt":"2022-08-02T12:18:49","guid":{"rendered":"https:\/\/moderaterna.se\/uppsala\/?page_id=1499"},"modified":"2022-08-05T08:54:05","modified_gmt":"2022-08-05T06:54:05","slug":"vard-i-tid-med-patienten-i-centrum","status":"publish","type":"page","link":"https:\/\/moderaterna.se\/uppsala\/vard-i-tid-med-patienten-i-centrum\/","title":{"rendered":"V\u00e5rd i tid med patienten i centrum"},"content":{"rendered":"\n<p><strong>Vi v\u00e4lkomnar alla id\u00e9er p\u00e5 hur v\u00e4ntetiderna i v\u00e5rden ska minska och vi st\u00e4nger inte d\u00f6rren f\u00f6r frist\u00e5ende akt\u00f6rer. <\/strong><\/p>\n\n\n\n<p>Framf\u00f6r allt vill vi g\u00f6ra patienterna mer delaktiga i att v\u00e4lja v\u00e5rd. En patient i Uppsala l\u00e4n ska ha r\u00e4tt att v\u00e4lja v\u00e5rd i hela Sverige efter behov och ska f\u00e5 hj\u00e4lp att v\u00e4lja. Vi vill bygga ut prim\u00e4rv\u00e5rden. Mer v\u00e5rd ska ges p\u00e5 den vanliga v\u00e5rdcentralen. Den som vill ska ha r\u00e4tt till en fast l\u00e4karkontakt med ett v\u00e5rdteam som k\u00e4nner till patientens v\u00e5rdhistoria. V\u00e5rd i tid med patienten i centrum \u00e4r en av v\u00e5ra fyra prioriterade omr\u00e5den.<\/p>\n\n\n\n<p><strong>V\u00e5ra f\u00f6rslag i punkter<\/strong><\/p>\n\n\n\n<ul class=\"wp-block-list\"><li>Inr\u00e4tta ett patientkontor som hj\u00e4lper patienter att j\u00e4mf\u00f6ra och v\u00e4lja<\/li><li>v\u00e5rd, \u00e4ven utanf\u00f6r Uppsala l\u00e4n.<\/li><li>Ut\u00f6ka antalet v\u00e5rdval inom specialistv\u00e5rden.<\/li><li>Arbeta aktivt med upphandlingar av v\u00e5rd.<\/li><li>Utveckla v\u00e5rdcentrum i fler kommuner 2022\u20132026.<\/li><li>Utveckla verksamheten med mobila team genom upphandling.<\/li><li>\u00d6ka prim\u00e4rv\u00e5rdens andel av den totala h\u00e4lso- och sjukv\u00e5rdens budget.<\/li><li>Genomf\u00f6ra en total \u00f6versyn av ers\u00e4ttningssystemen i prim\u00e4rv\u00e5rden.<\/li><li>Ut\u00f6ka uppdraget f\u00f6r n\u00e4rakuten i Uppsala.<\/li><li>\u00d6ppna f\u00f6r etablering av ytterligare n\u00e4rakuter i Uppsala l\u00e4n.<\/li><li>Ers\u00e4ttningssystemen i prim\u00e4rv\u00e5rden ska \u00e4ven premiera verksamheter<\/li><li>som har \u00f6ppet kv\u00e4llar och helger.<\/li><li>Telefonr\u00e5dgivningen p\u00e5 1177 ska ha ett f\u00f6rtydligat uppdrag och ska<\/li><li>kunna upphandlas.<\/li><li>Ut\u00f6ka antalet n\u00e4rmottagningar i l\u00e4net med flexibelt inneh\u00e5ll.<\/li><\/ul>\n\n\n\n<p><strong>V\u00e5ra f\u00f6rslag i punkter f\u00f6r v\u00e5rden av \u00e4ldre i Uppsala l\u00e4n<\/strong><\/p>\n\n\n\n<ul class=\"wp-block-list\"><li>Inf\u00f6ra ett kombinerat v\u00e5rdval med omsorg och prim\u00e4rv\u00e5rd f\u00f6r \u00e4ldre och<\/li><li>de mest sjuka.<\/li><li>Breddinf\u00f6rande av \u00e4ldremottagningar i samtliga av l\u00e4nets kommuner.<\/li><li>Detta ska vara en del i grunduppdraget i v\u00e5rdvalet.<\/li><li>Fast l\u00e4karkontakt f\u00f6r fler \u00e4ldre patienter med stora v\u00e5rdbehov.<\/li><\/ul>\n\n\n\n<p><strong>V\u00e5ra f\u00f6rslag i punkter f\u00f6r v\u00e5rden av barn och unga med psykisk oh\u00e4lsa<\/strong><\/p>\n\n\n\n<ul class=\"wp-block-list\"><li>En v\u00e4g in genom prim\u00e4rv\u00e5rden.<\/li><li>Digitala v\u00e5rdm\u00f6ten ska kunna erbjudas som en tidig insats.<\/li><li>Vi \u00e4r \u00f6ppna f\u00f6r att andra akt\u00f6rer \u00e4n regionen \u00f6ppnar nya BUP-mottagningar i l\u00e4net.<\/li><li>Upphandling anv\u00e4nds som ett verktyg f\u00f6r att korta v\u00e4ntetiderna. <\/li><li>Utveckla samverkan mellan v\u00e5rden, skolorna och socialtj\u00e4nsten. Ingen ska falla mellan stolarna.<\/li><\/ul>\n\n\n\n<p><strong>En trygg v\u00e5rd till nyblivna f\u00f6r\u00e4ldrar<\/strong><\/p>\n\n\n\n<ul class=\"wp-block-list\"><li>V\u00e5rdkedjan mellan m\u00f6drav\u00e5rd, f\u00f6rlossningsv\u00e5rd och efterv\u00e5rd ska<\/li><li>st\u00e4rkas.<\/li><li>Mer kunskaps\u00f6verf\u00f6ring och samarbete mellan f\u00f6rlossning och<\/li><li>barnmorskemottagningar.<\/li><li>Alla ska k\u00e4nna sig trygga i kontakt med m\u00f6dra- eller f\u00f6rlossningsv\u00e5rd.<\/li><li>Fast kontakt med m\u00f6drav\u00e5rden \u00e4ven genom digitala v\u00e5rdm\u00f6ten.<\/li><\/ul>\n\n\n\n<p><strong>L\u00e4s mer om v\u00e5ra fyra prioriterade fr\u00e5gor<\/strong><\/p>\n\n\n\n<p><li><a href=\"https:\/\/moderaterna.se\/uppsala\/vard-i-tid-med-patienten-i-centrum\/\">V\u00e5rd i tid med patienten i fokus<\/a><\/li><\/p>\n\n\n\n<p><li><a href=\"https:\/\/moderaterna.se\/uppsala\/medarbetare-ska-trivas-och-utvecklas\/\">Medarbetare ska trivas och utvecklas<\/a><\/li><\/p>\n\n\n\n<p><li><a href=\"https:\/\/moderaterna.se\/uppsala\/anvand-digitaliseringens-kraft-for-att-korta-vardkoer\/\">Anv\u00e4nd digitaliseringens kraft f\u00f6r att korta v\u00e5rdk\u00f6er<\/a><\/li><\/p>\n\n\n\n<p><li><a href=\"https:\/\/moderaterna.se\/uppsala\/ordning-och-reda-i-ekonomin\/\">Ordning och reda i ekonomin \u2013 varje skattekrona ska anv\u00e4ndas p\u00e5 r\u00e4tt s\u00e4tt.<\/a><\/li> <\/p>\n","protected":false},"excerpt":{"rendered":"<p>Vi v\u00e4lkomnar alla id\u00e9er p\u00e5 hur v\u00e4ntetiderna i v\u00e5rden ska minska och vi st\u00e4nger inte d\u00f6rren f\u00f6r frist\u00e5ende akt\u00f6rer. Framf\u00f6r allt vill vi g\u00f6ra patienterna mer delaktiga i att v\u00e4lja v\u00e5rd. En patient i Uppsala l\u00e4n ska ha r\u00e4tt att v\u00e4lja v\u00e5rd i hela Sverige efter behov och ska f\u00e5 hj\u00e4lp att v\u00e4lja. Vi vill [&hellip;]<\/p>\n","protected":false},"author":46,"featured_media":0,"parent":0,"menu_order":0,"comment_status":"closed","ping_status":"closed","template":"","meta":{"_acf_changed":false,"_relevanssi_hide_post":"","_relevanssi_hide_content":"","_relevanssi_pin_for_all":"","_relevanssi_pin_keywords":"","_relevanssi_unpin_keywords":"","_relevanssi_related_keywords":"","_relevanssi_related_include_ids":"","_relevanssi_related_exclude_ids":"","_relevanssi_related_no_append":"","_relevanssi_related_not_related":"","_relevanssi_related_posts":"","_relevanssi_noindex_reason":"","footnotes":""},"subject":[],"class_list":["post-1499","page","type-page","status-publish","hentry"],"acf":[],"publishpress_future_action":{"enabled":false,"date":"2026-05-08 00:16:01","action":"change-status","newStatus":"draft","terms":[],"taxonomy":"subject"},"_links":{"self":[{"href":"https:\/\/moderaterna.se\/uppsala\/wp-json\/wp\/v2\/pages\/1499","targetHints":{"allow":["GET"]}}],"collection":[{"href":"https:\/\/moderaterna.se\/uppsala\/wp-json\/wp\/v2\/pages"}],"about":[{"href":"https:\/\/moderaterna.se\/uppsala\/wp-json\/wp\/v2\/types\/page"}],"author":[{"embeddable":true,"href":"https:\/\/moderaterna.se\/uppsala\/wp-json\/wp\/v2\/users\/46"}],"replies":[{"embeddable":true,"href":"https:\/\/moderaterna.se\/uppsala\/wp-json\/wp\/v2\/comments?post=1499"}],"version-history":[{"count":6,"href":"https:\/\/moderaterna.se\/uppsala\/wp-json\/wp\/v2\/pages\/1499\/revisions"}],"predecessor-version":[{"id":1633,"href":"https:\/\/moderaterna.se\/uppsala\/wp-json\/wp\/v2\/pages\/1499\/revisions\/1633"}],"wp:attachment":[{"href":"https:\/\/moderaterna.se\/uppsala\/wp-json\/wp\/v2\/media?parent=1499"}],"wp:term":[{"taxonomy":"subject","embeddable":true,"href":"https:\/\/moderaterna.se\/uppsala\/wp-json\/wp\/v2\/subject?post=1499"}],"curies":[{"name":"wp","href":"https:\/\/api.w.org\/{rel}","templated":true}]}}