{"id":1438,"date":"2022-05-03T09:45:17","date_gmt":"2022-05-03T07:45:17","guid":{"rendered":"https:\/\/moderaterna.se\/uppsala\/?page_id=1438"},"modified":"2025-10-15T10:09:30","modified_gmt":"2025-10-15T08:09:30","slug":"uppsala-kommun","status":"publish","type":"page","link":"https:\/\/moderaterna.se\/uppsala\/uppsala-kommun\/","title":{"rendered":"Uppsala kommun"},"content":{"rendered":"\n<p>Oavsett var du kommer fr\u00e5n ska du som g\u00f6r r\u00e4tt f\u00f6r dig kunna bygga en framtid i Uppsala.<\/p>\n\n\n\n<p>Moderaterna vill f\u00e5 ordning p\u00e5 Uppsala. Vill att alla som kan jobba ska ha ett jobb att g\u00e5 till, att skolan ska vara trygg och ha ett tydligt kunskapsfokus. Det ska l\u00f6na sig att driva f\u00f6retag och alla ska k\u00e4nna sig trygga i sitt bostadsomr\u00e5de. Uppsala beh\u00f6ver fler trygghets\u00e5tg\u00e4rder och en politik som g\u00f6r att det l\u00f6nar sig att jobba.<\/p>\n\n\n\n<p><strong>L\u00e4s mer om v\u00e5rt budgetf\u00f6rslag:<\/strong><\/p>\n\n\n\n<div class=\"wp-block-buttons is-layout-flex wp-block-buttons-is-layout-flex\">\n<div class=\"wp-block-button\"><a class=\"wp-block-button__link wp-element-button\" href=\"https:\/\/moderaterna.se\/uppsala\/nyhet\/moderaterna-i-uppsala-kommun-presenterar-en-budget-for-en-battre-morgondag\/\">Moderaternas m\u00e5l och budget 2026<\/a><\/div>\n<\/div>\n\n\n\n<div style=\"height:30px\" aria-hidden=\"true\" class=\"wp-block-spacer\"><\/div>\n\n\n\n<p><strong>L\u00e4s mer om v\u00e5ra viktigaste fr\u00e5gor:<\/strong><\/p>\n\n\n\n<ul class=\"wp-block-list\">\n<li><a href=\"https:\/\/moderaterna.se\/uppsala\/ett-tryggt-och-sakert-uppsala\/\">Ett tryggt och s\u00e4kert Uppsala<\/a><\/li>\n\n\n\n<li><a href=\"https:\/\/moderaterna.se\/uppsala\/jobb-ar-vagen-in-i-samhallet\/\">Jobb \u00e4r v\u00e4gen in i samh\u00e4llet<\/a><\/li>\n\n\n\n<li><a href=\"https:\/\/moderaterna.se\/uppsala\/en-skola-med-fokus-pa-kvalitet-och-kunskap\/\">En skola med fokus p\u00e5 kvalitet och kunskap<\/a><\/li>\n\n\n\n<li><a href=\"https:\/\/moderaterna.se\/uppsala\/uppsala-en-framkomlig-och-gron-stad\/\">En framkomlig och gr\u00f6n stad<\/a><\/li>\n\n\n\n<li><a href=\"https:\/\/moderaterna.se\/uppsala\/nej-till-sparvag\/\">Nej till sp\u00e5rv\u00e4g<\/a><\/li>\n<\/ul>\n\n\n\n<p><\/p>\n\n\n\n<p><strong>Vill du l\u00e4sa mer?<\/strong><\/p>\n\n\n\n<p>\u00c4r du intresserad av en fr\u00e5ga som inte n\u00e4mns? L\u00e4s v\u00e5rt handlingsprogram om v\u00e5r politik p\u00e5 det omr\u00e5de just du \u00e4r intresserad av. <\/p>\n\n\n\n<p>H\u00e4r kan du ladda ner v\u00e5rt fullst\u00e4ndiga handlingsprogram: <a href=\"https:\/\/moderaterna.se\/app\/uploads\/sites\/15\/2022\/08\/Handlingsprogam_-Moderaterna-Uppsala-kommun_2022.pdf\">Moderaterna i Uppsala kommuns handlingsprogram 2022<\/a><\/p>\n\n\n\n<p><\/p>\n\n\n\n<p>Kontakta oss g\u00e4rna om du har synpunkter eller vill engagera dig: <\/p>\n\n\n\n<p><strong>Therez Almerfors<\/strong>, kommunalr\u00e5d och gruppledare: <a href=\"mailto:therez.almerfors@moderaterna.se\">therez.almerfors@uppsala.se<\/a><\/p>\n\n\n\n<p><strong>Sofia Andersson<\/strong>, kommunalr\u00e5d och vice gruppledare: <a href=\"mailto:sofia.andersson@moderaterna.se\">sofia.andersson2@uppsala.se<\/a><\/p>\n\n\n\n<p><\/p>\n\n\n\n<p><\/p>\n","protected":false},"excerpt":{"rendered":"<p>Oavsett var du kommer fr\u00e5n ska du som g\u00f6r r\u00e4tt f\u00f6r dig kunna bygga en framtid i Uppsala. Moderaterna vill f\u00e5 ordning p\u00e5 Uppsala. Vill att alla som kan jobba ska ha ett jobb att g\u00e5 till, att skolan ska vara trygg och ha ett tydligt kunskapsfokus. Det ska l\u00f6na sig att driva f\u00f6retag och [&hellip;]<\/p>\n","protected":false},"author":43,"featured_media":0,"parent":0,"menu_order":0,"comment_status":"closed","ping_status":"closed","template":"","meta":{"_acf_changed":false,"_relevanssi_hide_post":"","_relevanssi_hide_content":"","_relevanssi_pin_for_all":"","_relevanssi_pin_keywords":"","_relevanssi_unpin_keywords":"","_relevanssi_related_keywords":"","_relevanssi_related_include_ids":"","_relevanssi_related_exclude_ids":"","_relevanssi_related_no_append":"","_relevanssi_related_not_related":"","_relevanssi_related_posts":"2103,1340,1802,1942,1270,1709","_relevanssi_noindex_reason":"","footnotes":""},"subject":[],"class_list":["post-1438","page","type-page","status-publish","hentry"],"acf":[],"publishpress_future_action":{"enabled":false,"date":"2026-05-03 13:17:23","action":"change-status","newStatus":"draft","terms":[],"taxonomy":"subject"},"_links":{"self":[{"href":"https:\/\/moderaterna.se\/uppsala\/wp-json\/wp\/v2\/pages\/1438","targetHints":{"allow":["GET"]}}],"collection":[{"href":"https:\/\/moderaterna.se\/uppsala\/wp-json\/wp\/v2\/pages"}],"about":[{"href":"https:\/\/moderaterna.se\/uppsala\/wp-json\/wp\/v2\/types\/page"}],"author":[{"embeddable":true,"href":"https:\/\/moderaterna.se\/uppsala\/wp-json\/wp\/v2\/users\/43"}],"replies":[{"embeddable":true,"href":"https:\/\/moderaterna.se\/uppsala\/wp-json\/wp\/v2\/comments?post=1438"}],"version-history":[{"count":28,"href":"https:\/\/moderaterna.se\/uppsala\/wp-json\/wp\/v2\/pages\/1438\/revisions"}],"predecessor-version":[{"id":2840,"href":"https:\/\/moderaterna.se\/uppsala\/wp-json\/wp\/v2\/pages\/1438\/revisions\/2840"}],"wp:attachment":[{"href":"https:\/\/moderaterna.se\/uppsala\/wp-json\/wp\/v2\/media?parent=1438"}],"wp:term":[{"taxonomy":"subject","embeddable":true,"href":"https:\/\/moderaterna.se\/uppsala\/wp-json\/wp\/v2\/subject?post=1438"}],"curies":[{"name":"wp","href":"https:\/\/api.w.org\/{rel}","templated":true}]}}