{"id":8432,"date":"2026-08-12T14:23:21","date_gmt":"2026-08-12T12:23:21","guid":{"rendered":"https:\/\/moderaterna.se\/stockholm\/?page_id=8432"},"modified":"2026-08-12T14:43:42","modified_gmt":"2026-08-12T12:43:42","slug":"for-ett-rattvisare-stockholm","status":"publish","type":"page","link":"https:\/\/moderaterna.se\/stockholm\/for-ett-rattvisare-stockholm\/","title":{"rendered":"Moderaterna i Stockholms stads valprogram 2026"},"content":{"rendered":"\n<h2 class=\"wp-block-heading\" id=\"h-moderaterna-i-stockholms-stads-valprogram-2026-for-ett-rattvisare-stockholm\"><strong>Moderaterna i Stockholms stads valprogram 2026: F\u00f6r ett r\u00e4ttvisare Stockholm<\/strong><\/h2>\n\n\n\n<p id=\"h-ett-battre-liv-for-fler-var-berattelse-for-stockholm\"><strong>Ett b\u00e4ttre liv f\u00f6r fler &#8211; v\u00e5r ber\u00e4ttelse f\u00f6r Stockholm<\/strong><br>Stockholm \u00e4r m\u00f6jligheternas stad. Hit har str\u00e4vsamma m\u00e4nniskor s\u00f6kt sig i alla tider f\u00f6r att uppfylla dr\u00f6mmar och vara sig sj\u00e4lva fullt ut. Trots l\u00e4get uppe i norr och en j\u00e4mf\u00f6relsevis liten befolkning har m\u00e4nniskorna h\u00e4r skapat alltifr\u00e5n Nobelpris och industrif\u00f6retag till musik och techbolag som g\u00f6r skillnad \u00f6ver hela v\u00e4rlden.<\/p>\n\n\n\n<p>Dessa str\u00e4vsamma, nyfikna och internationellt erfarna stockholmare blickar fram\u00e5t. D\u00e4rf\u00f6r \u00e4r det inte konstigt att Moderaterna i h\u00f6g grad varit stockholmarnas parti. Moderaterna har drivit p\u00e5 f\u00f6r s\u00e4nkta skatter, trivsamma bostadsomr\u00e5den, tunnelbaneutbyggnad och ett rikare n\u00f6jesliv med fler uteserveringar och l\u00e4ngre \u00f6ppettider. Moderaterna ocks\u00e5 har st\u00e5tt upp emot rivningsraseriet i city och inf\u00f6rt Sveriges f\u00f6rsta tak \u00f6verhuvudet garanti f\u00f6r stadens heml\u00f6sa. Utan Moderaterna hade Stockholm inte varit den stad den \u00e4r idag.<\/p>\n\n\n\n<p>\u00c4ven i rikspolitiken har Moderaterna lett utvecklingen. Vi har flyttat hela Sverige till en borgerligare planhalva, d\u00e4r vardagen f\u00f6renklats och m\u00f6jligheterna att skapa ett b\u00e4ttre liv blivit fler. Numera sj\u00e4lvklara saker som fri radio-och tv, att kunna k\u00f6pa vin p\u00e5 l\u00f6rdagar, Alvedon p\u00e5 ICA och att f\u00e5 fler i arbete hade inte blivit av utan Moderaterna.<\/p>\n\n\n\n<p>F\u00f6r 20 \u00e5r sedan betalade en vanlig l\u00f6ntagare flera tusen kronor mer i skatt, varje m\u00e5nad. Socialdemokraterna, som st\u00e5r f\u00f6r motsatsen till alla dessa friheter, har beh\u00f6vt sv\u00e4nga och inse att de m\u00e5ste vara moderater i flera avseenden f\u00f6r att vara relevanta. S\u00e5v\u00e4l EU och Nato som jobbskatteavdrag och RUT-avdrag accepteras numera brett. Moderaterna gick f\u00f6re och b\u00e5de S och SD f\u00f6ljde efter.<\/p>\n\n\n\n<p>Men n\u00e4r fler partier intog samma position blev andra fr\u00e5gor viktigare f\u00f6r stockholmarna. Valfrihetsreformerna uppfattades gynna f\u00f6retag snarare \u00e4n medborgarna trots att Moderaterna alltid vill s\u00e4tta m\u00e4nniskan f\u00f6re systemet.<\/p>\n\n\n\n<p>Nu har dock alternativet blivit tydligt. Socialdemokraterna i Stockholm genomf\u00f6r en kraftig v\u00e4nstersv\u00e4ng d\u00e4r politisk kontroll g\u00e5r f\u00f6re tillg\u00e5ng till s\u00e5v\u00e4l kollektivtrafik som fungerande v\u00e4lf\u00e4rd. Beslut \u00f6ver de viktigaste fr\u00e5gorna i livet f\u00f6rflyttas fr\u00e5n stockholmarna till det offentliga. Stockholm \u00e4r en testplats f\u00f6r att inf\u00f6ra detta skifte i hela Sverige, om de vinner valet. Den frihet och det sj\u00e4lvbest\u00e4mmande vi vunnit st\u00e5r p\u00e5 spel.<\/p>\n\n\n\n<p>F\u00f6r planekonomi och politisk kontroll har aldrig skapat v\u00e4lst\u00e5nd och v\u00e4nsterns &#8221;goda&#8221; kravl\u00f6sa svar p\u00e5 alla problem leder till ett s\u00e4mre samh\u00e4lle. Vi moderater har mod att t\u00e4nka l\u00e4ngre, st\u00e5 upp f\u00f6r det som \u00e4r r\u00e4tt och l\u00e5ta m\u00e4nniskor f\u00e5 mer inflytande \u00f6ver sina egna liv.<\/p>\n\n\n\n<p>Den som anstr\u00e4nger sig ska bel\u00f6nas. Inte bara f\u00f6r att det \u00e4r r\u00e4ttvist utan f\u00f6r att str\u00e4vsamhet leder till ett b\u00e4ttre samh\u00e4lle. Oavsett om det handlar om viljan att utbilda sig, driva f\u00f6retag, tr\u00e4na barnens fotbollslag eller som nyanl\u00e4nd snabbt l\u00e4ra sig det nya spr\u00e5ket. Initiativ och f\u00f6rm\u00e5ga att skapa ett b\u00e4ttre liv f\u00f6r sig sj\u00e4lv och andra ska alltid l\u00f6na sig.<\/p>\n\n\n\n<p>Moderat politik skapar ett b\u00e4ttre samh\u00e4lle f\u00f6r att vi tror p\u00e5 individens frihet att forma sitt eget liv &#8211; kombinerat med ansvar f\u00f6r sig sj\u00e4lv, sina handlingar och sin omgivning. En frihet f\u00f6r alla att v\u00e4lja var de ska bo, var barnen ska g\u00e5 i skolan, hur de kan utbilda sig och f\u00e5 beh\u00e5lla mer av sina intj\u00e4nade pengar. Men ocks\u00e5 ett ansvar att hantera s\u00e5v\u00e4l motg\u00e5ngar som framg\u00e5ngar. Vi st\u00e5r f\u00f6r lika m\u00f6jligheter men inte n\u00f6dv\u00e4ndigtvis lika utfall.<\/p>\n\n\n\n<p>Vi st\u00e5r f\u00f6r en politik d\u00e4r den gemensamma kakan inte bara ska f\u00f6rdelas, utan v\u00e4xa och bli st\u00f6rre. Fler som bidrar skapar st\u00f6rre skyddsn\u00e4t f\u00f6r den som verkligen beh\u00f6ver det. En politik som leder till ett b\u00e4ttre och friare liv f\u00f6r fler.<\/p>\n\n\n\n<hr class=\"wp-block-separator has-alpha-channel-opacity\" \/>\n\n\n\n<h2 class=\"wp-block-heading\" id=\"h-ekonomi\"><strong>Ekonomi<\/strong><\/h2>\n\n\n\n<p id=\"h-pa-hart-arbetande-stockholmares-sida\"><strong>P\u00e5 h\u00e5rt arbetande stockholmares sida<\/strong><br>I Moderaternas Stockholm ska det alltid l\u00f6na sig att arbeta. Mer kvar av l\u00f6nen inneb\u00e4r mer kvar till familj och fritid. Det \u00e4r r\u00e4ttvist och det \u00f6kar friheten. Efter flera ekonomiskt tuffa \u00e5r \u00e4r det nu h\u00e5rt arbetande stockholmares tur att f\u00e5 det b\u00e4ttre ekonomiskt. Stockholmarna f\u00f6rtj\u00e4nar att f\u00e5 beh\u00e5lla mer av sina egna pengar.<\/p>\n\n\n\n<p>Men tyv\u00e4rr ser vi hur arbetsl\u00f6sheten \u00f6kar och allt fler tvingas till ett liv i utanf\u00f6rskap med bidragsberoende. Antalet personer som beh\u00f6ver ekonomiskt bist\u00e5nd har \u00f6kat och l\u00e5ngtidsarbetsl\u00f6sheten biter sig fast. Detta \u00e4r konsekvensen av en politik som har \u00f6vergett arbetslinjen till f\u00f6rm\u00e5n f\u00f6r bidragslinjen.<\/p>\n\n\n\n<p>Socialdemokraterna har den h\u00e4r mandatperioden h\u00f6jt den samlade kommunalskatten till den h\u00f6gsta niv\u00e5n n\u00e5gonsin. Skatteh\u00f6jningarna urholkar k\u00f6pkraften och g\u00f6r att m\u00e4nniskor f\u00e5r mindre kvar i pl\u00e5nboken. F\u00f6r en vanlig barnfamilj har skatten h\u00f6jts med 5 500 kronor per \u00e5r. Det \u00e4r en politik som sl\u00e5r h\u00e5rdast mot dem med l\u00e4gst inkomster. Det \u00e4r inte r\u00e4ttvist.<\/p>\n\n\n\n<p>Principen om h\u00e4lften kvar m\u00e5ste g\u00e4lla i Stockholm. Vi vill s\u00e4nka kommunal- och regionskatten. Vi ska \u00e4ven verka f\u00f6r att s\u00e4nka marginalskatten genom att gradvis minska den statliga inkomstskatten. Det skulle ge h\u00e5rt arbetande stockholmare mer pengar i pl\u00e5nboken och \u00f6ka tillv\u00e4xten. Det \u00f6kar drivkrafterna till arbete och utbildning och gynnar den ekonomiska tillv\u00e4xten i hela Sverige.<\/p>\n\n\n\n<p>ROT- och RUT-avdragen ska v\u00e4rnas och utvecklas. De spelar en viktig roll f\u00f6r m\u00e5nga m\u00e4nniskors vardag, s\u00e5v\u00e4l barnfamiljer som \u00e4ldre. Vi kommer att verka f\u00f6r att ROT och RUT utvecklas s\u00e5 att de hush\u00e5llsn\u00e4ra tj\u00e4nsterna kan bidra till en enklare vardag f\u00f6r fler.<\/p>\n\n\n\n<p><strong>Moderaterna kommer att:<\/strong><\/p>\n\n\n\n<ul class=\"wp-block-list\">\n<li>S\u00e4nka kommunal-och regionskatten<\/li>\n\n\n\n<li>Verka f\u00f6r att principen h\u00e4lften kvar ska g\u00e4lla f\u00f6r alla genom att gradvis s\u00e4nka den statliga inkomstskatten<\/li>\n\n\n\n<li>Verka f\u00f6r en utveckling av RUT-och ROT -avdragen f\u00f6r att underl\u00e4tta vardagen<\/li>\n\n\n\n<li>Motverka ett inf\u00f6rande av skadliga skatter som fastighets-, f\u00f6rm\u00f6genhets- och bol\u00e5neskatt<\/li>\n<\/ul>\n\n\n\n<hr class=\"wp-block-separator has-alpha-channel-opacity\" \/>\n\n\n\n<h2 class=\"wp-block-heading\" id=\"h-starkt-arbetslinje-anstrangning-ska-lona-sig\"><strong>St\u00e4rkt arbetslinje &#8211; anstr\u00e4ngning ska l\u00f6na sig<\/strong><\/h2>\n\n\n\n<p id=\"h-starkt-arbetslinje-anstrangning-ska-lona-sig\">V\u00e5r arbetsmarknadspolitik bygger p\u00e5 fler och v\u00e4xande f\u00f6retag som anst\u00e4ller och ett Stockholm med tillv\u00e4xt. Tr\u00f6sklarna in till arbetsmarknaden beh\u00f6ver s\u00e4nkas, bidragssystemet fr\u00e4mja ett \u00e5terintr\u00e4de p\u00e5 arbetsmarknaden, matchningen f\u00f6rb\u00e4ttras och skatten p\u00e5 arbete s\u00e4nkas s\u00e5 att alla som arbetar f\u00e5r beh\u00e5lla mer av sin l\u00f6n.<\/p>\n\n\n\n<p>Arbetslinjen m\u00e5ste \u00e5teruppr\u00e4ttas genom tydliga krav p\u00e5 motprestation f\u00f6r den som f\u00e5r f\u00f6rs\u00f6rjningsst\u00f6d. Vi vill inf\u00f6ra ett bidragstak som begr\u00e4nsar hur mycket bidrag ett hush\u00e5ll kan f\u00e5 &#8211; s\u00e4rskilt st\u00f6rre familjer. F\u00f6rs\u00f6rjningsst\u00f6det beh\u00f6ver kopplas till krav p\u00e5 heltidsaktiviteter, som arbete, praktik eller spr\u00e5kutbildning. Spr\u00e5ket \u00e4r en s\u00e4rskild nyckel till att f\u00e5 ett jobb &#8211; den som inte kan tala svenska m\u00e5ste f\u00e5 f\u00f6ruts\u00e4ttningar att l\u00e4ra sig det.<\/p>\n\n\n\n<p>Vi vill ocks\u00e5 inf\u00f6ra hembes\u00f6k hos personer som f\u00e5r f\u00f6rs\u00f6rjningsst\u00f6d f\u00f6r att minska felaktiga utbetalningar och s\u00e4kerst\u00e4lla att bidragstagare faktiskt bor p\u00e5 adressen de uppger. Bidrag ska bara betalas ut till dem som har r\u00e4tt till det. Det \u00e4r r\u00e4ttvist b\u00e5de f\u00f6r mottagarna av st\u00f6det och f\u00f6r skattebetalarna.<\/p>\n\n\n\n<p>Vi vill bryta utanf\u00f6rskapet och bygga ett Stockholm d\u00e4r fler f\u00e5r uppleva friheten som f\u00f6ljer av en egen l\u00f6n. F\u00f6r att \u00f6ka drivkrafterna att arbeta vill vi inf\u00f6ra en lokal jobbpremie i form av tillf\u00e4lligt s\u00e4nkt skatt f\u00f6r den som l\u00e4mnar f\u00f6rs\u00f6rjningsst\u00f6det och b\u00f6rjar jobba. Vi vill st\u00e4rka ungas och arbetsl\u00f6sa koppling till arbetsmarknaden genom fler SAO-jobb &#8211; betald praktik i h\u00f6gstadiet &#8211; samt instegsjobb i bristyrken och b\u00e4ttre nyf\u00f6retagarr\u00e5dgivning.<\/p>\n\n\n\n<p>Allt detta borde vara sj\u00e4lvklarheter men under S-styret har arbetslinjen monterats ned och ersatts av en bidragslinje som l\u00e5ser fast m\u00e4nniskor i utanf\u00f6rskap.<\/p>\n\n\n\n<p>Detta \u00e4r ett svek mot de h\u00e5rt arbetande stockholmare som varje dag g\u00e5r till jobbet och betalar skatt, men \u00e4nnu mer mot dem som fastnat i bidragsberoende och f\u00f6rv\u00e4gras chansen att n\u00e5 sin fulla potential och f\u00e5 kontroll \u00f6ver sitt eget liv.<\/p>\n\n\n\n<p><strong>Moderaterna kommer att:<\/strong><\/p>\n\n\n\n<ul class=\"wp-block-list\">\n<li>Begr\u00e4nsa f\u00f6rs\u00f6rjningsst\u00f6det genom ett bidragstak och villkora r\u00e4tten till f\u00f6rs\u00f6rjningsst\u00f6d med krav p\u00e5 heltidsaktivitet<\/li>\n\n\n\n<li>Inf\u00f6ra hembes\u00f6k hos personer som f\u00e5r f\u00f6rs\u00f6rjningsst\u00f6d<\/li>\n\n\n\n<li>Inf\u00f6ra en lokal jobbpremie f\u00f6r den som l\u00e4mnar f\u00f6rs\u00f6rjningsst\u00f6d f\u00f6r arbete<\/li>\n\n\n\n<li>St\u00e4rka kopplingen till arbetsmarknaden genom fler SAO-jobb, instegsjobb i bristyrken och b\u00e4ttre ny f\u00f6retagarr\u00e5dgivning<\/li>\n<\/ul>\n\n\n\n<hr class=\"wp-block-separator has-alpha-channel-opacity\" \/>\n\n\n\n<h2 class=\"wp-block-heading\" id=\"h-ordning-och-reda-i-stadens-ekonomi-en-forutsattning-for-valfarden\"><strong>Ordning och reda i stadens ekonomi &#8211; en f\u00f6ruts\u00e4ttning f\u00f6r v\u00e4lf\u00e4rden<\/strong><\/h2>\n\n\n\n<p id=\"h-ordning-och-reda-i-stadens-ekonomi-en-forutsattning-for-valfarden\">Att f\u00f6rvalta stockholmarnas pengar med ansvar \u00e4r v\u00e5r skyldighet. Ordning och reda i stadens ekonomi \u00e4r inte ett m\u00e5l i sig, utan en absolut f\u00f6ruts\u00e4ttning f\u00f6r att kunna leverera den v\u00e4lf\u00e4rd som inv\u00e5narna f\u00f6rv\u00e4ntar sig och f\u00f6rtj\u00e4nar. I tider av ekonomisk os\u00e4kerhet blir detta ansvar \u00e4nnu tydligare. Varje skattekrona m\u00e5ste behandlas med respekt och anv\u00e4ndas d\u00e4r den g\u00f6r som mest nytta. Ett ansvarsfullt ekonomiskt styre handlar om att v\u00e5ga s\u00e4ga nej till det som \u00e4r mindre viktigt f\u00f6r att kunna s\u00e4ga ja till det som \u00e4r avg\u00f6rande.<\/p>\n\n\n\n<p>Tyv\u00e4rr har de senaste fyra \u00e5ren pr\u00e4glats av allt annat \u00e4n respekt f\u00f6r medborgarnas pengar. Den h\u00e4r mandatperioden har S-styret k\u00f6pt \u00f6ver 1 000 befintliga hyresr\u00e4tter i Hjulsta f\u00f6r 1,4 miljarder kronor av skattebetalarnas pengar, utan att en enda ny bostad skapades. Aff\u00e4ren var helt ideologiskt driven och skapar ingen nytta f\u00f6r stockholmarna. Samtidigt har m\u00e5nga projekt, som Slussen och det nya avloppssystemet, blivit f\u00f6rdyrade med m\u00e5nga miljarder. Varje krona som sl\u00f6sas bort p\u00e5 det h\u00e4r s\u00e4ttet \u00e4r en krona mindre till v\u00e4lf\u00e4rden.<\/p>\n\n\n\n<p>Stockholms stads skulds\u00e4ttning skenar och n\u00e4rmar sig 100 miljarder kronor. Det inneb\u00e4r r\u00e4ntekostnader p\u00e5 flera miljarder kronor varje \u00e5r.Varje krona som i dag g\u00e5r till r\u00e4ntebetalningar \u00e4r en krona som i st\u00e4llet kunde ha g\u00e5tt till mindre klasser i skolan, fler trygghetskameror p\u00e5 v\u00e5ra torg eller fler h\u00e4nder i \u00e4ldreomsorgen. S-styrets ekonomiska politik l\u00e4gger resurser p\u00e5 byr\u00e5krati, sl\u00f6seri, dyra ideologiska experiment och p\u00e5 projekt som inte bidrar till en b\u00e4ttre vardag f\u00f6r stockholmarna.<\/p>\n\n\n\n<p>Det \u00e4r ett stort svek mot dagens och morgondagens stockholmare, som kommer att f\u00e5 st\u00e5 f\u00f6r notan. Om inte den skenande skulds\u00e4ttningen hejdas kommer skatten att h\u00f6jas i Stockholm &#8211; inte f\u00f6r att l\u00e4gga mer resurser p\u00e5 skola och omsorg utan bara f\u00f6r att betala r\u00e4nta.<\/p>\n\n\n\n<p>Moderaterna \u00e4r mycket oroade \u00f6ver den ekonomiska politiken och den h\u00f6ga skulds\u00e4ttningen. F\u00f6r att s\u00e4kerst\u00e4lla en l\u00e5ngsiktigt h\u00e5llbar ekonomisk politik vill vi inr\u00e4tta ett finanspolitiskt r\u00e5d. R\u00e5det ska efter modellen p\u00e5 statlig niv\u00e5 oberoende granska stadens finanspolitik. Vi kommer att minska stadens skulds\u00e4ttning. Detta kr\u00e4ver prioriteringar, men \u00e4r n\u00f6dv\u00e4ndigt f\u00f6r att s\u00e4kerst\u00e4lla en l\u00e5ngsiktig finansiering av v\u00e4lf\u00e4rden. F\u00f6rs\u00e4ljning av exempelvis Spybarhuset, hotellet vid \u00c4lvsj\u00f6m\u00e4ssan och H\u00f6torgshallen, som staden inte sj\u00e4lv beh\u00f6ver till sina verksamheter, skulle ge int\u00e4kter som kan anv\u00e4ndas till att st\u00e4rka v\u00e4lf\u00e4rden. Vi kommer dessutom verka f\u00f6r att \u00f6ka den externa privata finansieringen, minska investeringsvolymen och \u00f6ka stadens sj\u00e4lvfinansieringsgrad.<\/p>\n\n\n\n<p>Socialdemokraterna \u00e5tertar allt fler En stark och v\u00e4lsk\u00f6tt ekonomi ger oss verksamheter i egen regi. Att i rask takt \u00e5terta handlingsutrymme att m\u00f6ta framtidens v\u00e4lfungerande verksamheter i egen regi \u00e4r dyrt utmaningar och bygga ett Stockholm som \u00e4r och riskerar att leda till s\u00e4mre service. Vi kommer att stoppa dessa kostsamma \u00e5tertaganden.<\/p>\n\n\n\n<p>Stockholm st\u00e5r f\u00f6r en stor del av Sveriges tillv\u00e4xt och d\u00e4rmed skatteint\u00e4kter. Det kommunala utj\u00e4mnings-systemet inneb\u00e4r dock att betydande delar av dessa int\u00e4kter g\u00e5r till andra kommuner. Flera av dessa kommuner styrs av r\u00f6dgr\u00f6na majoriteter som i realiteten m\u00e5nga g\u00e5nger anv\u00e4nder pengarna till annat \u00e4n kommunala k\u00e4rnuppgifter. Det kommunala utj\u00e4mningssystemet b\u00f6r d\u00e4rf\u00f6r avskaffas i sin nuvarande form. Vill staten utj\u00e4mna skillnaderna mellan kommunerna b\u00f6r ansvaret f\u00f6r detta helt \u00f6verg\u00e5 till staten. Stockholmarnas pengar ska stanna i Stockholm.<\/p>\n\n\n\n<p>En stark och v\u00e4lsk\u00f6tt ekonomi ger oss handlingsutrymme att m\u00f6ta framtidens utmaningar och bygga ett Stockholm som \u00e4r tryggare, friare och mer v\u00e4lm\u00e5ende f\u00f6r alla. Det \u00e4r genom ordning och reda vi tryggar och utvecklar v\u00e4lf\u00e4rden.<\/p>\n\n\n\n<p><strong>Moderaterna kommer att:<\/strong><\/p>\n\n\n\n<ul class=\"wp-block-list\">\n<li>Minska stadens skulds\u00e4ttning<\/li>\n\n\n\n<li>Stoppa sl\u00f6seri och f\u00f6rdyringar med skattebetalarnas pengar<\/li>\n\n\n\n<li>S\u00e4lja fastigheter som staden inte beh\u00f6ver f\u00f6r sina verksamheten, t ex H\u00f6torgshallen och spybar-huset<\/li>\n\n\n\n<li>Inr\u00e4tta ett finanspolitiskt r\u00e5d f\u00f6r en oberoende granskning av stadens finanspolitik<\/li>\n\n\n\n<li>Avbryta kostsamma \u00e5tertaganden av verksamheter i egen regi.<\/li>\n\n\n\n<li>Verka f\u00f6r att avskaffa det kommunala utj\u00e4mningssystemet<\/li>\n<\/ul>\n\n\n\n<hr class=\"wp-block-separator has-alpha-channel-opacity\" \/>\n\n\n\n<h2 class=\"wp-block-heading\" id=\"h-trygghet\"><strong>Trygghet<\/strong><\/h2>\n\n\n\n<p id=\"h-trygghet-anstrangning-ska-lona-sig-brott-ska-straffa-sig-trygghet-ar-var-tids-stora-frihetsfraga-och-den-viktigaste-fragan-for-stockholmarna-stockholm-praglas-av-en-grov-brottslighet-som-saknar-motstycke-vilket-har-genomgripande-konsekvenser-for-samhallet-ingen-uppgift-ar-just-nu-viktigare-an-att-vanda-denna-utveckling-och-ateruppratta-tryggheten\"><strong>Anstr\u00e4ngning ska l\u00f6na sig &#8211; brott ska straffa sig<\/strong><br>Trygghet \u00e4r v\u00e5r tids stora frihetsfr\u00e5ga och den viktigaste fr\u00e5gan f\u00f6r stockholmarna. Stockholm pr\u00e4glas av en grov brottslighet som saknar motstycke, vilket har genomgripande konsekvenser f\u00f6r samh\u00e4llet. Ingen uppgift \u00e4r just nu viktigare \u00e4n att v\u00e4nda denna utveckling och \u00e5teruppr\u00e4tta tryggheten.<\/p>\n\n\n\n<p>\u00d6ver tid har kriminaliteten blivit mer synlig i det offentliga rummet, s\u00e4rskilt i centrum och kollektivtrafikn\u00e4ra milj\u00f6er. Samtidigt sk\u00e4rps bilden av ungdomars roll &#8211; fr\u00e5n att vara i riskzon till att i allt h\u00f6gre grad rekryteras in i och bli en del av de kriminella milj\u00f6erna. M\u00e5nga omr\u00e5den pr\u00e4glas av \u00f6ppna drogscener, kriminella n\u00e4tverk och ungdomsgrupper i centrummilj\u00f6er.<\/p>\n\n\n\n<p>Medan regeringen p\u00e5 nationell niv\u00e5 bedriver en offensiv kriminalpolitik, har Socialdemokraterna i Stockholm svikit sitt ansvar. De har monterat ned trygghetsarbetet och har sagt upp tv\u00e5 av tre ordningsvakter och fyra av fem v\u00e4ktare. Detta har lett till att antalet insatser fr\u00e5n ordningsvakter har minskat med 150 000, eller 70 procent den h\u00e4r mandatperioden. Nedsk\u00e4rningarna p\u00e5 ordningsvakter har genomf\u00f6rts trots att Polisen i Stockholm efterlyser avlastning. Bristen p\u00e5 politiskt ansvarstagande har lett till en allvarlig trygghetskris, med stadsdelar d\u00e4r n\u00e4stan varannan stockholmare k\u00e4nner sig otrygg och m\u00e5nga kvinnor som inte v\u00e5gar g\u00e5 ensamma hem p\u00e5 kv\u00e4llen. \u00c4ven f\u00f6retagare vittnar om att otrygghet och brottslighet \u00e4r ett av de st\u00f6rsta problemen f\u00f6r f\u00f6retag i Stockholm.<\/p>\n\n\n\n<p>N\u00e4r Socialdemokraterna senast satt i regeringen minskade antalet poliser i Stockholm. Under den moderatledda regeringen den h\u00e4r mandatperioden har de d\u00e4remot \u00f6kat med \u00f6ver sexhundra. Vi kommer verka f\u00f6r att antalet poliser blir \u00e4nnu fler och synligare i Stockholm.<\/p>\n\n\n\n<p>Moderaterna i Stockholm ska g\u00e5 i br\u00e4schen f\u00f6r att inf\u00f6ra kommunala s\u00e4kerhetsvakter, med mer utbildning och st\u00f6rre befogenheter \u00e4n ordningsvakter. Ett inf\u00f6rande av kommunala s\u00e4kerhetsvakter spelar en stor roll f\u00f6r att skapa tryggare milj\u00f6er och ge Stockholm st\u00f6rre r\u00e5dighet \u00f6ver sin egen trygghetssituation.<\/p>\n\n\n\n<p>Vi ska punktmarkera \u00f6ppna drogscener och andra otrygga platser genom att anst\u00e4lla ordningsvakter och s\u00e4tta upp m\u00e5nga fler kameror f\u00f6r att b\u00e5de f\u00f6rebygga och klara upp fler brott. Vi st\u00e4ller ut ett trygghetsl\u00f6fte om att en ordningsvakt ska vara p\u00e5 plats inom 15 minuter i hela Stockholm. Den som utsatts f\u00f6r brott eller k\u00e4nner sig otrygg ska snabbt f\u00e5 hj\u00e4lp p\u00e5 plats. Genom att g\u00f6ra SL:s trygghetscentral till hela Stockholms trygghetscentral ska det finnas ett nummer f\u00f6r stockholmarna att ringa om man ser eller upplever otrygghet.<\/p>\n\n\n\n<p>\u00c4ven den fysiska milj\u00f6n \u00e4r viktig f\u00f6r tryggheten. Moderaterna kommer att minska otrygghet och brottslighet genom platsspecifika \u00e5tg\u00e4rder som belysning, siktf\u00f6rb\u00e4ttringar och upprustning av omr\u00e5den d\u00e4r m\u00e4nniskor vistas. Med dessa \u00e5tg\u00e4rder tillsammans har vi m\u00e5let att halvera den uppm\u00e4tta otryggheten i Stockholm till 2030.<\/p>\n\n\n\n<p><strong>Moderaterna kommer att:<\/strong><\/p>\n\n\n\n<ul class=\"wp-block-list\">\n<li>Verka f\u00f6r fler poliser i Stockholm<\/li>\n\n\n\n<li>Anst\u00e4lla fler ordningsvakter f\u00f6r att avlasta Polisen och ge ordningsvakterna l\u00e4ngre utbildning och st\u00f6rre befogenheter<\/li>\n\n\n\n<li>S\u00e4tta upp fler kameror f\u00f6r att f\u00f6rebygga och klara upp fler brott<\/li>\n\n\n\n<li>St\u00e4nga \u00f6ppna drogscener och punktmarkera andra otrygga platser med fler ordningsvakter och kameror<\/li>\n\n\n\n<li>G\u00f6ra SL:s trygghetscentral till hela Stockholms trygghetscentral<\/li>\n\n\n\n<li>Genomf\u00f6ra investeringar i den fysiska milj\u00f6n f\u00f6r att minska otryggheten<\/li>\n<\/ul>\n\n\n\n<hr class=\"wp-block-separator has-alpha-channel-opacity\" \/>\n\n\n\n<h2 class=\"wp-block-heading\" id=\"h-alla-barn-har-ratt-till-en-trygg-uppvaxt-vi-forebygger-kriminalitet\"><strong>Alla barn har r\u00e4tt till en trygg uppv\u00e4xt &#8211; vi f\u00f6rebygger kriminalitet<\/strong><\/h2>\n\n\n\n<p>Inga barn ska hamna p\u00e5 glid. F\u00f6r oss moderater handlar f\u00f6rebyggande arbete om ett fungerande samh\u00e4lle. Stockholm ska ha skolor som ger kunskap och framtidstro och en socialtj\u00e4nst som finns d\u00e4r fr\u00e5n f\u00f6rsta stund. Vi vill st\u00e4rka f\u00f6r\u00e4ldrar och s\u00e4kerst\u00e4lla att det finns fler trygga vuxna i barns n\u00e4rhet. Tidiga insatser \u00e4r det b\u00e4sta skyddet mot att ett felsteg blir en kriminell v\u00e4g genom livet. \u00c4ven en meningsfull fritid \u00e4r viktig f\u00f6r att st\u00e4rka det brotts- f\u00f6rebyggande arbetet och \u00f6ka tryggheten. V\u00e5rt fokus ligger p\u00e5 att st\u00f6dja f\u00f6reningslivet, idrottssatsningar och underl\u00e4tta trygga m\u00f6tesplatser f\u00f6r stadens unga.<\/p>\n\n\n\n<p>Vi vill st\u00e4rka barnens r\u00e4ttigheter och stoppa nyrekrytering till g\u00e4ngen. Det beh\u00f6vs ett n\u00e4ra samarbete mellan skola, socialtj\u00e4nst och polis. F\u00f6r att \u00e5stadkomma detta \u00e4r den nya socialtj\u00e4nstlagen central och vi beh\u00f6ver p\u00e5 riktigt riva sekretessen mellan myndigheterna s\u00e5 att barn som far illa kan f\u00e5ngas upp i tid. Socialtj\u00e4nsten beh\u00f6ver komma n\u00e4rmre m\u00e4nniskor, vi vill d\u00e4rf\u00f6r att socialsekreterare ska tillbringa mindre tid p\u00e5 kontoret och mer p\u00e5 skolor, fritidsg\u00e5rdar, BVC och i lokala centrum. Vi vill att socialtj\u00e4nsten ska m\u00f6ta barnen d\u00e4r de faktiskt befinner sig, b\u00e5de hemma och p\u00e5 sociala medier.<\/p>\n\n\n\n<p>F\u00f6r\u00e4ldraansvaret \u00e4r avg\u00f6rande f\u00f6r att barn inte ska hamna fel. F\u00f6r f\u00f6r\u00e4ldrar som trots allt beh\u00f6ver mer st\u00f6d vill vi g\u00f6ra f\u00f6r\u00e4ldrast\u00f6ds- programmet mer tillg\u00e4ngligt, genom att det bland annat ska finnas tillg\u00e4ngligt i skolan i samband med f\u00f6r\u00e4ldram\u00f6ten.<\/p>\n\n\n\n<p>Tyv\u00e4rr har stadens s-styre misslyckats med att skapa en fungerande socialtj\u00e4nst. Vi ser hur socialtj\u00e4nsten havererar, inte minst i Sk\u00e4rholmen, d\u00e4r larmrapporterna om massavhopp bland socialsekreterare duggar t\u00e4tt. Of\u00f6rm\u00e5gan att prioritera det f\u00f6rebyggande arbetet l\u00e4mnar ett farligt vakuum som de kriminella g\u00e4ngen fyller. Trygghet kr\u00e4ver b\u00e5de ett starkt brottsf\u00f6rebyggande arbete och en r\u00e4ttspolitik som l\u00e5ser in dem som beg\u00e5r brott. Socialdemokraternas misslyckande i Stockholm visar att de inte klarar av att leverera det ledarskap som kr\u00e4vs.<\/p>\n\n\n\n<p>Till skillnad fr\u00e5n dagens s-styre vill vi ut\u00f6ka socialtj\u00e4nstens f\u00f6rst\u00e4rkningsteam med erfarna socialsekreterare som har s\u00e4rskild kompetens kring barn och unga i g\u00e4ngmilj\u00f6 och organiserad brottslighet. F\u00f6rst\u00e4rkningsteamen fungerar som en extra resurs i stadsdelar d\u00e4r kriminalitet och v\u00e5ld har eskalerat. F\u00f6r barn som \u00e4nd\u00e5 beh\u00f6ver placeras p\u00e5 institution vill vi inf\u00f6ra professionella familjehem. M\u00e5let \u00e4r att p\u00e5 sikt ers\u00e4tta merparten av placeringarna p\u00e5 HVB-hem med tryggare och mer stabila familjehemsplaceringar.<\/p>\n\n\n\n<p>En del barn som l\u00e4mnar placeringar p\u00e5 institution har det sv\u00e5rt att anpassa sig till samh\u00e4llet och hamnar \u00e5terigen i kriminalitet. Vi vill f\u00f6rb\u00e4ttra efterv\u00e5rden genom att st\u00e4rka st\u00f6det till barn som varit placerade och deras familjer.<\/p>\n\n\n\n<p><strong>Moderaterna kommer att:<\/strong><\/p>\n\n\n\n<ul class=\"wp-block-list\">\n<li>Genomf\u00f6ra den nya socialtj\u00e4nstlagen och riva sekretesshindren mellan skolan, socialtj\u00e4nsten och Polisen<\/li>\n\n\n\n<li>Bygga ut socialtj\u00e4nsten och flytta ut den till f\u00e4ltet och p\u00e5 n\u00e4tet<\/li>\n\n\n\n<li>Ut\u00f6ka socialtj\u00e4nstens f\u00f6rst\u00e4rkningsteam<\/li>\n\n\n\n<li>G\u00f6ra f\u00f6r\u00e4ldrast\u00f6dsprogrammet mer tillg\u00e4ngligt<\/li>\n\n\n\n<li>Inf\u00f6ra professionella familjehem<\/li>\n\n\n\n<li>F\u00f6rb\u00e4ttra efterv\u00e5rden f\u00f6r barn som varit placerade p\u00e5 institution<\/li>\n<\/ul>\n\n\n\n<hr class=\"wp-block-separator has-alpha-channel-opacity\" \/>\n\n\n\n<h2 class=\"wp-block-heading\" id=\"h-socialpolitik\"><strong>Socialpolitik<\/strong><\/h2>\n\n\n\n<p><strong>En socialpolitik som g\u00f6r livet l\u00e4ttare att leva f\u00f6r m\u00e4nniskor<\/strong><br>Ett tryggt Stockholm f\u00f6r alla kr\u00e4ver en politik som prioriterar de viktigaste insatserna f\u00f6r m\u00e4nniskor med de st\u00f6rsta behoven.<\/p>\n\n\n\n<p>F\u00f6r att minska heml\u00f6shet, missbruk och psykisk oh\u00e4lsa kr\u00e4vs ett helhetsgrepp. F\u00f6r oss \u00e4r m\u00e5let tydligt: att hj\u00e4lpa m\u00e4nniskor ur heml\u00f6shet och missbruk till ett sj\u00e4lvst\u00e4ndigt liv. Det kr\u00e4ver mer \u00e4n bara tak \u00f6ver huvudet. Vi vill st\u00e4rka st\u00f6det f\u00f6r personer med samsjuklighet genom tv\u00e4rprofessionella team d\u00e4r socialtj\u00e4nst och psykiatri samarbetar. L\u00e5ngsiktiga boendel\u00f6sningar m\u00e5ste prioriteras framf\u00f6r akuta insatser och likv\u00e4rdigheten mellan stadsdelarna beh\u00f6ver f\u00f6rb\u00e4ttras. V\u00e4gen fram\u00e5t \u00e4r en kombination av ett tryggt boende, en effektiv missbruksv\u00e5rd och ett tydligt fokus p\u00e5 v\u00e4gen tillbaka till egen f\u00f6rs\u00f6rjning.<\/p>\n\n\n\n<p>Det \u00e4r en skam att offer f\u00f6r prostitution och m\u00e4nniskohandel i Stockholm inte f\u00e5r det skydd de har r\u00e4tt till. V\u00e4gen ut ur exploatering beh\u00f6ver st\u00e4rkas och ett sammanh\u00e5llet st\u00f6d med exitprogram inr\u00e4ttas. Socialn\u00e4mnden ska i samverkan med civilsamh\u00e4llet forts\u00e4tta att arbeta med insatser riktade till personer i prostitution som inte \u00e4r folkbokf\u00f6rda i Sverige.<\/p>\n\n\n\n<p>Utbyggnaden av l\u00e4genhetshotell och hotellifiering av bost\u00e4der skapat nya arenor f\u00f6r exploatering av m\u00e4nniskor och v\u00e4lf\u00e4rdsbrottslighet. Nyligen inr\u00e4ttade regeringen en lagstiftning f\u00f6r att ge polisen b\u00e4ttre m\u00f6jligheter att ingripa mot l\u00e4genhetshotell som anv\u00e4nds f\u00f6r brott. F\u00f6r att verktygen ska f\u00e5 effekt kr\u00e4vs dock att polis, socialtj\u00e4nst och stadens verksamheter arbetar mer tillsammans. D\u00e4rf\u00f6r vill vi samla stadens resurser f\u00f6r att tillsammans med andra myndigheter snabbt kunna uppt\u00e4cka m\u00e4nniskor i utsatthet, st\u00e4nga ner otj\u00e4nliga boenden och erbjuda m\u00e4nniskor andra alternativ.<\/p>\n\n\n\n<p>Inga barn eller vuxna ska beh\u00f6va leva i relationer som pr\u00e4glas av fysiskt, psykiskt eller ekonomsikt v\u00e5ld. V\u00e5ld i n\u00e4ra relationer m\u00e5ste d\u00e4rf\u00f6r m\u00f6tas med nolltolerans. Vi vill st\u00e4rka st\u00f6det till brottsoffer, s\u00e4kerst\u00e4lla skyddade boenden av h\u00f6g kvalitet och utveckla samarbetet med polisen f\u00f6r att v\u00e5ldsut\u00f6vare ska kunna lagf\u00f6ras. Det \u00e4r alltid v\u00e5ldsut\u00f6varen &#8211; inte offret &#8211; som ska flyttas.<\/p>\n\n\n\n<p>Personer med funktionsneds\u00e4ttning har r\u00e4tt till frihet och delaktighet. D\u00e4rf\u00f6r vill vi st\u00e4rka st\u00f6det s\u00e5 att fler kan komma i arbete och att insatser som LSS och ledsagning utg\u00e5r fr\u00e5n individens behov. Viktig k\u00e4rnverksamhet som skolskjuts m\u00e5ste fungera f\u00f6r barn som beh\u00f6ver den och information och st\u00f6d till personer mer funktionsneds\u00e4ttning i h\u00e4ndelse av kris eller krig beh\u00f6ver f\u00f6rb\u00e4ttras.<\/p>\n\n\n\n<p><strong>Moderaterna kommer att:<\/strong><\/p>\n\n\n\n<ul class=\"wp-block-list\">\n<li>St\u00e4rka st\u00f6det till vuxna med missbruk<\/li>\n\n\n\n<li>Minska heml\u00f6sheten genom n\u00e4rmare samarbete med psykiatrin<\/li>\n\n\n\n<li>F\u00f6rst\u00e4rka arbetet mot trafficking och prostitution<\/li>\n\n\n\n<li>St\u00e4nga ner illegal hotellverksamhet f\u00f6r att motverka sexhandel<\/li>\n\n\n\n<li>St\u00e4rka st\u00f6det till personer utsatta f\u00f6r v\u00e5ld i n\u00e4ra relationer. Det \u00e4r alltid f\u00f6r\u00f6varen, inte offret, som ska flytta fr\u00e5n bostaden<\/li>\n\n\n\n<li>\u00d6ka friheten och delaktigheten I samh\u00e4llet f\u00f6r personer med funktionsneds\u00e4ttning<\/li>\n\n\n\n<li>F\u00f6rb\u00e4ttra skolskjutsen f\u00f6r barn som \u00e4r beroende av den<\/li>\n\n\n\n<li>F\u00f6rst\u00e4rkt information och st\u00f6d till personer med funktionsneds\u00e4ttning i h\u00e4ndelse av kris eller krig<\/li>\n<\/ul>\n\n\n\n<hr class=\"wp-block-separator has-alpha-channel-opacity\" \/>\n\n\n\n<h2 class=\"wp-block-heading\" id=\"h-skolpolitik\"><strong>Skolpolitik<\/strong><\/h2>\n\n\n\n<p><strong>Alla barn har r\u00e4tt till en skola som ger studiero och kunskaper<\/strong><br>V\u00e5r vision \u00e4r en skola d\u00e4r alla barn k\u00e4nner sig trygga och motiverade. Skolan ska erbjuda r\u00e4tt st\u00f6d och ha resurser att ge varje barn m\u00f6jligheten att g\u00e5 ut med godk\u00e4nda betyg.<\/p>\n\n\n\n<p>Vi ser det fria skolvalet som en grundl\u00e4ggande r\u00e4ttighet f\u00f6r elever och f\u00f6r\u00e4ldrar. Men idag hotas popul\u00e4ra friskolor av nedl\u00e4ggning &#8211; inte f\u00f6r att de \u00e4r d\u00e5liga utan f\u00f6r att v\u00e4nstersidan ideologiskt har best\u00e4mt sig f\u00f6r att de inte borde f\u00e5 finnas kvar. Vi v\u00e4rnar valfriheten, vill st\u00e4rka den pedagogiska konkurrensen och sl\u00e5 vakt om m\u00e5ngfalden och kvaliteten i svensk skola. Stockholms kommunala skolor ska v\u00e4ljas av barn och f\u00f6r\u00e4ldrar f\u00f6r sin kvalitet, inte f\u00f6r att det saknas alternativ.<\/p>\n\n\n\n<p>Moderaterna vill \u00e5teruppr\u00e4tta kunskapsskolan d\u00e4r fokus ligger p\u00e5 l\u00e4rande. V\u00e5r plan \u00e4r tydlig: vi vill ha mindre klasser s\u00e5 att varje elev f\u00e5r den tid och det st\u00f6d den beh\u00f6ver. Forskning visar att mindre klasser bidrar till en b\u00e4ttre l\u00e4randemilj\u00f6, d\u00e4r varje elev f\u00e5r mer tid och uppm\u00e4rksamhet fr\u00e5n l\u00e4raren. Detta \u00e4r s\u00e4rskilt viktigt i de tidiga skol\u00e5ren n\u00e4r grunderna f\u00f6r framtiden l\u00e4ggs. Mindre klasser kan ocks\u00e5 bidra till att minska mobbning och st\u00e4rka relationerna mellan eleverna. I en mindre grupp \u00e4r det l\u00e4ttare att skapa en trygg milj\u00f6 d\u00e4r alla k\u00e4nner sig sedda och delaktiga.<\/p>\n\n\n\n<p>F\u00f6r att elever ska kunna fokusera p\u00e5 undervisningen vill vi ha f\u00e4rre sk\u00e4rmar i klassrummet och i st\u00e4llet g\u00f6ra en stor satsning p\u00e5 fysiska l\u00e4romedel. Det \u00e4r viktigt f\u00f6r att f\u00f6rb\u00e4ttra barns koncentrationsf\u00f6rm\u00e5ga och l\u00e4sf\u00f6rst\u00e5else. Men det \u00e4r ocks\u00e5 viktigt f\u00f6r att barn ska skyddas mot mobbing och ol\u00e4mpligt material under skoltid.<\/p>\n\n\n\n<p>V\u00e5rt mest grundl\u00e4ggande m\u00e5l \u00e4r att varje barn som l\u00e4mnar l\u00e5gstadiet ska kunna l\u00e4sa, skriva och r\u00e4kna ordentligt. Att kn\u00e4cka l\u00e4skoden \u00e4r den enskilt viktigaste nyckeln f\u00f6r all framtida inl\u00e4rning och f\u00f6r att kunna delta fullt ut i samh\u00e4llet. Vi m\u00e5ste kontinuerligt m\u00e4ta kunskapsutvecklingen hos varje elev f\u00f6r att kunna ge r\u00e4tt st\u00f6d i r\u00e4tt tid.<\/p>\n\n\n\n<p>F\u00f6r att barn med s\u00e4rskilda behov ska f\u00e5 en bra skolg\u00e5ng beh\u00f6vs fler speciall\u00e4rare och s\u00e4rskilda undervisningsgrupper. F\u00f6r att fler ska m\u00e5 bra i skolan vill vi bygga ut elevh\u00e4lsan, med ett s\u00e4rskilt fokus p\u00e5 fler kuratorer och psykologer. Alla barn ska f\u00e5 stimulerande undervisning och m\u00f6jlighet att v\u00e4xa i sin takt. D\u00e4rf\u00f6r vill vi ocks\u00e5 ut\u00f6ka antalet spetsklasser och skolinriktningar som passar h\u00f6gpresterande elever.<\/p>\n\n\n\n<p>Vi vill \u00e4ven inf\u00f6ra gemensamma och likv\u00e4rdiga ordningsregler i stadens kommunala skolor f\u00f6r att garantera studiero och \u00e5teruppr\u00e4tta respekten f\u00f6r l\u00e4raryrket.<\/p>\n\n\n\n<p>Grundl\u00e4ggande trygghet och studiero beh\u00f6vs f\u00f6r att alla barn och l\u00e4rare ska m\u00e5 bra under dagen. Vi vill \u00f6ka skols\u00e4kerheten genom fler l\u00e5sta skolor, b\u00e4ttre skalskydd och fler kameror.<\/p>\n\n\n\n<p>S-styret har de senaste fyra \u00e5ren svikit Stockholms elever och l\u00e4rare och vi ser nu konsekvenserna av deras misslyckade skolpolitik: kunskapsresultaten sjunker, barngrupperna blir st\u00f6rre och st\u00f6ket i klassrummen breder ut sig. N\u00e4r l\u00e4rare tvingas \u00e4gna mer tid \u00e5t att hantera konflikter \u00e4n \u00e5t att undeNisa, och n\u00e4r elever k\u00e4nner sig otrygga, f\u00f6rlorar vi det allra viktigaste &#8211; m\u00f6jligheten till kunskap och en bra start i livet. Moderaternas uppdrag \u00e4r att bryta denna utveckling och ge alla barn i Stockholms skolor den trygga undervisning de f\u00f6rtj\u00e4nar.<\/p>\n\n\n\n<p><strong>Moderaterna kommer att:<\/strong><\/p>\n\n\n\n<ul class=\"wp-block-list\">\n<li>Minska klasstorlekarna<\/li>\n\n\n\n<li>V\u00e4rna valfriheten och r\u00e4tten f\u00f6r elever och f\u00f6r\u00e4ldrar att v\u00e4lja skola<\/li>\n\n\n\n<li>Inf\u00f6ra gemensamma och likv\u00e4rdiga ordningsregler i alla skolor<\/li>\n\n\n\n<li>Satsa p\u00e5 fysiska l\u00e4romedel och f\u00e4rre sk\u00e4rmar i skolan<\/li>\n\n\n\n<li>Systematiskt m\u00e4ta kunskapsutvecklingen i skolan<\/li>\n\n\n\n<li>Fler speciall\u00e4rare och s\u00e4rskilda undervisningsgrupper f\u00f6r barn med s\u00e4rskilda behov<\/li>\n\n\n\n<li>Bygga ut elevh\u00e4lsan med fler kuratorer, psykologer och digital n\u00e4rvaro<\/li>\n\n\n\n<li>\u00d6ka skols\u00e4kerheten genom fler l\u00e5sta skolor, b\u00e4ttre skalskydd och fler kameror<\/li>\n<\/ul>\n\n\n\n<hr class=\"wp-block-separator has-alpha-channel-opacity\" \/>\n\n\n\n<h2 class=\"wp-block-heading\" id=\"h-forskolepolitik\"><strong>F\u00f6rskolepolitik<\/strong><\/h2>\n\n\n\n<p><strong>Alla barn har r\u00e4tt till en bra start i livet<\/strong><br>F\u00f6r oss moderater \u00e4r det en sj\u00e4lvklarhet att varje barn, oavsett bakgrund, ska f\u00e5 den b\u00e4sta starten i livet. En tillg\u00e4nglig och flexibel f\u00f6rskola \u00e4r viktig f\u00f6r att ge familjer frihet, m\u00f6jlighet till egen f\u00f6rs\u00f6rjning och f\u00f6r att livspusslet ska g\u00e5 ihop.<\/p>\n\n\n\n<p>Moderaterna vill ha sm\u00e5 f\u00f6rskolor, som ger en trygg milj\u00f6 d\u00e4r barn l\u00e4ttare f\u00e5r n\u00e4ra relationer till pedagoger och andra barn. Vi ser med oro p\u00e5 trenden med allt st\u00f6rre f\u00f6rskolor och vill att alla barn ska vistas i en milj\u00f6 d\u00e4r de f\u00e5r den uppm\u00e4rksamhet de beh\u00f6ver. D\u00e4rf\u00f6r vill vi satsa p\u00e5 mindre f\u00f6rskolor med h\u00f6g personalt\u00e4thet.<\/p>\n\n\n\n<p>Att v\u00e4lja r\u00e4tt milj\u00f6 f\u00f6r sitt barn g\u00f6r f\u00f6r\u00e4ldrar b\u00e4st sj\u00e4lva. Det ger familjer m\u00f6jligheten att hitta en profil som passar just deras behov. I det h\u00e4r sammanhanget fyller f\u00f6r\u00e4ldrakooperativ en viktig roll. Stockholms kommunala f\u00f6rskolor ska v\u00e4ljas av f\u00f6r\u00e4ldrar f\u00f6r sin kvalitet, inte f\u00f6r att det saknas alternativ. Vi kommer att arbeta f\u00f6r m\u00e5ngfald och att st\u00e4rka valfriheten.<\/p>\n\n\n\n<p>F\u00f6r att barnen ska f\u00e5 vara med sina kompisar och f\u00f6r att underl\u00e4tta f\u00f6r familjer att f\u00e5 livspusslet att g\u00e5 ihop vill vi erbjuda storasyskon r\u00e4tt att g\u00e5 heltid i f\u00f6rskolan. I dag erbjuder Stockholms stads f\u00f6rskolor 30 timmar i veckan till det nyf\u00f6dda barnets storasyskon n\u00e4r mamman eller pappan \u00e4r f\u00f6r\u00e4ldraledig. Det \u00e4r mer gener\u00f6st \u00e4n m\u00e5nga andra kommuner, men vi vill att staden tar bort begr\u00e4nsningen helt.<\/p>\n\n\n\n<p>Barnens r\u00e4tt till pedagogisk utveckling och social gemenskap f\u00e5r aldrig villkoras av f\u00f6r\u00e4ldrarnas situation. F\u00f6r barn som inte beh\u00e4rskar svenska m\u00e5ste vi inf\u00f6ra spr\u00e5kf\u00f6rst\u00e4rkande f\u00f6rskola som ger dem verktygen att lyckas i skolan och i livet.<\/p>\n\n\n\n<p>Varje barn har r\u00e4tt till en f\u00f6rskola som f\u00f6rbereder dem f\u00f6r framtiden, oavsett vilken bakgrund de kommer ifr\u00e5n.<\/p>\n\n\n\n<p>Personalen \u00e4r f\u00f6rskolans absolut viktigaste resurs. Deras kompetens och engagemang skapar den trygga och utvecklande milj\u00f6 varje barn f\u00f6rtj\u00e4nar. Vi vill d\u00e4rf\u00f6r satsa p\u00e5 pedagogernas spr\u00e5kkunskaper och inf\u00f6ra spr\u00e5ktester vid nyrekrytering. S\u00e5 att alla barn l\u00e4r sig svenska och kan bli f\u00f6rst\u00e5dda i sin vardag.<\/p>\n\n\n\n<p>F\u00f6r att g\u00f6ra f\u00f6rskolan till en mer attraktiv arbetsplats och st\u00e4rka professionernas status m\u00e5ste vi skapa tydliga karri\u00e4rtj\u00e4nster f\u00f6r f\u00f6rskolans medarbetare. M\u00e5let \u00e4r att andelen utbildade f\u00f6rskoll\u00e4rare ska \u00f6ka. F\u00f6r att garantera barnens trygghet \u00e4r det ocks\u00e5 avg\u00f6rande med ut\u00f6kade bakgrundskontroller och regelbundna utdrag ur belastningsregistret f\u00f6r all personal.<\/p>\n\n\n\n<p><strong>Moderaterna kommer att:<\/strong><\/p>\n\n\n\n<ul class=\"wp-block-list\">\n<li>V\u00e4rna sm\u00e5 f\u00f6rskolor och s\u00e4tta ett maxtak per f\u00f6rskola<\/li>\n\n\n\n<li>V\u00e4rna valfriheten och r\u00e4tten f\u00f6r familjer att v\u00e4lja f\u00f6rskola<\/li>\n\n\n\n<li>Inf\u00f6ra r\u00e4tt till heltid f\u00f6r syskon i f\u00f6rskolan<\/li>\n\n\n\n<li>Inf\u00f6ra spr\u00e5ktester f\u00f6r personal som anst\u00e4lls inom f\u00f6rskolan och sk\u00e4rpa bakgrunds-registerkontroller<\/li>\n\n\n\n<li>Inf\u00f6ra karri\u00e4rtj\u00e4nster f\u00f6r f\u00f6rskolans medarbetare och \u00f6ka andelen f\u00f6rskolel\u00e4rare i f\u00f6rskolan<\/li>\n\n\n\n<li>Inf\u00f6ra spr\u00e5kf\u00f6rst\u00e4rkande f\u00f6rskola f\u00f6r barn som inte talar svenska<\/li>\n\n\n\n<li>Inf\u00f6ra fler NPF-grupper i f\u00f6rskolan<\/li>\n<\/ul>\n\n\n\n<hr class=\"wp-block-separator has-alpha-channel-opacity\" \/>\n\n\n\n<h2 class=\"wp-block-heading\" id=\"h-bostadspolitik\"><strong>Bostadspolitik<\/strong><\/h2>\n\n\n\n<p><strong>Halva Stockholm gr\u00f6nt &#8211; Vi bevarar Stockholms gr\u00f6n-och villaomr\u00e5den<\/strong><br>Stockholmarna \u00e4lskar sina gr\u00f6nomr\u00e5den, att bevara och skydda gr\u00f6nska i staden har ett starkt st\u00f6d bland stockholmarna. Gr\u00f6nomr\u00e5den \u00e4r viktiga b\u00e5de f\u00f6r m\u00e4nniskors h\u00e4lsa och v\u00e4lbefinnande, men ocks\u00e5 f\u00f6r klimatet och den biologiska m\u00e5ngfalden. En varm sommardag ska det finnas avkopplande platser d\u00e4r stockholmarna kan svalka sig, koppla av och vila.<\/p>\n\n\n\n<p>Tyv\u00e4rr har Stockholms stad under l\u00e5ng tid byggt bort stadens gr\u00f6nomr\u00e5den &#8211; p\u00e5 25 \u00e5r har en yta motsvarande hela Kungsholmen f\u00f6rsvunnit. Trots detta forts\u00e4tter S-styret att bygga bort popul\u00e4ra gr\u00f6n- och villaomr\u00e5den. Denna hets hotar inte bara stadens karakt\u00e4r, utan \u00e4ven den livskvalitet som stockholmarna v\u00e4rderar h\u00f6gt. Moderaterna kommer d\u00e4rf\u00f6r att avbryta p\u00e5g\u00e5ende byggprojekt i gr\u00f6n- och villaomr\u00e5den som saknar st\u00f6d hos stockholmarna. Vi kommer ocks\u00e5 att \u00f6ka m\u00e4ngden gr\u00f6nska i innerstaden.<\/p>\n\n\n\n<p>Det beh\u00f6vs en l\u00e5ngsiktigt h\u00e5llbar stadsplanering d\u00e4r vi planerar in gr\u00f6nska vid nybyggnation och st\u00e4rker bevarandet av befintlig natur. Mer resurser beh\u00f6ver g\u00e5 till underh\u00e5ll av parker och naturomr\u00e5den, men ocks\u00e5 till att inr\u00e4tta fler nya naturreservat. F\u00f6r att s\u00e4kerst\u00e4lla att gr\u00f6nomr\u00e5den inte byggs bort kommer vi inf\u00f6ra ett kommunalt m\u00e5l om andelen gr\u00f6nyta i Stockholm, &#8221;halva Stockholm ska vara gr\u00f6nt&#8221;. Vi ska skydda stadens villaomr\u00e5den fr\u00e5n f\u00f6rt\u00e4tningar och rivningar och verka f\u00f6r ett starkare statligt skydd av dessa omr\u00e5den. Vi kommer \u00e4ven att g\u00f6ra en \u00f6versyn av detaljplanerna f\u00f6r Stockholms villast\u00e4der i syfte att juridiskt v\u00e4rna dessa och bevara dess unika karakt\u00e4r.<\/p>\n\n\n\n<p>Genom att omvandla tak till gr\u00f6na ytor kan Stockholm skapa trivsamma och h\u00e5llbara stadsmilj\u00f6er. Gr\u00f6na tak bidrar till att s\u00e4nka temperaturen i byggnader under sommaren, minska bullerniv\u00e5er och rena luften genom att f\u00e5nga upp partiklar och f\u00f6rb\u00e4ttra luftkvaliteten. Dessutom \u00f6kar gr\u00f6na tak den biologiska m\u00e5ngfalden genom att ge utrymme f\u00f6r pollinerande insekter och v\u00e4xter.<\/p>\n\n\n\n<p>Stockholm ska forts\u00e4tta v\u00e4xa och vara en attraktiv storstad i Europa. D\u00e4rf\u00f6r ska vi forts\u00e4tta med bostadsprojekt som planeras i st\u00f6rre utvecklingsomr\u00e5den, men det m\u00e5ste g\u00f6ras med eftertanke och omsorg om stadens befintliga kultur- och naturv\u00e4rden.<\/p>\n\n\n\n<p><strong>Moderaterna kommer att:<\/strong><\/p>\n\n\n\n<ul class=\"wp-block-list\">\n<li>Avbryta byggprojekt i popul\u00e4ra gr\u00f6n- och villaomr\u00e5den<\/li>\n\n\n\n<li>Inf\u00f6ra ett m\u00e5l om att halva Stockholm ska vara gr\u00f6nt<\/li>\n\n\n\n<li>F\u00f6rb\u00e4ttra underh\u00e5ll av gr\u00f6nomr\u00e5den, tr\u00e4d och parker och inf\u00f6ra naturreservat<\/li>\n\n\n\n<li>Omvandla fler tak till gr\u00f6na ytor<\/li>\n\n\n\n<li>Skydda stadens tr\u00e4dg\u00e5rds-, villa- och sm\u00e5husomr\u00e5den fr\u00e5n f\u00f6rt\u00e4tningar och verka f\u00f6r starkare statligt skydd f\u00f6r dessa omr\u00e5den<\/li>\n<\/ul>\n\n\n\n<hr class=\"wp-block-separator has-alpha-channel-opacity\" \/>\n\n\n\n<h2 class=\"wp-block-heading\" id=\"h-bygg-for-stockholmarna-inte-for-statistiken\"><strong>Bygg f\u00f6r stockholmarna, inte f\u00f6r statistiken<\/strong><\/h2>\n\n\n\n<p>Moderaterna i Stockholm har l\u00e4nge k\u00e4mpat f\u00f6r att v\u00e4rna stadens anrika platser och byggnader och v\u00e5rt l\u00f6fte till stockholmarna \u00e4r att bevara Stockholms unika karakt\u00e4r och sk\u00f6nhet. Staden ska forts\u00e4tta utvecklas och v\u00e4xa, men alltid med varsamhet och i samf\u00f6rst\u00e5nd med stadens historia och med respekt f\u00f6r de som lever och verkar h\u00e4r. Vi vill bevara befintliga kulturv\u00e4rden och s\u00e4kerst\u00e4lla att nybyggnation harmonierar med n\u00e4romr\u00e5dets kulturhistoriska bebyggelse.<\/p>\n\n\n\n<p>Det l\u00e5ngsiktiga bostadsm\u00e5let om 140 000 bost\u00e4der till 2035 beh\u00f6ver ers\u00e4ttas med ett nytt bostadsm\u00e5l, som styr mot sm\u00e5hus, st\u00f6rre l\u00e4genheter och mer \u00e4gt boende. Det var naturligt att staden satte ett l\u00e5ngsiktigt och omfattande bostadsm\u00e5l f\u00f6r mer \u00e4n 15 \u00e5r sedan. Men i dag ser verkligheten annorlunda ut och det beh\u00f6vs en ny politik som utg\u00e5r fr\u00e5n vad stockholmarna faktiskt efterfr\u00e5gar. Unga familjer som vill kunna rota sig, som dr\u00f6mmer om ett eget radhus eller en villa med en liten tr\u00e4dg\u00e5rd och de som beh\u00f6ver en st\u00f6rre l\u00e4genhet f\u00f6r att f\u00e5 livspusslet att g\u00e5 ihop &#8211; det \u00e4r f\u00f6r dem vi ska bygga.<\/p>\n\n\n\n<p>\u00c4nd\u00e5 vill det S-ledda styret bygga 65 000 nya bost\u00e4der p\u00e5 mindre \u00e4n tio \u00e5r, det \u00e4r lika m\u00e5nga som byggdes under hela miljonprogrammet i Stockholms stad. Det \u00e4r naturligtvis varken realistiskt eller \u00f6nskv\u00e4rt.<\/p>\n\n\n\n<p>Det ska vara enkelt att flytta till Stockholm. I dag v\u00e4ljer tyv\u00e4rr alltf\u00f6r m\u00e5nga nyblivna familjer att flytta till andra kommuner i l\u00e4net, eller till och med utanf\u00f6r, p\u00e5 grund av bristen p\u00e5 st\u00f6rre bost\u00e4der eller bost\u00e4der med en mindre tr\u00e4dg\u00e5rd eller gr\u00f6nskande uteplats.<\/p>\n\n\n\n<p>Vi vill tillgodose fler familjebildande stockholmares behov av st\u00f6rre bost\u00e4der och bygga fler omr\u00e5den som liknar Enskede och Bromma. D\u00e4rf\u00f6r kommer Moderaterna verka f\u00f6r fler sm\u00e5hus och helt nya sm\u00e5husomr\u00e5den och vi kommer att inr\u00e4tta ett snabbsp\u00e5r f\u00f6r markanvisningar och detaljplaner som inneh\u00e5ller sm\u00e5hus.<\/p>\n\n\n\n<p>Vi vill underl\u00e4tta f\u00f6r stockholmare att \u00e4ga sitt eget boende. Samtidigt \u00e4r markhyran f\u00f6r villa\u00e4gare och bostadsr\u00e4ttf\u00f6reningar, den s\u00e5 kallade tomtr\u00e4ttsavg\u00e4lden, v\u00e4ldigt h\u00f6g. Dessutom \u00e4r det m\u00e5nga g\u00e5nger orimligt dyrt att k\u00f6pa marken fr\u00e5n staden. D\u00e4rf\u00f6r vill Moderaterna se \u00f6ver hyresniv\u00e5erna, inf\u00f6ra m\u00f6jlighet till avbetalning f\u00f6r den som vill frik\u00f6pa sin mark och g\u00f6ra det f\u00f6rm\u00e5nligare f\u00f6r villa\u00e4gare och bostadsr\u00e4ttsf\u00f6reningar att frik\u00f6pa sina tomtr\u00e4tter under en begr\u00e4nsad tid.<\/p>\n\n\n\n<p>De kommunala allm\u00e4nnyttiga bostadsbolagen ska vara till nytta f\u00f6r stockholmarna. Vi vill g\u00f6ra allm\u00e4nnyttan tillg\u00e4nglig f\u00f6r stockholmarna genom att fokusera p\u00e5 att f\u00f6rvalta befintligt best\u00e5nd. Det \u00e4r inte allm\u00e4nnyttans roll att erbjuda de h\u00f6gsta hyrorna i nyproduktion utan de l\u00e4gsta hyrorna i det befintliga best\u00e5ndet. Allm\u00e4nnyttan ska finnas f\u00f6r stockholmarna n\u00e4r de flyttar hemifr\u00e5n, separerar eller n\u00e4r livet h\u00e4nder.<\/p>\n\n\n\n<p><strong>Moderaterna kommer att:<\/strong><\/p>\n\n\n\n<ul class=\"wp-block-list\">\n<li>Ers\u00e4tta det nuvarande bostadsm\u00e5let med ett nytt som styr mot sm\u00e5hus, st\u00f6rre l\u00e4genheter och mer \u00e4gt boende<\/li>\n\n\n\n<li>Bygga helt nya sm\u00e5husomr\u00e5den i Stockholm och prioritera byggprojekt som inneh\u00e5ller nya sm\u00e5hus<\/li>\n\n\n\n<li>Bevara befintliga kulturv\u00e4rden och s\u00e4kerst\u00e4lla att nybyggnation harmonierar med n\u00e4romr\u00e5dets kulturhistoriska bebyggelse<\/li>\n\n\n\n<li>G\u00f6ra det f\u00f6rm\u00e5nligare f\u00f6r villa\u00e4gare och bostadsr\u00e4ttsf\u00f6reningar att frik\u00f6pa sina tomtr\u00e4tter<\/li>\n\n\n\n<li>Prioritera en allm\u00e4nnytta som erbjuder l\u00e5ga hyror och f\u00f6rvaltar det befintliga best\u00e5ndet<\/li>\n<\/ul>\n\n\n\n<hr class=\"wp-block-separator has-alpha-channel-opacity\" \/>\n\n\n\n<h2 class=\"wp-block-heading\" id=\"h-miljo-och-klimat\"><strong>Milj\u00f6 och klimat<\/strong><\/h2>\n\n\n\n<p><strong>Vi vill l\u00e4mna vidare ett b\u00e4ttre samh\u00e4lle till kommande generationer<\/strong><br>F\u00f6r oss moderater handlar milj\u00f6- och klimatpolitiken om att leverera verkliga resultat, inte om dyr symbolpolitik. Varje skattekrona ska ge maximal milj\u00f6nytta f\u00f6r stockholmarna.<\/p>\n\n\n\n<p>En h\u00e5llbar stad kr\u00e4ver en ansvarsfull politik som f\u00f6renar tillv\u00e4xt med h\u00f6ga milj\u00f6ambitioner. Moderaterna vill se mer gr\u00f6nska i Stockholm. Parker och gr\u00f6nomr\u00e5den \u00e4r avg\u00f6rande f\u00f6r stockholmarnas livskvalitet, h\u00e4lsa och trivsel. De skapar trygga och vackra m\u00f6tesplatser. Vi m\u00e5ste skydda befintlig gr\u00f6nska fr\u00e5n att byggas bort och aktivt arbeta f\u00f6r att skapa nya gr\u00f6na oaser i stadsmilj\u00f6n. D\u00e4rf\u00f6r vill vi anl\u00e4gga fler parker, plantera fler tr\u00e4d och mer gr\u00f6nska i city, till exempel Sergels Park.<\/p>\n\n\n\n<p>En ren stadsmilj\u00f6 \u00e4r en central milj\u00f6fr\u00e5ga. D\u00e4rf\u00f6r ska stadsmilj\u00f6n vara fri fr\u00e5n skadeg\u00f6relse, klotter och nedskr\u00e4pning. Vi vill att kommunerna ska ges befogenhet att b\u00f6tf\u00e4lla nedskr\u00e4pare. Det \u00e4r ett viktigt steg f\u00f6r att skapa ett renare, snyggare och tryggare Stockholm f\u00f6r alla. Omr\u00e5den runt \u00e5tervinningsstationerna beh\u00f6ver st\u00e4das b\u00e4ttre. Den fastighetsn\u00e4ra insamlingen som ska inf\u00f6ras vid \u00e5rsskiftet kommer att leda till ett kaos som riskerar att minska legitimiteten f\u00f6r milj\u00f6arbetet. Moderaterna kommer s\u00e4kerst\u00e4lla den fastighetsn\u00e4ra insamlingen genomf\u00f6rs utan att f\u00f6rdyra och f\u00f6rfula f\u00f6r stockholmarna.<\/p>\n\n\n\n<p>Stockholm \u00e4r en vattenstad. Med M\u00e4laren som dricksvattent\u00e4kt och en unik sk\u00e4rg\u00e5rd \u00e4r rent vatten en \u00f6desfr\u00e5ga. Vi arbetar f\u00f6r att skydda M\u00e4laren som dricksvattent\u00e4kt genom att minska utsl\u00e4pp, hantera historiska milj\u00f6synder och satsa p\u00e5 modern vattenrening. Vi verkar f\u00f6r att stoppa \u00f6verfisket och \u00f6verg\u00f6dningen i \u00d6stersj\u00f6n, f\u00f6r att framtida generationer ska f\u00e5 uppleva ett friskt hav. Vi vill intensifiera arbetet med de lokala \u00e5tg\u00e4rdsprogrammen f\u00f6r att sanera v\u00e5ra sj\u00f6ar och vattendrag. Vi vill tillg\u00e4ngligg\u00f6ra vattnet f\u00f6r stockholmarna och inf\u00f6ra fler badplatser och fler m\u00f6jligheter till bastubad.<\/p>\n\n\n\n<p>Stockholms luftkvalitet har de senaste \u00e5ren f\u00f6rb\u00e4ttrats. Men det finns fortfarande platser d\u00e4r luftkvaliteten inte \u00e4r bra. F\u00f6r att f\u00f6rb\u00e4ttra luftkvaliteten vill anl\u00e4gga mer gr\u00f6nska och fasa ut bensindrivna tv\u00e5taktsmopeder.<\/p>\n\n\n\n<p>Vi tror p\u00e5 teknikoptimism och innovation. Vi vill skynda p\u00e5 elektrifieringen av transporter och arbetsmaskiner genom en utbyggnad av laddinfrastruktur, inte minst f\u00f6r arbetsfordon och lastbilar. Vi vill \u00f6ka produktionen av fossilfri el genom \u00f6kad produktion vid V\u00e4rtaverket och fler solceller.<\/p>\n\n\n\n<p><strong>Moderaterna kommer att:<\/strong><\/p>\n\n\n\n<ul class=\"wp-block-list\">\n<li>Skydda gr\u00f6nomr\u00e5den och inf\u00f6ra mer gr\u00f6nska i city &#8211; vi anl\u00e4gger Sergels Park<\/li>\n\n\n\n<li>Verka f\u00f6r att kommuner ges befogenhet att b\u00f6tf\u00e4lla nedskr\u00e4pare<\/li>\n\n\n\n<li>S\u00e4kerst\u00e4lla att fastighetsn\u00e4ra insamling genomf\u00f6rs utan att f\u00f6rdyra och f\u00f6rfula f\u00f6r stockholmarna<\/li>\n\n\n\n<li>Skydda M\u00e4laren och verka f\u00f6r att stoppa \u00f6verfisket och \u00f6verg\u00f6dningen i \u00d6stersj\u00f6n<\/li>\n\n\n\n<li>M\u00f6jligg\u00f6ra fler bad- och bastum\u00f6jligheter<\/li>\n\n\n\n<li>F\u00f6rb\u00e4ttra luftkvaliteten genom mer gr\u00f6nska och fasa ut bensindrivna tv\u00e5taktsmopeder<\/li>\n\n\n\n<li>S\u00e4tta upp fler laddstolpar f\u00f6r att bilar och lastbilar<\/li>\n\n\n\n<li>Verka f\u00f6r mer fossilfri el genom \u00f6kad produktion i V\u00e4rtaverket och fler solceller<br><\/li>\n<\/ul>\n\n\n\n<hr class=\"wp-block-separator has-alpha-channel-opacity\" \/>\n\n\n\n<h2 class=\"wp-block-heading\" id=\"h-trafikpolitik\"><strong>Trafikpolitik<\/strong><\/h2>\n\n\n\n<p><strong>Fler bussar, inte f\u00e4rre &#8211; Stockholms enda milj\u00f6parti<\/strong><br>M\u00e4nniskor som bor, arbetar och lever i Stockholm har det mesta inom r\u00e4ckh\u00e5ll, men tiden \u00e4r en bristvara. F\u00f6r att m\u00e4nniskor ska kunna leva ett s\u00e5 bra liv som m\u00f6jligt kr\u00e4vs l\u00f6sningar som g\u00f6r att alla kan tillbringa sin tid p\u00e5 det s\u00e4tt de sj\u00e4lva \u00f6nskar. Det ska vara l\u00e4tt att resa och vardagen ska fungera. Framkomligheten i Stockholm beh\u00f6ver f\u00f6rb\u00e4ttras.<\/p>\n\n\n\n<p>Kollektivtrafiken ska vara stommen i en levande storstad. Det ska vara f\u00f6rstahandsvalet, inte f\u00f6r att det \u00e4r billigt, utan f\u00f6r att det \u00e4r snabbt, tryggt och konkurrenskraftigt. Regionens socialdemokratiska styre har skurit ner kollektivtrafiken med ca 1 000 000 avg\u00e5ngar under mandatperioden. Moderaterna vill bygga ut kollektivtrafiken, \u00e5terst\u00e4lla nedlagda busslinjer i innerstaden och f\u00f6rb\u00e4ttra underh\u00e5llet av hissar och rulltrappor p\u00e5 stationerna, som alltf\u00f6r ofta \u00e4r trasiga.<\/p>\n\n\n\n<p>Den moderatledda regeringen halverar dessutom kostnaden f\u00f6r m\u00e5nadskort. Det \u00e4r bra f\u00f6r b\u00e5de pl\u00e5nboken och klimatet och \u00e4r r\u00e4ttvist f\u00f6r alla stockholmare som g\u00e5r till jobbet varje morgon och f\u00e5r Stockholm att fungera. Vi kommer \u00e4ven verka f\u00f6r att f\u00f6rm\u00e5nsbeskattningen av kollektivtrafikkort slopas s\u00e5 arbetsgivaren kan ge en uppskattad f\u00f6rm\u00e5n till anst\u00e4llda f\u00f6r att enklare ska kunna ta sig till jobbet.<\/p>\n\n\n\n<p>Bilen, cykeln, kollektivtrafiken och g\u00e5ngtrafikanterna har alla sin givna plats. Vi vill bygga en fungerande, sammanh\u00e5llen och tillg\u00e4nglig huvudstad f\u00f6r stockholmarna.<\/p>\n\n\n\n<p>Av den anledningen vill vi se en utbyggnad av cykelbanor, s\u00e4rskilt i ytterstaden, och utreda f\u00f6ruts\u00e4ttningarna f\u00f6r tempor\u00e4ra cykelbanor p\u00e5 sommarhalv\u00e5ret. Vi prioriterar att f\u00f6rb\u00e4ttra trafiks\u00e4kerheten f\u00f6r cyklister och fotg\u00e4ngare, exempelvis genom att separera g\u00e5ng- och cykelbanor, f\u00f6rb\u00e4ttra korsningspunkter och s\u00e4nka hastigheten f\u00f6r cyklister. Publika elsparkcyklar erbjuder ett snabbt och flexibelt s\u00e4tt att ta sig fram. Men reglerna f\u00f6r elsparkcyklar beh\u00f6ver sk\u00e4rpas f\u00f6r att skapa mer ordning och reda i gaturummet och f\u00f6rb\u00e4ttra framkomligheten f\u00f6r andra. Vi vill att stadens hyrcykelssystem kopplas samman med Stockholms kollektivtrafik.<\/p>\n\n\n\n<p>Vi vill \u00f6ka tillg\u00e4ngligheten f\u00f6r bilpooler i Stockholm eftersom det \u00e4r bra b\u00e5de f\u00f6r ekonomin och klimatet. Vi mots\u00e4tter oss nya h\u00f6jningar av avgiften f\u00f6r boendeparkering &#8211; en avgift som dessutom h\u00f6jts kraftigt under den h\u00e4r mandatperioden. Vi ska skapa fler parkeringsplatser inom befintliga parkeringsytor och se till att infartsparkeringarna blir fler f\u00f6r att underl\u00e4tta f\u00f6r h\u00e5llbar pendling.<\/p>\n\n\n\n<p>Vi mots\u00e4tter oss ett inf\u00f6rande av milj\u00f6zon klass 3 och andra \u00e5tg\u00e4rder som f\u00f6rs\u00e4mrar framkomligheten, s\u00e5 som borttagandet av k\u00f6rf\u00e4lt p\u00e5 Sveav\u00e4gen. Vi kommer \u00e5terst\u00e4lla de r\u00f6dgr\u00f6na trafikf\u00f6r\u00e4ndringar som f\u00f6rs\u00e4mrat framkomligheten f\u00f6r stockholmarna.<\/p>\n\n\n\n<p>Det finns en utbredd uppfattning om att Stockholms innerstad \u00e4r en konstant byggarbetsplats. N\u00e4r det \u00e4r sv\u00e5rt och kr\u00e5ngligt att ta sig fram p\u00e5verkar det direkt stockholmarnas vardag och stadens attraktivitet. Det beh\u00f6vs en gr\u00e4vpaus i innerstaden f\u00f6r gatu- och stadsmilj\u00f6projekt. Enbart projekt som \u00e4r helt n\u00f6dv\u00e4ndiga b\u00f6r genomf\u00f6ras under en period.<\/p>\n\n\n\n<p>Stockholm \u00e4r i behov av stora infrastrukturinvesteringar. F\u00f6r att minska tr\u00e4ngseln och utsl\u00e4ppen och f\u00f6r att knyta ihop Stockholms arbetsmarknadsregion kommer vi verka f\u00f6r ett genomf\u00f6rande av \u00d6stlig f\u00f6rbindelse, i enlighet med regeringens f\u00f6rslag. Vi kommer \u00e4ven verka f\u00f6r att int\u00e4kterna fr\u00e5n tr\u00e4ngselskatten stannar i Stockholm, enligt principen om att pengar som genereras i regionen ska stanna i regionen.<\/p>\n\n\n\n<p>Sn\u00f6r\u00f6jningen har fungerat under all kritik den h\u00e4r mandatperioden. Det har skapat stora problem &#8211; ibland till och med kaos &#8211; f\u00f6r stockholmare och centrala verksamheter, inte minst kollektivtrafiken. Grundl\u00e4ggande samh\u00e4llsservice har fallerat. S\u00e5 f\u00e5r det inte forts\u00e4tta. Det beh\u00f6vs en b\u00e4ttre beredskap och ett mycket tydligare politiskt ledarskap fr\u00e5n stadens sida f\u00f6r att hantera kraftiga sn\u00f6fall.<\/p>\n\n\n\n<p><strong>Moderaterna kommer att:<\/strong><\/p>\n\n\n\n<ul class=\"wp-block-list\">\n<li>Bygga ut kollektivtrafiken \u2013 och \u00e5terst\u00e4lla den nedlagda busstrafiken i innerstaden<\/li>\n\n\n\n<li>Verka f\u00f6r slopad f\u00f6rm\u00e5nsbeskattning f\u00f6r kollektivtrafikkort<\/li>\n\n\n\n<li>Verka f\u00f6r ett hyrcykelssystem sammankopplat med Stockholms kollektivtrafik<\/li>\n\n\n\n<li>F\u00f6rb\u00e4ttra trafiks\u00e4kerheten f\u00f6r cyklister och fotg\u00e4ngare<\/li>\n\n\n\n<li>Sk\u00e4rpa reglerna f\u00f6r elsparkcyklar<\/li>\n\n\n\n<li>\u00d6ka tillg\u00e4ngligheten f\u00f6r bilpooler, motverka avgiftsh\u00f6jningar f\u00f6r boendeparkering, skapa fler parkeringsplatser inom befintliga parkeringsytor och fler infartsparkeringar<\/li>\n\n\n\n<li>Motverka inf\u00f6randet av milj\u00f6zon klass 3 och \u00e5terst\u00e4lla andra \u00e5tg\u00e4rder som f\u00f6rs\u00e4mrat framkomligheten, som borttagandet av k\u00f6rf\u00e4lt p\u00e5 Sveav\u00e4gen<\/li>\n\n\n\n<li>S\u00e4kerst\u00e4lla en fungerande sn\u00f6r\u00f6jning<\/li>\n<\/ul>\n\n\n\n<hr class=\"wp-block-separator has-alpha-channel-opacity\" \/>\n\n\n\n<h2 class=\"wp-block-heading\" id=\"h-foretagande-och-tillvaxt\"><strong>F\u00f6retagande och tillv\u00e4xt<\/strong><\/h2>\n\n\n\n<p><strong>Vi st\u00e4rker Stockholms konkurrenskraft &#8211; bara en v\u00e4xande ekonomi kan b\u00e4ra framtidens v\u00e4lf\u00e4rd<\/strong><br>Stockholm \u00e4r och ska vara Sveriges tillv\u00e4xtmotor. N\u00e4r det g\u00e5r bra f\u00f6r Stockholm, g\u00e5r det bra f\u00f6r hela Sverige. V\u00e5r huvudstad driver innovation, attraherar talanger och skapar v\u00e4lst\u00e5nd som sprider sig \u00f6ver hela landet. Stockholm \u00e4r den storstadsregion efter London och Paris som har flest globala huvudkontor. Moderaterna vill samla Stockholms stads och Region Stockholms resurser f\u00f6r att aktivt locka internationella f\u00f6retagsetableringar och f\u00e5 fler svenska bolag att starta, stanna och v\u00e4xa i Stockholm.<\/p>\n\n\n\n<p>Stockholm ska vara Sveriges mest f\u00f6retagsv\u00e4nliga region. Ett starkt f\u00f6retagsklimat \u00e4r grunden f\u00f6r fler jobb, \u00f6kat v\u00e4lst\u00e5nd och en tryggad v\u00e4lf\u00e4rd f\u00f6r alla. Det \u00e4r genom att g\u00f6ra det enklare att starta, driva och utveckla f\u00f6retag som int\u00e4kterna till v\u00e4lf\u00e4rden kommer att v\u00e4xa och Stockholm blir rikare. D\u00e4rf\u00f6r vill vi s\u00e4tta upp ett tydligt tillv\u00e4xtm\u00e5l f\u00f6r Stockholm: Stockholm ska ha Sveriges h\u00f6gsta tillv\u00e4xt.<\/p>\n\n\n\n<p>Tyv\u00e4rr ser vi tecken p\u00e5 att motorn hackar, under det nuvarande S-styret har Stockholm tappat fart. F\u00f6retagsklimatet har f\u00f6rs\u00e4mrats och v\u00e4lf\u00e4rdens l\u00e5ngsiktiga finansiering hotas. Vi blir nu omsprungna av G\u00f6teborg och Malm\u00f6 i viktiga tillv\u00e4xtm\u00e4tningar. Det \u00e4r en direkt konsekvens av en politik som straffar f\u00f6retagare och f\u00f6rsv\u00e5rar f\u00f6r stockholmarna. Utvecklingen i Kista, det som tidigare var k\u00e4nt som Sveriges Silicon Valley, \u00e4r det fr\u00e4msta exemplet p\u00e5 S- styrets misslyckande. F\u00f6retagen med Ericsson i spetsen l\u00e4mnar och inv\u00e5narna k\u00e4nner sig otrygga. Detta \u00e4r inte bara ett lokalt misslyckande, det \u00e4r ett hot mot hela Sveriges utveckling.<\/p>\n\n\n\n<p>Vi vill tills\u00e4tta en Kistakommission som samlar alla relevanta akt\u00f6rer f\u00f6r att gemensamt v\u00e4nda utvecklingen i Kista och ytterst st\u00e4rka Stockholms konkurrenskraft.<\/p>\n\n\n\n<p>Om Stockholm ska bli rikare m\u00e5ste vi prioritera investeringar som skapar framtidstro och tillv\u00e4xt. Vi vill s\u00e4tta spaden i backen f\u00f6r en \u00d6stlig f\u00f6rbindelse och utveckla flyginfrastrukturen. Arlanda \u00e4r avg\u00f6rande f\u00f6r Sveriges konkurrenskraft och internationella tillg\u00e4nglighet. Arlanda beh\u00f6ver byggas ut och kommunikationerna till och fr\u00e5n flygplatsen f\u00f6rb\u00e4ttras. Vi vill verka f\u00f6r att ta bort stationsavgiften p\u00e5 Arlandabanan och att staten ser \u00f6ver m\u00f6jligheten att l\u00f6sa ut Arlanda banan. Resepolicys som motverkar Arlandas utveckling b\u00f6r avskaffas. Stockholm ska \u00e5terta positionen som Nordens ledande internationella nav.<\/p>\n\n\n\n<p>Om Stockholm ska kunna konkurrera internationellt kan vi inte ha skatter som driver talanger och f\u00f6retag p\u00e5 flykt. D\u00e4rf\u00f6r verkar vi f\u00f6r att arbetsgivaravgiften s\u00e4nks och f\u00f6r en v\u00e4lfungerande kapitalmarknad. L\u00e5ga kapitalskatter \u00e4r avg\u00f6rande f\u00f6r Stockholms framtida tillv\u00e4xt. En god tillg\u00e5ng till kapital g\u00f6r Stockholm attraktivt f\u00f6r entrepren\u00f6rer som annars valt en annan stad f\u00f6r att testa sin f\u00f6retagside. Vi ska ha en gemensam kontaktpunkt f\u00f6r f\u00f6retagsetableringar oavsett bransch, byggd p\u00e5 erfarenheterna fr\u00e5n Life Science-klustret d\u00e4r Stockholm ska forts\u00e4tta vara ledande. D\u00e4rut\u00f6ver vill Moderaterna inr\u00e4tta en professionell Expat Desk.<\/p>\n\n\n\n<p>H\u00f6gkvalificerad arbetskraftsinvandring och talangrekrytering \u00e4r avg\u00f6rande f\u00f6r Stockholms konkurrenskraft och kompetensf\u00f6rs\u00f6rjning, s\u00e4rskilt inom sektorer med brist p\u00e5 specialister. Vi kommer d\u00e4rf\u00f6r verka f\u00f6r att underl\u00e4tta f\u00f6r h\u00f6gkvalificerad arbetskraft att komma hit och arbeta.<\/p>\n\n\n\n<p>Stockholm \u00e4r en v\u00e4rldsledande h\u00f6gskole- och universitetsstad. Den positionen m\u00e5ste vi sl\u00e5 vakt om och utveckla. Stockholms stad och staten har d\u00e4rf\u00f6r ett stort ansvar att se till att h\u00f6gskolor och universitet har r\u00e4tt f\u00f6ruts\u00e4ttningar att attrahera, utbilda och beh\u00e5lla de fr\u00e4msta talangerna fr\u00e5n hela v\u00e4rlden. Staden beh\u00f6ver ta en aktivare roll och f\u00f6rdjupa samarbetet med akademin s\u00e5 att vi s\u00e4krar framtidens jobb och st\u00e4rker Stockholm som en globalt attraktiv region f\u00f6r kunskap och f\u00f6retagande.<\/p>\n\n\n\n<p>I dag \u00e4r vuxen- och yrkesutbildningar inte anpassade till arbetsmarknadens behov. D\u00e4rf\u00f6r beh\u00f6ver vi s\u00e4kra framtida kompetensf\u00f6rs\u00f6rjning genom att tillhandah\u00e5lla yrkesutbildningar och andra utbildningar som svarar mot f\u00f6retagens kompetensbehov. Det \u00e4r helt avg\u00f6rande f\u00f6r att \u00e5stadkomma en b\u00e4ttre matchning p\u00e5 arbetsmarknaden, motverka arbetsl\u00f6shet och st\u00e4rka konkurrenskraften.<\/p>\n\n\n\n<p><strong>Moderaterna kommer att:<\/strong><\/p>\n\n\n\n<ul class=\"wp-block-list\">\n<li>S\u00e4tta upp ett tillv\u00e4xtm\u00e5l om att Stockholm ska ha Sveriges h\u00f6gsta tillv\u00e4xt<\/li>\n\n\n\n<li>Verka f\u00f6r att g\u00f6ra Arlanda till Nordens ledande flygplats genom att bygga ut den och f\u00f6rb\u00e4ttra kommunikationerna till och fr\u00e5n flygplatsen<\/li>\n\n\n\n<li>Tills\u00e4tta en Kistakommission f\u00f6r att g\u00f6ra omr\u00e5det mer attraktivt f\u00f6r f\u00f6retag och boende<\/li>\n\n\n\n<li>Verka f\u00f6r regelverk som attraherar talanger, kapital och investeringar<\/li>\n\n\n\n<li>Verka f\u00f6r att underl\u00e4tta f\u00f6r h\u00f6gkvalificerad arbetskraftsinvand ring<\/li>\n\n\n\n<li>Verka f\u00f6r s\u00e4nkt arbetsgivaravgift och l\u00e5ga skatter p\u00e5 sparande och kapital<\/li>\n\n\n\n<li>F\u00f6rdjupa stadens samarbete med akademin f\u00f6r att utveckla Stockholm som en v\u00e4rldsledande universitetsstad<\/li>\n\n\n\n<li>Anpassa vuxen- och yrkesutbildningar till arbetsmarknadens behov<\/li>\n<\/ul>\n\n\n\n<hr class=\"wp-block-separator has-alpha-channel-opacity\" \/>\n\n\n\n<h2 class=\"wp-block-heading\" id=\"h-stockholm-ska-ha-sveriges-basta-foretagsklimat\"><strong>Stockholm ska ha Sveriges b\u00e4sta f\u00f6retagsklimat<\/strong><\/h2>\n\n\n\n<p>Stockholm ska ha Sveriges b\u00e4sta f\u00f6retagsklimat. F\u00f6retagen \u00e4r v\u00e5r motor som skapar jobben och finansierar v\u00e4lf\u00e4rden. Vi m\u00e5ste riva on\u00f6diga regler, s\u00e4nka kostnaderna och se till att stadens bem\u00f6tande av f\u00f6retagare pr\u00e4glas av service. Inst\u00e4llningen ska pr\u00e4glas av en vilja att hj\u00e4lpa till och underl\u00e4tta i st\u00e4llet f\u00f6r av misst\u00e4nksamhet och bristande dialog.<\/p>\n\n\n\n<p>Stockholms en g\u00e5ng s\u00e5 hyllade f\u00f6retagsklimat har under Socialdemokraternas styre fallit som en sten. Det \u00e4r ingen slump att Stockholm rasar i rankningar \u00f6ver landets b\u00e4sta f\u00f6retagskommuner. Det \u00e4r en direkt konsekvens av en politik pr\u00e4glad av regelkr\u00e5ngel, h\u00f6jda avgifter och en allm\u00e4n misstro mot f\u00f6retagande. I st\u00e4llet f\u00f6r att se stadens f\u00f6retagare som hj\u00e4ltar som skapar jobb och v\u00e4lst\u00e5nd, behandlar det nuvarande styret dem som problem som m\u00e5ste regleras och kontrolleras.<\/p>\n\n\n\n<p>Staden m\u00e5ste jobba tillsammans med f\u00f6retagarna. D\u00e4rf\u00f6r vill vi inr\u00e4tta ett sm\u00e5f\u00f6retagarr\u00e5d som alltid f\u00e5r tycka till vid beslut som r\u00f6r n\u00e4ringslivet, och i praktiken fungerar som en remissinstans. Vi vill s\u00e4nka avgifterna f\u00f6r kommunal tillsyn och slopa rutinkontrollerna f\u00f6r f\u00f6retag som bevisat har sk\u00f6tt sig under l\u00e5ng tid. En ut\u00f6kad service, r\u00e5dgivning och kortare handl\u00e4ggningstider vid tillst\u00e5nds\u00e4renden och bygglov \u00e4r en sj\u00e4lvklarhet f\u00f6r att f\u00f6retag inte ska hamna i on\u00f6dig byr\u00e5krati.<\/p>\n\n\n\n<p>V\u00e4xande otrygghet och brottslighet \u00e4r ett av de st\u00f6rsta problemen f\u00f6r f\u00f6retagare i dag. Ut\u00f6ver fler trygghetsskapande \u00e5tg\u00e4rder vill vi inf\u00f6ra en s\u00e4rskild kommunal brottsofferjour som specifikt riktar sig till f\u00f6retagare. Brottsofferjouren ska erbjuda snabb hj\u00e4lp och konkreta trygghets\u00e5tg\u00e4rder n\u00e4r f\u00f6retagare drabbas av brott. Vi vill ocks\u00e5 att staden ska ta en mer aktiv roll f\u00f6r att tilltr\u00e4des- och vistelsef\u00f6rbud oftare anv\u00e4nds vid \u00e5terkommande hot och v\u00e5ld mot f\u00f6retagare.<\/p>\n\n\n\n<p>Vi v\u00e4lkomnar att den moderatledda regeringen avskaffar dagens m\u00e4ngdrabatt s\u00e5 att varje enskilt brott f\u00e5r en k\u00e4nnbar konsekvens. Upprepade st\u00f6lder och skadeg\u00f6relse ska inte l\u00e4ngre l\u00f6na sig. Polisen beh\u00f6ver prioritera bek\u00e4mpningen av m\u00e4ngdbrott.<\/p>\n\n\n\n<p>Tidigare flyttade m\u00e4nniskor dit jobben fanns. Idag flyttar jobben dit d\u00e4r m\u00e4nniskor vill vara. Ett levande kultur- och nattliv \u00e4r d\u00e4rf\u00f6r avg\u00f6rande f\u00f6r att Stockholm ska vara en v\u00e4xande stad. F\u00f6r m\u00e5nga restauranger, barer, nattklubbar och kulturscener \u00e4r alkoholf\u00f6rs\u00e4ljningen viktig f\u00f6r att verksamheten ska fungera. D\u00e4rf\u00f6r \u00e4r det viktigt med gener\u00f6sa regler f\u00f6r alkoholservering. Det \u00e4r bra att den moderatledda regeringen nu avskaffat matkravet vid f\u00f6rs\u00e4ljning av alkohol. Men det finns mycket vi beh\u00f6ver g\u00f6ra lokalt ocks\u00e5.<\/p>\n\n\n\n<p>Vi vill till\u00e5ta alkoholservering dygnet runt. Vi ska verka f\u00f6r att avskaffa kravet p\u00e5 inh\u00e4ngande uteserveringar och inf\u00f6ra geografiska alkoholtillst\u00e5nd. Vi vill \u00e4ven inf\u00f6ra nya regelverk f\u00f6r ljudniv\u00e5er. Den nuvarande ordningen d\u00e4r befintliga verksamheter kan beh\u00f6va st\u00e4nga f\u00f6r att nyinflyttade grannar har klagom\u00e5l p\u00e5 ljudniv\u00e5erna \u00e4r orimlig. Verksamheter som en g\u00e5ng f\u00e5tt tillst\u00e5nd inte ska mista det f\u00f6r att grannar har synpunkter efter\u00e5t.<\/p>\n\n\n\n<p><strong>Moderaterna kommer att: <\/strong><strong><\/strong><\/p>\n\n\n\n<ul class=\"wp-block-list\">\n<li>Inr\u00e4tta ett sm\u00e5f\u00f6retagarr\u00e5d som alltid f\u00e5r tycka till vid beslut som r\u00f6r n\u00e4ringslivet<\/li>\n\n\n\n<li>S\u00e4nka avgifterna f\u00f6r kommunal tillsyn<\/li>\n\n\n\n<li>Slopa rutinkontroller f\u00f6r f\u00f6retag som bevisat har sk\u00f6tt sig under l\u00e5ng tid<\/li>\n\n\n\n<li>Ut\u00f6ka service, r\u00e5dgivning och kortare handl\u00e4ggningstider vid tillst\u00e5nds\u00e4renden och bygglov<\/li>\n\n\n\n<li>Inr\u00e4tta en brottsofferjour som ska erbjuda hj\u00e4lp n\u00e4r f\u00f6retagare drabbas av brott<\/li>\n\n\n\n<li>Verka f\u00f6r att tilltr\u00e4des- och vistelsef\u00f6rbud anv\u00e4nds oftare vid \u00e5terkommande hot och v\u00e5ld mot f\u00f6retagare<\/li>\n\n\n\n<li>Inf\u00f6ra en ny modell f\u00f6r ljudniv\u00e5er- befintliga verksamheter ska inte p\u00e5verkas av klagom\u00e5l fr\u00e5n nyinflyttade<\/li>\n\n\n\n<li>Verka f\u00f6r att avskaffa kravet p\u00e5 inh\u00e4gnande uteserveringar och inf\u00f6ra geografiska alkoholtillst\u00e5nd<\/li>\n\n\n\n<li>Till\u00e5ta dygnet runt-\u00f6ppna barer, restauranger och uteserveringar \u00e5ret runt<\/li>\n<\/ul>\n\n\n\n<hr class=\"wp-block-separator has-alpha-channel-opacity\" \/>\n\n\n\n<h2 class=\"wp-block-heading\" id=\"h-integration\"><strong>Integration<\/strong><\/h2>\n\n\n\n<p><strong>Det \u00e4r inte r\u00e4ttvist att det finns parallellsamh\u00e4llen i Stockholm<\/strong><br>Stockholm \u00e4r en stad som m\u00e5nga m\u00e4nniskor s\u00f6ker sig till och berikar. Stockholm ska vara en stad f\u00f6r alla, men i dag ser vi ett v\u00e4xande utanf\u00f6rskap som sliter is\u00e4r v\u00e5r stad. F\u00f6r l\u00e4nge har integrationspolitiken pr\u00e4glats av kravl\u00f6shet och passivt bidragsberoende. Parallellsamh\u00e4llen har uppst\u00e5tt d\u00e4r svenska spr\u00e5ket inte \u00e4r en sj\u00e4lvklarhet och d\u00e4r alltf\u00f6r m\u00e5nga st\u00e5r utanf\u00f6r arbetsmarknaden.<\/p>\n\n\n\n<p>Vi moderater \u00e4r \u00f6vertygade om att en lyckad integration bygger p\u00e5 en tydlig arbetslinje och \u00f6msesidiga krav. V\u00e4gen in i samh\u00e4llet g\u00e5r genom ett eget jobb och egen f\u00f6rs\u00f6rjning. D\u00e4rf\u00f6r st\u00e4ller vi krav p\u00e5 att alla som kan arbeta ska g\u00f6ra det och att de som f\u00e5r st\u00f6d fr\u00e5n det offentliga ocks\u00e5 ska uppfylla en motprestation. Vi vill att yrkesutbildningar ska kunna kombineras med att l\u00e4ra sig svenska.<\/p>\n\n\n\n<p>F\u00f6r att barn inte ska \u00e4rva sina f\u00f6r\u00e4ldrars utanf\u00f6rskap \u00e4r tidiga insatser med fokus p\u00e5 spr\u00e5kutveckling via barnav\u00e5rdscentraler betydelsefulla. D\u00e4rf\u00f6r vill vi inf\u00f6ra spr\u00e5kf\u00f6rst\u00e4rkande f\u00f6rskola f\u00f6r barn som inte talar svenska.<\/p>\n\n\n\n<p>Att komma till Stockholm inneb\u00e4r en fantastisk m\u00f6jlighet, men ocks\u00e5 ett ansvar. Ett ansvar att aktivt bli en del av v\u00e5r gemenskap och att respektera de grundl\u00e4ggande v\u00e4rderingar som v\u00e5rt \u00f6ppna och j\u00e4mst\u00e4llda samh\u00e4lle vilar p\u00e5.<\/p>\n\n\n\n<p>Det \u00e4r helt centralt att staden inte bidrar till separatism, hedersf\u00f6rtryck, antidemokratiska krafter eller ett g\u00f6dande av skuggsamh\u00e4llet genom kommunala beslut. N\u00e5got som tyv\u00e4rr varit fallet under S-styret den h\u00e4r mandatperioden. Vi mots\u00e4tter oss k\u00f6nsseparerade badtider, att mark uppl\u00e5ts till att bygga moskeer som finansieras fr\u00e5n utlandet utan kontroll och att staden uppl\u00e5ter mark till annan antidemokratisk verksamhet.<\/p>\n\n\n\n<p>Hedersrelaterat v\u00e5ld och f\u00f6rtryck \u00e4r ett allvarligt samh\u00e4llsproblem som begr\u00e4nsar grundl\u00e4ggande friheter f\u00f6r flickor och pojkar i Sverige. F\u00f6r att f\u00f6rb\u00e4ttra stadens f\u00f6rebyggande och st\u00f6djande insatser vill vi genomf\u00f6ra en kartl\u00e4ggning av hedersrelaterat v\u00e5ld och f\u00f6rtryck minst en g\u00e5ng per mandatperiod.<\/p>\n\n\n\n<p>En av politikens allra viktigaste uppgifter \u00e4r att se till att Stockholm \u00e4r en \u00f6ppen och tolerant stad d\u00e4r alla kan k\u00e4nna sig trygga. Rasism f\u00e5r aldrig accepteras. N\u00e4r intoleransen breder ut sig hotas sj\u00e4lva grunden f\u00f6r v\u00e5rt fria samh\u00e4lle. V\u00e5r judiska minoritet \u00e4r s\u00e4rskilt utsatt, och det \u00e4r v\u00e5r absoluta skyldighet att garantera deras s\u00e4kerhet. Att skydda stadens judar \u00e4r att f\u00f6rsvara ett \u00f6ppet och tolerant Stockholm f\u00f6r alla. Vi m\u00e5ste d\u00e4rf\u00f6r f\u00f6rst\u00e4rka skyddet kring synagogor, skolor och andra judiska institutioner med konkreta trygghets\u00e5tg\u00e4rder.<\/p>\n\n\n\n<p><strong>Moderaterna kommer att:<\/strong><\/p>\n\n\n\n<ul class=\"wp-block-list\">\n<li>Sk\u00e4rpa kraven p\u00e5 deltagande och m\u00e5luppfyllelse inom SFI<\/li>\n\n\n\n<li>F\u00f6rb\u00e4ttra m\u00f6jligheterna att kombinera yrkesutbildning med svensk- undervisning<\/li>\n\n\n\n<li>St\u00e4rka arbetslinjen genom att g\u00f6ra det mer l\u00f6nsamt att g\u00e5 fr\u00e5n bidrag till arbete<\/li>\n\n\n\n<li>Verka f\u00f6r tidiga insatser f\u00f6r spr\u00e5kutvecklingen p\u00e5 BVC och spr\u00e5kf\u00f6rst\u00e4rkande f\u00f6rskola<\/li>\n\n\n\n<li>Kartl\u00e4gga hedersrelaterat v\u00e5ld och f\u00f6rtryck f\u00f6r att f\u00f6rb\u00e4ttra stadens f\u00f6rebyggande och st\u00f6djande arbete<\/li>\n\n\n\n<li>Stoppa kommunala beslut och verksamheter som bidrar till att g\u00f6da skuggsamh\u00e4llet, separatism, hedersf\u00f6rtryck och antidemokratiska krafter<\/li>\n\n\n\n<li>St\u00e4rka skyddet f\u00f6r judiskt liv i Stockholm<br><\/li>\n<\/ul>\n\n\n\n<hr class=\"wp-block-separator has-alpha-channel-opacity\" \/>\n\n\n\n<h2 class=\"wp-block-heading\" id=\"h-aldreomsorg-och-vard\"><strong>\u00c4ldreomsorg och v\u00e5rd<\/strong><\/h2>\n\n\n\n<p><strong>\u00c4ldre som anstr\u00e4ngt sig hela livet ska k\u00e4nna uppskattning av samh\u00e4llet<\/strong><br>Stockholms \u00e4ldreomsorg m\u00e5ste pr\u00e4glas av en valfrihet och en trygghet f\u00f6r varje individ. N\u00e4r man blir \u00e4ldre ska man inte f\u00f6rlora r\u00e4tten att best\u00e4mma \u00f6ver sitt eget liv. Det handlar om grundl\u00e4ggande respekt och v\u00e4rdighet.<\/p>\n\n\n\n<p>Vi satsar p\u00e5 ett varierat utbud av boende f\u00f6r \u00e4ldre. Seniorer ska ha m\u00f6jlighet att v\u00e4lja boende och ges tillg\u00e5ng till trygga och anpassade boenden f\u00f6r att fr\u00e4mja livslust och ett socialt engagemang. F\u00f6r oss \u00e4r valfriheten helt avg\u00f6rande och inneb\u00e4r r\u00e4tten att sj\u00e4lv v\u00e4lja vem som utf\u00f6r hemtj\u00e4nsten eller vilket \u00e4ldreboende man vill flytta till. Det ska vara god kvalitet oavsett om det \u00e4r kommunalt, privat eller ideellt. Ingen ska heller beh\u00f6va ryckas upp fr\u00e5n sina r\u00f6tter och sociala sammanhang. Vi vill \u00e4ven inf\u00f6ra en n\u00e4rhetsgaranti som s\u00e4kerst\u00e4ller en \u00e4ldreboendeplats i den egna stadsdelen.<\/p>\n\n\n\n<p>Att f\u00e5 v\u00e4lja vad man vill \u00e4ta och dricka till middag, inklusive ett glas vin eller en \u00f6l till maten om man s\u00e5 vill, ska vara en sj\u00e4lvklarhet och inte ett undantag. Maten som serveras ska alltid vara god och n\u00e4ringsrik och d\u00e4rf\u00f6r vill vi att tillagningsk\u00f6k ska finnas p\u00e5 s\u00e5 m\u00e5nga v\u00e5rd- och omsorgsboenden som m\u00f6jligt.<\/p>\n\n\n\n<p>Sj\u00e4lvbest\u00e4mmande och integritet m\u00e5ste g\u00e4lla hela livet. Valet av personal, s\u00e4rskilt vid intim omv\u00e5rdnad, \u00e4r avg\u00f6rande f\u00f6r trygghet och v\u00e4rdighet. Vi vill s\u00e4kerst\u00e4lla r\u00e4tten att kunna v\u00e4lja k\u00f6n p\u00e5 personalen i \u00e4ldreomsorgen.<\/p>\n\n\n\n<p>Vidare kommer vi inf\u00f6ra bakgrunds- och registerkontroller av b\u00e5de nyanst\u00e4llda och befintliga medarbetare Stockholm. Vi kommer \u00e4ven verka f\u00f6r att straffen f\u00f6r brott mot \u00e4ldre inom \u00e4ldreomsorgen sk\u00e4rps. En viktig aspekt av en trygg \u00e5lderdom och en trygg \u00e4ldreomsorg \u00e4r att personalen kan tala bra svenska. Vi ska d\u00e4rf\u00f6r inf\u00f6ra tester i \u00e4ldreomsorgen f\u00f6r personal som nyanst\u00e4lls. Personal som redan \u00e4r anst\u00e4llda men som saknar tillr\u00e4ckliga spr\u00e5kkunskaper ska genomg\u00e5 spr\u00e5ktr\u00e4ning.<\/p>\n\n\n\n<p>Stockholms delade ansvar f\u00f6r hemtj\u00e4nst och hemsjukv\u00e5rd skapar otrygghet och ett on\u00f6digt spring i d\u00f6rren hos v\u00e5ra \u00e4ldre. Vi vill kommunalisera hemsjukv\u00e5rden f\u00f6r en sammanh\u00e5llen v\u00e5rdkedja, \u00f6kad effektivitet och en tryggare omsorg med f\u00e4rre kontakter f\u00f6r den enskilde.<\/p>\n\n\n\n<p>F\u00f6r den som v\u00e5rdar en n\u00e4rst\u00e5ende som inte l\u00e4ngre har f\u00f6rm\u00e5gan att klara sig sj\u00e4lv \u00e4r det viktigt att det finns r\u00e5d och st\u00f6d anpassat efter skedet man befinner sig i. M\u00f6jligheten till v\u00e4gledning, information, planering och f\u00f6renklade bist\u00e5ndsf\u00f6rfaranden ska st\u00e4rkas och antalet platser p\u00e5 korttidsboenden ut\u00f6kas. Som stockholmare ska man alltid vara garanterad en likv\u00e4rdig bist\u00e5ndsbed\u00f6mning oavsett var man bor.<\/p>\n\n\n\n<p>F\u00f6r att klara av kompetensf\u00f6rs\u00f6rjningen inom \u00e4ldreomsorgen m\u00e5ste Stockholms stad vara en attraktiv och modern arbetsgivare med goda arbetsvillkor. Vi vill motverka \u00e5ldersdiskriminering och g\u00f6ra det enklare f\u00f6r seniorer som vill arbeta vidare i staden att g\u00f6ra det.<\/p>\n\n\n\n<p>I socialdemokratiskt styrda Stockholm har v\u00e5rdk\u00f6erna \u00f6kat och \u00f6ver 50 v\u00e5rdmottagningar har lagts ned under mandatperioden. Vi vill att v\u00e5rden ska bli mer tillg\u00e4nglig, v\u00e5rdk\u00f6erna kortas och att det ska bli fler sm\u00e5 och l\u00e4karledda v\u00e5rdmottagningar. Vidare vill vi att v\u00e5rdcentraler ska vara kv\u00e4lls-och helg\u00f6ppna s\u00e5 att v\u00e5rden \u00e4r tillg\u00e4nglig n\u00e4r stockholmarna beh\u00f6ver den. L\u00e4ngre \u00f6ppettider skulle dessutom bidra till att avlasta akutmottagningar och n\u00e4rakuter.<\/p>\n\n\n\n<p>M\u00e5nga barn i skol\u00e5ldern m\u00e5r psykiskt d\u00e5ligt. D\u00e4rf\u00f6r vill vi ge skolh\u00e4lsov\u00e5rden det \u00f6vergripande ansvaret f\u00f6r barn som g\u00e5r i skolan. Stockholm har Sveriges l\u00e4ngsta k\u00f6er till barn- och ungdomspsykiatrin {BUP} och hela sju av tio v\u00e4ntar olagligt l\u00e4nge p\u00e5 v\u00e5rd. Vi ska kapa BUP-k\u00f6erna genom fler mottagningar och h\u00f6ja den \u00f6vre gr\u00e4nsen f\u00f6r unga som f\u00e5r v\u00e5rd fr\u00e5n 18 till 25 \u00e5r.<\/p>\n\n\n\n<p><strong>Moderaterna kommer att:<\/strong><\/p>\n\n\n\n<ul class=\"wp-block-list\">\n<li>Satsa p\u00e5 ett varierat utbud av boende f\u00f6r \u00e4ldre, garantera valfriheten och inf\u00f6ra en n\u00e4rhetsgaranti<\/li>\n\n\n\n<li>S\u00e4kerst\u00e4lla att alla inom \u00e4ldreomsorgen f\u00e5r en god mat och att det finns tillagningsk\u00f6k p\u00e5 fler v\u00e5rd- och omsorgsboenden<\/li>\n\n\n\n<li>Avskaffa f\u00f6rmynderiet som hindrar \u00e4ldre fr\u00e5n att ta ett glas vin till maten i kommunala verksamheter<\/li>\n\n\n\n<li>Inf\u00f6ra r\u00e4tten att v\u00e4lja k\u00f6n p\u00e5 personalen i hemtj\u00e4nsten<\/li>\n\n\n\n<li>Sk\u00e4rpa bakgrunds-och registerkontroller av personalen i \u00e4ldreomsorgen, verka f\u00f6r sk\u00e4rpta straff f\u00f6r brott mot \u00e4ldre inom \u00e4ldreomsorgen och st\u00e4lla krav p\u00e5 god svenska<\/li>\n\n\n\n<li>Kommunalisera hemsjukv\u00e5rden f\u00f6r en tryggare omsorg<\/li>\n\n\n\n<li>St\u00e4rka anh\u00f6rigst\u00f6det och ut\u00f6ka tillg\u00e5ngen till korttidsboenden<\/li>\n\n\n\n<li>Korta v\u00e5rdk\u00f6erna, inf\u00f6ra fler sm\u00e5 och l\u00e4karledda v\u00e5rdmottagningar och inf\u00f6ra kv\u00e4lls-och helg\u00f6ppna v\u00e5rdcentraler<\/li>\n\n\n\n<li>Korta k\u00f6erna till BUP och h\u00f6ja \u00e5ldersgr\u00e4nsen f\u00f6r v\u00e5rd till 25 \u00e5r<br><\/li>\n<\/ul>\n\n\n\n<hr class=\"wp-block-separator has-alpha-channel-opacity\" \/>\n\n\n\n<h2 class=\"wp-block-heading\" id=\"h-idrott\"><strong>Idrott<\/strong><\/h2>\n\n\n\n<p><strong>Idrotten skapar gemenskap och l\u00e4gger grunden f\u00f6r folkh\u00e4lsan<\/strong><br>Idrotten \u00e4r Sveriges st\u00f6rsta folkr\u00f6relse. D\u00e4rf\u00f6r \u00e4r det v\u00e5r uppgift att skapa \u00f6kade m\u00f6jligheter f\u00f6r motion, idrott och friluftsliv. Det bidrar till b\u00e5de gl\u00e4dje, god h\u00e4lsa och sociala sammanhang. Det bidrar till b\u00e5da gl\u00e4dje, god h\u00e4lsa och sociala sammanhang. St\u00f6rre m\u00f6jligheter f\u00f6r barn och unga att delta och engagera sig I idrotts-och f\u00f6reningslivet \u00e4r \u00e4ven en viktig f\u00f6rebyggande \u00e5tg\u00e4rd i sig.<\/p>\n\n\n\n<p>Idrott och friluftsliv skapar f\u00f6ruts\u00e4ttningar f\u00f6r att fler ska kunna leva ett friskare liv h\u00f6gre upp i \u00e5ldrarna. Andelen \u00e4ldre som regelbundet styrketr\u00e4nar \u00f6kar stadigt och idag tr\u00e4nar mer \u00e4n var femte person \u00f6ver 80. Idrott har ocks\u00e5 ett stort v\u00e4rde f\u00f6r \u00f6kad j\u00e4mst\u00e4lldhet och integration. Den \u00f6kar inl\u00e4rningen i skolan och skapar viktiga m\u00f6tesplatser mellan olika delar av samh\u00e4llet. Idrotts- och f\u00f6reningslivet \u00e4r dessutom ett i allra h\u00f6gsta grad viktigt brottsf\u00f6rebyggande skyddsn\u00e4t f\u00f6r barn och unga som \u00e4r i riskzon f\u00f6r att hamna i kriminalitet eller p\u00e5 annat s\u00e4tt \u00e4r p\u00e5 glid.<\/p>\n\n\n\n<p>F\u00f6r att skapa m\u00f6jligheter f\u00f6r alla barn och ungdomar som vill idrotta beh\u00f6ver vi bygga<br>fler idrottsanl\u00e4ggningar. S-styret har svikit sina l\u00f6ften om byggandet av nya<br>idrottsanl\u00e4ggningar. Moderaternas l\u00f6fte \u00e4r att bygga ikapp anl\u00e4ggningsbristen tillsammans<br>med f\u00f6reningslivet, idrottsf\u00f6rbunden och externa finansi\u00e4rer. Stadens strategi f\u00f6r idrottsanl\u00e4ggningar ska brytas ner till utpekade platser lokalt. D\u00e4rtill ska vi \u00f6ppna<br>alla skolidrottshallar f\u00f6r f\u00f6reningslivet. Vi vill ocks\u00e5 m\u00f6jligg\u00f6ra en mer flexibel anv\u00e4ndning<br>av lokaler s\u00e5 att de kan anv\u00e4ndas f\u00f6r idrott och kultur.<\/p>\n\n\n\n<p>Stockholm ska vara Sveriges fr\u00e4msta det idrottsstad. Det betyder att \u00e4ven elitverksamheten beh\u00f6ver f\u00e5 de b\u00e4sta f\u00f6ruts\u00e4ttningarna. D\u00e4rf\u00f6r anser Moderaterna att Stockholm beh\u00f6ver ett elitprogram f\u00f6r idrott, ett tydligt regelverk f\u00f6r sponsring. Vi vill att staden utreder f\u00f6ruts\u00e4ttningarna f\u00f6r en medelstor idrotts- och f\u00f6reningslivet \u00e4r \u00e4ven en viktig f\u00f6rebyggande \u00e5tg\u00e4rd i sig. evenemangsarena samt att s\u00e4kerst\u00e4lla Hovets framtid.<\/p>\n\n\n\n<p><strong>Moderaterna kommer att:<\/strong><\/p>\n\n\n\n<ul class=\"wp-block-list\">\n<li>Bygga fler idrottsanl\u00e4ggningar f\u00f6r barn- och ungdomsidrott<\/li>\n\n\n\n<li>\u00d6ppna alla skolidrottshallar f\u00f6r f\u00f6reningslivet<\/li>\n\n\n\n<li>M\u00f6jligg\u00f6ra en mer flexibel anv\u00e4ndning<\/li>\n\n\n\n<li>Ta fram ett program f\u00f6r elitidrotten<\/li>\n\n\n\n<li>Utreda f\u00f6ruts\u00e4ttningarna f\u00f6r en medelstor evenemangsarena samt s\u00e4kerst\u00e4lla Hovets framtid.<\/li>\n<\/ul>\n\n\n\n<hr class=\"wp-block-separator has-alpha-channel-opacity\" \/>\n\n\n\n<h2 class=\"wp-block-heading\" id=\"h-kultur\"><strong>Kultur<\/strong><\/h2>\n\n\n\n<p><strong>Stockholm &#8211; Sveriges kulturella mittpunkt<\/strong><br>Stockholm \u00e4r Sveriges kulturella mittpunkt. Moderaterna vill att kulturen ska vara en central drivkraft i stadens utveckling. Kulturen ska v\u00e4xa i takt med staden f\u00f6r att skapa en levande, dynamisk och attraktiv kulturstad f\u00f6r b\u00e5de stockholmare och bes\u00f6kare.<\/p>\n\n\n\n<p>Moderaterna vill forma ett kulturliv som pr\u00e4glas av frihet och en stark koppling till b\u00e5de n\u00e4ringsliv och bildning. V\u00e5r vision \u00e4r en internationell kulturstad d\u00e4r kommunens roll fr\u00e4mst \u00e4r att skapa goda f\u00f6ruts\u00e4ttningar f\u00f6r kultur.<\/p>\n\n\n\n<p>En central del av v\u00e5r kulturpolitik \u00e4r att prioritera barn, unga och \u00e4ldre. Vi vill s\u00e4kerst\u00e4lla att stadens bibliotek \u00e4r \u00f6ppna och trygga platser som bidrar till bildning och demokrati.<\/p>\n\n\n\n<p>Vi premierar ett fritt kulturliv och vill underl\u00e4tta f\u00f6r frist\u00e5ende och privata akt\u00f6rer att verka och bidra till kulturlivet. En central fr\u00e5ga i kulturpolitiken \u00e4r den om finansiering. Privat finansiering bidrar till att st\u00e4rka kulturverksamheters ekonomiska stabilitet och sj\u00e4lvst\u00e4ndighet. Hush\u00e5llen \u00e4r den st\u00f6rsta k\u00e4llan till privat kulturfinansiering. Vi ska d\u00e4rf\u00f6r verka f\u00f6r inf\u00f6randet av ett skatteavdrag f\u00f6r privatpersoner som st\u00f6der konstn\u00e4rer liknande modellen f\u00f6r g\u00e5vor till v\u00e4lg\u00f6renhet. Vi vill ocks\u00e5 inf\u00f6ra en enhetlig kulturmoms samt omvandla Allm\u00e4nna arvsfonden till en stiftelse f\u00f6r kultur\u00e4ndam\u00e5l.<\/p>\n\n\n\n<p>Vi vill st\u00e4rka de kulturella och kreativa n\u00e4ringarna genom att vara en ja-kommun. Ett konkret f\u00f6rslag \u00e4r att utreda och inf\u00f6ra &#8221;kulturella frizoner&#8221; i omr\u00e5den som Frihamnen och Slakthusomr\u00e5det, d\u00e4r kultur ska kunna ges utrymme med f\u00e4rre tillst\u00e5ndskrav och gener\u00f6sare bullerregler. Vi vill ocks\u00e5 utveckla Skeppsholmen som ett kulturmecka.<\/p>\n\n\n\n<p>M\u00e5nga statliga kultverksamheter riskerar att beh\u00f6va st\u00e4nga ner p\u00e5 grund av h\u00f6ga hyror. Detta riskerar en kulturd\u00f6d som skulle ber\u00f6va stockholmarna p\u00e5 fina kulturupplevelser. Men detta g\u00e5r att f\u00f6rhindra. \u00c5r 2015 tog exempelvis stiftelsen f\u00f6r Prins Eugens Waldemarsudde \u00f6ver fastigheterna f\u00f6r museet fr\u00e5n Statens fastighetsverk. Detta har frigjort museet fr\u00e5n h\u00f6ga hyreskostnader och m\u00f6jliggjort en mer sj\u00e4lvstyrd verksamhet. Vi ska verka f\u00f6r ett privat \u00f6vertagande av fler statligt \u00e4gda kulturlokaler i Stockholm, som ofta tyngs av mycket h\u00f6ga hyreskostnader som p\u00e5verkar verksamheten negativt.<\/p>\n\n\n\n<p><strong>Moderaterna kommer att:<\/strong><\/p>\n\n\n\n<ul class=\"wp-block-list\">\n<li>Inf\u00f6ra kulturella frizoner p\u00e5 utvaldaplatser i Stockholm<\/li>\n\n\n\n<li>Verka f\u00f6r att inf\u00f6ra ett skatteavdrag f\u00f6r privatpersoner som st\u00f6ttar konstn\u00e4rer, liknande modellen f\u00f6r g\u00e5vor till v\u00e4lg\u00f6renhet och att Allm\u00e4nna arvsfonden omvandlas till en stiftelse f\u00f6r kultur\u00e4ndam\u00e5l<\/li>\n\n\n\n<li>Verka f\u00f6r att \u00e4ndra Statens fastighetsverks hyresmodell f\u00f6r allm\u00e4nnyttiga och kulturella verksamheter f\u00f6r att stoppa museid\u00f6den<\/li>\n<\/ul>\n\n\n\n<hr class=\"wp-block-separator has-alpha-channel-opacity\" \/>\n\n\n\n<h2 class=\"wp-block-heading\" id=\"h-kampanjberattelse-2026\"><strong>Kampanjber\u00e4ttelse 2026<\/strong><\/h2>\n\n\n\n<p><strong>F\u00f6r ett r\u00e4ttvisare Stockholm<\/strong><br>Stockholmsregionen \u00e4r fantastisk. Men allt f\u00f6r m\u00e5nga k\u00e4nner oro \u00f6ver hur vardagen, familjelivet och ekonomin ska g\u00e5 ihop. M\u00e4nniskor som sliter med vardagspusslet, jobbar, bidrar och tar ansvar k\u00e4nner att de f\u00e5r allt mindre tillbaka. Samtidigt sprider g\u00e4ngen otrygghet och tar sig friheter p\u00e5 samh\u00e4llets bekostnad. Det \u00e4r inte r\u00e4tt.<\/p>\n\n\n\n<p>Stockholm ska alltid vara en plats d\u00e4r anstr\u00e4ngning l\u00f6nar sig. H\u00e4r ska alla som arbetar, bygger, v\u00e5rdar, eller startar f\u00f6retag k\u00e4nna att de v\u00e4rdes\u00e4tts. Barn och unga ska k\u00e4nna framtidstro. \u00c4ldre ska k\u00e4nna sig r\u00e4ttvist behandlade efter ett liv av str\u00e4vsamt arbete. Ingen ska k\u00e4nna oro n\u00e4r de g\u00e5r hem fr\u00e5n bussh\u00e5llplatsen eller skickar barnen till idrottstr\u00e4ningen.<\/p>\n\n\n\n<p>Vi vill att du ska ha mer kvar i pl\u00e5nboken, f\u00e5 valuta f\u00f6r dina skattepengar och st\u00f6d n\u00e4r du beh\u00f6ver det. Det kr\u00e4ver att skattepengar anv\u00e4nds klokt, att ekonomin v\u00e4xer och att jobben blir fler. G\u00e4ngen ska stoppas s\u00e5 din vardag blir tryggare.<\/p>\n\n\n\n<p>Moderaterna st\u00e5r alltid p\u00e5 h\u00e5rt arbetande m\u00e4nniskors sida. Vi f\u00f6rsvarar din frihet mot alla som vill begr\u00e4nsa den. V\u00e5r politik bygger p\u00e5 personlig frihet, valm\u00f6jligheter och att anstr\u00e4ngning ska l\u00f6na sig.<\/p>\n\n\n\n<p>Andra partier lovar bidrag och h\u00f6jer skatter, men gl\u00f6mmer vem som f\u00e5r betala: h\u00e5rt arbetande m\u00e4nniskor. Det \u00e4r inte r\u00e4ttvist att du ska h\u00e5llas tillbaka av politiker som prioriterar sina politiska projekt framf\u00f6r din vardag.<\/p>\n\n\n\n<p>Moderaterna har b\u00f6rjat f\u00e5 ordning p\u00e5 Sverige. Det arbetet m\u00e5ste f\u00e5 forts\u00e4tta i hela Stockholmsregionen.<\/p>\n\n\n\n<p>Det spelar roll vem som styr. Vi har kn\u00e4ckt inflationen och b\u00f6rjat s\u00e4nka skatterna. Vi minskar g\u00e4ngv\u00e5ldet genom att st\u00e4rka polisen och h\u00f6ja straffen. Vi har begr\u00e4nsat asylinvandringen. Vi prioriterar barns r\u00e4ttigheter och v\u00e4lf\u00e4rdens k\u00e4rna. I Sverige och i Stockholm finns mycket kvar att g\u00f6ra men d\u00e5 beh\u00f6ver vi ditt f\u00f6rtroende.<\/p>\n\n\n\n<p>Det h\u00e4r valet handlar om vad Stockholm ska vara i framtiden. Moderaternas m\u00e5l \u00e4r att Sverige ska ha EU:s h\u00f6gsta levnadsstandard om tio \u00e5r. D\u00e5 m\u00e5ste Stockholm leda den utvecklingen. Alternativet \u00e4r en plats d\u00e4r dina m\u00f6jligheter minskar och levnadsstandarden sjunker.<\/p>\n\n\n\n<p>F\u00f6r oss \u00e4r valet enkelt. Stockholms- regionen ska \u00e5terta rollen som Sveriges hj\u00e4rta och motor f\u00f6r hela landets ekonomiska tillv\u00e4xt och v\u00e4lf\u00e4rd.<\/p>\n\n\n\n<p>Den 13 september g\u00e5r vi till val. D\u00e5 kan du r\u00f6sta f\u00f6r ett r\u00e4ttvisare Stockholm d\u00e4r anstr\u00e4ngning l\u00f6nar sig och brott straffar sig.<\/p>\n\n\n\n<p><strong>R\u00f6sta p\u00e5 Moderaterna.<\/strong><\/p>\n","protected":false},"excerpt":{"rendered":"<p>Moderaterna i Stockholms stads valprogram 2026: F\u00f6r ett r\u00e4ttvisare Stockholm Ett b\u00e4ttre liv f\u00f6r fler &#8211; v\u00e5r ber\u00e4ttelse f\u00f6r StockholmStockholm \u00e4r m\u00f6jligheternas stad. Hit har str\u00e4vsamma m\u00e4nniskor s\u00f6kt sig i alla tider f\u00f6r att uppfylla dr\u00f6mmar och vara sig sj\u00e4lva fullt ut. Trots l\u00e4get uppe i norr och en j\u00e4mf\u00f6relsevis liten befolkning har m\u00e4nniskorna h\u00e4r [&hellip;]<\/p>\n","protected":false},"author":55,"featured_media":0,"parent":0,"menu_order":0,"comment_status":"closed","ping_status":"closed","template":"","meta":{"_acf_changed":false,"_relevanssi_hide_post":"","_relevanssi_hide_content":"","_relevanssi_pin_for_all":"","_relevanssi_pin_keywords":"","_relevanssi_unpin_keywords":"","_relevanssi_related_keywords":"","_relevanssi_related_include_ids":"","_relevanssi_related_exclude_ids":"","_relevanssi_related_no_append":"","_relevanssi_related_not_related":"","_relevanssi_related_posts":"4558,979,8257,3006,5969,6866","_relevanssi_noindex_reason":"","footnotes":""},"subject":[],"class_list":["post-8432","page","type-page","status-publish","hentry"],"acf":[],"yoast_head":"<!-- This site is optimized with the Yoast SEO Premium plugin v27.4 (Yoast SEO v27.4) - https:\/\/yoast.com\/product\/yoast-seo-premium-wordpress\/ -->\n<title>Moderaterna i Stockholms stads valprogram 2026 | Moderaterna i Stockholms stad och l\u00e4n<\/title>\n<meta name=\"robots\" content=\"index, follow, max-snippet:-1, max-image-preview:large, max-video-preview:-1\" \/>\n<link rel=\"canonical\" href=\"https:\/\/moderaterna.se\/stockholm\/for-ett-rattvisare-stockholm\/\" \/>\n<meta property=\"og:locale\" content=\"sv_SE\" \/>\n<meta property=\"og:type\" content=\"article\" \/>\n<meta property=\"og:title\" content=\"Moderaterna i Stockholms stads valprogram 2026\" \/>\n<meta property=\"og:url\" content=\"https:\/\/moderaterna.se\/stockholm\/for-ett-rattvisare-stockholm\/\" \/>\n<meta property=\"og:site_name\" content=\"Moderaterna i Stockholms stad och l\u00e4n\" \/>\n<meta property=\"article:publisher\" content=\"https:\/\/www.facebook.com\/ModeraternaSthlm\" \/>\n<meta property=\"article:modified_time\" content=\"2026-08-12T12:43:42+00:00\" \/>\n<meta property=\"og:image\" content=\"https:\/\/moderaterna.se\/app\/uploads\/sites\/5\/2022\/01\/DELNINGSBILD_hemsida_fo\u0308rstasida.png\" \/>\n\t<meta property=\"og:image:width\" content=\"1200\" \/>\n\t<meta property=\"og:image:height\" content=\"628\" \/>\n\t<meta property=\"og:image:type\" content=\"image\/png\" \/>\n<meta name=\"twitter:card\" content=\"summary_large_image\" \/>\n<meta name=\"twitter:site\" content=\"@ModeratSthlm\" \/>\n<meta name=\"twitter:label1\" content=\"Ber\u00e4knad l\u00e4stid\" \/>\n\t<meta name=\"twitter:data1\" content=\"50 minuter\" \/>\n<script type=\"application\/ld+json\" class=\"yoast-schema-graph\">{\"@context\":\"https:\\\/\\\/schema.org\",\"@graph\":[{\"@type\":\"WebPage\",\"@id\":\"https:\\\/\\\/moderaterna.se\\\/stockholm\\\/for-ett-rattvisare-stockholm\\\/\",\"url\":\"https:\\\/\\\/moderaterna.se\\\/stockholm\\\/for-ett-rattvisare-stockholm\\\/\",\"name\":\"Moderaterna i Stockholms stads valprogram 2026 | Moderaterna i Stockholms stad och l\u00e4n\",\"isPartOf\":{\"@id\":\"https:\\\/\\\/moderaterna.se\\\/stockholm\\\/#website\"},\"datePublished\":\"2026-08-12T12:23:21+00:00\",\"dateModified\":\"2026-08-12T12:43:42+00:00\",\"breadcrumb\":{\"@id\":\"https:\\\/\\\/moderaterna.se\\\/stockholm\\\/for-ett-rattvisare-stockholm\\\/#breadcrumb\"},\"inLanguage\":\"sv-SE\",\"potentialAction\":[{\"@type\":\"ReadAction\",\"target\":[\"https:\\\/\\\/moderaterna.se\\\/stockholm\\\/for-ett-rattvisare-stockholm\\\/\"]}]},{\"@type\":\"BreadcrumbList\",\"@id\":\"https:\\\/\\\/moderaterna.se\\\/stockholm\\\/for-ett-rattvisare-stockholm\\\/#breadcrumb\",\"itemListElement\":[{\"@type\":\"ListItem\",\"position\":1,\"name\":\"Hem\",\"item\":\"https:\\\/\\\/moderaterna.se\\\/stockholm\\\/\"},{\"@type\":\"ListItem\",\"position\":2,\"name\":\"Moderaterna i Stockholms stads valprogram 2026\"}]},{\"@type\":\"WebSite\",\"@id\":\"https:\\\/\\\/moderaterna.se\\\/stockholm\\\/#website\",\"url\":\"https:\\\/\\\/moderaterna.se\\\/stockholm\\\/\",\"name\":\"Moderaterna i Stockholms stad och l\u00e4n\",\"description\":\"Nu f\u00e5r vi ordning p\u00e5 Sverige\",\"publisher\":{\"@id\":\"https:\\\/\\\/moderaterna.se\\\/stockholm\\\/#organization\"},\"potentialAction\":[{\"@type\":\"SearchAction\",\"target\":{\"@type\":\"EntryPoint\",\"urlTemplate\":\"https:\\\/\\\/moderaterna.se\\\/stockholm\\\/?s={search_term_string}\"},\"query-input\":{\"@type\":\"PropertyValueSpecification\",\"valueRequired\":true,\"valueName\":\"search_term_string\"}}],\"inLanguage\":\"sv-SE\"},{\"@type\":\"Organization\",\"@id\":\"https:\\\/\\\/moderaterna.se\\\/stockholm\\\/#organization\",\"name\":\"Moderaterna\",\"url\":\"https:\\\/\\\/moderaterna.se\\\/stockholm\\\/\",\"logo\":{\"@type\":\"ImageObject\",\"inLanguage\":\"sv-SE\",\"@id\":\"https:\\\/\\\/moderaterna.se\\\/stockholm\\\/#\\\/schema\\\/logo\\\/image\\\/\",\"url\":\"https:\\\/\\\/moderaterna.se\\\/app\\\/uploads\\\/2021\\\/10\\\/logo-general@2x.png\",\"contentUrl\":\"https:\\\/\\\/moderaterna.se\\\/app\\\/uploads\\\/2021\\\/10\\\/logo-general@2x.png\",\"width\":122,\"height\":122,\"caption\":\"Moderaterna\"},\"image\":{\"@id\":\"https:\\\/\\\/moderaterna.se\\\/stockholm\\\/#\\\/schema\\\/logo\\\/image\\\/\"},\"sameAs\":[\"https:\\\/\\\/www.facebook.com\\\/ModeraternaSthlm\",\"https:\\\/\\\/x.com\\\/ModeratSthlm\",\"https:\\\/\\\/www.instagram.com\\\/moderatsthlm\\\/\",\"https:\\\/\\\/www.youtube.com\\\/user\\\/ModeraternaSthlm\"]}]}<\/script>\n<!-- \/ Yoast SEO Premium plugin. -->","yoast_head_json":{"title":"Moderaterna i Stockholms stads valprogram 2026 | Moderaterna i Stockholms stad och l\u00e4n","robots":{"index":"index","follow":"follow","max-snippet":"max-snippet:-1","max-image-preview":"max-image-preview:large","max-video-preview":"max-video-preview:-1"},"canonical":"https:\/\/moderaterna.se\/stockholm\/for-ett-rattvisare-stockholm\/","og_locale":"sv_SE","og_type":"article","og_title":"Moderaterna i Stockholms stads valprogram 2026","og_url":"https:\/\/moderaterna.se\/stockholm\/for-ett-rattvisare-stockholm\/","og_site_name":"Moderaterna i Stockholms stad och l\u00e4n","article_publisher":"https:\/\/www.facebook.com\/ModeraternaSthlm","article_modified_time":"2026-08-12T12:43:42+00:00","og_image":[{"width":1200,"height":628,"url":"https:\/\/moderaterna.se\/app\/uploads\/sites\/5\/2022\/01\/DELNINGSBILD_hemsida_fo\u0308rstasida.png","type":"image\/png"}],"twitter_card":"summary_large_image","twitter_site":"@ModeratSthlm","twitter_misc":{"Ber\u00e4knad l\u00e4stid":"50 minuter"},"schema":{"@context":"https:\/\/schema.org","@graph":[{"@type":"WebPage","@id":"https:\/\/moderaterna.se\/stockholm\/for-ett-rattvisare-stockholm\/","url":"https:\/\/moderaterna.se\/stockholm\/for-ett-rattvisare-stockholm\/","name":"Moderaterna i Stockholms stads valprogram 2026 | Moderaterna i Stockholms stad och l\u00e4n","isPartOf":{"@id":"https:\/\/moderaterna.se\/stockholm\/#website"},"datePublished":"2026-08-12T12:23:21+00:00","dateModified":"2026-08-12T12:43:42+00:00","breadcrumb":{"@id":"https:\/\/moderaterna.se\/stockholm\/for-ett-rattvisare-stockholm\/#breadcrumb"},"inLanguage":"sv-SE","potentialAction":[{"@type":"ReadAction","target":["https:\/\/moderaterna.se\/stockholm\/for-ett-rattvisare-stockholm\/"]}]},{"@type":"BreadcrumbList","@id":"https:\/\/moderaterna.se\/stockholm\/for-ett-rattvisare-stockholm\/#breadcrumb","itemListElement":[{"@type":"ListItem","position":1,"name":"Hem","item":"https:\/\/moderaterna.se\/stockholm\/"},{"@type":"ListItem","position":2,"name":"Moderaterna i Stockholms stads valprogram 2026"}]},{"@type":"WebSite","@id":"https:\/\/moderaterna.se\/stockholm\/#website","url":"https:\/\/moderaterna.se\/stockholm\/","name":"Moderaterna i Stockholms stad och l\u00e4n","description":"Nu f\u00e5r vi ordning p\u00e5 Sverige","publisher":{"@id":"https:\/\/moderaterna.se\/stockholm\/#organization"},"potentialAction":[{"@type":"SearchAction","target":{"@type":"EntryPoint","urlTemplate":"https:\/\/moderaterna.se\/stockholm\/?s={search_term_string}"},"query-input":{"@type":"PropertyValueSpecification","valueRequired":true,"valueName":"search_term_string"}}],"inLanguage":"sv-SE"},{"@type":"Organization","@id":"https:\/\/moderaterna.se\/stockholm\/#organization","name":"Moderaterna","url":"https:\/\/moderaterna.se\/stockholm\/","logo":{"@type":"ImageObject","inLanguage":"sv-SE","@id":"https:\/\/moderaterna.se\/stockholm\/#\/schema\/logo\/image\/","url":"https:\/\/moderaterna.se\/app\/uploads\/2021\/10\/logo-general@2x.png","contentUrl":"https:\/\/moderaterna.se\/app\/uploads\/2021\/10\/logo-general@2x.png","width":122,"height":122,"caption":"Moderaterna"},"image":{"@id":"https:\/\/moderaterna.se\/stockholm\/#\/schema\/logo\/image\/"},"sameAs":["https:\/\/www.facebook.com\/ModeraternaSthlm","https:\/\/x.com\/ModeratSthlm","https:\/\/www.instagram.com\/moderatsthlm\/","https:\/\/www.youtube.com\/user\/ModeraternaSthlm"]}]}},"publishpress_future_action":{"enabled":false,"date":"2026-09-11 19:12:58","action":"change-status","newStatus":"draft","terms":[],"taxonomy":"subject"},"_links":{"self":[{"href":"https:\/\/moderaterna.se\/stockholm\/wp-json\/wp\/v2\/pages\/8432","targetHints":{"allow":["GET"]}}],"collection":[{"href":"https:\/\/moderaterna.se\/stockholm\/wp-json\/wp\/v2\/pages"}],"about":[{"href":"https:\/\/moderaterna.se\/stockholm\/wp-json\/wp\/v2\/types\/page"}],"author":[{"embeddable":true,"href":"https:\/\/moderaterna.se\/stockholm\/wp-json\/wp\/v2\/users\/55"}],"replies":[{"embeddable":true,"href":"https:\/\/moderaterna.se\/stockholm\/wp-json\/wp\/v2\/comments?post=8432"}],"version-history":[{"count":6,"href":"https:\/\/moderaterna.se\/stockholm\/wp-json\/wp\/v2\/pages\/8432\/revisions"}],"predecessor-version":[{"id":8442,"href":"https:\/\/moderaterna.se\/stockholm\/wp-json\/wp\/v2\/pages\/8432\/revisions\/8442"}],"wp:attachment":[{"href":"https:\/\/moderaterna.se\/stockholm\/wp-json\/wp\/v2\/media?parent=8432"}],"wp:term":[{"taxonomy":"subject","embeddable":true,"href":"https:\/\/moderaterna.se\/stockholm\/wp-json\/wp\/v2\/subject?post=8432"}],"curies":[{"name":"wp","href":"https:\/\/api.w.org\/{rel}","templated":true}]}}