{"id":7306,"date":"2026-02-11T16:02:40","date_gmt":"2026-02-11T15:02:40","guid":{"rendered":"https:\/\/moderaterna.se\/stockholm\/?page_id=7306"},"modified":"2026-02-17T12:49:05","modified_gmt":"2026-02-17T11:49:05","slug":"ett-battre-liv-for-fler","status":"publish","type":"page","link":"https:\/\/moderaterna.se\/stockholm\/ett-battre-liv-for-fler\/","title":{"rendered":"Ett b\u00e4ttre liv f\u00f6r fler"},"content":{"rendered":"\n<p class=\"has-large-font-size\"><strong>Stockholmsber\u00e4ttelsen<\/strong><\/p>\n\n\n\n<p>Stockholmsber\u00e4ttelsen \u00e4r en ramber\u00e4ttelse om Moderaterna i Stockholms stad. En ber\u00e4ttelsen som tar avstamp i v\u00e5r historiska position som Stockholmsparti och det parti som lett utvecklingen i svensk politik mot ett b\u00e4ttre, friare och rikare liv f\u00f6r fler. Den \u00e5terger v\u00e5r betydelse f\u00f6r s\u00e5v\u00e4l Stockholm som Sverige historiskt, just nu och fram\u00e5t.<\/p>\n\n\n\n<div style=\"height:40px\" aria-hidden=\"true\" class=\"wp-block-spacer\"><\/div>\n\n\n\n<p class=\"has-medium-font-size\"><strong>Tre b\u00e4rande delar i ber\u00e4ttelsen:<\/strong><\/p>\n\n\n\n<p><strong>Moderaterna har alltid varit stockholmarnas parti<\/strong><\/p>\n\n\n\n<p>Moderaterna har alltid st\u00e5tt f\u00f6r en balans mellan en modernisering av staden och v\u00e4rnandet av dess unika arv. Vi st\u00e5r f\u00f6r str\u00e4vsamhet, som \u00e4r en viktig del i b\u00e5de Moderaternas och stockholmarnas DNA. <\/p>\n\n\n\n<div style=\"height:18px\" aria-hidden=\"true\" class=\"wp-block-spacer\"><\/div>\n\n\n\n<p><strong>Moderat politik skapar ett b\u00e4ttre samh\u00e4lle och ett b\u00e4ttre liv<\/strong><\/p>\n\n\n\n<p>Vi st\u00e5r f\u00f6r friheten att forma sitt eget liv, att str\u00e4vsamhet ska l\u00f6na sig och f\u00f6r ansvar f\u00f6r sig sj\u00e4lv och sin omgivning. Dessa v\u00e4rden skapar bra gemenskaper som m\u00e4nniskor s\u00f6ker sig till. Vi \u00e4r motsatsen till v\u00e4nsterns kravl\u00f6shet och orkar st\u00e5 upp f\u00f6r det som \u00e4r r\u00e4tt, \u00e4ven om det inte \u00e4r popul\u00e4rt i stunden. <\/p>\n\n\n\n<div style=\"height:18px\" aria-hidden=\"true\" class=\"wp-block-spacer\"><\/div>\n\n\n\n<p><strong>Moderaterna har lett utvecklingen i svensk politik<\/strong><\/p>\n\n\n\n<p>Det \u00e4r moderat politik som har skapat fler m\u00f6jligheter och en enklare vardag genom skattes\u00e4nkningar och andra frihetsreformer f\u00f6r ett b\u00e4ttre liv. Det \u00e4r vi som har lett och andra partier som f\u00f6ljt efter. Detta i kontrast till det narrativ Socialdemokraterna f\u00f6rs\u00f6ker s\u00e4tta, d\u00e4r andra leder och vi f\u00f6ljer. <\/p>\n\n\n\n<div style=\"height:18px\" aria-hidden=\"true\" class=\"wp-block-spacer\"><\/div>\n\n\n\n<div class=\"wp-block-buttons is-layout-flex wp-block-buttons-is-layout-flex\">\n<div class=\"wp-block-button\"><a class=\"wp-block-button__link wp-element-button\" href=\"https:\/\/moderaterna.se\/app\/uploads\/sites\/5\/2026\/02\/Stockholmsberattelsen.pdf\">L\u00e4s hela Stockholmsber\u00e4ttelsen h\u00e4r!<\/a><\/div>\n<\/div>\n\n\n\n<div style=\"height:101px\" aria-hidden=\"true\" class=\"wp-block-spacer\"><\/div>\n\n\n\n<div style=\"height:13px\" aria-hidden=\"true\" class=\"wp-block-spacer\"><\/div>\n\n\n\n<figure class=\"wp-block-embed is-type-video is-provider-youtube wp-block-embed-youtube wp-embed-aspect-16-9 wp-has-aspect-ratio\"><div class=\"wp-block-embed__wrapper\">\n<iframe loading=\"lazy\" title=\"Ett b\u00e4ttre liv f\u00f6r fler - Moderaterna i Stockholm\" width=\"640\" height=\"360\" src=\"https:\/\/www.youtube.com\/embed\/L1nmaeSwFYM?feature=oembed\" frameborder=\"0\" allow=\"accelerometer; autoplay; clipboard-write; encrypted-media; gyroscope; picture-in-picture; web-share\" referrerpolicy=\"strict-origin-when-cross-origin\" allowfullscreen><\/iframe>\n<\/div><\/figure>\n\n\n\n<div style=\"height:108px\" aria-hidden=\"true\" class=\"wp-block-spacer\"><\/div>\n","protected":false},"excerpt":{"rendered":"<p>Stockholmsber\u00e4ttelsen Stockholmsber\u00e4ttelsen \u00e4r en ramber\u00e4ttelse om Moderaterna i Stockholms stad. En ber\u00e4ttelsen som tar avstamp i v\u00e5r historiska position som Stockholmsparti och det parti som lett utvecklingen i svensk politik mot ett b\u00e4ttre, friare och rikare liv f\u00f6r fler. Den \u00e5terger v\u00e5r betydelse f\u00f6r s\u00e5v\u00e4l Stockholm som Sverige historiskt, just nu och fram\u00e5t. Tre b\u00e4rande [&hellip;]<\/p>\n","protected":false},"author":109,"featured_media":7729,"parent":0,"menu_order":0,"comment_status":"closed","ping_status":"closed","template":"","meta":{"_acf_changed":false,"_relevanssi_hide_post":"","_relevanssi_hide_content":"","_relevanssi_pin_for_all":"","_relevanssi_pin_keywords":"","_relevanssi_unpin_keywords":"","_relevanssi_related_keywords":"","_relevanssi_related_include_ids":"","_relevanssi_related_exclude_ids":"","_relevanssi_related_no_append":"","_relevanssi_related_not_related":"","_relevanssi_related_posts":"4412,2657,1906,4558,5233,5770","_relevanssi_noindex_reason":"","footnotes":""},"subject":[],"class_list":["post-7306","page","type-page","status-publish","has-post-thumbnail","hentry"],"acf":[],"yoast_head":"<!-- This site is optimized with the Yoast SEO Premium plugin v27.1 (Yoast SEO v27.1.1) - https:\/\/yoast.com\/product\/yoast-seo-premium-wordpress\/ -->\n<title>Ett b\u00e4ttre liv f\u00f6r fler | Moderaterna i Stockholms stad och l\u00e4n<\/title>\n<meta name=\"robots\" content=\"index, follow, max-snippet:-1, max-image-preview:large, max-video-preview:-1\" \/>\n<link rel=\"canonical\" href=\"https:\/\/moderaterna.se\/stockholm\/ett-battre-liv-for-fler\/\" \/>\n<meta property=\"og:locale\" content=\"sv_SE\" \/>\n<meta property=\"og:type\" content=\"article\" \/>\n<meta property=\"og:title\" content=\"Ett b\u00e4ttre liv f\u00f6r fler\" \/>\n<meta property=\"og:url\" content=\"https:\/\/moderaterna.se\/stockholm\/ett-battre-liv-for-fler\/\" \/>\n<meta property=\"og:site_name\" content=\"Moderaterna i Stockholms stad och l\u00e4n\" \/>\n<meta property=\"article:publisher\" content=\"https:\/\/www.facebook.com\/ModeraternaSthlm\" \/>\n<meta property=\"article:modified_time\" content=\"2026-02-17T11:49:05+00:00\" \/>\n<meta property=\"og:image\" content=\"https:\/\/moderaterna.se\/app\/uploads\/sites\/5\/2026\/02\/Stockholmsberattelsen-bild-hemsida-kopia-2.jpg\" \/>\n\t<meta property=\"og:image:width\" content=\"2000\" \/>\n\t<meta property=\"og:image:height\" content=\"1418\" \/>\n\t<meta property=\"og:image:type\" content=\"image\/jpeg\" \/>\n<meta name=\"twitter:card\" content=\"summary_large_image\" \/>\n<meta name=\"twitter:site\" content=\"@ModeratSthlm\" \/>\n<meta name=\"twitter:label1\" content=\"Ber\u00e4knad l\u00e4stid\" \/>\n\t<meta name=\"twitter:data1\" content=\"2 minuter\" \/>\n<script type=\"application\/ld+json\" class=\"yoast-schema-graph\">{\"@context\":\"https:\/\/schema.org\",\"@graph\":[{\"@type\":\"WebPage\",\"@id\":\"https:\/\/moderaterna.se\/stockholm\/ett-battre-liv-for-fler\/\",\"url\":\"https:\/\/moderaterna.se\/stockholm\/ett-battre-liv-for-fler\/\",\"name\":\"Ett b\u00e4ttre liv f\u00f6r fler | Moderaterna i Stockholms stad och l\u00e4n\",\"isPartOf\":{\"@id\":\"https:\/\/moderaterna.se\/stockholm\/#website\"},\"primaryImageOfPage\":{\"@id\":\"https:\/\/moderaterna.se\/stockholm\/ett-battre-liv-for-fler\/#primaryimage\"},\"image\":{\"@id\":\"https:\/\/moderaterna.se\/stockholm\/ett-battre-liv-for-fler\/#primaryimage\"},\"thumbnailUrl\":\"https:\/\/moderaterna.se\/app\/uploads\/sites\/5\/2026\/02\/Stockholmsberattelsen-bild-hemsida-kopia-2.jpg\",\"datePublished\":\"2026-02-11T15:02:40+00:00\",\"dateModified\":\"2026-02-17T11:49:05+00:00\",\"breadcrumb\":{\"@id\":\"https:\/\/moderaterna.se\/stockholm\/ett-battre-liv-for-fler\/#breadcrumb\"},\"inLanguage\":\"sv-SE\",\"potentialAction\":[{\"@type\":\"ReadAction\",\"target\":[\"https:\/\/moderaterna.se\/stockholm\/ett-battre-liv-for-fler\/\"]}]},{\"@type\":\"ImageObject\",\"inLanguage\":\"sv-SE\",\"@id\":\"https:\/\/moderaterna.se\/stockholm\/ett-battre-liv-for-fler\/#primaryimage\",\"url\":\"https:\/\/moderaterna.se\/app\/uploads\/sites\/5\/2026\/02\/Stockholmsberattelsen-bild-hemsida-kopia-2.jpg\",\"contentUrl\":\"https:\/\/moderaterna.se\/app\/uploads\/sites\/5\/2026\/02\/Stockholmsberattelsen-bild-hemsida-kopia-2.jpg\",\"width\":2000,\"height\":1418},{\"@type\":\"BreadcrumbList\",\"@id\":\"https:\/\/moderaterna.se\/stockholm\/ett-battre-liv-for-fler\/#breadcrumb\",\"itemListElement\":[{\"@type\":\"ListItem\",\"position\":1,\"name\":\"Hem\",\"item\":\"https:\/\/moderaterna.se\/stockholm\/\"},{\"@type\":\"ListItem\",\"position\":2,\"name\":\"Ett b\u00e4ttre liv f\u00f6r fler\"}]},{\"@type\":\"WebSite\",\"@id\":\"https:\/\/moderaterna.se\/stockholm\/#website\",\"url\":\"https:\/\/moderaterna.se\/stockholm\/\",\"name\":\"Moderaterna i Stockholms stad och l\u00e4n\",\"description\":\"Nu f\u00e5r vi ordning p\u00e5 Sverige\",\"publisher\":{\"@id\":\"https:\/\/moderaterna.se\/stockholm\/#organization\"},\"potentialAction\":[{\"@type\":\"SearchAction\",\"target\":{\"@type\":\"EntryPoint\",\"urlTemplate\":\"https:\/\/moderaterna.se\/stockholm\/?s={search_term_string}\"},\"query-input\":{\"@type\":\"PropertyValueSpecification\",\"valueRequired\":true,\"valueName\":\"search_term_string\"}}],\"inLanguage\":\"sv-SE\"},{\"@type\":\"Organization\",\"@id\":\"https:\/\/moderaterna.se\/stockholm\/#organization\",\"name\":\"Moderaterna\",\"url\":\"https:\/\/moderaterna.se\/stockholm\/\",\"logo\":{\"@type\":\"ImageObject\",\"inLanguage\":\"sv-SE\",\"@id\":\"https:\/\/moderaterna.se\/stockholm\/#\/schema\/logo\/image\/\",\"url\":\"https:\/\/moderaterna.se\/app\/uploads\/2021\/10\/logo-general@2x.png\",\"contentUrl\":\"https:\/\/moderaterna.se\/app\/uploads\/2021\/10\/logo-general@2x.png\",\"width\":122,\"height\":122,\"caption\":\"Moderaterna\"},\"image\":{\"@id\":\"https:\/\/moderaterna.se\/stockholm\/#\/schema\/logo\/image\/\"},\"sameAs\":[\"https:\/\/www.facebook.com\/ModeraternaSthlm\",\"https:\/\/x.com\/ModeratSthlm\",\"https:\/\/www.instagram.com\/moderatsthlm\/\",\"https:\/\/www.youtube.com\/user\/ModeraternaSthlm\"]}]}<\/script>\n<!-- \/ Yoast SEO Premium plugin. -->","yoast_head_json":{"title":"Ett b\u00e4ttre liv f\u00f6r fler | Moderaterna i Stockholms stad och l\u00e4n","robots":{"index":"index","follow":"follow","max-snippet":"max-snippet:-1","max-image-preview":"max-image-preview:large","max-video-preview":"max-video-preview:-1"},"canonical":"https:\/\/moderaterna.se\/stockholm\/ett-battre-liv-for-fler\/","og_locale":"sv_SE","og_type":"article","og_title":"Ett b\u00e4ttre liv f\u00f6r fler","og_url":"https:\/\/moderaterna.se\/stockholm\/ett-battre-liv-for-fler\/","og_site_name":"Moderaterna i Stockholms stad och l\u00e4n","article_publisher":"https:\/\/www.facebook.com\/ModeraternaSthlm","article_modified_time":"2026-02-17T11:49:05+00:00","og_image":[{"width":2000,"height":1418,"url":"https:\/\/moderaterna.se\/app\/uploads\/sites\/5\/2026\/02\/Stockholmsberattelsen-bild-hemsida-kopia-2.jpg","type":"image\/jpeg"}],"twitter_card":"summary_large_image","twitter_site":"@ModeratSthlm","twitter_misc":{"Ber\u00e4knad l\u00e4stid":"2 minuter"},"schema":{"@context":"https:\/\/schema.org","@graph":[{"@type":"WebPage","@id":"https:\/\/moderaterna.se\/stockholm\/ett-battre-liv-for-fler\/","url":"https:\/\/moderaterna.se\/stockholm\/ett-battre-liv-for-fler\/","name":"Ett b\u00e4ttre liv f\u00f6r fler | Moderaterna i Stockholms stad och l\u00e4n","isPartOf":{"@id":"https:\/\/moderaterna.se\/stockholm\/#website"},"primaryImageOfPage":{"@id":"https:\/\/moderaterna.se\/stockholm\/ett-battre-liv-for-fler\/#primaryimage"},"image":{"@id":"https:\/\/moderaterna.se\/stockholm\/ett-battre-liv-for-fler\/#primaryimage"},"thumbnailUrl":"https:\/\/moderaterna.se\/app\/uploads\/sites\/5\/2026\/02\/Stockholmsberattelsen-bild-hemsida-kopia-2.jpg","datePublished":"2026-02-11T15:02:40+00:00","dateModified":"2026-02-17T11:49:05+00:00","breadcrumb":{"@id":"https:\/\/moderaterna.se\/stockholm\/ett-battre-liv-for-fler\/#breadcrumb"},"inLanguage":"sv-SE","potentialAction":[{"@type":"ReadAction","target":["https:\/\/moderaterna.se\/stockholm\/ett-battre-liv-for-fler\/"]}]},{"@type":"ImageObject","inLanguage":"sv-SE","@id":"https:\/\/moderaterna.se\/stockholm\/ett-battre-liv-for-fler\/#primaryimage","url":"https:\/\/moderaterna.se\/app\/uploads\/sites\/5\/2026\/02\/Stockholmsberattelsen-bild-hemsida-kopia-2.jpg","contentUrl":"https:\/\/moderaterna.se\/app\/uploads\/sites\/5\/2026\/02\/Stockholmsberattelsen-bild-hemsida-kopia-2.jpg","width":2000,"height":1418},{"@type":"BreadcrumbList","@id":"https:\/\/moderaterna.se\/stockholm\/ett-battre-liv-for-fler\/#breadcrumb","itemListElement":[{"@type":"ListItem","position":1,"name":"Hem","item":"https:\/\/moderaterna.se\/stockholm\/"},{"@type":"ListItem","position":2,"name":"Ett b\u00e4ttre liv f\u00f6r fler"}]},{"@type":"WebSite","@id":"https:\/\/moderaterna.se\/stockholm\/#website","url":"https:\/\/moderaterna.se\/stockholm\/","name":"Moderaterna i Stockholms stad och l\u00e4n","description":"Nu f\u00e5r vi ordning p\u00e5 Sverige","publisher":{"@id":"https:\/\/moderaterna.se\/stockholm\/#organization"},"potentialAction":[{"@type":"SearchAction","target":{"@type":"EntryPoint","urlTemplate":"https:\/\/moderaterna.se\/stockholm\/?s={search_term_string}"},"query-input":{"@type":"PropertyValueSpecification","valueRequired":true,"valueName":"search_term_string"}}],"inLanguage":"sv-SE"},{"@type":"Organization","@id":"https:\/\/moderaterna.se\/stockholm\/#organization","name":"Moderaterna","url":"https:\/\/moderaterna.se\/stockholm\/","logo":{"@type":"ImageObject","inLanguage":"sv-SE","@id":"https:\/\/moderaterna.se\/stockholm\/#\/schema\/logo\/image\/","url":"https:\/\/moderaterna.se\/app\/uploads\/2021\/10\/logo-general@2x.png","contentUrl":"https:\/\/moderaterna.se\/app\/uploads\/2021\/10\/logo-general@2x.png","width":122,"height":122,"caption":"Moderaterna"},"image":{"@id":"https:\/\/moderaterna.se\/stockholm\/#\/schema\/logo\/image\/"},"sameAs":["https:\/\/www.facebook.com\/ModeraternaSthlm","https:\/\/x.com\/ModeratSthlm","https:\/\/www.instagram.com\/moderatsthlm\/","https:\/\/www.youtube.com\/user\/ModeraternaSthlm"]}]}},"publishpress_future_action":{"enabled":false,"date":"2026-05-02 08:18:22","action":"change-status","newStatus":"draft","terms":[],"taxonomy":"subject"},"_links":{"self":[{"href":"https:\/\/moderaterna.se\/stockholm\/wp-json\/wp\/v2\/pages\/7306","targetHints":{"allow":["GET"]}}],"collection":[{"href":"https:\/\/moderaterna.se\/stockholm\/wp-json\/wp\/v2\/pages"}],"about":[{"href":"https:\/\/moderaterna.se\/stockholm\/wp-json\/wp\/v2\/types\/page"}],"author":[{"embeddable":true,"href":"https:\/\/moderaterna.se\/stockholm\/wp-json\/wp\/v2\/users\/109"}],"replies":[{"embeddable":true,"href":"https:\/\/moderaterna.se\/stockholm\/wp-json\/wp\/v2\/comments?post=7306"}],"version-history":[{"count":8,"href":"https:\/\/moderaterna.se\/stockholm\/wp-json\/wp\/v2\/pages\/7306\/revisions"}],"predecessor-version":[{"id":7737,"href":"https:\/\/moderaterna.se\/stockholm\/wp-json\/wp\/v2\/pages\/7306\/revisions\/7737"}],"wp:featuredmedia":[{"embeddable":true,"href":"https:\/\/moderaterna.se\/stockholm\/wp-json\/wp\/v2\/media\/7729"}],"wp:attachment":[{"href":"https:\/\/moderaterna.se\/stockholm\/wp-json\/wp\/v2\/media?parent=7306"}],"wp:term":[{"taxonomy":"subject","embeddable":true,"href":"https:\/\/moderaterna.se\/stockholm\/wp-json\/wp\/v2\/subject?post=7306"}],"curies":[{"name":"wp","href":"https:\/\/api.w.org\/{rel}","templated":true}]}}