{"id":6961,"date":"2025-09-05T16:59:22","date_gmt":"2025-09-05T14:59:22","guid":{"rendered":"https:\/\/moderaterna.se\/stockholm\/?page_id=6961"},"modified":"2025-09-05T17:04:14","modified_gmt":"2025-09-05T15:04:14","slug":"sta-upp-for-stockholm","status":"publish","type":"page","link":"https:\/\/moderaterna.se\/stockholm\/sta-upp-for-stockholm\/","title":{"rendered":"Vi st\u00e5r upp f\u00f6r Stockholm"},"content":{"rendered":"\n<p class=\"has-medium-font-size\"><strong>H\u00f6stkampanj<\/strong><\/p>\n\n\n\n<p>Med ett \u00e5r kvar till valet kickar Moderaterna i Stockholm nu ig\u00e5ng valr\u00f6relsen med kampanjen \u201dVi st\u00e5r upp f\u00f6r Stockholm\u201d. Vi lyfter fram det som g\u00f6r Stockholm unikt och v\u00e4rd att st\u00e5 upp f\u00f6r.<\/p>\n\n\n\n<p>Vi har fr\u00e5gat stockholmare vad de \u00e4lskar med huvudstaden och svaren \u00e4r tydliga: n\u00e4rheten till vatten, ett levande n\u00f6jes- och kulturliv och framf\u00f6r allt: m\u00f6jligheterna!<\/p>\n\n\n\n<p>Samtidigt st\u00e5r Stockholm under ett S-styre som bland annat:<\/p>\n\n\n\n<ul class=\"wp-block-list\">\n<li>Gjort nedsk\u00e4rningar i skolan, trots l\u00f6ften om motsatsen.<\/li>\n\n\n\n<li>Sparkat 2 av 3 ordningsvakter, trots m\u00e4nniskors oro f\u00f6r kriminalitet.<\/li>\n\n\n\n<li>Skuldsatt Stockholm och forts\u00e4tter g\u00f6ra det med en miljon i timmen.<\/li>\n\n\n\n<li>H\u00f6jt skatten till den h\u00f6gsta sedan 1998.<\/li>\n<\/ul>\n\n\n\n<p>Vi v\u00e4ljer en annan v\u00e4g. N\u00e4r andra erbjuder kravl\u00f6shet st\u00e5r vi upp f\u00f6r det som \u00e4r r\u00e4tt, oavsett om det handlar om brottsbek\u00e4mpning, arbetslinje eller kunskapsskola. Vi tror p\u00e5 m\u00e4nniskors egna val och f\u00f6rm\u00e5gor, inte p\u00e5 politisk centralstyrning. Vi tror p\u00e5 att skapa m\u00f6jligheter i st\u00e4llet f\u00f6r begr\u00e4nsningar. Vi tror p\u00e5 ansvar och att str\u00e4vsamhet alltid ska l\u00f6na sig. I v\u00e5rt Stockholm \u00e4r det viktiga inte var du kommer ifr\u00e5n, utan vad du g\u00f6r och vart du \u00e4r p\u00e5 v\u00e4g.<\/p>\n\n\n\n<p>Nytt \u00e4r ocks\u00e5 att kampanjen pryds av vanliga medlemmar, inte politiker.<\/p>\n\n\n\n<div style=\"height:37px\" aria-hidden=\"true\" class=\"wp-block-spacer\"><\/div>\n","protected":false},"excerpt":{"rendered":"<p>H\u00f6stkampanj Med ett \u00e5r kvar till valet kickar Moderaterna i Stockholm nu ig\u00e5ng valr\u00f6relsen med kampanjen \u201dVi st\u00e5r upp f\u00f6r Stockholm\u201d. Vi lyfter fram det som g\u00f6r Stockholm unikt och v\u00e4rd att st\u00e5 upp f\u00f6r. Vi har fr\u00e5gat stockholmare vad de \u00e4lskar med huvudstaden och svaren \u00e4r tydliga: n\u00e4rheten till vatten, ett levande n\u00f6jes- och [&hellip;]<\/p>\n","protected":false},"author":109,"featured_media":0,"parent":0,"menu_order":0,"comment_status":"closed","ping_status":"closed","template":"","meta":{"_acf_changed":false,"_relevanssi_hide_post":"","_relevanssi_hide_content":"","_relevanssi_pin_for_all":"","_relevanssi_pin_keywords":"","_relevanssi_unpin_keywords":"","_relevanssi_related_keywords":"","_relevanssi_related_include_ids":"","_relevanssi_related_exclude_ids":"","_relevanssi_related_no_append":"","_relevanssi_related_not_related":"","_relevanssi_related_posts":"4558,3006,979,5163,1906,953","_relevanssi_noindex_reason":"","footnotes":""},"subject":[],"class_list":["post-6961","page","type-page","status-publish","hentry"],"acf":[],"yoast_head":"<!-- This site is optimized with the Yoast SEO Premium plugin v27.1 (Yoast SEO v27.1.1) - https:\/\/yoast.com\/product\/yoast-seo-premium-wordpress\/ -->\n<title>Vi st\u00e5r upp f\u00f6r Stockholm | Moderaterna i Stockholms stad och l\u00e4n<\/title>\n<meta name=\"description\" content=\"G\u00f6r det du med!\" \/>\n<meta name=\"robots\" content=\"index, follow, max-snippet:-1, max-image-preview:large, max-video-preview:-1\" \/>\n<link rel=\"canonical\" href=\"https:\/\/moderaterna.se\/stockholm\/sta-upp-for-stockholm\/\" \/>\n<meta property=\"og:locale\" content=\"sv_SE\" \/>\n<meta property=\"og:type\" content=\"article\" \/>\n<meta property=\"og:title\" content=\"Vi st\u00e5r upp f\u00f6r Stockholm\" \/>\n<meta property=\"og:description\" content=\"G\u00f6r det du med!\" \/>\n<meta property=\"og:url\" content=\"https:\/\/moderaterna.se\/stockholm\/sta-upp-for-stockholm\/\" \/>\n<meta property=\"og:site_name\" content=\"Moderaterna i Stockholms stad och l\u00e4n\" \/>\n<meta property=\"article:publisher\" content=\"https:\/\/www.facebook.com\/ModeraternaSthlm\" \/>\n<meta property=\"article:modified_time\" content=\"2025-09-05T15:04:14+00:00\" \/>\n<meta property=\"og:image\" content=\"https:\/\/moderaterna.se\/app\/uploads\/sites\/5\/2022\/01\/DELNINGSBILD_hemsida_fo\u0308rstasida.png\" \/>\n\t<meta property=\"og:image:width\" content=\"1200\" \/>\n\t<meta property=\"og:image:height\" content=\"628\" \/>\n\t<meta property=\"og:image:type\" content=\"image\/png\" \/>\n<meta name=\"twitter:card\" content=\"summary_large_image\" \/>\n<meta name=\"twitter:site\" content=\"@ModeratSthlm\" \/>\n<meta name=\"twitter:label1\" content=\"Ber\u00e4knad l\u00e4stid\" \/>\n\t<meta name=\"twitter:data1\" content=\"2 minuter\" \/>\n<script type=\"application\/ld+json\" class=\"yoast-schema-graph\">{\"@context\":\"https:\/\/schema.org\",\"@graph\":[{\"@type\":\"WebPage\",\"@id\":\"https:\/\/moderaterna.se\/stockholm\/sta-upp-for-stockholm\/\",\"url\":\"https:\/\/moderaterna.se\/stockholm\/sta-upp-for-stockholm\/\",\"name\":\"Vi st\u00e5r upp f\u00f6r Stockholm | Moderaterna i Stockholms stad och l\u00e4n\",\"isPartOf\":{\"@id\":\"https:\/\/moderaterna.se\/stockholm\/#website\"},\"datePublished\":\"2025-09-05T14:59:22+00:00\",\"dateModified\":\"2025-09-05T15:04:14+00:00\",\"description\":\"G\u00f6r det du med!\",\"breadcrumb\":{\"@id\":\"https:\/\/moderaterna.se\/stockholm\/sta-upp-for-stockholm\/#breadcrumb\"},\"inLanguage\":\"sv-SE\",\"potentialAction\":[{\"@type\":\"ReadAction\",\"target\":[\"https:\/\/moderaterna.se\/stockholm\/sta-upp-for-stockholm\/\"]}]},{\"@type\":\"BreadcrumbList\",\"@id\":\"https:\/\/moderaterna.se\/stockholm\/sta-upp-for-stockholm\/#breadcrumb\",\"itemListElement\":[{\"@type\":\"ListItem\",\"position\":1,\"name\":\"Hem\",\"item\":\"https:\/\/moderaterna.se\/stockholm\/\"},{\"@type\":\"ListItem\",\"position\":2,\"name\":\"Vi st\u00e5r upp f\u00f6r Stockholm\"}]},{\"@type\":\"WebSite\",\"@id\":\"https:\/\/moderaterna.se\/stockholm\/#website\",\"url\":\"https:\/\/moderaterna.se\/stockholm\/\",\"name\":\"Moderaterna i Stockholms stad och l\u00e4n\",\"description\":\"Nu f\u00e5r vi ordning p\u00e5 Sverige\",\"publisher\":{\"@id\":\"https:\/\/moderaterna.se\/stockholm\/#organization\"},\"potentialAction\":[{\"@type\":\"SearchAction\",\"target\":{\"@type\":\"EntryPoint\",\"urlTemplate\":\"https:\/\/moderaterna.se\/stockholm\/?s={search_term_string}\"},\"query-input\":{\"@type\":\"PropertyValueSpecification\",\"valueRequired\":true,\"valueName\":\"search_term_string\"}}],\"inLanguage\":\"sv-SE\"},{\"@type\":\"Organization\",\"@id\":\"https:\/\/moderaterna.se\/stockholm\/#organization\",\"name\":\"Moderaterna\",\"url\":\"https:\/\/moderaterna.se\/stockholm\/\",\"logo\":{\"@type\":\"ImageObject\",\"inLanguage\":\"sv-SE\",\"@id\":\"https:\/\/moderaterna.se\/stockholm\/#\/schema\/logo\/image\/\",\"url\":\"https:\/\/moderaterna.se\/app\/uploads\/2021\/10\/logo-general@2x.png\",\"contentUrl\":\"https:\/\/moderaterna.se\/app\/uploads\/2021\/10\/logo-general@2x.png\",\"width\":122,\"height\":122,\"caption\":\"Moderaterna\"},\"image\":{\"@id\":\"https:\/\/moderaterna.se\/stockholm\/#\/schema\/logo\/image\/\"},\"sameAs\":[\"https:\/\/www.facebook.com\/ModeraternaSthlm\",\"https:\/\/x.com\/ModeratSthlm\",\"https:\/\/www.instagram.com\/moderatsthlm\/\",\"https:\/\/www.youtube.com\/user\/ModeraternaSthlm\"]}]}<\/script>\n<!-- \/ Yoast SEO Premium plugin. -->","yoast_head_json":{"title":"Vi st\u00e5r upp f\u00f6r Stockholm | Moderaterna i Stockholms stad och l\u00e4n","description":"G\u00f6r det du med!","robots":{"index":"index","follow":"follow","max-snippet":"max-snippet:-1","max-image-preview":"max-image-preview:large","max-video-preview":"max-video-preview:-1"},"canonical":"https:\/\/moderaterna.se\/stockholm\/sta-upp-for-stockholm\/","og_locale":"sv_SE","og_type":"article","og_title":"Vi st\u00e5r upp f\u00f6r Stockholm","og_description":"G\u00f6r det du med!","og_url":"https:\/\/moderaterna.se\/stockholm\/sta-upp-for-stockholm\/","og_site_name":"Moderaterna i Stockholms stad och l\u00e4n","article_publisher":"https:\/\/www.facebook.com\/ModeraternaSthlm","article_modified_time":"2025-09-05T15:04:14+00:00","og_image":[{"width":1200,"height":628,"url":"https:\/\/moderaterna.se\/app\/uploads\/sites\/5\/2022\/01\/DELNINGSBILD_hemsida_fo\u0308rstasida.png","type":"image\/png"}],"twitter_card":"summary_large_image","twitter_site":"@ModeratSthlm","twitter_misc":{"Ber\u00e4knad l\u00e4stid":"2 minuter"},"schema":{"@context":"https:\/\/schema.org","@graph":[{"@type":"WebPage","@id":"https:\/\/moderaterna.se\/stockholm\/sta-upp-for-stockholm\/","url":"https:\/\/moderaterna.se\/stockholm\/sta-upp-for-stockholm\/","name":"Vi st\u00e5r upp f\u00f6r Stockholm | Moderaterna i Stockholms stad och l\u00e4n","isPartOf":{"@id":"https:\/\/moderaterna.se\/stockholm\/#website"},"datePublished":"2025-09-05T14:59:22+00:00","dateModified":"2025-09-05T15:04:14+00:00","description":"G\u00f6r det du med!","breadcrumb":{"@id":"https:\/\/moderaterna.se\/stockholm\/sta-upp-for-stockholm\/#breadcrumb"},"inLanguage":"sv-SE","potentialAction":[{"@type":"ReadAction","target":["https:\/\/moderaterna.se\/stockholm\/sta-upp-for-stockholm\/"]}]},{"@type":"BreadcrumbList","@id":"https:\/\/moderaterna.se\/stockholm\/sta-upp-for-stockholm\/#breadcrumb","itemListElement":[{"@type":"ListItem","position":1,"name":"Hem","item":"https:\/\/moderaterna.se\/stockholm\/"},{"@type":"ListItem","position":2,"name":"Vi st\u00e5r upp f\u00f6r Stockholm"}]},{"@type":"WebSite","@id":"https:\/\/moderaterna.se\/stockholm\/#website","url":"https:\/\/moderaterna.se\/stockholm\/","name":"Moderaterna i Stockholms stad och l\u00e4n","description":"Nu f\u00e5r vi ordning p\u00e5 Sverige","publisher":{"@id":"https:\/\/moderaterna.se\/stockholm\/#organization"},"potentialAction":[{"@type":"SearchAction","target":{"@type":"EntryPoint","urlTemplate":"https:\/\/moderaterna.se\/stockholm\/?s={search_term_string}"},"query-input":{"@type":"PropertyValueSpecification","valueRequired":true,"valueName":"search_term_string"}}],"inLanguage":"sv-SE"},{"@type":"Organization","@id":"https:\/\/moderaterna.se\/stockholm\/#organization","name":"Moderaterna","url":"https:\/\/moderaterna.se\/stockholm\/","logo":{"@type":"ImageObject","inLanguage":"sv-SE","@id":"https:\/\/moderaterna.se\/stockholm\/#\/schema\/logo\/image\/","url":"https:\/\/moderaterna.se\/app\/uploads\/2021\/10\/logo-general@2x.png","contentUrl":"https:\/\/moderaterna.se\/app\/uploads\/2021\/10\/logo-general@2x.png","width":122,"height":122,"caption":"Moderaterna"},"image":{"@id":"https:\/\/moderaterna.se\/stockholm\/#\/schema\/logo\/image\/"},"sameAs":["https:\/\/www.facebook.com\/ModeraternaSthlm","https:\/\/x.com\/ModeratSthlm","https:\/\/www.instagram.com\/moderatsthlm\/","https:\/\/www.youtube.com\/user\/ModeraternaSthlm"]}]}},"publishpress_future_action":{"enabled":false,"date":"2026-05-07 03:44:05","action":"change-status","newStatus":"draft","terms":[],"taxonomy":"subject"},"_links":{"self":[{"href":"https:\/\/moderaterna.se\/stockholm\/wp-json\/wp\/v2\/pages\/6961","targetHints":{"allow":["GET"]}}],"collection":[{"href":"https:\/\/moderaterna.se\/stockholm\/wp-json\/wp\/v2\/pages"}],"about":[{"href":"https:\/\/moderaterna.se\/stockholm\/wp-json\/wp\/v2\/types\/page"}],"author":[{"embeddable":true,"href":"https:\/\/moderaterna.se\/stockholm\/wp-json\/wp\/v2\/users\/109"}],"replies":[{"embeddable":true,"href":"https:\/\/moderaterna.se\/stockholm\/wp-json\/wp\/v2\/comments?post=6961"}],"version-history":[{"count":4,"href":"https:\/\/moderaterna.se\/stockholm\/wp-json\/wp\/v2\/pages\/6961\/revisions"}],"predecessor-version":[{"id":6967,"href":"https:\/\/moderaterna.se\/stockholm\/wp-json\/wp\/v2\/pages\/6961\/revisions\/6967"}],"wp:attachment":[{"href":"https:\/\/moderaterna.se\/stockholm\/wp-json\/wp\/v2\/media?parent=6961"}],"wp:term":[{"taxonomy":"subject","embeddable":true,"href":"https:\/\/moderaterna.se\/stockholm\/wp-json\/wp\/v2\/subject?post=6961"}],"curies":[{"name":"wp","href":"https:\/\/api.w.org\/{rel}","templated":true}]}}