{"id":6703,"date":"2025-06-24T14:57:38","date_gmt":"2025-06-24T12:57:38","guid":{"rendered":"https:\/\/moderaterna.se\/stockholm\/?page_id=6703"},"modified":"2025-06-25T10:25:55","modified_gmt":"2025-06-25T08:25:55","slug":"barnen-i-stockholms-stad-kommer-tyvarr-fa-vanta","status":"publish","type":"page","link":"https:\/\/moderaterna.se\/stockholm\/barnen-i-stockholms-stad-kommer-tyvarr-fa-vanta\/","title":{"rendered":"Barnen i Stockholms stad kommer tyv\u00e4rr f\u00e5 v\u00e4nta"},"content":{"rendered":"\n<p><strong>S-styret i Stockholms stad f\u00f6rdr\u00f6jer inf\u00f6randet<\/strong>&nbsp;<br>Inget \u00e4r viktigare \u00e4n att v\u00e5ra barn v\u00e4xer upp i trygghet. \u00c4nd\u00e5 oroar sig allt f\u00f6r m\u00e5nga f\u00f6r\u00e4ldrar i Stockholm \u00f6ver hur deras barn har det. I skolan, p\u00e5 fritiden och i sina egna kvarter. S\u00e5 ska det ska inte beh\u00f6va vara.&nbsp;<\/p>\n\n\n\n<p>Nationellt driver Moderaterna nu igenom den st\u00f6rsta f\u00f6r\u00e4ndringen av socialtj\u00e4nsten p\u00e5 \u00f6ver 40 \u00e5r f\u00f6r att fler barn ska f\u00e5 hj\u00e4lp i tid. Samtidigt f\u00f6rsenar och f\u00f6rl\u00e4nger S-styret i Stockholms stad inf\u00f6randet i Sveriges huvudstad.&nbsp;&nbsp;<\/p>\n\n\n\n<p><strong>1. Stockholmarna f\u00e5r v\u00e4nta\u00a0\u00a0<\/strong><br>S-styret i Stockholm har tagit beslut om att de beh\u00f6ver 1,5 \u00e5r f\u00f6r att utreda vilka insatser som ska ges inom ramen f\u00f6r den nya socialtj\u00e4nstlagen. Detta inneb\u00e4r att stockholmarna f\u00e5r v\u00e4nta till senh\u00f6sten 2026 innan de m\u00e4rker n\u00e5gon st\u00f6rre effekt av den nya lagen.\u202f\u00a0<\/p>\n\n\n\n<p><strong>Vad tycker vi:<\/strong> Detta \u00e4r oacceptabelt l\u00e5ngsamt. Det har l\u00e4nge varit k\u00e4nt vad den nya lagen inneb\u00e4r. Trots det har S-styret i stadshuset suttit p\u00e5 sina h\u00e4nder hela mandatperioden.\u00a0<\/p>\n\n\n\n<p><strong>2. Risk f\u00f6r att barn faller mellan stolarna\u00a0\u00a0<\/strong><br>I Stockholm kommer oklara dokumentationskrav att r\u00e5da eftersom S-styret inte vill fatta n\u00e5gra beslut under omst\u00e4llningsperioden som varar till den 31 oktober 2026.\u00a0<\/p>\n\n\n\n<p><strong>Vad tycker vi:<\/strong> Om socialtj\u00e4nsten ger insatser utan att detta dokumenteras med personuppgifter, riskerar vi att ingen ser helhetsbilden. Ett barn som tidigare varit f\u00f6rem\u00e5l f\u00f6r oro kan d\u00e5 m\u00f6tas av olika insatser olika delar av organisationen, utan att n\u00e5gon har ansvar f\u00f6r att f\u00f6lja upp eller agera p\u00e5 den samlade bilden. Det kan leda till att r\u00e4tt eller tillr\u00e4ckliga insatser uteblir och att barnets situation f\u00f6rs\u00e4mras. Just detta har lyfts fram som en av de mest efterl\u00e4ngtade f\u00f6r\u00e4ndringarna i lagen.\u00a0<\/p>\n\n\n\n<p><strong>3. Olika st\u00f6d i stadsdelarna\u00a0<\/strong><br>Den hj\u00e4lp du f\u00e5r avg\u00f6rs av var du bor. Vissa insatser ges i en stadsdel men inte i en annan. En likv\u00e4rdig socialtj\u00e4nst i Stockholm kommer inte bli verklighet f\u00f6rr\u00e4n genomlysningen \u00e4r klar i slutet av 2026.\u00a0<\/p>\n\n\n\n<ol class=\"wp-block-list\" start=\"3\"><\/ol>\n\n\n\n<p><strong>Vad tycker vi:<\/strong> Tillg\u00e4ngliga insatser utan behovspr\u00f6vning \u00e4r socialtj\u00e4nstens fr\u00e4msta verktyg f\u00f6r att kunna arbeta f\u00f6rebyggande. Idag \u00e4r dessa insatser olika mellan stadsdelarna. Det inneb\u00e4r att barn och familjer riskerar att g\u00e5 miste om st\u00f6d bara f\u00f6r att de bor i \u201dfel\u201d del av staden, d\u00e4r insatserna \u00e4nnu inte erbjuds. Det inneb\u00e4r att stockholmarna riskerar st\u00e5 utan de mest effektiva insatserna d\u00e5 de bor i fel stadsdel i ytterligare 1,5 \u00e5r och f\u00f6r att S-styret beh\u00f6ver 1,5 \u00e5r p\u00e5 sig att best\u00e4mma sig f\u00f6r vad som ska finnas i socialtj\u00e4nstens verktygsl\u00e5da.\u00a0<\/p>\n\n\n\n<p><strong>Moderaterna i Stockholms stad vill mer<\/strong><br>Vi vill bygga en tryggare stad, d\u00e4r socialtj\u00e4nsten, skolan och civilsamh\u00e4llet samarbetar och d\u00e4r barnen aldrig gl\u00f6ms bort. Vi tror p\u00e5 omtanke, men ocks\u00e5 ordning och reda. Vi tror p\u00e5 s\u00e4nkta tr\u00f6sklar till trygghet och st\u00f6d f\u00f6r alla barn. Tyv\u00e4rr mots\u00e4tter sig S-styret i Stockholms stad det h\u00e4r n\u00e4r de f\u00f6rsenar inf\u00f6randet av den nya socialtj\u00e4nstlagen.&nbsp;<\/p>\n\n\n\n<p>Det finns ingen enskild mirakell\u00f6sning som g\u00f6r oss kvitt g\u00e4ngkriminaliteten och ungdomsbrottsligheten, men f\u00f6r varje f\u00f6r\u00e4lder som f\u00e5r r\u00e4tt st\u00f6d och f\u00f6r varje barn som aldrig hamnar i g\u00e4ngens klor \u00e4r en delseger vunnen.&nbsp;<\/p>\n\n\n\n<p>Vi vet att det g\u00e5r att g\u00f6ra mer och vill visa att v\u00e5r stad kan b\u00e4ttre. 2026 \u00e4r vi redo att ta ansvar f\u00f6r Stockholm igen.&nbsp;<\/p>\n","protected":false},"excerpt":{"rendered":"<p>S-styret i Stockholms stad f\u00f6rdr\u00f6jer inf\u00f6randet&nbsp;Inget \u00e4r viktigare \u00e4n att v\u00e5ra barn v\u00e4xer upp i trygghet. \u00c4nd\u00e5 oroar sig allt f\u00f6r m\u00e5nga f\u00f6r\u00e4ldrar i Stockholm \u00f6ver hur deras barn har det. I skolan, p\u00e5 fritiden och i sina egna kvarter. S\u00e5 ska det ska inte beh\u00f6va vara.&nbsp; Nationellt driver Moderaterna nu igenom den st\u00f6rsta f\u00f6r\u00e4ndringen [&hellip;]<\/p>\n","protected":false},"author":55,"featured_media":0,"parent":0,"menu_order":0,"comment_status":"closed","ping_status":"closed","template":"","meta":{"_acf_changed":false,"_relevanssi_hide_post":"","_relevanssi_hide_content":"","_relevanssi_pin_for_all":"","_relevanssi_pin_keywords":"","_relevanssi_unpin_keywords":"","_relevanssi_related_keywords":"","_relevanssi_related_include_ids":"","_relevanssi_related_exclude_ids":"","_relevanssi_related_no_append":"","_relevanssi_related_not_related":"","_relevanssi_related_posts":"4990,953,3006,5019,2849,979","_relevanssi_noindex_reason":"","footnotes":""},"subject":[],"class_list":["post-6703","page","type-page","status-publish","hentry"],"acf":[],"yoast_head":"<!-- This site is optimized with the Yoast SEO Premium plugin v27.1 (Yoast SEO v27.1.1) - https:\/\/yoast.com\/product\/yoast-seo-premium-wordpress\/ -->\n<title>Barnen i Stockholms stad kommer tyv\u00e4rr f\u00e5 v\u00e4nta | Moderaterna i Stockholms stad och l\u00e4n<\/title>\n<meta name=\"robots\" content=\"index, follow, max-snippet:-1, max-image-preview:large, max-video-preview:-1\" \/>\n<link rel=\"canonical\" href=\"https:\/\/moderaterna.se\/stockholm\/barnen-i-stockholms-stad-kommer-tyvarr-fa-vanta\/\" \/>\n<meta property=\"og:locale\" content=\"sv_SE\" \/>\n<meta property=\"og:type\" content=\"article\" \/>\n<meta property=\"og:title\" content=\"Barnen i Stockholms stad kommer tyv\u00e4rr f\u00e5 v\u00e4nta\" \/>\n<meta property=\"og:url\" content=\"https:\/\/moderaterna.se\/stockholm\/barnen-i-stockholms-stad-kommer-tyvarr-fa-vanta\/\" \/>\n<meta property=\"og:site_name\" content=\"Moderaterna i Stockholms stad och l\u00e4n\" \/>\n<meta property=\"article:publisher\" content=\"https:\/\/www.facebook.com\/ModeraternaSthlm\" \/>\n<meta property=\"article:modified_time\" content=\"2025-06-25T08:25:55+00:00\" \/>\n<meta property=\"og:image\" content=\"https:\/\/moderaterna.se\/app\/uploads\/sites\/5\/2025\/06\/MicrosoftTeams-image-1-1024x683.jpg\" \/>\n\t<meta property=\"og:image:width\" content=\"1024\" \/>\n\t<meta property=\"og:image:height\" content=\"683\" \/>\n\t<meta property=\"og:image:type\" content=\"image\/jpeg\" \/>\n<meta name=\"twitter:card\" content=\"summary_large_image\" \/>\n<meta name=\"twitter:site\" content=\"@ModeratSthlm\" \/>\n<meta name=\"twitter:label1\" content=\"Ber\u00e4knad l\u00e4stid\" \/>\n\t<meta name=\"twitter:data1\" content=\"3 minuter\" \/>\n<script type=\"application\/ld+json\" class=\"yoast-schema-graph\">{\"@context\":\"https:\/\/schema.org\",\"@graph\":[{\"@type\":\"WebPage\",\"@id\":\"https:\/\/moderaterna.se\/stockholm\/barnen-i-stockholms-stad-kommer-tyvarr-fa-vanta\/\",\"url\":\"https:\/\/moderaterna.se\/stockholm\/barnen-i-stockholms-stad-kommer-tyvarr-fa-vanta\/\",\"name\":\"Barnen i Stockholms stad kommer tyv\u00e4rr f\u00e5 v\u00e4nta | Moderaterna i Stockholms stad och l\u00e4n\",\"isPartOf\":{\"@id\":\"https:\/\/moderaterna.se\/stockholm\/#website\"},\"datePublished\":\"2025-06-24T12:57:38+00:00\",\"dateModified\":\"2025-06-25T08:25:55+00:00\",\"breadcrumb\":{\"@id\":\"https:\/\/moderaterna.se\/stockholm\/barnen-i-stockholms-stad-kommer-tyvarr-fa-vanta\/#breadcrumb\"},\"inLanguage\":\"sv-SE\",\"potentialAction\":[{\"@type\":\"ReadAction\",\"target\":[\"https:\/\/moderaterna.se\/stockholm\/barnen-i-stockholms-stad-kommer-tyvarr-fa-vanta\/\"]}]},{\"@type\":\"BreadcrumbList\",\"@id\":\"https:\/\/moderaterna.se\/stockholm\/barnen-i-stockholms-stad-kommer-tyvarr-fa-vanta\/#breadcrumb\",\"itemListElement\":[{\"@type\":\"ListItem\",\"position\":1,\"name\":\"Hem\",\"item\":\"https:\/\/moderaterna.se\/stockholm\/\"},{\"@type\":\"ListItem\",\"position\":2,\"name\":\"Barnen i Stockholms stad kommer tyv\u00e4rr f\u00e5 v\u00e4nta\"}]},{\"@type\":\"WebSite\",\"@id\":\"https:\/\/moderaterna.se\/stockholm\/#website\",\"url\":\"https:\/\/moderaterna.se\/stockholm\/\",\"name\":\"Moderaterna i Stockholms stad och l\u00e4n\",\"description\":\"Nu f\u00e5r vi ordning p\u00e5 Sverige\",\"publisher\":{\"@id\":\"https:\/\/moderaterna.se\/stockholm\/#organization\"},\"potentialAction\":[{\"@type\":\"SearchAction\",\"target\":{\"@type\":\"EntryPoint\",\"urlTemplate\":\"https:\/\/moderaterna.se\/stockholm\/?s={search_term_string}\"},\"query-input\":{\"@type\":\"PropertyValueSpecification\",\"valueRequired\":true,\"valueName\":\"search_term_string\"}}],\"inLanguage\":\"sv-SE\"},{\"@type\":\"Organization\",\"@id\":\"https:\/\/moderaterna.se\/stockholm\/#organization\",\"name\":\"Moderaterna\",\"url\":\"https:\/\/moderaterna.se\/stockholm\/\",\"logo\":{\"@type\":\"ImageObject\",\"inLanguage\":\"sv-SE\",\"@id\":\"https:\/\/moderaterna.se\/stockholm\/#\/schema\/logo\/image\/\",\"url\":\"https:\/\/moderaterna.se\/app\/uploads\/2021\/10\/logo-general@2x.png\",\"contentUrl\":\"https:\/\/moderaterna.se\/app\/uploads\/2021\/10\/logo-general@2x.png\",\"width\":122,\"height\":122,\"caption\":\"Moderaterna\"},\"image\":{\"@id\":\"https:\/\/moderaterna.se\/stockholm\/#\/schema\/logo\/image\/\"},\"sameAs\":[\"https:\/\/www.facebook.com\/ModeraternaSthlm\",\"https:\/\/x.com\/ModeratSthlm\",\"https:\/\/www.instagram.com\/moderatsthlm\/\",\"https:\/\/www.youtube.com\/user\/ModeraternaSthlm\"]}]}<\/script>\n<!-- \/ Yoast SEO Premium plugin. -->","yoast_head_json":{"title":"Barnen i Stockholms stad kommer tyv\u00e4rr f\u00e5 v\u00e4nta | Moderaterna i Stockholms stad och l\u00e4n","robots":{"index":"index","follow":"follow","max-snippet":"max-snippet:-1","max-image-preview":"max-image-preview:large","max-video-preview":"max-video-preview:-1"},"canonical":"https:\/\/moderaterna.se\/stockholm\/barnen-i-stockholms-stad-kommer-tyvarr-fa-vanta\/","og_locale":"sv_SE","og_type":"article","og_title":"Barnen i Stockholms stad kommer tyv\u00e4rr f\u00e5 v\u00e4nta","og_url":"https:\/\/moderaterna.se\/stockholm\/barnen-i-stockholms-stad-kommer-tyvarr-fa-vanta\/","og_site_name":"Moderaterna i Stockholms stad och l\u00e4n","article_publisher":"https:\/\/www.facebook.com\/ModeraternaSthlm","article_modified_time":"2025-06-25T08:25:55+00:00","og_image":[{"width":1024,"height":683,"url":"https:\/\/moderaterna.se\/app\/uploads\/sites\/5\/2025\/06\/MicrosoftTeams-image-1-1024x683.jpg","type":"image\/jpeg"}],"twitter_card":"summary_large_image","twitter_site":"@ModeratSthlm","twitter_misc":{"Ber\u00e4knad l\u00e4stid":"3 minuter"},"schema":{"@context":"https:\/\/schema.org","@graph":[{"@type":"WebPage","@id":"https:\/\/moderaterna.se\/stockholm\/barnen-i-stockholms-stad-kommer-tyvarr-fa-vanta\/","url":"https:\/\/moderaterna.se\/stockholm\/barnen-i-stockholms-stad-kommer-tyvarr-fa-vanta\/","name":"Barnen i Stockholms stad kommer tyv\u00e4rr f\u00e5 v\u00e4nta | Moderaterna i Stockholms stad och l\u00e4n","isPartOf":{"@id":"https:\/\/moderaterna.se\/stockholm\/#website"},"datePublished":"2025-06-24T12:57:38+00:00","dateModified":"2025-06-25T08:25:55+00:00","breadcrumb":{"@id":"https:\/\/moderaterna.se\/stockholm\/barnen-i-stockholms-stad-kommer-tyvarr-fa-vanta\/#breadcrumb"},"inLanguage":"sv-SE","potentialAction":[{"@type":"ReadAction","target":["https:\/\/moderaterna.se\/stockholm\/barnen-i-stockholms-stad-kommer-tyvarr-fa-vanta\/"]}]},{"@type":"BreadcrumbList","@id":"https:\/\/moderaterna.se\/stockholm\/barnen-i-stockholms-stad-kommer-tyvarr-fa-vanta\/#breadcrumb","itemListElement":[{"@type":"ListItem","position":1,"name":"Hem","item":"https:\/\/moderaterna.se\/stockholm\/"},{"@type":"ListItem","position":2,"name":"Barnen i Stockholms stad kommer tyv\u00e4rr f\u00e5 v\u00e4nta"}]},{"@type":"WebSite","@id":"https:\/\/moderaterna.se\/stockholm\/#website","url":"https:\/\/moderaterna.se\/stockholm\/","name":"Moderaterna i Stockholms stad och l\u00e4n","description":"Nu f\u00e5r vi ordning p\u00e5 Sverige","publisher":{"@id":"https:\/\/moderaterna.se\/stockholm\/#organization"},"potentialAction":[{"@type":"SearchAction","target":{"@type":"EntryPoint","urlTemplate":"https:\/\/moderaterna.se\/stockholm\/?s={search_term_string}"},"query-input":{"@type":"PropertyValueSpecification","valueRequired":true,"valueName":"search_term_string"}}],"inLanguage":"sv-SE"},{"@type":"Organization","@id":"https:\/\/moderaterna.se\/stockholm\/#organization","name":"Moderaterna","url":"https:\/\/moderaterna.se\/stockholm\/","logo":{"@type":"ImageObject","inLanguage":"sv-SE","@id":"https:\/\/moderaterna.se\/stockholm\/#\/schema\/logo\/image\/","url":"https:\/\/moderaterna.se\/app\/uploads\/2021\/10\/logo-general@2x.png","contentUrl":"https:\/\/moderaterna.se\/app\/uploads\/2021\/10\/logo-general@2x.png","width":122,"height":122,"caption":"Moderaterna"},"image":{"@id":"https:\/\/moderaterna.se\/stockholm\/#\/schema\/logo\/image\/"},"sameAs":["https:\/\/www.facebook.com\/ModeraternaSthlm","https:\/\/x.com\/ModeratSthlm","https:\/\/www.instagram.com\/moderatsthlm\/","https:\/\/www.youtube.com\/user\/ModeraternaSthlm"]}]}},"publishpress_future_action":{"enabled":false,"date":"2026-05-07 22:46:46","action":"change-status","newStatus":"draft","terms":[],"taxonomy":"subject"},"_links":{"self":[{"href":"https:\/\/moderaterna.se\/stockholm\/wp-json\/wp\/v2\/pages\/6703","targetHints":{"allow":["GET"]}}],"collection":[{"href":"https:\/\/moderaterna.se\/stockholm\/wp-json\/wp\/v2\/pages"}],"about":[{"href":"https:\/\/moderaterna.se\/stockholm\/wp-json\/wp\/v2\/types\/page"}],"author":[{"embeddable":true,"href":"https:\/\/moderaterna.se\/stockholm\/wp-json\/wp\/v2\/users\/55"}],"replies":[{"embeddable":true,"href":"https:\/\/moderaterna.se\/stockholm\/wp-json\/wp\/v2\/comments?post=6703"}],"version-history":[{"count":10,"href":"https:\/\/moderaterna.se\/stockholm\/wp-json\/wp\/v2\/pages\/6703\/revisions"}],"predecessor-version":[{"id":6734,"href":"https:\/\/moderaterna.se\/stockholm\/wp-json\/wp\/v2\/pages\/6703\/revisions\/6734"}],"wp:attachment":[{"href":"https:\/\/moderaterna.se\/stockholm\/wp-json\/wp\/v2\/media?parent=6703"}],"wp:term":[{"taxonomy":"subject","embeddable":true,"href":"https:\/\/moderaterna.se\/stockholm\/wp-json\/wp\/v2\/subject?post=6703"}],"curies":[{"name":"wp","href":"https:\/\/api.w.org\/{rel}","templated":true}]}}