{"id":6669,"date":"2025-06-24T14:27:55","date_gmt":"2025-06-24T12:27:55","guid":{"rendered":"https:\/\/moderaterna.se\/stockholm\/?page_id=6669"},"modified":"2025-07-01T09:51:59","modified_gmt":"2025-07-01T07:51:59","slug":"en-ny-socialtjanstlag-for-en-battre-morgondag","status":"publish","type":"page","link":"https:\/\/moderaterna.se\/stockholm\/en-ny-socialtjanstlag-for-en-battre-morgondag\/","title":{"rendered":"En ny socialtj\u00e4nstlag f\u00f6r en b\u00e4ttre morgondag\u00a0"},"content":{"rendered":"\n<p><\/p>\n\n\n\n<p>Den 1 juli 2025 tr\u00e4der den nya socialtj\u00e4nstlagen i kraft. Med socialtj\u00e4nstminister Camilla Waltersson Gr\u00f6nvall i spetsen genomf\u00f6r Moderaterna de st\u00f6rsta f\u00f6rb\u00e4ttringarna som gjorts f\u00f6r barn och unga sedan 1980-talet. Fr\u00e5n och med nu ska socialtj\u00e4nsten arbeta med f\u00f6rebyggande och tidiga insatser, f\u00f6r att n\u00e4mna en av de stora f\u00f6r\u00e4ndringarna. F\u00f6r att alla barn och unga f\u00f6rtj\u00e4nar en trygg och ljus framtid.<\/p>\n\n\n\n<p><strong>Alla barn och unga har r\u00e4tt till en trygg uppv\u00e4xt och en ljus framtid<\/strong>&nbsp;<br>Vi ser dig som oroar dig f\u00f6r ett barn \u2013 kanske ditt eget, ditt barnbarn eller n\u00e5gon i din n\u00e4rhet. Du \u00e4r inte ensam. M\u00e5nga delar den oron.&nbsp;&nbsp;<\/p>\n\n\n\n<p>Nu tar vi n\u00e4sta steg f\u00f6r att ge barn trygghet, framtidstro och f\u00f6ruts\u00e4ttningar att lyckas.&nbsp;&nbsp;<\/p>\n\n\n\n<p>Den moderatledda regeringen inf\u00f6r en ny socialtj\u00e4nstlag med tydligt f\u00f6rebyggande fokus \u2013 f\u00f6r vi kan inte l\u00e4ngre st\u00e5 passiva och se p\u00e5 n\u00e4r barn m\u00e5r d\u00e5ligt eller dras in i kriminalitet.&nbsp;<\/p>\n\n\n\n<p><strong>Fullt fokus p\u00e5 barnet \u2013 f\u00f6r\u00e4ldrar ska ta emot hj\u00e4lp<\/strong>&nbsp;<br>Socialtj\u00e4nstens hj\u00e4lp f\u00e5r inte vara valfri n\u00e4r barn far illa. Idag bygger insatserna p\u00e5 frivillighet \u2013 och n\u00e4stan h\u00e4lften av de familjer som erbjuds st\u00f6d tackar nej.&nbsp;&nbsp;<\/p>\n\n\n\n<p>D\u00e4rf\u00f6r lagstiftar vi om ett starkare f\u00f6r\u00e4ldraansvar. Precis som att det \u00e4r en plikt att se till att ens barn g\u00e5r i skolan, ska det ocks\u00e5 vara en plikt att ta emot socialtj\u00e4nstens hj\u00e4lp n\u00e4r den beh\u00f6vs.&nbsp;&nbsp;<\/p>\n\n\n\n<p><strong>Barn som m\u00e5r d\u00e5ligt ska f\u00e5 hj\u00e4lp \u2013 inte en k\u00f6lapp<\/strong>&nbsp;<br>Att f\u00f6rebygga psykisk oh\u00e4lsa \u00e4r hela samh\u00e4llets ansvar, nu genomf\u00f6r vi den f\u00f6rsta nationella strategin f\u00f6r psykisk h\u00e4lsa bland unga.&nbsp;&nbsp;<\/p>\n\n\n\n<p><strong>Vi satsar p\u00e5:&nbsp;<\/strong><\/p>\n\n\n\n<ul class=\"wp-block-list\">\n<li>Kortare k\u00f6er till barn- och ungdomspsykiatrin.&nbsp;<\/li>\n\n\n\n<li>Suicidprevention s\u00e5 att fler unga \u00e5terf\u00e5r att fler unga \u00e5terf\u00e5r livslusten.&nbsp;<\/li>\n\n\n\n<li>H\u00e4lsofr\u00e4mjande arbete redan i f\u00f6rskolan.&nbsp;<\/li>\n<\/ul>\n\n\n\n<h2 class=\"wp-block-heading\" id=\"h-starkt-samarbete-mellan-skola-socialtjanst-och-polis\">St\u00e4rkt samarbete  mellan skola, socialtj\u00e4nst och polis<\/h2>\n\n\n\n<p><strong>Nya arbetss\u00e4tt&nbsp;<\/strong>&nbsp;<br>Samh\u00e4llet kan inte l\u00e4ngre se p\u00e5 n\u00e4r barn och unga dras in i kriminalitet och utf\u00f6r grova v\u00e5ldsbrott. Vi beh\u00f6ver \u00e4ndra arbetss\u00e4tt och s\u00e4tta tidigare \u00e5tg\u00e4rder. D\u00e4rf\u00f6r rivs sekretessen s\u00e5 att skola, polis och socialtj\u00e4nst kan samarbeta f\u00f6r att skydda barnen fr\u00e5n g\u00e4ngen.&nbsp;&nbsp;<\/p>\n\n\n\n<p><strong>Nya verktyg<\/strong>&nbsp;<br>Idag utnyttjar kriminella g\u00e4ng sociala medier f\u00f6r att locka till sig unga. Nu f\u00e5r polisen nya digitala verktyg f\u00f6r att stoppa att barn lockas in i kriminalitet.&nbsp;&nbsp;<br><br><strong>Skolsociala team<\/strong>&nbsp;<br>En lyckad skolg\u00e5ng \u00e4r en av v\u00e5ra starkaste skyddsfaktorer mot utanf\u00f6rskap. Otrygga skolmilj\u00f6er och h\u00f6g skolfr\u00e5nvaro riskerar att st\u00e4nga d\u00f6rrar f\u00f6r v\u00e5ra barn och unga. D\u00e4rf\u00f6r g\u00f6r vi nu en stor satsning p\u00e5 skolsociala team.&nbsp;&nbsp;<\/p>\n\n\n\n<p><strong>Hedersv\u00e5ld h\u00f6r inte hemma i Sverige&nbsp;<\/strong><br>Alla pojkar och flickor i Sverige har r\u00e4tt till ett fritt liv fr\u00e5n hedersrelaterat v\u00e5ld och f\u00f6rtryck. Vid \u00e5rsskiftet kriminaliseras d\u00e4rf\u00f6r:&nbsp;<\/p>\n\n\n\n<ul class=\"wp-block-list\">\n<li>Oskuldskontroller.&nbsp;<\/li>\n\n\n\n<li>Oskuldsoperationer.&nbsp;&nbsp;<\/li>\n\n\n\n<li>Oskuldintyg.&nbsp;&nbsp;<\/li>\n<\/ul>\n\n\n\n<p><strong>Tryggare v\u00e5rd f\u00f6r att skydda barn fr\u00e5n g\u00e4ngen<\/strong>&nbsp;<br>Barn som placeras i familjehem, HVB eller SiS-hem har ofta en tuff start i livet. Tidigare regeringar har svikit dem. Det g\u00f6r inte vi. Den moderatledda regeringen s\u00e4tter trygghet, s\u00e4kerhet och framtidstro i fokus.&nbsp;<br><br>Vi satsar p\u00e5 fler och b\u00e4ttre familjehem, rustar upp HVB-v\u00e5rden och f\u00f6rb\u00e4ttrar SiS \u2013 med m\u00e5let att varje barn ska f\u00e5 den v\u00e5rd och det st\u00f6d de beh\u00f6ver, n\u00e4r de beh\u00f6ver det.&nbsp;&nbsp;<\/p>\n\n\n\n<div class=\"wp-block-buttons is-layout-flex wp-block-buttons-is-layout-flex\">\n<div class=\"wp-block-button\"><a class=\"wp-block-button__link wp-element-button\" href=\"https:\/\/www.youtube.com\/watch?v=bYffLL5kW_A&amp;t=47s\">Camilla som ber\u00e4ttar mer om den nya socialtj\u00e4nstlagen i STHL(M) &#8211; PODDEN<\/a><\/div>\n<\/div>\n\n\n\n<figure class=\"wp-block-image size-large\"><img loading=\"lazy\" decoding=\"async\" width=\"1024\" height=\"256\" src=\"https:\/\/moderaterna.se\/app\/uploads\/sites\/5\/2025\/06\/Omslag-podden-VN-kopia-1024x256.png\" alt=\"\" class=\"wp-image-6727\" srcset=\"https:\/\/moderaterna.se\/app\/uploads\/sites\/5\/2025\/06\/Omslag-podden-VN-kopia-1024x256.png 1024w, https:\/\/moderaterna.se\/app\/uploads\/sites\/5\/2025\/06\/Omslag-podden-VN-kopia-300x75.png 300w, https:\/\/moderaterna.se\/app\/uploads\/sites\/5\/2025\/06\/Omslag-podden-VN-kopia-768x192.png 768w, https:\/\/moderaterna.se\/app\/uploads\/sites\/5\/2025\/06\/Omslag-podden-VN-kopia-1536x383.png 1536w, https:\/\/moderaterna.se\/app\/uploads\/sites\/5\/2025\/06\/Omslag-podden-VN-kopia-2048x511.png 2048w\" sizes=\"auto, (max-width: 1024px) 100vw, 1024px\" \/><\/figure>\n\n\n\n<div class=\"wp-block-buttons is-layout-flex wp-block-buttons-is-layout-flex\">\n<div class=\"wp-block-button\"><a class=\"wp-block-button__link wp-element-button\" href=\"https:\/\/moderaterna.se\/stockholm\/barnen-i-stockholms-stad-kommer-tyvarr-fa-vanta\/\">L\u00e4s mer h\u00e4r!<\/a><\/div>\n<\/div>\n","protected":false},"excerpt":{"rendered":"<p>Den 1 juli 2025 tr\u00e4der den nya socialtj\u00e4nstlagen i kraft. Med socialtj\u00e4nstminister Camilla Waltersson Gr\u00f6nvall i spetsen genomf\u00f6r Moderaterna de st\u00f6rsta f\u00f6rb\u00e4ttringarna som gjorts f\u00f6r barn och unga sedan 1980-talet. Fr\u00e5n och med nu ska socialtj\u00e4nsten arbeta med f\u00f6rebyggande och tidiga insatser, f\u00f6r att n\u00e4mna en av de stora f\u00f6r\u00e4ndringarna. F\u00f6r att alla barn och [&hellip;]<\/p>\n","protected":false},"author":55,"featured_media":6704,"parent":0,"menu_order":0,"comment_status":"closed","ping_status":"closed","template":"","meta":{"_acf_changed":false,"_relevanssi_hide_post":"","_relevanssi_hide_content":"","_relevanssi_pin_for_all":"","_relevanssi_pin_keywords":"","_relevanssi_unpin_keywords":"","_relevanssi_related_keywords":"","_relevanssi_related_include_ids":"","_relevanssi_related_exclude_ids":"","_relevanssi_related_no_append":"","_relevanssi_related_not_related":"","_relevanssi_related_posts":"4558,5969,2078,979,5163,4334","_relevanssi_noindex_reason":"","footnotes":""},"subject":[],"class_list":["post-6669","page","type-page","status-publish","has-post-thumbnail","hentry"],"acf":[],"yoast_head":"<!-- This site is optimized with the Yoast SEO Premium plugin v27.1 (Yoast SEO v27.1.1) - https:\/\/yoast.com\/product\/yoast-seo-premium-wordpress\/ -->\n<title>En ny socialtj\u00e4nstlag f\u00f6r en b\u00e4ttre morgondag\u00a0 | Moderaterna i Stockholms stad och l\u00e4n<\/title>\n<meta name=\"description\" content=\"Nationellt genomf\u00f6r Moderaterna den st\u00f6rsta oml\u00e4ggningen av svensk socialpolitik p\u00e5 40 \u00e5r \u2013 det \u00e4r vi stolta \u00f6ver\" \/>\n<meta name=\"robots\" content=\"index, follow, max-snippet:-1, max-image-preview:large, max-video-preview:-1\" \/>\n<link rel=\"canonical\" href=\"https:\/\/moderaterna.se\/stockholm\/en-ny-socialtjanstlag-for-en-battre-morgondag\/\" \/>\n<meta property=\"og:locale\" content=\"sv_SE\" \/>\n<meta property=\"og:type\" content=\"article\" \/>\n<meta property=\"og:title\" content=\"En ny socialtj\u00e4nstlag f\u00f6r en b\u00e4ttre morgondag\u00a0\" \/>\n<meta property=\"og:description\" content=\"Nationellt genomf\u00f6r Moderaterna den st\u00f6rsta oml\u00e4ggningen av svensk socialpolitik p\u00e5 40 \u00e5r \u2013 det \u00e4r vi stolta \u00f6ver\" \/>\n<meta property=\"og:url\" content=\"https:\/\/moderaterna.se\/stockholm\/en-ny-socialtjanstlag-for-en-battre-morgondag\/\" \/>\n<meta property=\"og:site_name\" content=\"Moderaterna i Stockholms stad och l\u00e4n\" \/>\n<meta property=\"article:publisher\" content=\"https:\/\/www.facebook.com\/ModeraternaSthlm\" \/>\n<meta property=\"article:modified_time\" content=\"2025-07-01T07:51:59+00:00\" \/>\n<meta property=\"og:image\" content=\"https:\/\/moderaterna.se\/app\/uploads\/sites\/5\/2025\/06\/MicrosoftTeams-image-1-1024x683.jpg\" \/>\n\t<meta property=\"og:image:width\" content=\"1024\" \/>\n\t<meta property=\"og:image:height\" content=\"683\" \/>\n\t<meta property=\"og:image:type\" content=\"image\/jpeg\" \/>\n<meta name=\"twitter:card\" content=\"summary_large_image\" \/>\n<meta name=\"twitter:site\" content=\"@ModeratSthlm\" \/>\n<meta name=\"twitter:label1\" content=\"Ber\u00e4knad l\u00e4stid\" \/>\n\t<meta name=\"twitter:data1\" content=\"4 minuter\" \/>\n<script type=\"application\/ld+json\" class=\"yoast-schema-graph\">{\"@context\":\"https:\/\/schema.org\",\"@graph\":[{\"@type\":\"WebPage\",\"@id\":\"https:\/\/moderaterna.se\/stockholm\/en-ny-socialtjanstlag-for-en-battre-morgondag\/\",\"url\":\"https:\/\/moderaterna.se\/stockholm\/en-ny-socialtjanstlag-for-en-battre-morgondag\/\",\"name\":\"En ny socialtj\u00e4nstlag f\u00f6r en b\u00e4ttre morgondag\u00a0 | Moderaterna i Stockholms stad och l\u00e4n\",\"isPartOf\":{\"@id\":\"https:\/\/moderaterna.se\/stockholm\/#website\"},\"primaryImageOfPage\":{\"@id\":\"https:\/\/moderaterna.se\/stockholm\/en-ny-socialtjanstlag-for-en-battre-morgondag\/#primaryimage\"},\"image\":{\"@id\":\"https:\/\/moderaterna.se\/stockholm\/en-ny-socialtjanstlag-for-en-battre-morgondag\/#primaryimage\"},\"thumbnailUrl\":\"https:\/\/moderaterna.se\/app\/uploads\/sites\/5\/2025\/06\/MicrosoftTeams-image-1.jpg\",\"datePublished\":\"2025-06-24T12:27:55+00:00\",\"dateModified\":\"2025-07-01T07:51:59+00:00\",\"description\":\"Nationellt genomf\u00f6r Moderaterna den st\u00f6rsta oml\u00e4ggningen av svensk socialpolitik p\u00e5 40 \u00e5r \u2013 det \u00e4r vi stolta \u00f6ver\",\"breadcrumb\":{\"@id\":\"https:\/\/moderaterna.se\/stockholm\/en-ny-socialtjanstlag-for-en-battre-morgondag\/#breadcrumb\"},\"inLanguage\":\"sv-SE\",\"potentialAction\":[{\"@type\":\"ReadAction\",\"target\":[\"https:\/\/moderaterna.se\/stockholm\/en-ny-socialtjanstlag-for-en-battre-morgondag\/\"]}]},{\"@type\":\"ImageObject\",\"inLanguage\":\"sv-SE\",\"@id\":\"https:\/\/moderaterna.se\/stockholm\/en-ny-socialtjanstlag-for-en-battre-morgondag\/#primaryimage\",\"url\":\"https:\/\/moderaterna.se\/app\/uploads\/sites\/5\/2025\/06\/MicrosoftTeams-image-1.jpg\",\"contentUrl\":\"https:\/\/moderaterna.se\/app\/uploads\/sites\/5\/2025\/06\/MicrosoftTeams-image-1.jpg\",\"width\":2500,\"height\":1667},{\"@type\":\"BreadcrumbList\",\"@id\":\"https:\/\/moderaterna.se\/stockholm\/en-ny-socialtjanstlag-for-en-battre-morgondag\/#breadcrumb\",\"itemListElement\":[{\"@type\":\"ListItem\",\"position\":1,\"name\":\"Hem\",\"item\":\"https:\/\/moderaterna.se\/stockholm\/\"},{\"@type\":\"ListItem\",\"position\":2,\"name\":\"En ny socialtj\u00e4nstlag f\u00f6r en b\u00e4ttre morgondag\u00a0\"}]},{\"@type\":\"WebSite\",\"@id\":\"https:\/\/moderaterna.se\/stockholm\/#website\",\"url\":\"https:\/\/moderaterna.se\/stockholm\/\",\"name\":\"Moderaterna i Stockholms stad och l\u00e4n\",\"description\":\"Nu f\u00e5r vi ordning p\u00e5 Sverige\",\"publisher\":{\"@id\":\"https:\/\/moderaterna.se\/stockholm\/#organization\"},\"potentialAction\":[{\"@type\":\"SearchAction\",\"target\":{\"@type\":\"EntryPoint\",\"urlTemplate\":\"https:\/\/moderaterna.se\/stockholm\/?s={search_term_string}\"},\"query-input\":{\"@type\":\"PropertyValueSpecification\",\"valueRequired\":true,\"valueName\":\"search_term_string\"}}],\"inLanguage\":\"sv-SE\"},{\"@type\":\"Organization\",\"@id\":\"https:\/\/moderaterna.se\/stockholm\/#organization\",\"name\":\"Moderaterna\",\"url\":\"https:\/\/moderaterna.se\/stockholm\/\",\"logo\":{\"@type\":\"ImageObject\",\"inLanguage\":\"sv-SE\",\"@id\":\"https:\/\/moderaterna.se\/stockholm\/#\/schema\/logo\/image\/\",\"url\":\"https:\/\/moderaterna.se\/app\/uploads\/2021\/10\/logo-general@2x.png\",\"contentUrl\":\"https:\/\/moderaterna.se\/app\/uploads\/2021\/10\/logo-general@2x.png\",\"width\":122,\"height\":122,\"caption\":\"Moderaterna\"},\"image\":{\"@id\":\"https:\/\/moderaterna.se\/stockholm\/#\/schema\/logo\/image\/\"},\"sameAs\":[\"https:\/\/www.facebook.com\/ModeraternaSthlm\",\"https:\/\/x.com\/ModeratSthlm\",\"https:\/\/www.instagram.com\/moderatsthlm\/\",\"https:\/\/www.youtube.com\/user\/ModeraternaSthlm\"]}]}<\/script>\n<!-- \/ Yoast SEO Premium plugin. -->","yoast_head_json":{"title":"En ny socialtj\u00e4nstlag f\u00f6r en b\u00e4ttre morgondag\u00a0 | Moderaterna i Stockholms stad och l\u00e4n","description":"Nationellt genomf\u00f6r Moderaterna den st\u00f6rsta oml\u00e4ggningen av svensk socialpolitik p\u00e5 40 \u00e5r \u2013 det \u00e4r vi stolta \u00f6ver","robots":{"index":"index","follow":"follow","max-snippet":"max-snippet:-1","max-image-preview":"max-image-preview:large","max-video-preview":"max-video-preview:-1"},"canonical":"https:\/\/moderaterna.se\/stockholm\/en-ny-socialtjanstlag-for-en-battre-morgondag\/","og_locale":"sv_SE","og_type":"article","og_title":"En ny socialtj\u00e4nstlag f\u00f6r en b\u00e4ttre morgondag\u00a0","og_description":"Nationellt genomf\u00f6r Moderaterna den st\u00f6rsta oml\u00e4ggningen av svensk socialpolitik p\u00e5 40 \u00e5r \u2013 det \u00e4r vi stolta \u00f6ver","og_url":"https:\/\/moderaterna.se\/stockholm\/en-ny-socialtjanstlag-for-en-battre-morgondag\/","og_site_name":"Moderaterna i Stockholms stad och l\u00e4n","article_publisher":"https:\/\/www.facebook.com\/ModeraternaSthlm","article_modified_time":"2025-07-01T07:51:59+00:00","og_image":[{"width":1024,"height":683,"url":"https:\/\/moderaterna.se\/app\/uploads\/sites\/5\/2025\/06\/MicrosoftTeams-image-1-1024x683.jpg","type":"image\/jpeg"}],"twitter_card":"summary_large_image","twitter_site":"@ModeratSthlm","twitter_misc":{"Ber\u00e4knad l\u00e4stid":"4 minuter"},"schema":{"@context":"https:\/\/schema.org","@graph":[{"@type":"WebPage","@id":"https:\/\/moderaterna.se\/stockholm\/en-ny-socialtjanstlag-for-en-battre-morgondag\/","url":"https:\/\/moderaterna.se\/stockholm\/en-ny-socialtjanstlag-for-en-battre-morgondag\/","name":"En ny socialtj\u00e4nstlag f\u00f6r en b\u00e4ttre morgondag\u00a0 | Moderaterna i Stockholms stad och l\u00e4n","isPartOf":{"@id":"https:\/\/moderaterna.se\/stockholm\/#website"},"primaryImageOfPage":{"@id":"https:\/\/moderaterna.se\/stockholm\/en-ny-socialtjanstlag-for-en-battre-morgondag\/#primaryimage"},"image":{"@id":"https:\/\/moderaterna.se\/stockholm\/en-ny-socialtjanstlag-for-en-battre-morgondag\/#primaryimage"},"thumbnailUrl":"https:\/\/moderaterna.se\/app\/uploads\/sites\/5\/2025\/06\/MicrosoftTeams-image-1.jpg","datePublished":"2025-06-24T12:27:55+00:00","dateModified":"2025-07-01T07:51:59+00:00","description":"Nationellt genomf\u00f6r Moderaterna den st\u00f6rsta oml\u00e4ggningen av svensk socialpolitik p\u00e5 40 \u00e5r \u2013 det \u00e4r vi stolta \u00f6ver","breadcrumb":{"@id":"https:\/\/moderaterna.se\/stockholm\/en-ny-socialtjanstlag-for-en-battre-morgondag\/#breadcrumb"},"inLanguage":"sv-SE","potentialAction":[{"@type":"ReadAction","target":["https:\/\/moderaterna.se\/stockholm\/en-ny-socialtjanstlag-for-en-battre-morgondag\/"]}]},{"@type":"ImageObject","inLanguage":"sv-SE","@id":"https:\/\/moderaterna.se\/stockholm\/en-ny-socialtjanstlag-for-en-battre-morgondag\/#primaryimage","url":"https:\/\/moderaterna.se\/app\/uploads\/sites\/5\/2025\/06\/MicrosoftTeams-image-1.jpg","contentUrl":"https:\/\/moderaterna.se\/app\/uploads\/sites\/5\/2025\/06\/MicrosoftTeams-image-1.jpg","width":2500,"height":1667},{"@type":"BreadcrumbList","@id":"https:\/\/moderaterna.se\/stockholm\/en-ny-socialtjanstlag-for-en-battre-morgondag\/#breadcrumb","itemListElement":[{"@type":"ListItem","position":1,"name":"Hem","item":"https:\/\/moderaterna.se\/stockholm\/"},{"@type":"ListItem","position":2,"name":"En ny socialtj\u00e4nstlag f\u00f6r en b\u00e4ttre morgondag\u00a0"}]},{"@type":"WebSite","@id":"https:\/\/moderaterna.se\/stockholm\/#website","url":"https:\/\/moderaterna.se\/stockholm\/","name":"Moderaterna i Stockholms stad och l\u00e4n","description":"Nu f\u00e5r vi ordning p\u00e5 Sverige","publisher":{"@id":"https:\/\/moderaterna.se\/stockholm\/#organization"},"potentialAction":[{"@type":"SearchAction","target":{"@type":"EntryPoint","urlTemplate":"https:\/\/moderaterna.se\/stockholm\/?s={search_term_string}"},"query-input":{"@type":"PropertyValueSpecification","valueRequired":true,"valueName":"search_term_string"}}],"inLanguage":"sv-SE"},{"@type":"Organization","@id":"https:\/\/moderaterna.se\/stockholm\/#organization","name":"Moderaterna","url":"https:\/\/moderaterna.se\/stockholm\/","logo":{"@type":"ImageObject","inLanguage":"sv-SE","@id":"https:\/\/moderaterna.se\/stockholm\/#\/schema\/logo\/image\/","url":"https:\/\/moderaterna.se\/app\/uploads\/2021\/10\/logo-general@2x.png","contentUrl":"https:\/\/moderaterna.se\/app\/uploads\/2021\/10\/logo-general@2x.png","width":122,"height":122,"caption":"Moderaterna"},"image":{"@id":"https:\/\/moderaterna.se\/stockholm\/#\/schema\/logo\/image\/"},"sameAs":["https:\/\/www.facebook.com\/ModeraternaSthlm","https:\/\/x.com\/ModeratSthlm","https:\/\/www.instagram.com\/moderatsthlm\/","https:\/\/www.youtube.com\/user\/ModeraternaSthlm"]}]}},"publishpress_future_action":{"enabled":false,"date":"2026-05-10 14:11:27","action":"change-status","newStatus":"draft","terms":[],"taxonomy":"subject"},"_links":{"self":[{"href":"https:\/\/moderaterna.se\/stockholm\/wp-json\/wp\/v2\/pages\/6669","targetHints":{"allow":["GET"]}}],"collection":[{"href":"https:\/\/moderaterna.se\/stockholm\/wp-json\/wp\/v2\/pages"}],"about":[{"href":"https:\/\/moderaterna.se\/stockholm\/wp-json\/wp\/v2\/types\/page"}],"author":[{"embeddable":true,"href":"https:\/\/moderaterna.se\/stockholm\/wp-json\/wp\/v2\/users\/55"}],"replies":[{"embeddable":true,"href":"https:\/\/moderaterna.se\/stockholm\/wp-json\/wp\/v2\/comments?post=6669"}],"version-history":[{"count":19,"href":"https:\/\/moderaterna.se\/stockholm\/wp-json\/wp\/v2\/pages\/6669\/revisions"}],"predecessor-version":[{"id":6767,"href":"https:\/\/moderaterna.se\/stockholm\/wp-json\/wp\/v2\/pages\/6669\/revisions\/6767"}],"wp:featuredmedia":[{"embeddable":true,"href":"https:\/\/moderaterna.se\/stockholm\/wp-json\/wp\/v2\/media\/6704"}],"wp:attachment":[{"href":"https:\/\/moderaterna.se\/stockholm\/wp-json\/wp\/v2\/media?parent=6669"}],"wp:term":[{"taxonomy":"subject","embeddable":true,"href":"https:\/\/moderaterna.se\/stockholm\/wp-json\/wp\/v2\/subject?post=6669"}],"curies":[{"name":"wp","href":"https:\/\/api.w.org\/{rel}","templated":true}]}}