{"id":6482,"date":"2025-05-19T16:39:19","date_gmt":"2025-05-19T14:39:19","guid":{"rendered":"https:\/\/moderaterna.se\/stockholm\/?page_id=6482"},"modified":"2025-05-21T10:49:32","modified_gmt":"2025-05-21T08:49:32","slug":"vard-som-fungerar-genom-hela-livet","status":"publish","type":"page","link":"https:\/\/moderaterna.se\/stockholm\/vard-som-fungerar-genom-hela-livet\/","title":{"rendered":"V\u00e5rd som fungerar genom hela livet"},"content":{"rendered":"\n<p><\/p>\n\n\n\n<figure class=\"wp-block-embed is-type-video is-provider-youtube wp-block-embed-youtube wp-embed-aspect-16-9 wp-has-aspect-ratio\"><div class=\"wp-block-embed__wrapper\">\n<iframe loading=\"lazy\" title=\"V\u00e5rd som fungerar, genom hela livet - Moderaterna i Region Stockholm\" width=\"640\" height=\"360\" src=\"https:\/\/www.youtube.com\/embed\/fhGt2we8Yj8?feature=oembed\" frameborder=\"0\" allow=\"accelerometer; autoplay; clipboard-write; encrypted-media; gyroscope; picture-in-picture; web-share\" referrerpolicy=\"strict-origin-when-cross-origin\" allowfullscreen><\/iframe>\n<\/div><\/figure>\n\n\n\n<div style=\"height:10px\" aria-hidden=\"true\" class=\"wp-block-spacer\"><\/div>\n\n\n\n<p><strong>Stoppa experimentet i v\u00e5rden<\/strong><\/p>\n\n\n\n<p>Socialdemokraterna har h\u00f6jt skatten och lagt ner fungerande v\u00e5rd i hela Stockholms l\u00e4n f\u00f6r m\u00e4nniskor som beh\u00f6ver den. Politiska experiment genomf\u00f6rs med ambulanssjukv\u00e5rden, 1177, SOS Alarm och de stora akutsjukhusen. K\u00f6erna till BUP har blivit l\u00e4ngre. Unga som m\u00e5r d\u00e5ligt f\u00e5r inte hj\u00e4lp i tid.<\/p>\n\n\n\n<p>I det Socialdemokratiska experimentet \u00e4r det politisk makt och v\u00e5rdens organisation som \u00e4r viktigast. Inte att m\u00e4nniskor som beh\u00f6ver v\u00e5rd f\u00e5r hj\u00e4lp i tid.<\/p>\n\n\n\n<p>Socialdemokraterna lovade mer och b\u00e4ttre sjukv\u00e5rd till Stockholmarna. Ist\u00e4llet blev det s\u00e4mre och mindre v\u00e5rd, samtidigt som skatten har h\u00f6jts. Det \u00e4r dags att s\u00e4tta stopp f\u00f6r experimentet.<\/p>\n\n\n\n<div style=\"height:19px\" aria-hidden=\"true\" class=\"wp-block-spacer\"><\/div>\n\n\n\n<p><strong>Det finns ett alternativ<\/strong><\/p>\n\n\n\n<p>Moderaterna vill ge ny kraft \u00e5t en sjukv\u00e5rd som fungerar genom hela livet. D\u00e4r det g\u00e5r snabbt att f\u00e5 hj\u00e4lp av BUP n\u00e4r unga m\u00e5r d\u00e5ligt och d\u00e4r sv\u00e5rt sjuka \u00e4tst\u00f6rningspatienter inte beh\u00f6ver ha rika f\u00f6r\u00e4ldrar f\u00f6r att f\u00e5 den v\u00e5rd de beh\u00f6ver.<\/p>\n\n\n\n<p>V\u00e5rdplatserna m\u00e5ste bli fler och v\u00e5rdcentralerna m\u00e5ste ha \u00f6ppet n\u00e4r patienterna beh\u00f6ver det. Det m\u00e5ste bli m\u00f6jligt att se hur m\u00e5nga lediga tider som finns p\u00e5 l\u00e4nets v\u00e5rdcentraler eller hur m\u00e5nga som sitter i v\u00e4ntrummet p\u00e5 n\u00e4rakuten. V\u00e5rden m\u00e5ste vara till f\u00f6r patienterna.<\/p>\n\n\n\n<p>Det ska vara att l\u00e4tt att boka bes\u00f6k i v\u00e5rden. Lika sj\u00e4lvklart ska det vara att sj\u00e4lv kunna v\u00e4lja sin l\u00e4kare snarare \u00e4n att st\u00e5 listad i k\u00f6 p\u00e5 en v\u00e5rdcentral d\u00e4r l\u00e4karna snabbt byts ut.<\/p>\n\n\n\n<p>Vi har m\u00e4ngder av f\u00f6rslag f\u00f6r en sjukv\u00e5rd som fungerar b\u00e4ttre. Klicka mer p\u00e5 v\u00e5ra sjukv\u00e5rdsf\u00f6rslag f\u00f6r att l\u00e4sa mer.<\/p>\n\n\n\n<div style=\"height:19px\" aria-hidden=\"true\" class=\"wp-block-spacer\"><\/div>\n\n\n\n<p><strong><a href=\"https:\/\/moderaterna.se\/stockholm\/alla-ska-ha-ratt-att-valja-sin-lakare\/\">Alla ska f\u00e5 v\u00e4lja sin personliga l\u00e4kare<\/a><\/strong><br><br><strong><a href=\"https:\/\/moderaterna.se\/stockholm\/unga-som-mar-daligt-ska-fa-hjalp-i-tid\/\">Unga som m\u00e5r d\u00e5ligt ska f\u00e5 hj\u00e4lp i tid<\/a><\/strong><br><br><strong><a href=\"https:\/\/moderaterna.se\/stockholm\/sjukast-forst\/\">Sjukast f\u00f6rst<\/a><\/strong><br><a href=\"https:\/\/moderaterna.se\/stockholm\/det-ska-vara-latt-att-boka-besok\/\"><br><strong>Det ska vara l\u00e4tt att boka bes\u00f6k<\/strong><\/a><\/p>\n\n\n\n<div style=\"height:29px\" aria-hidden=\"true\" class=\"wp-block-spacer\"><\/div>\n\n\n\n<div class=\"wp-block-buttons is-layout-flex wp-block-buttons-is-layout-flex\">\n<div class=\"wp-block-button\"><a class=\"wp-block-button__link wp-element-button\" href=\"https:\/\/moderaterna.se\/stockholm\/kontakta-oss\/regionkansliet\/\">Regionkansliets kontaktuppgifter<\/a><\/div>\n<\/div>\n\n\n\n<div style=\"height:19px\" aria-hidden=\"true\" class=\"wp-block-spacer\"><\/div>\n","protected":false},"excerpt":{"rendered":"<p>Stoppa experimentet i v\u00e5rden Socialdemokraterna har h\u00f6jt skatten och lagt ner fungerande v\u00e5rd i hela Stockholms l\u00e4n f\u00f6r m\u00e4nniskor som beh\u00f6ver den. Politiska experiment genomf\u00f6rs med ambulanssjukv\u00e5rden, 1177, SOS Alarm och de stora akutsjukhusen. K\u00f6erna till BUP har blivit l\u00e4ngre. Unga som m\u00e5r d\u00e5ligt f\u00e5r inte hj\u00e4lp i tid. I det Socialdemokratiska experimentet \u00e4r det [&hellip;]<\/p>\n","protected":false},"author":55,"featured_media":0,"parent":0,"menu_order":0,"comment_status":"closed","ping_status":"closed","template":"","meta":{"_acf_changed":false,"_relevanssi_hide_post":"","_relevanssi_hide_content":"","_relevanssi_pin_for_all":"","_relevanssi_pin_keywords":"","_relevanssi_unpin_keywords":"","_relevanssi_related_keywords":"","_relevanssi_related_include_ids":"","_relevanssi_related_exclude_ids":"","_relevanssi_related_no_append":"","_relevanssi_related_not_related":"","_relevanssi_related_posts":"1906,6143,4597,5716,6213,4983","_relevanssi_noindex_reason":"","footnotes":""},"subject":[],"class_list":["post-6482","page","type-page","status-publish","hentry"],"acf":[],"yoast_head":"<!-- This site is optimized with the Yoast SEO Premium plugin v27.1 (Yoast SEO v27.1.1) - https:\/\/yoast.com\/product\/yoast-seo-premium-wordpress\/ -->\n<title>V\u00e5rd som fungerar genom hela livet | Moderaterna i Stockholms stad och l\u00e4n<\/title>\n<meta name=\"description\" content=\"L\u00e4s mer om v\u00e5ra id\u00e9er f\u00f6r sjukv\u00e5rden\" \/>\n<meta name=\"robots\" content=\"index, follow, max-snippet:-1, max-image-preview:large, max-video-preview:-1\" \/>\n<link rel=\"canonical\" href=\"https:\/\/moderaterna.se\/stockholm\/vard-som-fungerar-genom-hela-livet\/\" \/>\n<meta property=\"og:locale\" content=\"sv_SE\" \/>\n<meta property=\"og:type\" content=\"article\" \/>\n<meta property=\"og:title\" content=\"V\u00e5rd som fungerar genom hela livet\" \/>\n<meta property=\"og:description\" content=\"L\u00e4s mer om v\u00e5ra id\u00e9er f\u00f6r sjukv\u00e5rden\" \/>\n<meta property=\"og:url\" content=\"https:\/\/moderaterna.se\/stockholm\/vard-som-fungerar-genom-hela-livet\/\" \/>\n<meta property=\"og:site_name\" content=\"Moderaterna i Stockholms stad och l\u00e4n\" \/>\n<meta property=\"article:publisher\" content=\"https:\/\/www.facebook.com\/ModeraternaSthlm\" \/>\n<meta property=\"article:modified_time\" content=\"2025-05-21T08:49:32+00:00\" \/>\n<meta property=\"og:image\" content=\"https:\/\/moderaterna.se\/app\/uploads\/sites\/5\/2022\/01\/DELNINGSBILD_hemsida_fo\u0308rstasida.png\" \/>\n\t<meta property=\"og:image:width\" content=\"1200\" \/>\n\t<meta property=\"og:image:height\" content=\"628\" \/>\n\t<meta property=\"og:image:type\" content=\"image\/png\" \/>\n<meta name=\"twitter:card\" content=\"summary_large_image\" \/>\n<meta name=\"twitter:site\" content=\"@ModeratSthlm\" \/>\n<meta name=\"twitter:label1\" content=\"Ber\u00e4knad l\u00e4stid\" \/>\n\t<meta name=\"twitter:data1\" content=\"2 minuter\" \/>\n<script type=\"application\/ld+json\" class=\"yoast-schema-graph\">{\"@context\":\"https:\/\/schema.org\",\"@graph\":[{\"@type\":\"WebPage\",\"@id\":\"https:\/\/moderaterna.se\/stockholm\/vard-som-fungerar-genom-hela-livet\/\",\"url\":\"https:\/\/moderaterna.se\/stockholm\/vard-som-fungerar-genom-hela-livet\/\",\"name\":\"V\u00e5rd som fungerar genom hela livet | Moderaterna i Stockholms stad och l\u00e4n\",\"isPartOf\":{\"@id\":\"https:\/\/moderaterna.se\/stockholm\/#website\"},\"datePublished\":\"2025-05-19T14:39:19+00:00\",\"dateModified\":\"2025-05-21T08:49:32+00:00\",\"description\":\"L\u00e4s mer om v\u00e5ra id\u00e9er f\u00f6r sjukv\u00e5rden\",\"breadcrumb\":{\"@id\":\"https:\/\/moderaterna.se\/stockholm\/vard-som-fungerar-genom-hela-livet\/#breadcrumb\"},\"inLanguage\":\"sv-SE\",\"potentialAction\":[{\"@type\":\"ReadAction\",\"target\":[\"https:\/\/moderaterna.se\/stockholm\/vard-som-fungerar-genom-hela-livet\/\"]}]},{\"@type\":\"BreadcrumbList\",\"@id\":\"https:\/\/moderaterna.se\/stockholm\/vard-som-fungerar-genom-hela-livet\/#breadcrumb\",\"itemListElement\":[{\"@type\":\"ListItem\",\"position\":1,\"name\":\"Hem\",\"item\":\"https:\/\/moderaterna.se\/stockholm\/\"},{\"@type\":\"ListItem\",\"position\":2,\"name\":\"V\u00e5rd som fungerar genom hela livet\"}]},{\"@type\":\"WebSite\",\"@id\":\"https:\/\/moderaterna.se\/stockholm\/#website\",\"url\":\"https:\/\/moderaterna.se\/stockholm\/\",\"name\":\"Moderaterna i Stockholms stad och l\u00e4n\",\"description\":\"Nu f\u00e5r vi ordning p\u00e5 Sverige\",\"publisher\":{\"@id\":\"https:\/\/moderaterna.se\/stockholm\/#organization\"},\"potentialAction\":[{\"@type\":\"SearchAction\",\"target\":{\"@type\":\"EntryPoint\",\"urlTemplate\":\"https:\/\/moderaterna.se\/stockholm\/?s={search_term_string}\"},\"query-input\":{\"@type\":\"PropertyValueSpecification\",\"valueRequired\":true,\"valueName\":\"search_term_string\"}}],\"inLanguage\":\"sv-SE\"},{\"@type\":\"Organization\",\"@id\":\"https:\/\/moderaterna.se\/stockholm\/#organization\",\"name\":\"Moderaterna\",\"url\":\"https:\/\/moderaterna.se\/stockholm\/\",\"logo\":{\"@type\":\"ImageObject\",\"inLanguage\":\"sv-SE\",\"@id\":\"https:\/\/moderaterna.se\/stockholm\/#\/schema\/logo\/image\/\",\"url\":\"https:\/\/moderaterna.se\/app\/uploads\/2021\/10\/logo-general@2x.png\",\"contentUrl\":\"https:\/\/moderaterna.se\/app\/uploads\/2021\/10\/logo-general@2x.png\",\"width\":122,\"height\":122,\"caption\":\"Moderaterna\"},\"image\":{\"@id\":\"https:\/\/moderaterna.se\/stockholm\/#\/schema\/logo\/image\/\"},\"sameAs\":[\"https:\/\/www.facebook.com\/ModeraternaSthlm\",\"https:\/\/x.com\/ModeratSthlm\",\"https:\/\/www.instagram.com\/moderatsthlm\/\",\"https:\/\/www.youtube.com\/user\/ModeraternaSthlm\"]}]}<\/script>\n<!-- \/ Yoast SEO Premium plugin. -->","yoast_head_json":{"title":"V\u00e5rd som fungerar genom hela livet | Moderaterna i Stockholms stad och l\u00e4n","description":"L\u00e4s mer om v\u00e5ra id\u00e9er f\u00f6r sjukv\u00e5rden","robots":{"index":"index","follow":"follow","max-snippet":"max-snippet:-1","max-image-preview":"max-image-preview:large","max-video-preview":"max-video-preview:-1"},"canonical":"https:\/\/moderaterna.se\/stockholm\/vard-som-fungerar-genom-hela-livet\/","og_locale":"sv_SE","og_type":"article","og_title":"V\u00e5rd som fungerar genom hela livet","og_description":"L\u00e4s mer om v\u00e5ra id\u00e9er f\u00f6r sjukv\u00e5rden","og_url":"https:\/\/moderaterna.se\/stockholm\/vard-som-fungerar-genom-hela-livet\/","og_site_name":"Moderaterna i Stockholms stad och l\u00e4n","article_publisher":"https:\/\/www.facebook.com\/ModeraternaSthlm","article_modified_time":"2025-05-21T08:49:32+00:00","og_image":[{"width":1200,"height":628,"url":"https:\/\/moderaterna.se\/app\/uploads\/sites\/5\/2022\/01\/DELNINGSBILD_hemsida_fo\u0308rstasida.png","type":"image\/png"}],"twitter_card":"summary_large_image","twitter_site":"@ModeratSthlm","twitter_misc":{"Ber\u00e4knad l\u00e4stid":"2 minuter"},"schema":{"@context":"https:\/\/schema.org","@graph":[{"@type":"WebPage","@id":"https:\/\/moderaterna.se\/stockholm\/vard-som-fungerar-genom-hela-livet\/","url":"https:\/\/moderaterna.se\/stockholm\/vard-som-fungerar-genom-hela-livet\/","name":"V\u00e5rd som fungerar genom hela livet | Moderaterna i Stockholms stad och l\u00e4n","isPartOf":{"@id":"https:\/\/moderaterna.se\/stockholm\/#website"},"datePublished":"2025-05-19T14:39:19+00:00","dateModified":"2025-05-21T08:49:32+00:00","description":"L\u00e4s mer om v\u00e5ra id\u00e9er f\u00f6r sjukv\u00e5rden","breadcrumb":{"@id":"https:\/\/moderaterna.se\/stockholm\/vard-som-fungerar-genom-hela-livet\/#breadcrumb"},"inLanguage":"sv-SE","potentialAction":[{"@type":"ReadAction","target":["https:\/\/moderaterna.se\/stockholm\/vard-som-fungerar-genom-hela-livet\/"]}]},{"@type":"BreadcrumbList","@id":"https:\/\/moderaterna.se\/stockholm\/vard-som-fungerar-genom-hela-livet\/#breadcrumb","itemListElement":[{"@type":"ListItem","position":1,"name":"Hem","item":"https:\/\/moderaterna.se\/stockholm\/"},{"@type":"ListItem","position":2,"name":"V\u00e5rd som fungerar genom hela livet"}]},{"@type":"WebSite","@id":"https:\/\/moderaterna.se\/stockholm\/#website","url":"https:\/\/moderaterna.se\/stockholm\/","name":"Moderaterna i Stockholms stad och l\u00e4n","description":"Nu f\u00e5r vi ordning p\u00e5 Sverige","publisher":{"@id":"https:\/\/moderaterna.se\/stockholm\/#organization"},"potentialAction":[{"@type":"SearchAction","target":{"@type":"EntryPoint","urlTemplate":"https:\/\/moderaterna.se\/stockholm\/?s={search_term_string}"},"query-input":{"@type":"PropertyValueSpecification","valueRequired":true,"valueName":"search_term_string"}}],"inLanguage":"sv-SE"},{"@type":"Organization","@id":"https:\/\/moderaterna.se\/stockholm\/#organization","name":"Moderaterna","url":"https:\/\/moderaterna.se\/stockholm\/","logo":{"@type":"ImageObject","inLanguage":"sv-SE","@id":"https:\/\/moderaterna.se\/stockholm\/#\/schema\/logo\/image\/","url":"https:\/\/moderaterna.se\/app\/uploads\/2021\/10\/logo-general@2x.png","contentUrl":"https:\/\/moderaterna.se\/app\/uploads\/2021\/10\/logo-general@2x.png","width":122,"height":122,"caption":"Moderaterna"},"image":{"@id":"https:\/\/moderaterna.se\/stockholm\/#\/schema\/logo\/image\/"},"sameAs":["https:\/\/www.facebook.com\/ModeraternaSthlm","https:\/\/x.com\/ModeratSthlm","https:\/\/www.instagram.com\/moderatsthlm\/","https:\/\/www.youtube.com\/user\/ModeraternaSthlm"]}]}},"publishpress_future_action":{"enabled":false,"date":"2026-05-09 11:10:29","action":"change-status","newStatus":"draft","terms":[],"taxonomy":"subject"},"_links":{"self":[{"href":"https:\/\/moderaterna.se\/stockholm\/wp-json\/wp\/v2\/pages\/6482","targetHints":{"allow":["GET"]}}],"collection":[{"href":"https:\/\/moderaterna.se\/stockholm\/wp-json\/wp\/v2\/pages"}],"about":[{"href":"https:\/\/moderaterna.se\/stockholm\/wp-json\/wp\/v2\/types\/page"}],"author":[{"embeddable":true,"href":"https:\/\/moderaterna.se\/stockholm\/wp-json\/wp\/v2\/users\/55"}],"replies":[{"embeddable":true,"href":"https:\/\/moderaterna.se\/stockholm\/wp-json\/wp\/v2\/comments?post=6482"}],"version-history":[{"count":8,"href":"https:\/\/moderaterna.se\/stockholm\/wp-json\/wp\/v2\/pages\/6482\/revisions"}],"predecessor-version":[{"id":6502,"href":"https:\/\/moderaterna.se\/stockholm\/wp-json\/wp\/v2\/pages\/6482\/revisions\/6502"}],"wp:attachment":[{"href":"https:\/\/moderaterna.se\/stockholm\/wp-json\/wp\/v2\/media?parent=6482"}],"wp:term":[{"taxonomy":"subject","embeddable":true,"href":"https:\/\/moderaterna.se\/stockholm\/wp-json\/wp\/v2\/subject?post=6482"}],"curies":[{"name":"wp","href":"https:\/\/api.w.org\/{rel}","templated":true}]}}