{"id":630,"date":"2021-12-08T09:50:43","date_gmt":"2021-12-08T08:50:43","guid":{"rendered":"https:\/\/moderaterna.se\/stockholm\/?page_id=630"},"modified":"2026-04-23T16:37:57","modified_gmt":"2026-04-23T14:37:57","slug":"forbundskansliet","status":"publish","type":"page","link":"https:\/\/moderaterna.se\/stockholm\/forbundskansliet\/","title":{"rendered":"F\u00f6rbundskansliet"},"content":{"rendered":"\n<p><strong>Lars-Peter Sw\u00e4rdh<\/strong><br>Chefombudsman<br>Chefombudsmannen leder f\u00f6rbundskansliet<br>E-post:&nbsp;<a href=\"mailto:lars-peter.swardh@moderaterna.se\">lars-peter.swardh@moderaterna.se<\/a><br>Telefon: 070-872 92 75<\/p>\n\n\n\n<p><strong>Marcus Andersson<\/strong>  &nbsp;<br>F\u00e4ltkampanjledare<br>E-post: <a href=\"mailto:marcus.andersson@moderaterna.se\">marcus.andersson@moderaterna.se<\/a><br>Telefon: 070-773 10 91 <\/p>\n\n\n\n<h2 class=\"wp-block-heading\" id=\"h-organisation-och-falt\">Organisation och f\u00e4lt<\/h2>\n\n\n\n<p><strong>Fredrik Wallner <\/strong><br>Organisationschef<br>E-post:&nbsp;<a href=\"mailto:fredrik.wallner@moderaterna.se\">fredrik.wallner@moderaterna.se<\/a><br>Telefon:&nbsp;070-337 88 85<\/p>\n\n\n\n<p><strong>Robin Irberger<\/strong><br>Senior projektledare organisation och analys<br>E-post:&nbsp;<a href=\"mailto:robin.irberger@moderaterna.se\">robin.irberger@moderaterna.se<\/a><br>Telefon: 076-886 40 17<\/p>\n\n\n\n<p><strong>Alexandra Lindahl<\/strong><br>Projektledare<br>E-post: <a href=\"mailto:alexandra.lindahl@moderaterna.se\">alexandra.lindahl@moderaterna.se<\/a><br>Telefon: 072-156 84 22<br><br><strong>Michael Wigg<\/strong><br>Projektledare<br>Ansvarig f\u00f6r utbildning och medlemsrekrytering<br>E-post: <a href=\"mailto:mikael.wigg@moderaterna.se\">michael.wigg@moderaterna.se<\/a><br>076-023 93 33<br><br><strong>Erik Glimvik<\/strong><br>Projektledare<br>Ansvarig f\u00f6r f\u00f6rbundets utbildningar och konferenser<br>E-post: <a href=\"mailto:erik.glimvik@moderaterna.se\">erik.glimvik@moderaterna.se<\/a><br>Telefon: 076-556 86 15<\/p>\n\n\n\n<p><strong>Veronica Nordstr\u00f6m<\/strong><br>Ansvarig f\u00f6r f\u00f6reningsst\u00f6d och r\u00e5dgivning, internkommunikation och webb&nbsp;samt Moderaternas n\u00e4tverk<br>E-post:&nbsp;<a href=\"mailto:veronica.nordstrom@moderaterna.se\">veronica.nordstrom@moderaterna.se<\/a><br>Telefon: 070-840 78 90<br><br><strong>\u00c5sa Edholm<\/strong><br>Redovisningsekonom<br>Ansvarig f\u00f6r l\u00f6pande ekonomisk redovisning<br>E-post:&nbsp;<a href=\"mailto:asa.edholm@moderaterna.se\">asa.edholm@moderaterna.se<\/a><br>Telefon:&nbsp;072-164 96 98<\/p>\n\n\n\n<p><strong>John Rundkvist<\/strong><br>Organisationssekreterare<br>E-post: <a href=\"mailto:john.rundkvist@moderaterna.se\">john.rundkvist@moderaterna.se<\/a><br>Telefon: 070-530 85 08<\/p>\n\n\n\n<h2 class=\"wp-block-heading\">Kommunikation och kampanj<\/h2>\n\n\n\n<p><strong>Erik \u00d6stman <\/strong><br>Kommunikationschef<br>E-post:&nbsp;<a href=\"mailto:erik.ostman@moderaterna.se\">erik.ostman@moderaterna.se<\/a><br>Telefon:&nbsp;072-157 52 67<\/p>\n\n\n\n<p><strong>Josefin Allo<\/strong><br>Projektledare digitala kanaler <br>E-post:&nbsp;<a href=\"mailto:Josefin.Allo@moderaterna.se\">josefin.allo@moderaterna.se<\/a><br>Telefon: 070-818 65 51<\/p>\n\n\n\n<p><strong>Alexander Wallstr\u00f6m<\/strong><br>Projektledare kommunikation och grafisk formgivning<br>E-post: <a href=\"mailto:alexander.wallstrom@moderaterna.se\">alexander.wallstrom@moderaterna.se<\/a><br>Tel: 070-817 11 64<\/p>\n\n\n\n<p><strong>Madeleine Larsson<\/strong><br>PR- och mediaansvarig<br>E-post: <a href=\"mailto:madeleine.larsson@moderaterna.se\">madeleine.larsson@moderaterna.se<\/a><br>Tel: 072-965 68 71<\/p>\n\n\n\n<p><strong>Erik Hasselholm<\/strong><br>Valsamordnare<br>E- post: <a href=\"mailto:erik.hasselholm@moderaterna.se\">erik.hasselholm@moderaterna.se<\/a><br>Telefon: 070-872 15 05<br><br><strong>Anna Roos<\/strong><br>Projektledare Samtalskampanjen Stockholm,<br>E- post: <a href=\"mailto:anna.roos@moderaterna.se\" target=\"_blank\" rel=\"noreferrer noopener\">anna.roos@moderaterna.se<\/a><br>Telefon: 072-157 24 13<\/p>\n\n\n\n<h2 class=\"wp-block-heading\" id=\"h-moderata-ungdomsforbundet-i-stockholm\">Moderata Ungdomsf\u00f6rbundet i Stockholm<\/h2>\n\n\n\n<p><strong>Edvin Andersson<\/strong><br>Ombudsman<br>Telefon: 070-147 90 25<br>E-post: <a href=\"mailto:edvin.andersson@moderaterna.se\">edvin.andersson@moderaterna.se<\/a><\/p>\n\n\n\n<p><strong>Einar Kempe<\/strong><br>Val- och kampanjkoordinator f\u00f6r MUF Stockholm<strong><br><\/strong>Telefon: 073-255 51 23<br>E-post: <a href=\"mailto:Einar.kempe@moderaterna.se\">Einar.kempe@moderaterna.se<\/a><\/p>\n\n\n\n<p><br><\/p>\n\n\n\n<p><br><br><\/p>\n","protected":false},"excerpt":{"rendered":"<p>Lars-Peter Sw\u00e4rdhChefombudsmanChefombudsmannen leder f\u00f6rbundskanslietE-post:&nbsp;lars-peter.swardh@moderaterna.seTelefon: 070-872 92 75 Marcus Andersson &nbsp;F\u00e4ltkampanjledareE-post: marcus.andersson@moderaterna.seTelefon: 070-773 10 91 Organisation och f\u00e4lt Fredrik Wallner OrganisationschefE-post:&nbsp;fredrik.wallner@moderaterna.seTelefon:&nbsp;070-337 88 85 Robin IrbergerSenior projektledare organisation och analysE-post:&nbsp;robin.irberger@moderaterna.seTelefon: 076-886 40 17 Alexandra LindahlProjektledareE-post: alexandra.lindahl@moderaterna.seTelefon: 072-156 84 22 Michael WiggProjektledareAnsvarig f\u00f6r utbildning och medlemsrekryteringE-post: michael.wigg@moderaterna.se076-023 93 33 Erik GlimvikProjektledareAnsvarig f\u00f6r f\u00f6rbundets utbildningar och konferenserE-post: erik.glimvik@moderaterna.seTelefon: 076-556 [&hellip;]<\/p>\n","protected":false},"author":9,"featured_media":0,"parent":0,"menu_order":0,"comment_status":"closed","ping_status":"closed","template":"","meta":{"_acf_changed":false,"_relevanssi_hide_post":"","_relevanssi_hide_content":"","_relevanssi_pin_for_all":"","_relevanssi_pin_keywords":"","_relevanssi_unpin_keywords":"","_relevanssi_related_keywords":"","_relevanssi_related_include_ids":"","_relevanssi_related_exclude_ids":"","_relevanssi_related_no_append":"","_relevanssi_related_not_related":"","_relevanssi_related_posts":"526","_relevanssi_noindex_reason":"","footnotes":""},"subject":[],"class_list":["post-630","page","type-page","status-publish","hentry"],"acf":[],"yoast_head":"<!-- This site is optimized with the Yoast SEO Premium plugin v27.1 (Yoast SEO v27.1.1) - https:\/\/yoast.com\/product\/yoast-seo-premium-wordpress\/ -->\n<title>F\u00f6rbundskansliet | Moderaterna i Stockholms stad och l\u00e4n<\/title>\n<meta name=\"robots\" content=\"index, follow, max-snippet:-1, max-image-preview:large, max-video-preview:-1\" \/>\n<link rel=\"canonical\" href=\"https:\/\/moderaterna.se\/stockholm\/forbundskansliet\/\" \/>\n<meta property=\"og:locale\" content=\"sv_SE\" \/>\n<meta property=\"og:type\" content=\"article\" \/>\n<meta property=\"og:title\" content=\"F\u00f6rbundskansliet\" \/>\n<meta property=\"og:url\" content=\"https:\/\/moderaterna.se\/stockholm\/forbundskansliet\/\" \/>\n<meta property=\"og:site_name\" content=\"Moderaterna i Stockholms stad och l\u00e4n\" \/>\n<meta property=\"article:publisher\" content=\"https:\/\/www.facebook.com\/ModeraternaSthlm\" \/>\n<meta property=\"article:modified_time\" content=\"2026-04-23T14:37:57+00:00\" \/>\n<meta property=\"og:image\" content=\"https:\/\/moderaterna.se\/app\/uploads\/sites\/5\/2022\/01\/DELNINGSBILD_hemsida_fo\u0308rstasida.png\" \/>\n\t<meta property=\"og:image:width\" content=\"1200\" \/>\n\t<meta property=\"og:image:height\" content=\"628\" \/>\n\t<meta property=\"og:image:type\" content=\"image\/png\" \/>\n<meta name=\"twitter:card\" content=\"summary_large_image\" \/>\n<meta name=\"twitter:site\" content=\"@ModeratSthlm\" \/>\n<meta name=\"twitter:label1\" content=\"Ber\u00e4knad l\u00e4stid\" \/>\n\t<meta name=\"twitter:data1\" content=\"2 minuter\" \/>\n<script type=\"application\/ld+json\" class=\"yoast-schema-graph\">{\"@context\":\"https:\/\/schema.org\",\"@graph\":[{\"@type\":\"WebPage\",\"@id\":\"https:\/\/moderaterna.se\/stockholm\/forbundskansliet\/\",\"url\":\"https:\/\/moderaterna.se\/stockholm\/forbundskansliet\/\",\"name\":\"F\u00f6rbundskansliet | Moderaterna i Stockholms stad och l\u00e4n\",\"isPartOf\":{\"@id\":\"https:\/\/moderaterna.se\/stockholm\/#website\"},\"datePublished\":\"2021-12-08T08:50:43+00:00\",\"dateModified\":\"2026-04-23T14:37:57+00:00\",\"breadcrumb\":{\"@id\":\"https:\/\/moderaterna.se\/stockholm\/forbundskansliet\/#breadcrumb\"},\"inLanguage\":\"sv-SE\",\"potentialAction\":[{\"@type\":\"ReadAction\",\"target\":[\"https:\/\/moderaterna.se\/stockholm\/forbundskansliet\/\"]}]},{\"@type\":\"BreadcrumbList\",\"@id\":\"https:\/\/moderaterna.se\/stockholm\/forbundskansliet\/#breadcrumb\",\"itemListElement\":[{\"@type\":\"ListItem\",\"position\":1,\"name\":\"Hem\",\"item\":\"https:\/\/moderaterna.se\/stockholm\/\"},{\"@type\":\"ListItem\",\"position\":2,\"name\":\"F\u00f6rbundskansliet\"}]},{\"@type\":\"WebSite\",\"@id\":\"https:\/\/moderaterna.se\/stockholm\/#website\",\"url\":\"https:\/\/moderaterna.se\/stockholm\/\",\"name\":\"Moderaterna i Stockholms stad och l\u00e4n\",\"description\":\"Nu f\u00e5r vi ordning p\u00e5 Sverige\",\"publisher\":{\"@id\":\"https:\/\/moderaterna.se\/stockholm\/#organization\"},\"potentialAction\":[{\"@type\":\"SearchAction\",\"target\":{\"@type\":\"EntryPoint\",\"urlTemplate\":\"https:\/\/moderaterna.se\/stockholm\/?s={search_term_string}\"},\"query-input\":{\"@type\":\"PropertyValueSpecification\",\"valueRequired\":true,\"valueName\":\"search_term_string\"}}],\"inLanguage\":\"sv-SE\"},{\"@type\":\"Organization\",\"@id\":\"https:\/\/moderaterna.se\/stockholm\/#organization\",\"name\":\"Moderaterna\",\"url\":\"https:\/\/moderaterna.se\/stockholm\/\",\"logo\":{\"@type\":\"ImageObject\",\"inLanguage\":\"sv-SE\",\"@id\":\"https:\/\/moderaterna.se\/stockholm\/#\/schema\/logo\/image\/\",\"url\":\"https:\/\/moderaterna.se\/app\/uploads\/2021\/10\/logo-general@2x.png\",\"contentUrl\":\"https:\/\/moderaterna.se\/app\/uploads\/2021\/10\/logo-general@2x.png\",\"width\":122,\"height\":122,\"caption\":\"Moderaterna\"},\"image\":{\"@id\":\"https:\/\/moderaterna.se\/stockholm\/#\/schema\/logo\/image\/\"},\"sameAs\":[\"https:\/\/www.facebook.com\/ModeraternaSthlm\",\"https:\/\/x.com\/ModeratSthlm\",\"https:\/\/www.instagram.com\/moderatsthlm\/\",\"https:\/\/www.youtube.com\/user\/ModeraternaSthlm\"]}]}<\/script>\n<!-- \/ Yoast SEO Premium plugin. -->","yoast_head_json":{"title":"F\u00f6rbundskansliet | Moderaterna i Stockholms stad och l\u00e4n","robots":{"index":"index","follow":"follow","max-snippet":"max-snippet:-1","max-image-preview":"max-image-preview:large","max-video-preview":"max-video-preview:-1"},"canonical":"https:\/\/moderaterna.se\/stockholm\/forbundskansliet\/","og_locale":"sv_SE","og_type":"article","og_title":"F\u00f6rbundskansliet","og_url":"https:\/\/moderaterna.se\/stockholm\/forbundskansliet\/","og_site_name":"Moderaterna i Stockholms stad och l\u00e4n","article_publisher":"https:\/\/www.facebook.com\/ModeraternaSthlm","article_modified_time":"2026-04-23T14:37:57+00:00","og_image":[{"width":1200,"height":628,"url":"https:\/\/moderaterna.se\/app\/uploads\/sites\/5\/2022\/01\/DELNINGSBILD_hemsida_fo\u0308rstasida.png","type":"image\/png"}],"twitter_card":"summary_large_image","twitter_site":"@ModeratSthlm","twitter_misc":{"Ber\u00e4knad l\u00e4stid":"2 minuter"},"schema":{"@context":"https:\/\/schema.org","@graph":[{"@type":"WebPage","@id":"https:\/\/moderaterna.se\/stockholm\/forbundskansliet\/","url":"https:\/\/moderaterna.se\/stockholm\/forbundskansliet\/","name":"F\u00f6rbundskansliet | Moderaterna i Stockholms stad och l\u00e4n","isPartOf":{"@id":"https:\/\/moderaterna.se\/stockholm\/#website"},"datePublished":"2021-12-08T08:50:43+00:00","dateModified":"2026-04-23T14:37:57+00:00","breadcrumb":{"@id":"https:\/\/moderaterna.se\/stockholm\/forbundskansliet\/#breadcrumb"},"inLanguage":"sv-SE","potentialAction":[{"@type":"ReadAction","target":["https:\/\/moderaterna.se\/stockholm\/forbundskansliet\/"]}]},{"@type":"BreadcrumbList","@id":"https:\/\/moderaterna.se\/stockholm\/forbundskansliet\/#breadcrumb","itemListElement":[{"@type":"ListItem","position":1,"name":"Hem","item":"https:\/\/moderaterna.se\/stockholm\/"},{"@type":"ListItem","position":2,"name":"F\u00f6rbundskansliet"}]},{"@type":"WebSite","@id":"https:\/\/moderaterna.se\/stockholm\/#website","url":"https:\/\/moderaterna.se\/stockholm\/","name":"Moderaterna i Stockholms stad och l\u00e4n","description":"Nu f\u00e5r vi ordning p\u00e5 Sverige","publisher":{"@id":"https:\/\/moderaterna.se\/stockholm\/#organization"},"potentialAction":[{"@type":"SearchAction","target":{"@type":"EntryPoint","urlTemplate":"https:\/\/moderaterna.se\/stockholm\/?s={search_term_string}"},"query-input":{"@type":"PropertyValueSpecification","valueRequired":true,"valueName":"search_term_string"}}],"inLanguage":"sv-SE"},{"@type":"Organization","@id":"https:\/\/moderaterna.se\/stockholm\/#organization","name":"Moderaterna","url":"https:\/\/moderaterna.se\/stockholm\/","logo":{"@type":"ImageObject","inLanguage":"sv-SE","@id":"https:\/\/moderaterna.se\/stockholm\/#\/schema\/logo\/image\/","url":"https:\/\/moderaterna.se\/app\/uploads\/2021\/10\/logo-general@2x.png","contentUrl":"https:\/\/moderaterna.se\/app\/uploads\/2021\/10\/logo-general@2x.png","width":122,"height":122,"caption":"Moderaterna"},"image":{"@id":"https:\/\/moderaterna.se\/stockholm\/#\/schema\/logo\/image\/"},"sameAs":["https:\/\/www.facebook.com\/ModeraternaSthlm","https:\/\/x.com\/ModeratSthlm","https:\/\/www.instagram.com\/moderatsthlm\/","https:\/\/www.youtube.com\/user\/ModeraternaSthlm"]}]}},"publishpress_future_action":{"enabled":false,"date":"2026-05-08 04:28:49","action":"change-status","newStatus":"draft","terms":[],"taxonomy":"subject"},"_links":{"self":[{"href":"https:\/\/moderaterna.se\/stockholm\/wp-json\/wp\/v2\/pages\/630","targetHints":{"allow":["GET"]}}],"collection":[{"href":"https:\/\/moderaterna.se\/stockholm\/wp-json\/wp\/v2\/pages"}],"about":[{"href":"https:\/\/moderaterna.se\/stockholm\/wp-json\/wp\/v2\/types\/page"}],"author":[{"embeddable":true,"href":"https:\/\/moderaterna.se\/stockholm\/wp-json\/wp\/v2\/users\/9"}],"replies":[{"embeddable":true,"href":"https:\/\/moderaterna.se\/stockholm\/wp-json\/wp\/v2\/comments?post=630"}],"version-history":[{"count":97,"href":"https:\/\/moderaterna.se\/stockholm\/wp-json\/wp\/v2\/pages\/630\/revisions"}],"predecessor-version":[{"id":7971,"href":"https:\/\/moderaterna.se\/stockholm\/wp-json\/wp\/v2\/pages\/630\/revisions\/7971"}],"wp:attachment":[{"href":"https:\/\/moderaterna.se\/stockholm\/wp-json\/wp\/v2\/media?parent=630"}],"wp:term":[{"taxonomy":"subject","embeddable":true,"href":"https:\/\/moderaterna.se\/stockholm\/wp-json\/wp\/v2\/subject?post=630"}],"curies":[{"name":"wp","href":"https:\/\/api.w.org\/{rel}","templated":true}]}}