{"id":3300,"date":"2023-12-20T11:50:35","date_gmt":"2023-12-20T10:50:35","guid":{"rendered":"https:\/\/moderaterna.se\/stockholm\/?page_id=3300"},"modified":"2023-12-20T11:50:35","modified_gmt":"2023-12-20T10:50:35","slug":"socialdemokraterna-forsamrar-kollektivtrafiken-men-hojer-bade-skatten-och-sl-kortet-2","status":"publish","type":"page","link":"https:\/\/moderaterna.se\/stockholm\/socialdemokraterna-forsamrar-kollektivtrafiken-men-hojer-bade-skatten-och-sl-kortet-2\/","title":{"rendered":"Socialdemokraterna f\u00f6rs\u00e4mrar kollektivtrafiken \u2013 men h\u00f6jer b\u00e5de skatten och SL-kortet"},"content":{"rendered":"\n<p>Trots att den socialdemokratiskt ledda v\u00e4nsterkoallitionen i Region Stockholm h\u00f6jer skatten <br>v\u00e4ljer de att l\u00e4gga ned 18 busslinjer fr\u00e5n den 11 december 2023.<\/p>\n\n\n\n<p>Detta f\u00e5r f\u00f6r\u00f6dande konsekvenser f\u00f6r tusentals m\u00e4nniskor i Stockholms l\u00e4n som nu f\u00e5r l\u00e4ngre resv\u00e4gar, <br>beh\u00f6ver byta till bil eller till och med beh\u00f6ver byta jobb f\u00f6r att f\u00e5 vardagen att g\u00e5 ihop.<\/p>\n\n\n\n<p>F\u00f6rutom nedlagd kollektivtrafik h\u00f6js ocks\u00e5 b\u00e5de SL-kortet och skatten, <br>s\u00e5 resultatet \u00e4r kraftigt f\u00f6rs\u00e4mrad eller helt nedlagd kollektivtrafik till ett h\u00f6gre pris.<br><\/p>\n\n\n\n<p><strong>Busslinjer som l\u00e4ggs ner from 11 december \u00e4r:<\/strong><\/p>\n\n\n\n<p><strong>151<\/strong>   Norsborg \u2013 Fridhemsplan<\/p>\n\n\n\n<p><strong>153<\/strong>   Fridhemsplan \u2013 Bred\u00e4ng<\/p>\n\n\n\n<p><strong>168<\/strong>   \u00d6stbergah\u00f6jden &#8211; Gullmarsplan<\/p>\n\n\n\n<p><strong>221<\/strong>   Ropsten \u2013 H\u00f6gs\u00e4tra<\/p>\n\n\n\n<p><strong>452<\/strong>   N\u00e4md\u00f6stigen \u2013 Nacka gymnasium<\/p>\n\n\n\n<p><strong>453<\/strong>   Sandholmsv\u00e4gen \u2013 Nacka gymnasium<\/p>\n\n\n\n<p><strong>454<\/strong>   Boov\u00e4gen \u2013 Nacka gymnasium<\/p>\n\n\n\n<p><strong>484<\/strong>   Sickla Udde \u2013 M\u00f6lnvik<\/p>\n\n\n\n<p><strong>554<\/strong>   R\u00e5by \u2013 Kista centrum<\/p>\n\n\n\n<p><strong>145 <\/strong>  \u00c4lvsj\u00f6 station \u2013 Liljeholmen<\/p>\n\n\n\n<p><strong>561<\/strong>   Karolinska sjukhuset Norra \u2013 Jakobsbergs Station<\/p>\n\n\n\n<p><strong>618<\/strong>   N\u00e4sbypark \u2013 Danderyds sjukhus<\/p>\n\n\n\n<p><strong>743<\/strong>   Sk\u00e4cklinge \u2013 Fridhemsplan<\/p>\n\n\n\n<p><strong>745<\/strong>  Uttran \u2013 Fridhemsplan<\/p>\n\n\n\n<p><strong>602x <\/strong> S\u00e4tra \u00e4ng \u2013 Danderyds gymnasium<\/p>\n\n\n\n<p><strong>722<\/strong>  Tullinge Station \u2013 Almv\u00e4gen<\/p>\n\n\n\n<p><strong>350<\/strong>  Fittja \u2013 Eker\u00f6 Centrum<\/p>\n\n\n\n<p><strong>403<\/strong>  \u00d6sterv\u00e4gen \u2013 Slussen<\/p>\n\n\n\n<p>Skatteh\u00f6jningarna i Region Stockholm och i Stockholms stad inneb\u00e4r dessutom en extra kostnad p\u00e5 14&nbsp;000 kr per \u00e5r f\u00f6r en genomsnittlig barnfamilj i Stockholm.<\/p>\n\n\n\n<p>Vall\u00f6ften om l\u00e4gre SL-taxa och ut\u00f6kad kollektivtrafik blev nedlagda bussar och f\u00f6rs\u00e4mrad turt\u00e4thet till ett h\u00f6gre pris.<\/p>\n\n\n\n<div class=\"wp-block-group\"><div class=\"wp-block-group__inner-container is-layout-constrained wp-block-group-is-layout-constrained\">\n<div id=\"custom-email-form-block_acf_block_6582c6fb0ec9a\" class=\"custom-email-form custom-block custom-block__full theme__background--dark-blue\">\n    <div class=\"custom-email-form__content theme__color--blue\">\n                    <h2 class=\"custom-email-form__heading theme__color--blue\">S\u00e4ger du ocks\u00e5 nej till v\u00e4nsterstyrets nedl\u00e4ggning av bussarna? Skriv under h\u00e4r?   <\/h2>\n                            <div class=\"custom-email-form__premable theme__color--blue\"><p>Vill du vara med och g\u00f6ra Stockholm och Sverige b\u00e4ttre?<\/p>\n<\/div>\n                        [sibwp_form id=1]    <\/div>\n<\/div><\/div><\/div>\n","protected":false},"excerpt":{"rendered":"<p>Trots att den socialdemokratiskt ledda v\u00e4nsterkoallitionen i Region Stockholm h\u00f6jer skatten v\u00e4ljer de att l\u00e4gga ned 18 busslinjer fr\u00e5n den 11 december 2023. Detta f\u00e5r f\u00f6r\u00f6dande konsekvenser f\u00f6r tusentals m\u00e4nniskor i Stockholms l\u00e4n som nu f\u00e5r l\u00e4ngre resv\u00e4gar, beh\u00f6ver byta till bil eller till och med beh\u00f6ver byta jobb f\u00f6r att f\u00e5 vardagen att g\u00e5 [&hellip;]<\/p>\n","protected":false},"author":55,"featured_media":3154,"parent":0,"menu_order":0,"comment_status":"closed","ping_status":"closed","template":"","meta":{"_acf_changed":false,"_relevanssi_hide_post":"","_relevanssi_hide_content":"","_relevanssi_pin_for_all":"","_relevanssi_pin_keywords":"","_relevanssi_unpin_keywords":"","_relevanssi_related_keywords":"","_relevanssi_related_include_ids":"","_relevanssi_related_exclude_ids":"","_relevanssi_related_no_append":"","_relevanssi_related_not_related":"","_relevanssi_related_posts":"2219,1007,973,2109,985,2003","_relevanssi_noindex_reason":"","footnotes":""},"subject":[],"class_list":["post-3300","page","type-page","status-publish","has-post-thumbnail","hentry"],"acf":[],"yoast_head":"<!-- This site is optimized with the Yoast SEO Premium plugin v27.1 (Yoast SEO v27.1.1) - https:\/\/yoast.com\/product\/yoast-seo-premium-wordpress\/ -->\n<title>Socialdemokraterna f\u00f6rs\u00e4mrar kollektivtrafiken \u2013 men h\u00f6jer b\u00e5de skatten och SL-kortet | Moderaterna i Stockholms stad och l\u00e4n<\/title>\n<meta name=\"description\" content=\"Trots att den socialdemokratiskt ledda v\u00e4nsterkoallitionen i Region Stockholm h\u00f6jer skatten v\u00e4ljer de att l\u00e4gga ned 18 busslinjer\" \/>\n<meta name=\"robots\" content=\"index, follow, max-snippet:-1, max-image-preview:large, max-video-preview:-1\" \/>\n<link rel=\"canonical\" href=\"https:\/\/moderaterna.se\/stockholm\/socialdemokraterna-forsamrar-kollektivtrafiken-men-hojer-bade-skatten-och-sl-kortet-2\/\" \/>\n<meta property=\"og:locale\" content=\"sv_SE\" \/>\n<meta property=\"og:type\" content=\"article\" \/>\n<meta property=\"og:title\" content=\"Socialdemokraterna f\u00f6rs\u00e4mrar kollektivtrafiken \u2013 men h\u00f6jer b\u00e5de skatten och SL-kortet\" \/>\n<meta property=\"og:description\" content=\"Trots att den socialdemokratiskt ledda v\u00e4nsterkoallitionen i Region Stockholm h\u00f6jer skatten v\u00e4ljer de att l\u00e4gga ned 18 busslinjer\" \/>\n<meta property=\"og:url\" content=\"https:\/\/moderaterna.se\/stockholm\/socialdemokraterna-forsamrar-kollektivtrafiken-men-hojer-bade-skatten-och-sl-kortet-2\/\" \/>\n<meta property=\"og:site_name\" content=\"Moderaterna i Stockholms stad och l\u00e4n\" \/>\n<meta property=\"article:publisher\" content=\"https:\/\/www.facebook.com\/ModeraternaSthlm\" \/>\n<meta property=\"og:image\" content=\"https:\/\/moderaterna.se\/app\/uploads\/sites\/5\/2023\/11\/shutterstock_445167901-1-scaled.jpg\" \/>\n\t<meta property=\"og:image:width\" content=\"2560\" \/>\n\t<meta property=\"og:image:height\" content=\"1707\" \/>\n\t<meta property=\"og:image:type\" content=\"image\/jpeg\" \/>\n<meta name=\"twitter:card\" content=\"summary_large_image\" \/>\n<meta name=\"twitter:site\" content=\"@ModeratSthlm\" \/>\n<meta name=\"twitter:label1\" content=\"Ber\u00e4knad l\u00e4stid\" \/>\n\t<meta name=\"twitter:data1\" content=\"1 minut\" \/>\n<script type=\"application\/ld+json\" class=\"yoast-schema-graph\">{\"@context\":\"https:\/\/schema.org\",\"@graph\":[{\"@type\":\"WebPage\",\"@id\":\"https:\/\/moderaterna.se\/stockholm\/socialdemokraterna-forsamrar-kollektivtrafiken-men-hojer-bade-skatten-och-sl-kortet-2\/\",\"url\":\"https:\/\/moderaterna.se\/stockholm\/socialdemokraterna-forsamrar-kollektivtrafiken-men-hojer-bade-skatten-och-sl-kortet-2\/\",\"name\":\"Socialdemokraterna f\u00f6rs\u00e4mrar kollektivtrafiken \u2013 men h\u00f6jer b\u00e5de skatten och SL-kortet | Moderaterna i Stockholms stad och l\u00e4n\",\"isPartOf\":{\"@id\":\"https:\/\/moderaterna.se\/stockholm\/#website\"},\"primaryImageOfPage\":{\"@id\":\"https:\/\/moderaterna.se\/stockholm\/socialdemokraterna-forsamrar-kollektivtrafiken-men-hojer-bade-skatten-och-sl-kortet-2\/#primaryimage\"},\"image\":{\"@id\":\"https:\/\/moderaterna.se\/stockholm\/socialdemokraterna-forsamrar-kollektivtrafiken-men-hojer-bade-skatten-och-sl-kortet-2\/#primaryimage\"},\"thumbnailUrl\":\"https:\/\/moderaterna.se\/app\/uploads\/sites\/5\/2023\/11\/shutterstock_445167901-1-scaled.jpg\",\"datePublished\":\"2023-12-20T10:50:35+00:00\",\"description\":\"Trots att den socialdemokratiskt ledda v\u00e4nsterkoallitionen i Region Stockholm h\u00f6jer skatten v\u00e4ljer de att l\u00e4gga ned 18 busslinjer\",\"breadcrumb\":{\"@id\":\"https:\/\/moderaterna.se\/stockholm\/socialdemokraterna-forsamrar-kollektivtrafiken-men-hojer-bade-skatten-och-sl-kortet-2\/#breadcrumb\"},\"inLanguage\":\"sv-SE\",\"potentialAction\":[{\"@type\":\"ReadAction\",\"target\":[\"https:\/\/moderaterna.se\/stockholm\/socialdemokraterna-forsamrar-kollektivtrafiken-men-hojer-bade-skatten-och-sl-kortet-2\/\"]}]},{\"@type\":\"ImageObject\",\"inLanguage\":\"sv-SE\",\"@id\":\"https:\/\/moderaterna.se\/stockholm\/socialdemokraterna-forsamrar-kollektivtrafiken-men-hojer-bade-skatten-och-sl-kortet-2\/#primaryimage\",\"url\":\"https:\/\/moderaterna.se\/app\/uploads\/sites\/5\/2023\/11\/shutterstock_445167901-1-scaled.jpg\",\"contentUrl\":\"https:\/\/moderaterna.se\/app\/uploads\/sites\/5\/2023\/11\/shutterstock_445167901-1-scaled.jpg\",\"width\":2560,\"height\":1707},{\"@type\":\"BreadcrumbList\",\"@id\":\"https:\/\/moderaterna.se\/stockholm\/socialdemokraterna-forsamrar-kollektivtrafiken-men-hojer-bade-skatten-och-sl-kortet-2\/#breadcrumb\",\"itemListElement\":[{\"@type\":\"ListItem\",\"position\":1,\"name\":\"Hem\",\"item\":\"https:\/\/moderaterna.se\/stockholm\/\"},{\"@type\":\"ListItem\",\"position\":2,\"name\":\"Socialdemokraterna f\u00f6rs\u00e4mrar kollektivtrafiken \u2013 men h\u00f6jer b\u00e5de skatten och SL-kortet\"}]},{\"@type\":\"WebSite\",\"@id\":\"https:\/\/moderaterna.se\/stockholm\/#website\",\"url\":\"https:\/\/moderaterna.se\/stockholm\/\",\"name\":\"Moderaterna i Stockholms stad och l\u00e4n\",\"description\":\"Nu f\u00e5r vi ordning p\u00e5 Sverige\",\"publisher\":{\"@id\":\"https:\/\/moderaterna.se\/stockholm\/#organization\"},\"potentialAction\":[{\"@type\":\"SearchAction\",\"target\":{\"@type\":\"EntryPoint\",\"urlTemplate\":\"https:\/\/moderaterna.se\/stockholm\/?s={search_term_string}\"},\"query-input\":{\"@type\":\"PropertyValueSpecification\",\"valueRequired\":true,\"valueName\":\"search_term_string\"}}],\"inLanguage\":\"sv-SE\"},{\"@type\":\"Organization\",\"@id\":\"https:\/\/moderaterna.se\/stockholm\/#organization\",\"name\":\"Moderaterna\",\"url\":\"https:\/\/moderaterna.se\/stockholm\/\",\"logo\":{\"@type\":\"ImageObject\",\"inLanguage\":\"sv-SE\",\"@id\":\"https:\/\/moderaterna.se\/stockholm\/#\/schema\/logo\/image\/\",\"url\":\"https:\/\/moderaterna.se\/app\/uploads\/2021\/10\/logo-general@2x.png\",\"contentUrl\":\"https:\/\/moderaterna.se\/app\/uploads\/2021\/10\/logo-general@2x.png\",\"width\":122,\"height\":122,\"caption\":\"Moderaterna\"},\"image\":{\"@id\":\"https:\/\/moderaterna.se\/stockholm\/#\/schema\/logo\/image\/\"},\"sameAs\":[\"https:\/\/www.facebook.com\/ModeraternaSthlm\",\"https:\/\/x.com\/ModeratSthlm\",\"https:\/\/www.instagram.com\/moderatsthlm\/\",\"https:\/\/www.youtube.com\/user\/ModeraternaSthlm\"]}]}<\/script>\n<!-- \/ Yoast SEO Premium plugin. -->","yoast_head_json":{"title":"Socialdemokraterna f\u00f6rs\u00e4mrar kollektivtrafiken \u2013 men h\u00f6jer b\u00e5de skatten och SL-kortet | Moderaterna i Stockholms stad och l\u00e4n","description":"Trots att den socialdemokratiskt ledda v\u00e4nsterkoallitionen i Region Stockholm h\u00f6jer skatten v\u00e4ljer de att l\u00e4gga ned 18 busslinjer","robots":{"index":"index","follow":"follow","max-snippet":"max-snippet:-1","max-image-preview":"max-image-preview:large","max-video-preview":"max-video-preview:-1"},"canonical":"https:\/\/moderaterna.se\/stockholm\/socialdemokraterna-forsamrar-kollektivtrafiken-men-hojer-bade-skatten-och-sl-kortet-2\/","og_locale":"sv_SE","og_type":"article","og_title":"Socialdemokraterna f\u00f6rs\u00e4mrar kollektivtrafiken \u2013 men h\u00f6jer b\u00e5de skatten och SL-kortet","og_description":"Trots att den socialdemokratiskt ledda v\u00e4nsterkoallitionen i Region Stockholm h\u00f6jer skatten v\u00e4ljer de att l\u00e4gga ned 18 busslinjer","og_url":"https:\/\/moderaterna.se\/stockholm\/socialdemokraterna-forsamrar-kollektivtrafiken-men-hojer-bade-skatten-och-sl-kortet-2\/","og_site_name":"Moderaterna i Stockholms stad och l\u00e4n","article_publisher":"https:\/\/www.facebook.com\/ModeraternaSthlm","og_image":[{"width":2560,"height":1707,"url":"https:\/\/moderaterna.se\/app\/uploads\/sites\/5\/2023\/11\/shutterstock_445167901-1-scaled.jpg","type":"image\/jpeg"}],"twitter_card":"summary_large_image","twitter_site":"@ModeratSthlm","twitter_misc":{"Ber\u00e4knad l\u00e4stid":"1 minut"},"schema":{"@context":"https:\/\/schema.org","@graph":[{"@type":"WebPage","@id":"https:\/\/moderaterna.se\/stockholm\/socialdemokraterna-forsamrar-kollektivtrafiken-men-hojer-bade-skatten-och-sl-kortet-2\/","url":"https:\/\/moderaterna.se\/stockholm\/socialdemokraterna-forsamrar-kollektivtrafiken-men-hojer-bade-skatten-och-sl-kortet-2\/","name":"Socialdemokraterna f\u00f6rs\u00e4mrar kollektivtrafiken \u2013 men h\u00f6jer b\u00e5de skatten och SL-kortet | Moderaterna i Stockholms stad och l\u00e4n","isPartOf":{"@id":"https:\/\/moderaterna.se\/stockholm\/#website"},"primaryImageOfPage":{"@id":"https:\/\/moderaterna.se\/stockholm\/socialdemokraterna-forsamrar-kollektivtrafiken-men-hojer-bade-skatten-och-sl-kortet-2\/#primaryimage"},"image":{"@id":"https:\/\/moderaterna.se\/stockholm\/socialdemokraterna-forsamrar-kollektivtrafiken-men-hojer-bade-skatten-och-sl-kortet-2\/#primaryimage"},"thumbnailUrl":"https:\/\/moderaterna.se\/app\/uploads\/sites\/5\/2023\/11\/shutterstock_445167901-1-scaled.jpg","datePublished":"2023-12-20T10:50:35+00:00","description":"Trots att den socialdemokratiskt ledda v\u00e4nsterkoallitionen i Region Stockholm h\u00f6jer skatten v\u00e4ljer de att l\u00e4gga ned 18 busslinjer","breadcrumb":{"@id":"https:\/\/moderaterna.se\/stockholm\/socialdemokraterna-forsamrar-kollektivtrafiken-men-hojer-bade-skatten-och-sl-kortet-2\/#breadcrumb"},"inLanguage":"sv-SE","potentialAction":[{"@type":"ReadAction","target":["https:\/\/moderaterna.se\/stockholm\/socialdemokraterna-forsamrar-kollektivtrafiken-men-hojer-bade-skatten-och-sl-kortet-2\/"]}]},{"@type":"ImageObject","inLanguage":"sv-SE","@id":"https:\/\/moderaterna.se\/stockholm\/socialdemokraterna-forsamrar-kollektivtrafiken-men-hojer-bade-skatten-och-sl-kortet-2\/#primaryimage","url":"https:\/\/moderaterna.se\/app\/uploads\/sites\/5\/2023\/11\/shutterstock_445167901-1-scaled.jpg","contentUrl":"https:\/\/moderaterna.se\/app\/uploads\/sites\/5\/2023\/11\/shutterstock_445167901-1-scaled.jpg","width":2560,"height":1707},{"@type":"BreadcrumbList","@id":"https:\/\/moderaterna.se\/stockholm\/socialdemokraterna-forsamrar-kollektivtrafiken-men-hojer-bade-skatten-och-sl-kortet-2\/#breadcrumb","itemListElement":[{"@type":"ListItem","position":1,"name":"Hem","item":"https:\/\/moderaterna.se\/stockholm\/"},{"@type":"ListItem","position":2,"name":"Socialdemokraterna f\u00f6rs\u00e4mrar kollektivtrafiken \u2013 men h\u00f6jer b\u00e5de skatten och SL-kortet"}]},{"@type":"WebSite","@id":"https:\/\/moderaterna.se\/stockholm\/#website","url":"https:\/\/moderaterna.se\/stockholm\/","name":"Moderaterna i Stockholms stad och l\u00e4n","description":"Nu f\u00e5r vi ordning p\u00e5 Sverige","publisher":{"@id":"https:\/\/moderaterna.se\/stockholm\/#organization"},"potentialAction":[{"@type":"SearchAction","target":{"@type":"EntryPoint","urlTemplate":"https:\/\/moderaterna.se\/stockholm\/?s={search_term_string}"},"query-input":{"@type":"PropertyValueSpecification","valueRequired":true,"valueName":"search_term_string"}}],"inLanguage":"sv-SE"},{"@type":"Organization","@id":"https:\/\/moderaterna.se\/stockholm\/#organization","name":"Moderaterna","url":"https:\/\/moderaterna.se\/stockholm\/","logo":{"@type":"ImageObject","inLanguage":"sv-SE","@id":"https:\/\/moderaterna.se\/stockholm\/#\/schema\/logo\/image\/","url":"https:\/\/moderaterna.se\/app\/uploads\/2021\/10\/logo-general@2x.png","contentUrl":"https:\/\/moderaterna.se\/app\/uploads\/2021\/10\/logo-general@2x.png","width":122,"height":122,"caption":"Moderaterna"},"image":{"@id":"https:\/\/moderaterna.se\/stockholm\/#\/schema\/logo\/image\/"},"sameAs":["https:\/\/www.facebook.com\/ModeraternaSthlm","https:\/\/x.com\/ModeratSthlm","https:\/\/www.instagram.com\/moderatsthlm\/","https:\/\/www.youtube.com\/user\/ModeraternaSthlm"]}]}},"publishpress_future_action":{"enabled":false,"date":"2026-05-08 04:28:49","action":"change-status","newStatus":"draft","terms":[],"taxonomy":"subject"},"_links":{"self":[{"href":"https:\/\/moderaterna.se\/stockholm\/wp-json\/wp\/v2\/pages\/3300","targetHints":{"allow":["GET"]}}],"collection":[{"href":"https:\/\/moderaterna.se\/stockholm\/wp-json\/wp\/v2\/pages"}],"about":[{"href":"https:\/\/moderaterna.se\/stockholm\/wp-json\/wp\/v2\/types\/page"}],"author":[{"embeddable":true,"href":"https:\/\/moderaterna.se\/stockholm\/wp-json\/wp\/v2\/users\/55"}],"replies":[{"embeddable":true,"href":"https:\/\/moderaterna.se\/stockholm\/wp-json\/wp\/v2\/comments?post=3300"}],"version-history":[{"count":1,"href":"https:\/\/moderaterna.se\/stockholm\/wp-json\/wp\/v2\/pages\/3300\/revisions"}],"predecessor-version":[{"id":3301,"href":"https:\/\/moderaterna.se\/stockholm\/wp-json\/wp\/v2\/pages\/3300\/revisions\/3301"}],"wp:featuredmedia":[{"embeddable":true,"href":"https:\/\/moderaterna.se\/stockholm\/wp-json\/wp\/v2\/media\/3154"}],"wp:attachment":[{"href":"https:\/\/moderaterna.se\/stockholm\/wp-json\/wp\/v2\/media?parent=3300"}],"wp:term":[{"taxonomy":"subject","embeddable":true,"href":"https:\/\/moderaterna.se\/stockholm\/wp-json\/wp\/v2\/subject?post=3300"}],"curies":[{"name":"wp","href":"https:\/\/api.w.org\/{rel}","templated":true}]}}