{"id":31,"date":"2021-10-13T13:02:34","date_gmt":"2021-10-13T11:02:34","guid":{"rendered":"https:\/\/moderaterna.se\/?page_id=31"},"modified":"2022-01-08T20:42:38","modified_gmt":"2022-01-08T19:42:38","slug":"om-moderaterna","status":"publish","type":"page","link":"https:\/\/moderaterna.se\/stockholm\/om-moderaterna\/","title":{"rendered":"Om Moderaterna"},"content":{"rendered":"\n<p>Det svenska samh\u00e4llskontraktet bygger p\u00e5 att alla som bor h\u00e4r f\u00f6rv\u00e4ntas bidra till det gemensamma. I geng\u00e4ld ska staten uppr\u00e4tth\u00e5lla trygghet och s\u00e4kerst\u00e4lla att v\u00e4lf\u00e4rden aldrig sviker.<\/p>\n\n\n\n<p>Men samh\u00e4llskontraktet knakar i fogarna. G\u00e4ngkriminalitet och skjutningar har blivit vardag. V\u00e5rdk\u00f6erna v\u00e4xer. Det finns skolor i Sverige d\u00e4r knappt h\u00e4lften av eleverna g\u00e5r ut \u00e5rskurs 9 med godk\u00e4nda betyg. M\u00e4nniskor som har jobbat hela livet f\u00e5r inte ekonomin att g\u00e5 ihop p\u00e5 \u00e5lderns h\u00f6st. Den h\u00e4r utvecklingen kan inte till\u00e5tas forts\u00e4tta.<\/p>\n\n\n\n<p>Moderaterna \u00e4r den politiska kraft som har viljan och f\u00f6rm\u00e5gan att l\u00f6sa samh\u00e4llsproblemen. Vi prioriterar att satsa p\u00e5 polisen, f\u00f6rsvaret, r\u00e4ttsv\u00e4sendet och v\u00e4lf\u00e4rden, men vi s\u00e4ger nej till fri\u00e5r, familjeveckor och dyra h\u00f6ghastighetst\u00e5g. Vi prioriterar det viktigaste, det \u00e4r att ta ansvar f\u00f6r Sverige.<\/p>\n\n\n\n<p>Ett \u00e5teruppr\u00e4ttat samh\u00e4llskontrakt f\u00f6ruts\u00e4tter dock att fler \u00e4r med och bidrar till det gemensamma genom arbete och anstr\u00e4ngning. D\u00e5 m\u00e5ste arbetslinjen uppr\u00e4ttas \u2013 det m\u00e5ste l\u00f6na sig b\u00e4ttre att st\u00e4lla klockan och g\u00e5 till jobbet \u00e4n att leva p\u00e5 bidrag.<\/p>\n\n\n\n<p>Men Sverige m\u00e5ste ocks\u00e5 vara m\u00f6jligheternas land. D\u00e4r det \u00e4r din anstr\u00e4ngning som avg\u00f6r hur l\u00e5ngt du kan g\u00e5 \u2013 inte varifr\u00e5n du kommer eller vilka f\u00f6r\u00e4ldrar du har. Sverige ska vara ett land d\u00e4r klassresor \u00e4r m\u00f6jliga &#8211; barn ska aldrig \u00e4rva sina f\u00f6r\u00e4ldrars problem.<\/p>\n\n\n\n<h2 class=\"wp-block-heading\">Vill du veta mer?<\/h2>\n\n\n\n<p>P\u00e5 sidan <a href=\"https:\/\/moderaterna.se\/var-politik\/\">V\u00e5r politik<\/a> kan du f\u00f6rdjupa dig inom det politiska omr\u00e5de som intresserar dig. Nedan hittar du ocks\u00e5 v\u00e5rt handlingsprogram och id\u00e9program.<\/p>\n\n\n\n<div class=\"wp-block-columns is-layout-flex wp-container-core-columns-is-layout-9d6595d7 wp-block-columns-is-layout-flex\">\n<div class=\"wp-block-column is-layout-flow wp-block-column-is-layout-flow\">\n<figure class=\"wp-block-image size-large\"><img loading=\"lazy\" decoding=\"async\" width=\"1024\" height=\"683\" src=\"http:\/\/moderaterna.se\/app\/uploads\/2021\/11\/placeholder-1920x1280-1-1024x683.jpg\" alt=\"\" class=\"wp-image-164\" srcset=\"https:\/\/moderaterna.se\/app\/uploads\/sites\/5\/2021\/11\/placeholder-1920x1280-1-1024x683.jpg 1024w, https:\/\/moderaterna.se\/app\/uploads\/sites\/5\/2021\/11\/placeholder-1920x1280-1-300x200.jpg 300w, https:\/\/moderaterna.se\/app\/uploads\/sites\/5\/2021\/11\/placeholder-1920x1280-1-768x512.jpg 768w, https:\/\/moderaterna.se\/app\/uploads\/sites\/5\/2021\/11\/placeholder-1920x1280-1-1536x1024.jpg 1536w, https:\/\/moderaterna.se\/app\/uploads\/sites\/5\/2021\/11\/placeholder-1920x1280-1.jpg 1920w\" sizes=\"auto, (max-width: 1024px) 100vw, 1024px\" \/><\/figure>\n<\/div>\n\n\n\n<div class=\"wp-block-column is-vertically-aligned-center is-layout-flow wp-block-column-is-layout-flow\">\n<h3 class=\"wp-block-heading\"><strong>Id\u00e9program<\/strong><\/h3>\n\n\n\n<p>Ansvar f\u00f6r hela sverige<\/p>\n\n\n\n<div class=\"wp-block-buttons is-layout-flex wp-block-buttons-is-layout-flex\">\n<div class=\"wp-block-button\"><a class=\"wp-block-button__link\" href=\"http:\/\/moderaterna.se\/app\/uploads\/2021\/11\/ideprogram_-_ansvar_for_hela_sverige_2013_1.pdf\" target=\"_blank\" rel=\"noreferrer noopener\">H\u00e4mta id\u00e9program<\/a><\/div>\n<\/div>\n<\/div>\n<\/div>\n\n\n\n<div class=\"wp-block-columns is-layout-flex wp-container-core-columns-is-layout-9d6595d7 wp-block-columns-is-layout-flex\">\n<div class=\"wp-block-column is-vertically-aligned-center is-layout-flow wp-block-column-is-layout-flow\">\n<h3 class=\"wp-block-heading\"><strong>Handlingsprogram<\/strong><\/h3>\n\n\n\n<p>Ett modernt arbetarparti f\u00f6r hela sverige<\/p>\n\n\n\n<div class=\"wp-block-buttons is-layout-flex wp-block-buttons-is-layout-flex\">\n<div class=\"wp-block-button\"><a class=\"wp-block-button__link\" href=\"http:\/\/moderaterna.se\/app\/uploads\/2021\/11\/handlingsprogram_-_ett_modernt_arbetarparti_for_hela_sverige_2013_2.pdf\" target=\"_blank\" rel=\"noreferrer noopener\">H\u00e4mta handlingsprogram<\/a><\/div>\n<\/div>\n<\/div>\n\n\n\n<div class=\"wp-block-column is-layout-flow wp-block-column-is-layout-flow\">\n<figure class=\"wp-block-image size-large\"><img loading=\"lazy\" decoding=\"async\" width=\"1024\" height=\"683\" src=\"http:\/\/moderaterna.se\/app\/uploads\/2021\/11\/placeholder-1920x1280-1-1024x683.jpg\" alt=\"\" class=\"wp-image-164\" srcset=\"https:\/\/moderaterna.se\/app\/uploads\/sites\/5\/2021\/11\/placeholder-1920x1280-1-1024x683.jpg 1024w, https:\/\/moderaterna.se\/app\/uploads\/sites\/5\/2021\/11\/placeholder-1920x1280-1-300x200.jpg 300w, https:\/\/moderaterna.se\/app\/uploads\/sites\/5\/2021\/11\/placeholder-1920x1280-1-768x512.jpg 768w, https:\/\/moderaterna.se\/app\/uploads\/sites\/5\/2021\/11\/placeholder-1920x1280-1-1536x1024.jpg 1536w, https:\/\/moderaterna.se\/app\/uploads\/sites\/5\/2021\/11\/placeholder-1920x1280-1.jpg 1920w\" sizes=\"auto, (max-width: 1024px) 100vw, 1024px\" \/><\/figure>\n<\/div>\n<\/div>\n\n\n\n<div style=\"height:60px\" aria-hidden=\"true\" class=\"wp-block-spacer\"><\/div>\n","protected":false},"excerpt":{"rendered":"<p>Det svenska samh\u00e4llskontraktet bygger p\u00e5 att alla som bor h\u00e4r f\u00f6rv\u00e4ntas bidra till det gemensamma. I geng\u00e4ld ska staten uppr\u00e4tth\u00e5lla trygghet och s\u00e4kerst\u00e4lla att v\u00e4lf\u00e4rden aldrig sviker. Men samh\u00e4llskontraktet knakar i fogarna. G\u00e4ngkriminalitet och skjutningar har blivit vardag. V\u00e5rdk\u00f6erna v\u00e4xer. Det finns skolor i Sverige d\u00e4r knappt h\u00e4lften av eleverna g\u00e5r ut \u00e5rskurs 9 med [&hellip;]<\/p>\n","protected":false},"author":9,"featured_media":0,"parent":0,"menu_order":4,"comment_status":"closed","ping_status":"closed","template":"page-templates\/landing-page.php","meta":{"_acf_changed":false,"_relevanssi_hide_post":"","_relevanssi_hide_content":"","_relevanssi_pin_for_all":"","_relevanssi_pin_keywords":"","_relevanssi_unpin_keywords":"","_relevanssi_related_keywords":"","_relevanssi_related_include_ids":"","_relevanssi_related_exclude_ids":"","_relevanssi_related_no_append":"","_relevanssi_related_not_related":"","_relevanssi_related_posts":"","_relevanssi_noindex_reason":"","footnotes":""},"subject":[],"class_list":["post-31","page","type-page","status-publish","hentry"],"acf":[],"yoast_head":"<!-- This site is optimized with the Yoast SEO Premium plugin v27.1 (Yoast SEO v27.1.1) - https:\/\/yoast.com\/product\/yoast-seo-premium-wordpress\/ -->\n<title>Om Moderaterna | Moderaterna i Stockholms stad och l\u00e4n<\/title>\n<meta name=\"description\" content=\"Sverige ska pr\u00e4glas av f\u00f6retagsamhet, j\u00e4mlikhet och social r\u00f6rlighet d\u00e4r varje ny generation f\u00e5r en chans att forma sitt eget liv, inte bara f\u00f6lja i sina f\u00f6r\u00e4ldrars fotsp\u00e5r.\" \/>\n<meta name=\"robots\" content=\"index, follow, max-snippet:-1, max-image-preview:large, max-video-preview:-1\" \/>\n<link rel=\"canonical\" href=\"https:\/\/moderaterna.se\/stockholm\/om-moderaterna\/\" \/>\n<meta property=\"og:locale\" content=\"sv_SE\" \/>\n<meta property=\"og:type\" content=\"article\" \/>\n<meta property=\"og:title\" content=\"Om Moderaterna\" \/>\n<meta property=\"og:description\" content=\"Sverige ska pr\u00e4glas av f\u00f6retagsamhet, j\u00e4mlikhet och social r\u00f6rlighet d\u00e4r varje ny generation f\u00e5r en chans att forma sitt eget liv, inte bara f\u00f6lja i sina f\u00f6r\u00e4ldrars fotsp\u00e5r.\" \/>\n<meta property=\"og:url\" content=\"https:\/\/moderaterna.se\/stockholm\/om-moderaterna\/\" \/>\n<meta property=\"og:site_name\" content=\"Moderaterna i Stockholms stad och l\u00e4n\" \/>\n<meta property=\"article:publisher\" content=\"https:\/\/www.facebook.com\/ModeraternaSthlm\" \/>\n<meta property=\"article:modified_time\" content=\"2022-01-08T19:42:38+00:00\" \/>\n<meta property=\"og:image\" content=\"http:\/\/moderaterna.se\/app\/uploads\/2021\/11\/placeholder-1920x1280-1-1024x683.jpg\" \/>\n<meta name=\"twitter:card\" content=\"summary_large_image\" \/>\n<meta name=\"twitter:site\" content=\"@ModeratSthlm\" \/>\n<meta name=\"twitter:label1\" content=\"Ber\u00e4knad l\u00e4stid\" \/>\n\t<meta name=\"twitter:data1\" content=\"2 minuter\" \/>\n<script type=\"application\/ld+json\" class=\"yoast-schema-graph\">{\"@context\":\"https:\/\/schema.org\",\"@graph\":[{\"@type\":\"WebPage\",\"@id\":\"https:\/\/moderaterna.se\/stockholm\/om-moderaterna\/\",\"url\":\"https:\/\/moderaterna.se\/stockholm\/om-moderaterna\/\",\"name\":\"Om Moderaterna | Moderaterna i Stockholms stad och l\u00e4n\",\"isPartOf\":{\"@id\":\"https:\/\/moderaterna.se\/stockholm\/#website\"},\"primaryImageOfPage\":{\"@id\":\"https:\/\/moderaterna.se\/stockholm\/om-moderaterna\/#primaryimage\"},\"image\":{\"@id\":\"https:\/\/moderaterna.se\/stockholm\/om-moderaterna\/#primaryimage\"},\"thumbnailUrl\":\"http:\/\/moderaterna.se\/app\/uploads\/2021\/11\/placeholder-1920x1280-1-1024x683.jpg\",\"datePublished\":\"2021-10-13T11:02:34+00:00\",\"dateModified\":\"2022-01-08T19:42:38+00:00\",\"description\":\"Sverige ska pr\u00e4glas av f\u00f6retagsamhet, j\u00e4mlikhet och social r\u00f6rlighet d\u00e4r varje ny generation f\u00e5r en chans att forma sitt eget liv, inte bara f\u00f6lja i sina f\u00f6r\u00e4ldrars fotsp\u00e5r.\",\"breadcrumb\":{\"@id\":\"https:\/\/moderaterna.se\/stockholm\/om-moderaterna\/#breadcrumb\"},\"inLanguage\":\"sv-SE\",\"potentialAction\":[{\"@type\":\"ReadAction\",\"target\":[\"https:\/\/moderaterna.se\/stockholm\/om-moderaterna\/\"]}]},{\"@type\":\"ImageObject\",\"inLanguage\":\"sv-SE\",\"@id\":\"https:\/\/moderaterna.se\/stockholm\/om-moderaterna\/#primaryimage\",\"url\":\"http:\/\/moderaterna.se\/app\/uploads\/2021\/11\/placeholder-1920x1280-1-1024x683.jpg\",\"contentUrl\":\"http:\/\/moderaterna.se\/app\/uploads\/2021\/11\/placeholder-1920x1280-1-1024x683.jpg\"},{\"@type\":\"BreadcrumbList\",\"@id\":\"https:\/\/moderaterna.se\/stockholm\/om-moderaterna\/#breadcrumb\",\"itemListElement\":[{\"@type\":\"ListItem\",\"position\":1,\"name\":\"Hem\",\"item\":\"https:\/\/moderaterna.se\/stockholm\/\"},{\"@type\":\"ListItem\",\"position\":2,\"name\":\"Om Moderaterna\"}]},{\"@type\":\"WebSite\",\"@id\":\"https:\/\/moderaterna.se\/stockholm\/#website\",\"url\":\"https:\/\/moderaterna.se\/stockholm\/\",\"name\":\"Moderaterna i Stockholms stad och l\u00e4n\",\"description\":\"Nu f\u00e5r vi ordning p\u00e5 Sverige\",\"publisher\":{\"@id\":\"https:\/\/moderaterna.se\/stockholm\/#organization\"},\"potentialAction\":[{\"@type\":\"SearchAction\",\"target\":{\"@type\":\"EntryPoint\",\"urlTemplate\":\"https:\/\/moderaterna.se\/stockholm\/?s={search_term_string}\"},\"query-input\":{\"@type\":\"PropertyValueSpecification\",\"valueRequired\":true,\"valueName\":\"search_term_string\"}}],\"inLanguage\":\"sv-SE\"},{\"@type\":\"Organization\",\"@id\":\"https:\/\/moderaterna.se\/stockholm\/#organization\",\"name\":\"Moderaterna\",\"url\":\"https:\/\/moderaterna.se\/stockholm\/\",\"logo\":{\"@type\":\"ImageObject\",\"inLanguage\":\"sv-SE\",\"@id\":\"https:\/\/moderaterna.se\/stockholm\/#\/schema\/logo\/image\/\",\"url\":\"https:\/\/moderaterna.se\/app\/uploads\/2021\/10\/logo-general@2x.png\",\"contentUrl\":\"https:\/\/moderaterna.se\/app\/uploads\/2021\/10\/logo-general@2x.png\",\"width\":122,\"height\":122,\"caption\":\"Moderaterna\"},\"image\":{\"@id\":\"https:\/\/moderaterna.se\/stockholm\/#\/schema\/logo\/image\/\"},\"sameAs\":[\"https:\/\/www.facebook.com\/ModeraternaSthlm\",\"https:\/\/x.com\/ModeratSthlm\",\"https:\/\/www.instagram.com\/moderatsthlm\/\",\"https:\/\/www.youtube.com\/user\/ModeraternaSthlm\"]}]}<\/script>\n<!-- \/ Yoast SEO Premium plugin. -->","yoast_head_json":{"title":"Om Moderaterna | Moderaterna i Stockholms stad och l\u00e4n","description":"Sverige ska pr\u00e4glas av f\u00f6retagsamhet, j\u00e4mlikhet och social r\u00f6rlighet d\u00e4r varje ny generation f\u00e5r en chans att forma sitt eget liv, inte bara f\u00f6lja i sina f\u00f6r\u00e4ldrars fotsp\u00e5r.","robots":{"index":"index","follow":"follow","max-snippet":"max-snippet:-1","max-image-preview":"max-image-preview:large","max-video-preview":"max-video-preview:-1"},"canonical":"https:\/\/moderaterna.se\/stockholm\/om-moderaterna\/","og_locale":"sv_SE","og_type":"article","og_title":"Om Moderaterna","og_description":"Sverige ska pr\u00e4glas av f\u00f6retagsamhet, j\u00e4mlikhet och social r\u00f6rlighet d\u00e4r varje ny generation f\u00e5r en chans att forma sitt eget liv, inte bara f\u00f6lja i sina f\u00f6r\u00e4ldrars fotsp\u00e5r.","og_url":"https:\/\/moderaterna.se\/stockholm\/om-moderaterna\/","og_site_name":"Moderaterna i Stockholms stad och l\u00e4n","article_publisher":"https:\/\/www.facebook.com\/ModeraternaSthlm","article_modified_time":"2022-01-08T19:42:38+00:00","og_image":[{"url":"http:\/\/moderaterna.se\/app\/uploads\/2021\/11\/placeholder-1920x1280-1-1024x683.jpg","type":"","width":"","height":""}],"twitter_card":"summary_large_image","twitter_site":"@ModeratSthlm","twitter_misc":{"Ber\u00e4knad l\u00e4stid":"2 minuter"},"schema":{"@context":"https:\/\/schema.org","@graph":[{"@type":"WebPage","@id":"https:\/\/moderaterna.se\/stockholm\/om-moderaterna\/","url":"https:\/\/moderaterna.se\/stockholm\/om-moderaterna\/","name":"Om Moderaterna | Moderaterna i Stockholms stad och l\u00e4n","isPartOf":{"@id":"https:\/\/moderaterna.se\/stockholm\/#website"},"primaryImageOfPage":{"@id":"https:\/\/moderaterna.se\/stockholm\/om-moderaterna\/#primaryimage"},"image":{"@id":"https:\/\/moderaterna.se\/stockholm\/om-moderaterna\/#primaryimage"},"thumbnailUrl":"http:\/\/moderaterna.se\/app\/uploads\/2021\/11\/placeholder-1920x1280-1-1024x683.jpg","datePublished":"2021-10-13T11:02:34+00:00","dateModified":"2022-01-08T19:42:38+00:00","description":"Sverige ska pr\u00e4glas av f\u00f6retagsamhet, j\u00e4mlikhet och social r\u00f6rlighet d\u00e4r varje ny generation f\u00e5r en chans att forma sitt eget liv, inte bara f\u00f6lja i sina f\u00f6r\u00e4ldrars fotsp\u00e5r.","breadcrumb":{"@id":"https:\/\/moderaterna.se\/stockholm\/om-moderaterna\/#breadcrumb"},"inLanguage":"sv-SE","potentialAction":[{"@type":"ReadAction","target":["https:\/\/moderaterna.se\/stockholm\/om-moderaterna\/"]}]},{"@type":"ImageObject","inLanguage":"sv-SE","@id":"https:\/\/moderaterna.se\/stockholm\/om-moderaterna\/#primaryimage","url":"http:\/\/moderaterna.se\/app\/uploads\/2021\/11\/placeholder-1920x1280-1-1024x683.jpg","contentUrl":"http:\/\/moderaterna.se\/app\/uploads\/2021\/11\/placeholder-1920x1280-1-1024x683.jpg"},{"@type":"BreadcrumbList","@id":"https:\/\/moderaterna.se\/stockholm\/om-moderaterna\/#breadcrumb","itemListElement":[{"@type":"ListItem","position":1,"name":"Hem","item":"https:\/\/moderaterna.se\/stockholm\/"},{"@type":"ListItem","position":2,"name":"Om Moderaterna"}]},{"@type":"WebSite","@id":"https:\/\/moderaterna.se\/stockholm\/#website","url":"https:\/\/moderaterna.se\/stockholm\/","name":"Moderaterna i Stockholms stad och l\u00e4n","description":"Nu f\u00e5r vi ordning p\u00e5 Sverige","publisher":{"@id":"https:\/\/moderaterna.se\/stockholm\/#organization"},"potentialAction":[{"@type":"SearchAction","target":{"@type":"EntryPoint","urlTemplate":"https:\/\/moderaterna.se\/stockholm\/?s={search_term_string}"},"query-input":{"@type":"PropertyValueSpecification","valueRequired":true,"valueName":"search_term_string"}}],"inLanguage":"sv-SE"},{"@type":"Organization","@id":"https:\/\/moderaterna.se\/stockholm\/#organization","name":"Moderaterna","url":"https:\/\/moderaterna.se\/stockholm\/","logo":{"@type":"ImageObject","inLanguage":"sv-SE","@id":"https:\/\/moderaterna.se\/stockholm\/#\/schema\/logo\/image\/","url":"https:\/\/moderaterna.se\/app\/uploads\/2021\/10\/logo-general@2x.png","contentUrl":"https:\/\/moderaterna.se\/app\/uploads\/2021\/10\/logo-general@2x.png","width":122,"height":122,"caption":"Moderaterna"},"image":{"@id":"https:\/\/moderaterna.se\/stockholm\/#\/schema\/logo\/image\/"},"sameAs":["https:\/\/www.facebook.com\/ModeraternaSthlm","https:\/\/x.com\/ModeratSthlm","https:\/\/www.instagram.com\/moderatsthlm\/","https:\/\/www.youtube.com\/user\/ModeraternaSthlm"]}]}},"publishpress_future_action":{"enabled":false,"date":"2026-05-09 11:39:58","action":"change-status","newStatus":"draft","terms":[],"taxonomy":"subject"},"_links":{"self":[{"href":"https:\/\/moderaterna.se\/stockholm\/wp-json\/wp\/v2\/pages\/31","targetHints":{"allow":["GET"]}}],"collection":[{"href":"https:\/\/moderaterna.se\/stockholm\/wp-json\/wp\/v2\/pages"}],"about":[{"href":"https:\/\/moderaterna.se\/stockholm\/wp-json\/wp\/v2\/types\/page"}],"author":[{"embeddable":true,"href":"https:\/\/moderaterna.se\/stockholm\/wp-json\/wp\/v2\/users\/9"}],"replies":[{"embeddable":true,"href":"https:\/\/moderaterna.se\/stockholm\/wp-json\/wp\/v2\/comments?post=31"}],"version-history":[{"count":16,"href":"https:\/\/moderaterna.se\/stockholm\/wp-json\/wp\/v2\/pages\/31\/revisions"}],"predecessor-version":[{"id":297,"href":"https:\/\/moderaterna.se\/stockholm\/wp-json\/wp\/v2\/pages\/31\/revisions\/297"}],"wp:attachment":[{"href":"https:\/\/moderaterna.se\/stockholm\/wp-json\/wp\/v2\/media?parent=31"}],"wp:term":[{"taxonomy":"subject","embeddable":true,"href":"https:\/\/moderaterna.se\/stockholm\/wp-json\/wp\/v2\/subject?post=31"}],"curies":[{"name":"wp","href":"https:\/\/api.w.org\/{rel}","templated":true}]}}