{"id":3090,"date":"2023-11-13T14:05:47","date_gmt":"2023-11-13T13:05:47","guid":{"rendered":"https:\/\/moderaterna.se\/stockholm\/?page_id=3090"},"modified":"2024-04-18T15:20:28","modified_gmt":"2024-04-18T13:20:28","slug":"tomastobe-eu","status":"publish","type":"page","link":"https:\/\/moderaterna.se\/stockholm\/tomastobe-eu\/","title":{"rendered":"Varf\u00f6r ska du r\u00f6sta p\u00e5 Moderaterna i EU-valet?"},"content":{"rendered":"\n<h2 class=\"wp-block-heading\" id=\"h-vill-du-ha-mer-moderat-politik-i-europa\">Vill du ha mer moderat politik i Europa? <\/h2>\n\n\n\n<p>Vill du ha mer moderat politik i Europa? Vill du ha politiker som faktiskt g\u00f6r skillnad p\u00e5 riktigt? Vill du ha politiker som inte enbart snackar, utan faktiskt oms\u00e4tter sina ord i handling? D\u00e5 ska du r\u00f6sta p\u00e5 Moderaterna fr\u00e5n och med den 22 maj till den 9 juni.<\/p>\n\n\n\n<p><strong>Under den senaste mandatperioden har Moderaterna bland annat:<\/strong><\/p>\n\n\n\n<ul class=\"wp-block-list\">\n<li>Sett till att k\u00e4rnkraft \u00e4r en EU-fr\u00e5ga. Moderaterna har s\u00e4krat majoritet f\u00f6r k\u00e4rnkraften vid flera tillf\u00e4llen, inte minst beslutet att inkludera den i EU:s taxonomi, d\u00e4r k\u00e4rnkraften klassas som h\u00e5llbar.<\/li>\n<\/ul>\n\n\n\n<ul class=\"wp-block-list\">\n<li>Brutit d\u00f6dl\u00e4get i migrationspolitiken efter n\u00e4rmare ett decennium och s\u00e4krat en gemensam, h\u00e5llbar och fungerande europeisk migrationspolitisk f\u00f6r hela EU.<\/li>\n<\/ul>\n\n\n\n<ul class=\"wp-block-list\">\n<li>S\u00e4krat konkurrenskraft och goda villkor f\u00f6r jobb och f\u00f6retag i arbetet med klimatpaketet Fit for 55, och sett till att alla medlemsl\u00e4nder m\u00e5ste bidra i klimatpolitiken.<\/li>\n<\/ul>\n\n\n\n<ul class=\"wp-block-list\">\n<li>Ut\u00f6kat Europols mandat och arbetet mot m\u00e4ns v\u00e5ld mot kvinnor har f\u00f6rst\u00e4rkts, genom att EU har anslutit sig till Istanbulkonventionen, och vi har sett till att den svenska g\u00e4ngbrottsligheten debatterats i Europaparlamentet.&nbsp;<\/li>\n<\/ul>\n\n\n\n<ul class=\"wp-block-list\">\n<li>Drivit p\u00e5 f\u00f6r minskad regelb\u00f6rda f\u00f6r sm\u00e5- och medelstora f\u00f6retag, en utvecklad inre marknad och \u00f6kad frihandel, som frihandelsavtalen med Vietnam och Nya Zeeland.&nbsp;<\/li>\n<\/ul>\n\n\n\n<p>Moderaterna \u00e4r ett stabilt borgerligt parti. Vi st\u00e5r upp f\u00f6r ett fritt Europa och tar alltid kampen mot andra partiers vilja att beskatta, reglera och f\u00f6rbjuda.&nbsp;Europa har byggts starkt av demokrati, r\u00e4ttsstat och marknadsekonomi \u2013 inte av socialism.<br><br>Vill du att det ska forts\u00e4tta s\u00e5? R\u00f6sta d\u00e5 p\u00e5 Moderaterna i EU-valet mellan den 22 maj och 9 juni 2024.<\/p>\n\n\n\n<p><strong>F\u00f6lj Tomas h\u00e4r: <\/strong><\/p>\n\n\n\n<ul class=\"wp-block-social-links is-layout-flex wp-block-social-links-is-layout-flex\"><li class=\"wp-social-link wp-social-link-facebook  wp-block-social-link\"><a href=\"https:\/\/www.facebook.com\/TomasGTobe\" class=\"wp-block-social-link-anchor\"><svg width=\"24\" height=\"24\" viewBox=\"0 0 24 24\" version=\"1.1\" xmlns=\"http:\/\/www.w3.org\/2000\/svg\" aria-hidden=\"true\" focusable=\"false\"><path d=\"M12 2C6.5 2 2 6.5 2 12c0 5 3.7 9.1 8.4 9.9v-7H7.9V12h2.5V9.8c0-2.5 1.5-3.9 3.8-3.9 1.1 0 2.2.2 2.2.2v2.5h-1.3c-1.2 0-1.6.8-1.6 1.6V12h2.8l-.4 2.9h-2.3v7C18.3 21.1 22 17 22 12c0-5.5-4.5-10-10-10z\"><\/path><\/svg><span class=\"wp-block-social-link-label screen-reader-text\">Facebook<\/span><\/a><\/li>\n\n<li class=\"wp-social-link wp-social-link-instagram  wp-block-social-link\"><a href=\"https:\/\/www.instagram.com\/tomastobe\/\" class=\"wp-block-social-link-anchor\"><svg width=\"24\" height=\"24\" viewBox=\"0 0 24 24\" version=\"1.1\" xmlns=\"http:\/\/www.w3.org\/2000\/svg\" aria-hidden=\"true\" focusable=\"false\"><path d=\"M12,4.622c2.403,0,2.688,0.009,3.637,0.052c0.877,0.04,1.354,0.187,1.671,0.31c0.42,0.163,0.72,0.358,1.035,0.673 c0.315,0.315,0.51,0.615,0.673,1.035c0.123,0.317,0.27,0.794,0.31,1.671c0.043,0.949,0.052,1.234,0.052,3.637 s-0.009,2.688-0.052,3.637c-0.04,0.877-0.187,1.354-0.31,1.671c-0.163,0.42-0.358,0.72-0.673,1.035 c-0.315,0.315-0.615,0.51-1.035,0.673c-0.317,0.123-0.794,0.27-1.671,0.31c-0.949,0.043-1.233,0.052-3.637,0.052 s-2.688-0.009-3.637-0.052c-0.877-0.04-1.354-0.187-1.671-0.31c-0.42-0.163-0.72-0.358-1.035-0.673 c-0.315-0.315-0.51-0.615-0.673-1.035c-0.123-0.317-0.27-0.794-0.31-1.671C4.631,14.688,4.622,14.403,4.622,12 s0.009-2.688,0.052-3.637c0.04-0.877,0.187-1.354,0.31-1.671c0.163-0.42,0.358-0.72,0.673-1.035 c0.315-0.315,0.615-0.51,1.035-0.673c0.317-0.123,0.794-0.27,1.671-0.31C9.312,4.631,9.597,4.622,12,4.622 M12,3 C9.556,3,9.249,3.01,8.289,3.054C7.331,3.098,6.677,3.25,6.105,3.472C5.513,3.702,5.011,4.01,4.511,4.511 c-0.5,0.5-0.808,1.002-1.038,1.594C3.25,6.677,3.098,7.331,3.054,8.289C3.01,9.249,3,9.556,3,12c0,2.444,0.01,2.751,0.054,3.711 c0.044,0.958,0.196,1.612,0.418,2.185c0.23,0.592,0.538,1.094,1.038,1.594c0.5,0.5,1.002,0.808,1.594,1.038 c0.572,0.222,1.227,0.375,2.185,0.418C9.249,20.99,9.556,21,12,21s2.751-0.01,3.711-0.054c0.958-0.044,1.612-0.196,2.185-0.418 c0.592-0.23,1.094-0.538,1.594-1.038c0.5-0.5,0.808-1.002,1.038-1.594c0.222-0.572,0.375-1.227,0.418-2.185 C20.99,14.751,21,14.444,21,12s-0.01-2.751-0.054-3.711c-0.044-0.958-0.196-1.612-0.418-2.185c-0.23-0.592-0.538-1.094-1.038-1.594 c-0.5-0.5-1.002-0.808-1.594-1.038c-0.572-0.222-1.227-0.375-2.185-0.418C14.751,3.01,14.444,3,12,3L12,3z M12,7.378 c-2.552,0-4.622,2.069-4.622,4.622S9.448,16.622,12,16.622s4.622-2.069,4.622-4.622S14.552,7.378,12,7.378z M12,15 c-1.657,0-3-1.343-3-3s1.343-3,3-3s3,1.343,3,3S13.657,15,12,15z M16.804,6.116c-0.596,0-1.08,0.484-1.08,1.08 s0.484,1.08,1.08,1.08c0.596,0,1.08-0.484,1.08-1.08S17.401,6.116,16.804,6.116z\"><\/path><\/svg><span class=\"wp-block-social-link-label screen-reader-text\">Instagram<\/span><\/a><\/li><\/ul>\n\n\n\n<div class=\"wp-block-buttons is-layout-flex wp-block-buttons-is-layout-flex\"><\/div>\n\n\n\n<figure class=\"wp-block-embed is-type-rich is-provider-spotify wp-block-embed-spotify wp-embed-aspect-21-9 wp-has-aspect-ratio\"><div class=\"wp-block-embed__wrapper\">\n<iframe title=\"Spotify Embed: Tomas Tob\u00e9 - Migrationspakt och tr\u00e4ningsvideos, hemligheterna bakom framg\u00e5ngen i EU\" style=\"border-radius: 12px\" width=\"100%\" height=\"152\" frameborder=\"0\" allowfullscreen allow=\"autoplay; clipboard-write; encrypted-media; fullscreen; picture-in-picture\" loading=\"lazy\" src=\"https:\/\/open.spotify.com\/embed\/episode\/7oSdOb7sfTLGou2Zs6FdYM?si=e7315e7f6a5d4e99&#038;nd=1&#038;dlsi=0f59a2b80cbc4784&#038;utm_source=oembed\"><\/iframe>\n<\/div><\/figure>\n\n\n\n<p><\/p>\n","protected":false},"excerpt":{"rendered":"<p>Vill du ha mer moderat politik i Europa? Vill du ha mer moderat politik i Europa? Vill du ha politiker som faktiskt g\u00f6r skillnad p\u00e5 riktigt? Vill du ha politiker som inte enbart snackar, utan faktiskt oms\u00e4tter sina ord i handling? D\u00e5 ska du r\u00f6sta p\u00e5 Moderaterna fr\u00e5n och med den 22 maj till den [&hellip;]<\/p>\n","protected":false},"author":55,"featured_media":3787,"parent":0,"menu_order":0,"comment_status":"closed","ping_status":"closed","template":"page-templates\/landing-page.php","meta":{"_acf_changed":false,"_relevanssi_hide_post":"","_relevanssi_hide_content":"","_relevanssi_pin_for_all":"","_relevanssi_pin_keywords":"","_relevanssi_unpin_keywords":"","_relevanssi_related_keywords":"","_relevanssi_related_include_ids":"","_relevanssi_related_exclude_ids":"","_relevanssi_related_no_append":"","_relevanssi_related_not_related":"","_relevanssi_related_posts":"2795,2802,2478,2090,953,2187","_relevanssi_noindex_reason":"","footnotes":""},"subject":[],"class_list":["post-3090","page","type-page","status-publish","has-post-thumbnail","hentry"],"acf":[],"yoast_head":"<!-- This site is optimized with the Yoast SEO Premium plugin v27.1 (Yoast SEO v27.1.1) - https:\/\/yoast.com\/product\/yoast-seo-premium-wordpress\/ -->\n<title>Varf\u00f6r ska du r\u00f6sta p\u00e5 Moderaterna i EU-valet? | Moderaterna i Stockholms stad och l\u00e4n<\/title>\n<meta name=\"description\" content=\"Vill du ha mer moderat politik i Europa?\" \/>\n<meta name=\"robots\" content=\"index, follow, max-snippet:-1, max-image-preview:large, max-video-preview:-1\" \/>\n<link rel=\"canonical\" href=\"https:\/\/moderaterna.se\/stockholm\/tomastobe-eu\/\" \/>\n<meta property=\"og:locale\" content=\"sv_SE\" \/>\n<meta property=\"og:type\" content=\"article\" \/>\n<meta property=\"og:title\" content=\"Varf\u00f6r ska du r\u00f6sta p\u00e5 Moderaterna i EU-valet?\" \/>\n<meta property=\"og:description\" content=\"Vill du ha mer moderat politik i Europa?\" \/>\n<meta property=\"og:url\" content=\"https:\/\/moderaterna.se\/stockholm\/tomastobe-eu\/\" \/>\n<meta property=\"og:site_name\" content=\"Moderaterna i Stockholms stad och l\u00e4n\" \/>\n<meta property=\"article:publisher\" content=\"https:\/\/www.facebook.com\/ModeraternaSthlm\" \/>\n<meta property=\"article:modified_time\" content=\"2024-04-18T13:20:28+00:00\" \/>\n<meta property=\"og:image\" content=\"https:\/\/moderaterna.se\/app\/uploads\/sites\/5\/2024\/04\/Moderaterna_Tomas_Tobe\u2560u_8369-1.jpg\" \/>\n\t<meta property=\"og:image:width\" content=\"640\" \/>\n\t<meta property=\"og:image:height\" content=\"455\" \/>\n\t<meta property=\"og:image:type\" content=\"image\/jpeg\" \/>\n<meta name=\"twitter:card\" content=\"summary_large_image\" \/>\n<meta name=\"twitter:site\" content=\"@ModeratSthlm\" \/>\n<meta name=\"twitter:label1\" content=\"Ber\u00e4knad l\u00e4stid\" \/>\n\t<meta name=\"twitter:data1\" content=\"2 minuter\" \/>\n<script type=\"application\/ld+json\" class=\"yoast-schema-graph\">{\"@context\":\"https:\/\/schema.org\",\"@graph\":[{\"@type\":\"WebPage\",\"@id\":\"https:\/\/moderaterna.se\/stockholm\/tomastobe-eu\/\",\"url\":\"https:\/\/moderaterna.se\/stockholm\/tomastobe-eu\/\",\"name\":\"Varf\u00f6r ska du r\u00f6sta p\u00e5 Moderaterna i EU-valet? | Moderaterna i Stockholms stad och l\u00e4n\",\"isPartOf\":{\"@id\":\"https:\/\/moderaterna.se\/stockholm\/#website\"},\"primaryImageOfPage\":{\"@id\":\"https:\/\/moderaterna.se\/stockholm\/tomastobe-eu\/#primaryimage\"},\"image\":{\"@id\":\"https:\/\/moderaterna.se\/stockholm\/tomastobe-eu\/#primaryimage\"},\"thumbnailUrl\":\"https:\/\/moderaterna.se\/app\/uploads\/sites\/5\/2024\/04\/Moderaterna_Tomas_Tobe\u2560u_8369-1.jpg\",\"datePublished\":\"2023-11-13T13:05:47+00:00\",\"dateModified\":\"2024-04-18T13:20:28+00:00\",\"description\":\"Vill du ha mer moderat politik i Europa?\",\"breadcrumb\":{\"@id\":\"https:\/\/moderaterna.se\/stockholm\/tomastobe-eu\/#breadcrumb\"},\"inLanguage\":\"sv-SE\",\"potentialAction\":[{\"@type\":\"ReadAction\",\"target\":[\"https:\/\/moderaterna.se\/stockholm\/tomastobe-eu\/\"]}]},{\"@type\":\"ImageObject\",\"inLanguage\":\"sv-SE\",\"@id\":\"https:\/\/moderaterna.se\/stockholm\/tomastobe-eu\/#primaryimage\",\"url\":\"https:\/\/moderaterna.se\/app\/uploads\/sites\/5\/2024\/04\/Moderaterna_Tomas_Tobe\u2560u_8369-1.jpg\",\"contentUrl\":\"https:\/\/moderaterna.se\/app\/uploads\/sites\/5\/2024\/04\/Moderaterna_Tomas_Tobe\u2560u_8369-1.jpg\",\"width\":11811,\"height\":8402},{\"@type\":\"BreadcrumbList\",\"@id\":\"https:\/\/moderaterna.se\/stockholm\/tomastobe-eu\/#breadcrumb\",\"itemListElement\":[{\"@type\":\"ListItem\",\"position\":1,\"name\":\"Hem\",\"item\":\"https:\/\/moderaterna.se\/stockholm\/\"},{\"@type\":\"ListItem\",\"position\":2,\"name\":\"Varf\u00f6r ska du r\u00f6sta p\u00e5 Moderaterna i EU-valet?\"}]},{\"@type\":\"WebSite\",\"@id\":\"https:\/\/moderaterna.se\/stockholm\/#website\",\"url\":\"https:\/\/moderaterna.se\/stockholm\/\",\"name\":\"Moderaterna i Stockholms stad och l\u00e4n\",\"description\":\"Nu f\u00e5r vi ordning p\u00e5 Sverige\",\"publisher\":{\"@id\":\"https:\/\/moderaterna.se\/stockholm\/#organization\"},\"potentialAction\":[{\"@type\":\"SearchAction\",\"target\":{\"@type\":\"EntryPoint\",\"urlTemplate\":\"https:\/\/moderaterna.se\/stockholm\/?s={search_term_string}\"},\"query-input\":{\"@type\":\"PropertyValueSpecification\",\"valueRequired\":true,\"valueName\":\"search_term_string\"}}],\"inLanguage\":\"sv-SE\"},{\"@type\":\"Organization\",\"@id\":\"https:\/\/moderaterna.se\/stockholm\/#organization\",\"name\":\"Moderaterna\",\"url\":\"https:\/\/moderaterna.se\/stockholm\/\",\"logo\":{\"@type\":\"ImageObject\",\"inLanguage\":\"sv-SE\",\"@id\":\"https:\/\/moderaterna.se\/stockholm\/#\/schema\/logo\/image\/\",\"url\":\"https:\/\/moderaterna.se\/app\/uploads\/2021\/10\/logo-general@2x.png\",\"contentUrl\":\"https:\/\/moderaterna.se\/app\/uploads\/2021\/10\/logo-general@2x.png\",\"width\":122,\"height\":122,\"caption\":\"Moderaterna\"},\"image\":{\"@id\":\"https:\/\/moderaterna.se\/stockholm\/#\/schema\/logo\/image\/\"},\"sameAs\":[\"https:\/\/www.facebook.com\/ModeraternaSthlm\",\"https:\/\/x.com\/ModeratSthlm\",\"https:\/\/www.instagram.com\/moderatsthlm\/\",\"https:\/\/www.youtube.com\/user\/ModeraternaSthlm\"]}]}<\/script>\n<!-- \/ Yoast SEO Premium plugin. -->","yoast_head_json":{"title":"Varf\u00f6r ska du r\u00f6sta p\u00e5 Moderaterna i EU-valet? | Moderaterna i Stockholms stad och l\u00e4n","description":"Vill du ha mer moderat politik i Europa?","robots":{"index":"index","follow":"follow","max-snippet":"max-snippet:-1","max-image-preview":"max-image-preview:large","max-video-preview":"max-video-preview:-1"},"canonical":"https:\/\/moderaterna.se\/stockholm\/tomastobe-eu\/","og_locale":"sv_SE","og_type":"article","og_title":"Varf\u00f6r ska du r\u00f6sta p\u00e5 Moderaterna i EU-valet?","og_description":"Vill du ha mer moderat politik i Europa?","og_url":"https:\/\/moderaterna.se\/stockholm\/tomastobe-eu\/","og_site_name":"Moderaterna i Stockholms stad och l\u00e4n","article_publisher":"https:\/\/www.facebook.com\/ModeraternaSthlm","article_modified_time":"2024-04-18T13:20:28+00:00","og_image":[{"url":"https:\/\/moderaterna.se\/app\/uploads\/sites\/5\/2024\/04\/Moderaterna_Tomas_Tobe\u2560u_8369-1.jpg","width":640,"height":455,"type":"image\/jpeg"}],"twitter_card":"summary_large_image","twitter_site":"@ModeratSthlm","twitter_misc":{"Ber\u00e4knad l\u00e4stid":"2 minuter"},"schema":{"@context":"https:\/\/schema.org","@graph":[{"@type":"WebPage","@id":"https:\/\/moderaterna.se\/stockholm\/tomastobe-eu\/","url":"https:\/\/moderaterna.se\/stockholm\/tomastobe-eu\/","name":"Varf\u00f6r ska du r\u00f6sta p\u00e5 Moderaterna i EU-valet? | Moderaterna i Stockholms stad och l\u00e4n","isPartOf":{"@id":"https:\/\/moderaterna.se\/stockholm\/#website"},"primaryImageOfPage":{"@id":"https:\/\/moderaterna.se\/stockholm\/tomastobe-eu\/#primaryimage"},"image":{"@id":"https:\/\/moderaterna.se\/stockholm\/tomastobe-eu\/#primaryimage"},"thumbnailUrl":"https:\/\/moderaterna.se\/app\/uploads\/sites\/5\/2024\/04\/Moderaterna_Tomas_Tobe\u2560u_8369-1.jpg","datePublished":"2023-11-13T13:05:47+00:00","dateModified":"2024-04-18T13:20:28+00:00","description":"Vill du ha mer moderat politik i Europa?","breadcrumb":{"@id":"https:\/\/moderaterna.se\/stockholm\/tomastobe-eu\/#breadcrumb"},"inLanguage":"sv-SE","potentialAction":[{"@type":"ReadAction","target":["https:\/\/moderaterna.se\/stockholm\/tomastobe-eu\/"]}]},{"@type":"ImageObject","inLanguage":"sv-SE","@id":"https:\/\/moderaterna.se\/stockholm\/tomastobe-eu\/#primaryimage","url":"https:\/\/moderaterna.se\/app\/uploads\/sites\/5\/2024\/04\/Moderaterna_Tomas_Tobe\u2560u_8369-1.jpg","contentUrl":"https:\/\/moderaterna.se\/app\/uploads\/sites\/5\/2024\/04\/Moderaterna_Tomas_Tobe\u2560u_8369-1.jpg","width":11811,"height":8402},{"@type":"BreadcrumbList","@id":"https:\/\/moderaterna.se\/stockholm\/tomastobe-eu\/#breadcrumb","itemListElement":[{"@type":"ListItem","position":1,"name":"Hem","item":"https:\/\/moderaterna.se\/stockholm\/"},{"@type":"ListItem","position":2,"name":"Varf\u00f6r ska du r\u00f6sta p\u00e5 Moderaterna i EU-valet?"}]},{"@type":"WebSite","@id":"https:\/\/moderaterna.se\/stockholm\/#website","url":"https:\/\/moderaterna.se\/stockholm\/","name":"Moderaterna i Stockholms stad och l\u00e4n","description":"Nu f\u00e5r vi ordning p\u00e5 Sverige","publisher":{"@id":"https:\/\/moderaterna.se\/stockholm\/#organization"},"potentialAction":[{"@type":"SearchAction","target":{"@type":"EntryPoint","urlTemplate":"https:\/\/moderaterna.se\/stockholm\/?s={search_term_string}"},"query-input":{"@type":"PropertyValueSpecification","valueRequired":true,"valueName":"search_term_string"}}],"inLanguage":"sv-SE"},{"@type":"Organization","@id":"https:\/\/moderaterna.se\/stockholm\/#organization","name":"Moderaterna","url":"https:\/\/moderaterna.se\/stockholm\/","logo":{"@type":"ImageObject","inLanguage":"sv-SE","@id":"https:\/\/moderaterna.se\/stockholm\/#\/schema\/logo\/image\/","url":"https:\/\/moderaterna.se\/app\/uploads\/2021\/10\/logo-general@2x.png","contentUrl":"https:\/\/moderaterna.se\/app\/uploads\/2021\/10\/logo-general@2x.png","width":122,"height":122,"caption":"Moderaterna"},"image":{"@id":"https:\/\/moderaterna.se\/stockholm\/#\/schema\/logo\/image\/"},"sameAs":["https:\/\/www.facebook.com\/ModeraternaSthlm","https:\/\/x.com\/ModeratSthlm","https:\/\/www.instagram.com\/moderatsthlm\/","https:\/\/www.youtube.com\/user\/ModeraternaSthlm"]}]}},"publishpress_future_action":{"enabled":false,"date":"2026-05-07 07:33:05","action":"change-status","newStatus":"draft","terms":[],"taxonomy":"subject"},"_links":{"self":[{"href":"https:\/\/moderaterna.se\/stockholm\/wp-json\/wp\/v2\/pages\/3090","targetHints":{"allow":["GET"]}}],"collection":[{"href":"https:\/\/moderaterna.se\/stockholm\/wp-json\/wp\/v2\/pages"}],"about":[{"href":"https:\/\/moderaterna.se\/stockholm\/wp-json\/wp\/v2\/types\/page"}],"author":[{"embeddable":true,"href":"https:\/\/moderaterna.se\/stockholm\/wp-json\/wp\/v2\/users\/55"}],"replies":[{"embeddable":true,"href":"https:\/\/moderaterna.se\/stockholm\/wp-json\/wp\/v2\/comments?post=3090"}],"version-history":[{"count":40,"href":"https:\/\/moderaterna.se\/stockholm\/wp-json\/wp\/v2\/pages\/3090\/revisions"}],"predecessor-version":[{"id":3823,"href":"https:\/\/moderaterna.se\/stockholm\/wp-json\/wp\/v2\/pages\/3090\/revisions\/3823"}],"wp:featuredmedia":[{"embeddable":true,"href":"https:\/\/moderaterna.se\/stockholm\/wp-json\/wp\/v2\/media\/3787"}],"wp:attachment":[{"href":"https:\/\/moderaterna.se\/stockholm\/wp-json\/wp\/v2\/media?parent=3090"}],"wp:term":[{"taxonomy":"subject","embeddable":true,"href":"https:\/\/moderaterna.se\/stockholm\/wp-json\/wp\/v2\/subject?post=3090"}],"curies":[{"name":"wp","href":"https:\/\/api.w.org\/{rel}","templated":true}]}}