{"version":"1.0","provider_name":"Moderaterna i Stockholms stad och l\u00e4n","provider_url":"https:\/\/moderaterna.se\/stockholm","author_name":"Anna Berglund","author_url":"https:\/\/moderaterna.se\/stockholm\/author\/annaberglund\/","title":"Dags att r\u00f6sta i f\u00f6rs\u00f6ksnomineringen!","type":"rich","width":600,"height":338,"html":"<blockquote class=\"wp-embedded-content\" data-secret=\"k7vdgM4DXp\"><a href=\"https:\/\/moderaterna.se\/stockholm\/nyhet\/dags-att-rosta-i-forsoksnomineringen\/\">Dags att r\u00f6sta i f\u00f6rs\u00f6ksnomineringen!<\/a><\/blockquote><iframe sandbox=\"allow-scripts\" security=\"restricted\" src=\"https:\/\/moderaterna.se\/stockholm\/nyhet\/dags-att-rosta-i-forsoksnomineringen\/embed\/#?secret=k7vdgM4DXp\" width=\"600\" height=\"338\" title=\"\u201dDags att r\u00f6sta i f\u00f6rs\u00f6ksnomineringen!\u201d &ndash; Moderaterna i Stockholms stad och l\u00e4n\" data-secret=\"k7vdgM4DXp\" frameborder=\"0\" marginwidth=\"0\" marginheight=\"0\" scrolling=\"no\" class=\"wp-embedded-content\"><\/iframe><script>\n\/*! This file is auto-generated *\/\n!function(d,l){\"use strict\";l.querySelector&&d.addEventListener&&\"undefined\"!=typeof URL&&(d.wp=d.wp||{},d.wp.receiveEmbedMessage||(d.wp.receiveEmbedMessage=function(e){var t=e.data;if((t||t.secret||t.message||t.value)&&!\/[^a-zA-Z0-9]\/.test(t.secret)){for(var s,r,n,a=l.querySelectorAll('iframe[data-secret=\"'+t.secret+'\"]'),o=l.querySelectorAll('blockquote[data-secret=\"'+t.secret+'\"]'),c=new RegExp(\"^https?:$\",\"i\"),i=0;i<o.length;i++)o[i].style.display=\"none\";for(i=0;i<a.length;i++)s=a[i],e.source===s.contentWindow&&(s.removeAttribute(\"style\"),\"height\"===t.message?(1e3<(r=parseInt(t.value,10))?r=1e3:~~r<200&&(r=200),s.height=r):\"link\"===t.message&&(r=new URL(s.getAttribute(\"src\")),n=new URL(t.value),c.test(n.protocol))&&n.host===r.host&&l.activeElement===s&&(d.top.location.href=t.value))}},d.addEventListener(\"message\",d.wp.receiveEmbedMessage,!1),l.addEventListener(\"DOMContentLoaded\",function(){for(var e,t,s=l.querySelectorAll(\"iframe.wp-embedded-content\"),r=0;r<s.length;r++)(t=(e=s[r]).getAttribute(\"data-secret\"))||(t=Math.random().toString(36).substring(2,12),e.src+=\"#?secret=\"+t,e.setAttribute(\"data-secret\",t)),e.contentWindow.postMessage({message:\"ready\",secret:t},\"*\")},!1)))}(window,document);\n\/\/# sourceURL=https:\/\/moderaterna.se\/stockholm\/wp-includes\/js\/wp-embed.min.js\n<\/script>\n","description":"F\u00f6rs\u00f6ksnomineringen \u00e4r partiets interna medlemsomr\u00f6stning d\u00e4r alla r\u00f6stber\u00e4ttigade medlemmar f\u00e5r chansen att tycka till om de kandidater som vill st\u00e5 p\u00e5 partiets valsedlar. F\u00f6rs\u00f6ksnomineringen \u00e4r nu \u00f6ppen och st\u00e4nger s\u00f6ndag den 19 oktober kl. 23:59.","thumbnail_url":"https:\/\/moderaterna.se\/app\/uploads\/sites\/5\/2022\/01\/DELNINGSBILD_hemsida_fo\u0308rstasida.png","thumbnail_width":1200,"thumbnail_height":628}