{"version":"1.0","provider_name":"Moderaterna Sk\u00e5ne","provider_url":"https:\/\/moderaterna.se\/skane","author_name":"Alexander M\u00f6r\u00e9n","author_url":"https:\/\/moderaterna.se\/skane\/author\/alexandermoren\/","title":"Migration","type":"rich","width":600,"height":338,"html":"<blockquote class=\"wp-embedded-content\" data-secret=\"JSG9BwFBlf\"><a href=\"https:\/\/moderaterna.se\/skane\/var-politik\/migration\/\">Migration<\/a><\/blockquote><iframe sandbox=\"allow-scripts\" security=\"restricted\" src=\"https:\/\/moderaterna.se\/skane\/var-politik\/migration\/embed\/#?secret=JSG9BwFBlf\" width=\"600\" height=\"338\" title=\"\u201dMigration\u201d &ndash; Moderaterna Sk\u00e5ne\" data-secret=\"JSG9BwFBlf\" frameborder=\"0\" marginwidth=\"0\" marginheight=\"0\" scrolling=\"no\" class=\"wp-embedded-content\"><\/iframe><script>\n\/*! This file is auto-generated *\/\n!function(d,l){\"use strict\";l.querySelector&&d.addEventListener&&\"undefined\"!=typeof URL&&(d.wp=d.wp||{},d.wp.receiveEmbedMessage||(d.wp.receiveEmbedMessage=function(e){var t=e.data;if((t||t.secret||t.message||t.value)&&!\/[^a-zA-Z0-9]\/.test(t.secret)){for(var s,r,n,a=l.querySelectorAll('iframe[data-secret=\"'+t.secret+'\"]'),o=l.querySelectorAll('blockquote[data-secret=\"'+t.secret+'\"]'),c=new RegExp(\"^https?:$\",\"i\"),i=0;i<o.length;i++)o[i].style.display=\"none\";for(i=0;i<a.length;i++)s=a[i],e.source===s.contentWindow&&(s.removeAttribute(\"style\"),\"height\"===t.message?(1e3<(r=parseInt(t.value,10))?r=1e3:~~r<200&&(r=200),s.height=r):\"link\"===t.message&&(r=new URL(s.getAttribute(\"src\")),n=new URL(t.value),c.test(n.protocol))&&n.host===r.host&&l.activeElement===s&&(d.top.location.href=t.value))}},d.addEventListener(\"message\",d.wp.receiveEmbedMessage,!1),l.addEventListener(\"DOMContentLoaded\",function(){for(var e,t,s=l.querySelectorAll(\"iframe.wp-embedded-content\"),r=0;r<s.length;r++)(t=(e=s[r]).getAttribute(\"data-secret\"))||(t=Math.random().toString(36).substring(2,12),e.src+=\"#?secret=\"+t,e.setAttribute(\"data-secret\",t)),e.contentWindow.postMessage({message:\"ready\",secret:t},\"*\")},!1)))}(window,document);\n\/\/# sourceURL=https:\/\/moderaterna.se\/skane\/wp-includes\/js\/wp-embed.min.js\n<\/script>\n","description":"Den moderatledda regeringen genomf\u00f6r ett paradigmskifte inom migrationspolitiken som syftar till att strama \u00e5t invandringen f\u00f6r att lyckas med integrationen.\u00a0 Fortsatt minskad invandring f\u00f6r att lyckas med integrationen D\u00e4rf\u00f6r vill Moderaterna: Sverige ska \u00e5terta kontrollen \u00f6ver vilka som befinner sig i landet&nbsp; D\u00e4rf\u00f6r vill Moderaterna: H\u00f6gkvalificerad arbetskraftinvandring ska prioriteras D\u00e4rf\u00f6r vill Moderaterna: Fr\u00e5gor och svar [&hellip;]","thumbnail_url":"https:\/\/moderaterna.se\/app\/uploads\/sites\/13\/2021\/12\/DELNINGSBILD_hemsida_fo\u0308rstasida.png","thumbnail_width":1200,"thumbnail_height":628}