{"version":"1.0","provider_name":"Moderaterna Sk\u00e5ne","provider_url":"https:\/\/moderaterna.se\/skane","author_name":"Anna Malm Kelfve","author_url":"https:\/\/moderaterna.se\/skane\/author\/annamalm\/","title":"Klimat, energi och milj\u00f6","type":"rich","width":600,"height":338,"html":"<blockquote class=\"wp-embedded-content\" data-secret=\"oHiI6prjqw\"><a href=\"https:\/\/moderaterna.se\/skane\/var-politik\/klimat-2\/\">Klimat, energi och milj\u00f6<\/a><\/blockquote><iframe sandbox=\"allow-scripts\" security=\"restricted\" src=\"https:\/\/moderaterna.se\/skane\/var-politik\/klimat-2\/embed\/#?secret=oHiI6prjqw\" width=\"600\" height=\"338\" title=\"\u201dKlimat, energi och milj\u00f6\u201d &ndash; Moderaterna Sk\u00e5ne\" data-secret=\"oHiI6prjqw\" frameborder=\"0\" marginwidth=\"0\" marginheight=\"0\" scrolling=\"no\" class=\"wp-embedded-content\"><\/iframe><script>\n\/*! This file is auto-generated *\/\n!function(d,l){\"use strict\";l.querySelector&&d.addEventListener&&\"undefined\"!=typeof URL&&(d.wp=d.wp||{},d.wp.receiveEmbedMessage||(d.wp.receiveEmbedMessage=function(e){var t=e.data;if((t||t.secret||t.message||t.value)&&!\/[^a-zA-Z0-9]\/.test(t.secret)){for(var s,r,n,a=l.querySelectorAll('iframe[data-secret=\"'+t.secret+'\"]'),o=l.querySelectorAll('blockquote[data-secret=\"'+t.secret+'\"]'),c=new RegExp(\"^https?:$\",\"i\"),i=0;i<o.length;i++)o[i].style.display=\"none\";for(i=0;i<a.length;i++)s=a[i],e.source===s.contentWindow&&(s.removeAttribute(\"style\"),\"height\"===t.message?(1e3<(r=parseInt(t.value,10))?r=1e3:~~r<200&&(r=200),s.height=r):\"link\"===t.message&&(r=new URL(s.getAttribute(\"src\")),n=new URL(t.value),c.test(n.protocol))&&n.host===r.host&&l.activeElement===s&&(d.top.location.href=t.value))}},d.addEventListener(\"message\",d.wp.receiveEmbedMessage,!1),l.addEventListener(\"DOMContentLoaded\",function(){for(var e,t,s=l.querySelectorAll(\"iframe.wp-embedded-content\"),r=0;r<s.length;r++)(t=(e=s[r]).getAttribute(\"data-secret\"))||(t=Math.random().toString(36).substring(2,12),e.src+=\"#?secret=\"+t,e.setAttribute(\"data-secret\",t)),e.contentWindow.postMessage({message:\"ready\",secret:t},\"*\")},!1)))}(window,document);\n\/\/# sourceURL=https:\/\/moderaterna.se\/skane\/wp-includes\/js\/wp-embed.min.js\n<\/script>\n","thumbnail_url":"https:\/\/moderaterna.se\/app\/uploads\/sites\/13\/2022\/01\/DELNINGSBILD_hemsida_fo\u0308rstasida.png","thumbnail_width":1200,"thumbnail_height":628,"description":"Moderaterna bedriver en ambiti\u00f6s klimatpolitik f\u00f6r att snabbt minska utsl\u00e4ppen av v\u00e4xthusgaser i Sverige och globalt. Vi prioriterar att st\u00e4lla om transporterna och industrin, som tillsammans st\u00e5r f\u00f6r tv\u00e5 tredjedelar av Sveriges totala utsl\u00e4pp. Med Moderaternas politik ska Sverige n\u00e5 det l\u00e5ngsiktiga\u00a0klimatm\u00e5let\u00a0om nettonollutsl\u00e4pp senast \u00e5r 2045, samtidigt som vi bidrar till att minska klimatutsl\u00e4ppen globalt. [&hellip;]"}