{"id":1485,"date":"2022-05-25T16:36:44","date_gmt":"2022-05-25T14:36:44","guid":{"rendered":"https:\/\/moderaterna.se\/ostergotland\/?page_id=1485"},"modified":"2022-06-16T19:05:48","modified_gmt":"2022-06-16T17:05:48","slug":"kollektivtrafik","status":"publish","type":"page","link":"https:\/\/moderaterna.se\/ostergotland\/region-ostergotland\/var-politik\/kollektivtrafik\/","title":{"rendered":"L\u00e4tt att resa i hela \u00d6sterg\u00f6tland"},"content":{"rendered":"\n<p><strong>L\u00e4tt att resa i hela \u00d6sterg\u00f6tland<\/strong><\/p>\n\n\n\n<p>F\u00f6ruts\u00e4ttningarna f\u00f6r att f\u00f6rflytta sig b\u00e5de i och utanf\u00f6r l\u00e4net, b\u00e5de genom kollektiva alternativ och med den egna bilen, beh\u00f6vs f\u00f6r att \u00d6sterg\u00f6tland ska kunna vara det attraktiva l\u00e4n vi vill ha.<\/p>\n\n\n\n<p>God tillg\u00e5ng till kollektivtrafik, oavsett om du reser via buss, t\u00e5g eller kanske sj\u00e4lvk\u00f6rande bussar mitt i stan, \u00e4r viktig f\u00f6r oss.<\/p>\n\n\n\n<p>V\u00e5r vision \u00e4r att n\u00e5 ett mer sammanh\u00e5llet och b\u00e4ttre \u00d6sterg\u00f6tland \u00e4n idag, d\u00e4r kollektiva alternativ \u00e4r en del av ett l\u00e4n i r\u00f6relse. Med en v\u00e4l fungerande infrastruktur och goda resm\u00f6jligheter binder vi samman l\u00e4net och \u00f6kar v\u00e5r arbetsmarknadsregion.<\/p>\n\n\n\n<p><strong>En trygg kollektivtrafik<\/strong><\/p>\n\n\n\n<p>F\u00f6r att fler ska v\u00e4lja kollektivtrafik i st\u00e4llet f\u00f6r andra f\u00e4rdmedel m\u00e5ste man k\u00e4nna sig trygg i och runt kollektivtrafiken. Ett s\u00e4tt att uppn\u00e5 detta \u00e4r att se \u00f6ver hur kamerabevakningen kan ut\u00f6kas p\u00e5 b\u00e5de pendelt\u00e5g och stationer.<\/p>\n\n\n\n<p><strong>Bilen beh\u00f6vs!<\/strong><\/p>\n\n\n\n<p>Trots en bra kollektivtrafik s\u00e5 beh\u00f6vs \u00e4ven bilen. Vi moderater ser att s\u00e4kerheten p\u00e5 E4:an beh\u00f6ver f\u00f6rst\u00e4rkas. Vi vill ha ett omk\u00f6rningsf\u00f6rbud f\u00f6r tungtrafik genom l\u00e4net och p\u00e5 sikt bygga ut E4:an till sexfilig v\u00e4g p\u00e5 de mest trafikerade delarna.<\/p>\n\n\n\n<p><\/p>\n\n\n\n<p><\/p>\n","protected":false},"excerpt":{"rendered":"<p>L\u00e4tt att resa i hela \u00d6sterg\u00f6tland F\u00f6ruts\u00e4ttningarna f\u00f6r att f\u00f6rflytta sig b\u00e5de i och utanf\u00f6r l\u00e4net, b\u00e5de genom kollektiva alternativ och med den egna bilen, beh\u00f6vs f\u00f6r att \u00d6sterg\u00f6tland ska kunna vara det attraktiva l\u00e4n vi vill ha. God tillg\u00e5ng till kollektivtrafik, oavsett om du reser via buss, t\u00e5g eller kanske sj\u00e4lvk\u00f6rande bussar mitt i [&hellip;]<\/p>\n","protected":false},"author":68,"featured_media":0,"parent":1474,"menu_order":0,"comment_status":"closed","ping_status":"closed","template":"","meta":{"_acf_changed":false,"_relevanssi_hide_post":"","_relevanssi_hide_content":"","_relevanssi_pin_for_all":"","_relevanssi_pin_keywords":"","_relevanssi_unpin_keywords":"","_relevanssi_related_keywords":"","_relevanssi_related_include_ids":"","_relevanssi_related_exclude_ids":"","_relevanssi_related_no_append":"","_relevanssi_related_not_related":"","_relevanssi_related_posts":"","_relevanssi_noindex_reason":"","footnotes":""},"subject":[],"class_list":["post-1485","page","type-page","status-publish","hentry"],"acf":[],"publishpress_future_action":{"enabled":false,"date":"2026-05-08 06:38:28","action":"change-status","newStatus":"draft","terms":[],"taxonomy":"subject"},"_links":{"self":[{"href":"https:\/\/moderaterna.se\/ostergotland\/wp-json\/wp\/v2\/pages\/1485","targetHints":{"allow":["GET"]}}],"collection":[{"href":"https:\/\/moderaterna.se\/ostergotland\/wp-json\/wp\/v2\/pages"}],"about":[{"href":"https:\/\/moderaterna.se\/ostergotland\/wp-json\/wp\/v2\/types\/page"}],"author":[{"embeddable":true,"href":"https:\/\/moderaterna.se\/ostergotland\/wp-json\/wp\/v2\/users\/68"}],"replies":[{"embeddable":true,"href":"https:\/\/moderaterna.se\/ostergotland\/wp-json\/wp\/v2\/comments?post=1485"}],"version-history":[{"count":9,"href":"https:\/\/moderaterna.se\/ostergotland\/wp-json\/wp\/v2\/pages\/1485\/revisions"}],"predecessor-version":[{"id":1571,"href":"https:\/\/moderaterna.se\/ostergotland\/wp-json\/wp\/v2\/pages\/1485\/revisions\/1571"}],"up":[{"embeddable":true,"href":"https:\/\/moderaterna.se\/ostergotland\/wp-json\/wp\/v2\/pages\/1474"}],"wp:attachment":[{"href":"https:\/\/moderaterna.se\/ostergotland\/wp-json\/wp\/v2\/media?parent=1485"}],"wp:term":[{"taxonomy":"subject","embeddable":true,"href":"https:\/\/moderaterna.se\/ostergotland\/wp-json\/wp\/v2\/subject?post=1485"}],"curies":[{"name":"wp","href":"https:\/\/api.w.org\/{rel}","templated":true}]}}