{"id":1474,"date":"2022-05-23T13:41:57","date_gmt":"2022-05-23T11:41:57","guid":{"rendered":"https:\/\/moderaterna.se\/ostergotland\/?page_id=1474"},"modified":"2022-06-16T19:19:20","modified_gmt":"2022-06-16T17:19:20","slug":"var-politik","status":"publish","type":"page","link":"https:\/\/moderaterna.se\/ostergotland\/region-ostergotland\/var-politik\/","title":{"rendered":"V\u00e5r politik"},"content":{"rendered":"\n<p>Som \u00f6stg\u00f6te ska du vara trygg med att du f\u00e5r v\u00e5rd i r\u00e4tt tid, n\u00e4r just du beh\u00f6ver den. Du ska inte beh\u00f6va oroa dig f\u00f6r att ditt barn s\u00e4tts i k\u00f6 till BUP, ist\u00e4llet f\u00f6r att f\u00e5 hj\u00e4lp. Eller att din mamma med en cancerdiagnos skickas till en annan region f\u00f6r att f\u00e5 v\u00e5rd i rimlig tid.<\/p>\n\n\n\n<p>V\u00e5r h\u00f6gsta prioritet \u00e4r att kapa v\u00e5rdk\u00f6erna som de senaste \u00e5ren vuxit sig allt f\u00f6r l\u00e5nga. F\u00f6r att klara det beh\u00f6ver v\u00e5rdens viktigaste resurs, medarbetarna, v\u00e4rnas.<\/p>\n\n\n\n<p>Det kr\u00e4vs ocks\u00e5 ett ledarskap som ser m\u00f6jligheterna i v\u00e5rt l\u00e4n, som har id\u00e9erna f\u00f6r hur \u00d6sterg\u00f6tland kan utvecklas till att bli en \u00e4nnu b\u00e4ttre plats att leva och verka i.<\/p>\n\n\n\n<p>Vi ska vara en h\u00e5llbar region i framkant, med en v\u00e4l fungerande kollektivtrafik och d\u00e4r ett dynamiskt och v\u00e4lm\u00e5ende n\u00e4ringsliv \u00e4r grundstenen. Det \u00e4r genom tillv\u00e4xt som vi kan satsa ytterligare resurser p\u00e5 v\u00e4lf\u00e4rd och skapa en st\u00f6rre trygghet f\u00f6r oss alla.<\/p>\n\n\n\n<p><\/p>\n\n\n\n<p>N\u00e5gra av v\u00e5ra f\u00f6rslag i korthet:<\/p>\n\n\n\n<ul class=\"wp-block-list\"><li>Kapa v\u00e5rdk\u00f6erna<\/li><\/ul>\n\n\n\n<ul class=\"wp-block-list\"><li>Frihet att v\u00e4lja din v\u00e5rd sj\u00e4lv<\/li><\/ul>\n\n\n\n<ul class=\"wp-block-list\"><li>Anv\u00e4nd digitala verktyg f\u00f6r en b\u00e4ttre h\u00e4lso- och sjukv\u00e5rd<\/li><\/ul>\n\n\n\n<ul class=\"wp-block-list\"><li>Satsa p\u00e5 v\u00e5rdens medarbetare<\/li><\/ul>\n\n\n\n<ul class=\"wp-block-list\"><li>Minska den administrativa b\u00f6rdan f\u00f6r v\u00e5rdens personal<\/li><\/ul>\n\n\n\n<ul class=\"wp-block-list\"><li>Det ska vara enkelt att resa kollektivt<\/li><\/ul>\n\n\n\n<ul class=\"wp-block-list\"><li>Man ska kunna bo, leva och verka p\u00e5 landsbygden<\/li><\/ul>\n\n\n\n<ul class=\"wp-block-list\"><li>Bes\u00f6ksn\u00e4ringen ska v\u00e4xa<\/li><\/ul>\n\n\n\n<ul class=\"wp-block-list\"><li>H\u00e5llbar milj\u00f6 f\u00f6r hela \u00d6sterg\u00f6tland<\/li><\/ul>\n\n\n\n<ul class=\"wp-block-list\"><li>Ett mer f\u00f6retagarv\u00e4nligt \u00d6sterg\u00f6tland<\/li><\/ul>\n\n\n\n<p><\/p>\n","protected":false},"excerpt":{"rendered":"<p>Som \u00f6stg\u00f6te ska du vara trygg med att du f\u00e5r v\u00e5rd i r\u00e4tt tid, n\u00e4r just du beh\u00f6ver den. Du ska inte beh\u00f6va oroa dig f\u00f6r att ditt barn s\u00e4tts i k\u00f6 till BUP, ist\u00e4llet f\u00f6r att f\u00e5 hj\u00e4lp. Eller att din mamma med en cancerdiagnos skickas till en annan region f\u00f6r att f\u00e5 v\u00e5rd [&hellip;]<\/p>\n","protected":false},"author":68,"featured_media":0,"parent":912,"menu_order":1,"comment_status":"closed","ping_status":"closed","template":"","meta":{"_acf_changed":false,"_relevanssi_hide_post":"","_relevanssi_hide_content":"","_relevanssi_pin_for_all":"","_relevanssi_pin_keywords":"","_relevanssi_unpin_keywords":"","_relevanssi_related_keywords":"","_relevanssi_related_include_ids":"","_relevanssi_related_exclude_ids":"","_relevanssi_related_no_append":"","_relevanssi_related_not_related":"","_relevanssi_related_posts":"1341,1043,1045,1585,925,1653","_relevanssi_noindex_reason":"","footnotes":""},"subject":[],"class_list":["post-1474","page","type-page","status-publish","hentry"],"acf":[],"publishpress_future_action":{"enabled":false,"date":"2026-05-08 08:03:01","action":"change-status","newStatus":"draft","terms":[],"taxonomy":"subject"},"_links":{"self":[{"href":"https:\/\/moderaterna.se\/ostergotland\/wp-json\/wp\/v2\/pages\/1474","targetHints":{"allow":["GET"]}}],"collection":[{"href":"https:\/\/moderaterna.se\/ostergotland\/wp-json\/wp\/v2\/pages"}],"about":[{"href":"https:\/\/moderaterna.se\/ostergotland\/wp-json\/wp\/v2\/types\/page"}],"author":[{"embeddable":true,"href":"https:\/\/moderaterna.se\/ostergotland\/wp-json\/wp\/v2\/users\/68"}],"replies":[{"embeddable":true,"href":"https:\/\/moderaterna.se\/ostergotland\/wp-json\/wp\/v2\/comments?post=1474"}],"version-history":[{"count":9,"href":"https:\/\/moderaterna.se\/ostergotland\/wp-json\/wp\/v2\/pages\/1474\/revisions"}],"predecessor-version":[{"id":1566,"href":"https:\/\/moderaterna.se\/ostergotland\/wp-json\/wp\/v2\/pages\/1474\/revisions\/1566"}],"up":[{"embeddable":true,"href":"https:\/\/moderaterna.se\/ostergotland\/wp-json\/wp\/v2\/pages\/912"}],"wp:attachment":[{"href":"https:\/\/moderaterna.se\/ostergotland\/wp-json\/wp\/v2\/media?parent=1474"}],"wp:term":[{"taxonomy":"subject","embeddable":true,"href":"https:\/\/moderaterna.se\/ostergotland\/wp-json\/wp\/v2\/subject?post=1474"}],"curies":[{"name":"wp","href":"https:\/\/api.w.org\/{rel}","templated":true}]}}