{"id":834,"date":"2022-01-04T20:08:35","date_gmt":"2022-01-04T19:08:35","guid":{"rendered":"https:\/\/moderaterna.se\/orebro\/?post_type=politiker&#038;p=834"},"modified":"2026-01-16T13:00:55","modified_gmt":"2026-01-16T12:00:55","slug":"elisabeth-svantesson","status":"publish","type":"politiker","link":"https:\/\/moderaterna.se\/orebro\/politiker\/elisabeth-svantesson\/","title":{"rendered":"Elisabeth Svantesson"},"content":{"rendered":"\n<p><strong>Som finansminister \u00e4r min fr\u00e4msta prioritet&nbsp;att svensk ekonomi&nbsp;ska&nbsp;st\u00e5 sig l\u00e5ngsiktigt stark. Efter inflationsbek\u00e4mpningen \u00e4r n\u00e4sta stora uppgift f\u00f6r den ekonomiska politiken att bana v\u00e4g f\u00f6r \u00f6kad tillv\u00e4xt s\u00e5 kan vi bli ett rikare&nbsp;och tryggare&nbsp;land&nbsp;igen. D\u00e5 kr\u00e4vs att hush\u00e5llens k\u00f6pkraft \u00e5terst\u00e4lls, att arbetslinjen \u00e5teruppr\u00e4ttas s\u00e5 att alla som kan \u00e4r med och bidrar,&nbsp;samt att n\u00f6dv\u00e4ndiga investeringar g\u00f6rs f\u00f6r att ekonomin ska kunna v\u00e4xa. Bara s\u00e5 kan vi&nbsp;s\u00e4kra&nbsp;resurser till polis, r\u00e4ttsv\u00e4sende, f\u00f6rsvar och dessutom ha en v\u00e4lf\u00e4rd i v\u00e4rldsklass.<\/strong><\/p>\n\n\n\n<p>Jag f\u00f6ddes i Lycksele 1967 men har bott p\u00e5 m\u00e5nga platser i Sverige. Nu bor jag i \u00d6rebro. N\u00e4r jag inte jobbar \u00e4gnar jag mig g\u00e4rna \u00e5t tr\u00e4ning p\u00e5 Friskis eller en bra\u00a0Netflixserie. Men viktigast av allt \u00e4r att tr\u00e4ffa familj och v\u00e4nner.<\/p>\n\n\n\n<p>Att gnet och slit ska l\u00f6na sig \u00e4r en viktig fr\u00e5ga f\u00f6r mig. Jag vet hur det \u00e4r att leva p\u00e5 sm\u00e5 marginaler. Jag fick barn ganska tidigt i livet, tre s\u00f6ner och n\u00e4r de var sm\u00e5 pluggade b\u00e5de jag och min man om vartannat. D\u00e5 var den 20e varje m\u00e5nad det viktigaste datumet i m\u00e5naden eftersom barnbidraget kom d\u00e5 och det m\u00f6jliggjorde matink\u00f6p och kanske ett&nbsp;McDonaldsbes\u00f6k. N\u00e5gra utlandsresor var det inte tal om d\u00e5.&nbsp;Ist\u00e4llet&nbsp;h\u00e4nde det att vi packade in barnen i bilen&nbsp;f\u00f6r att&nbsp;\u00e5ka till Arlanda f\u00f6r att titta p\u00e5 flygplanen som lyfte och landade. Mysigt \u2013 och s\u00e5 n\u00e4ra vi kom en charterresa p\u00e5 den tiden.<\/p>\n\n\n\n<p>Jag hittade till politiken som vuxen och blev invald i riksdagen 2006. Mellan \u00e5ren 2013\u20132014 var jag arbetsmarknadsminister i alliansregeringen. Innan jag blev riksdagsledamot var jag aktiv som fritidspolitiker i \u00d6rebro kommun och arbetade p\u00e5 \u00d6rebro universitet.&nbsp;<\/p>\n\n\n\n<p>Jag har en licentiatexamen i nationalekonomi och min avhandling handlade om nyanl\u00e4nda invandrares f\u00f6rsta \u00e5r i Sverige. Just integration \u00e4r en fr\u00e5ga som ligger mig varmt om hj\u00e4rtat och som l\u00f6pt som en r\u00f6d tr\u00e5d b\u00e5de genom mitt yrkesm\u00e4ssiga liv och i mitt politiska engagemang. Jag var tidigare ordf\u00f6rande i den arbetsgrupp som har utvecklat Moderaternas&nbsp;migrationspolitik.<\/p>\n\n\n\n<p>Att fler f\u00f6rs\u00f6rjer sig sj\u00e4lva och bidrar till det gemensamma \u00e4r en grundpelare i att bygga ett b\u00e4ttre Sverige och en f\u00f6ruts\u00e4ttning f\u00f6r ett h\u00e5llbart v\u00e4lf\u00e4rdssamh\u00e4lle. Jag ser exempelvis behovet av ett bidragstak s\u00e5 att det alltid l\u00f6nar sig att jobba. Det ska inte g\u00e5 att stapla olika bidrag p\u00e5 varandra s\u00e5 att det \u00f6verstiger vad man kan f\u00e5 i l\u00f6nekuvertet.<\/p>\n\n\n\n<p>Moderaterna bildade regering i ett Sverige som blivit farligare och fattigare \u2013 men jag \u00e4r \u00f6vertygad om att det g\u00e5r att v\u00e4nda utvecklingen.&nbsp;<\/p>\n\n\n\n<p>Personligen k\u00e4nner jag en enorm inre drivkraft att g\u00f6ra Sverige s\u00e5 bra som jag vet att Sverige kan bli. N\u00e4r jag s\u00e4ger att jag tror p\u00e5 arbetslinjen s\u00e5 \u00e4r det f\u00f6r att jag, precis som m\u00e5nga andra, har levt den. Jag vet v\u00e4rdet av att \u00e4ntligen kunna leva p\u00e5 sin l\u00f6n och dessutom kunna spara en del.&nbsp;<\/p>\n\n\n\n<p>Jag vet betydelsen av den svenska v\u00e4lf\u00e4rden. Inte bara f\u00f6r att jag jobbat i hemtj\u00e4nsten och st\u00e4dat v\u00e5rdcentraler eller f\u00f6r att min man \u00e4r sjuksk\u00f6terska utan ocks\u00e5 f\u00f6r att den svenska skolan, och s\u00e4rskilt gymnasietiden p\u00e5 riktigt f\u00f6r\u00e4ndrade mitt liv. Till det b\u00e4ttre.<\/p>\n\n\n\n<p>Men jag \u00e4r ocks\u00e5 brutalt bekant med den oro m\u00e5nga f\u00f6r\u00e4ldrar k\u00e4nner f\u00f6r att ens barn ska drabbas av kriminaliteten. Allt det h\u00e4r. Det \u00e4r det som g\u00f6r mig beslutsam. Med beslutsamhet och h\u00e5rt arbete, vet vi att det \u00e4r m\u00f6jligt att bygga Sverige tryggare och rikare. Och med det friare. Och det \u00e4r det som \u00e4r Moderaternas uppgift i svensk politik.&nbsp;<\/p>\n\n\n\n<p>Steg f\u00f6r steg, reform f\u00f6r reform ska vi arbeta f\u00f6r att g\u00f6ra Sverige b\u00e5de rikare och tryggare igen.<\/p>\n","protected":false},"featured_media":1746,"template":"","role":[131,19],"secondary-role":[],"class_list":["post-834","politiker","type-politiker","status-publish","has-post-thumbnail","hentry"],"acf":[],"_links":{"self":[{"href":"https:\/\/moderaterna.se\/orebro\/wp-json\/wp\/v2\/politiker\/834","targetHints":{"allow":["GET"]}}],"collection":[{"href":"https:\/\/moderaterna.se\/orebro\/wp-json\/wp\/v2\/politiker"}],"about":[{"href":"https:\/\/moderaterna.se\/orebro\/wp-json\/wp\/v2\/types\/politiker"}],"wp:featuredmedia":[{"embeddable":true,"href":"https:\/\/moderaterna.se\/orebro\/wp-json\/wp\/v2\/media\/1746"}],"wp:attachment":[{"href":"https:\/\/moderaterna.se\/orebro\/wp-json\/wp\/v2\/media?parent=834"}],"wp:term":[{"taxonomy":"role","embeddable":true,"href":"https:\/\/moderaterna.se\/orebro\/wp-json\/wp\/v2\/role?post=834"},{"taxonomy":"secondary-role","embeddable":true,"href":"https:\/\/moderaterna.se\/orebro\/wp-json\/wp\/v2\/secondary-role?post=834"}],"curies":[{"name":"wp","href":"https:\/\/api.w.org\/{rel}","templated":true}]}}