{"id":986,"date":"2022-01-16T15:32:33","date_gmt":"2022-01-16T14:32:33","guid":{"rendered":"https:\/\/moderaterna.se\/orebro\/?page_id=986"},"modified":"2022-01-27T12:22:53","modified_gmt":"2022-01-27T11:22:53","slug":"bli-medlem","status":"publish","type":"page","link":"https:\/\/moderaterna.se\/orebro\/bli-medlem\/","title":{"rendered":"Bli medlem"},"content":{"rendered":"\n<p><strong>Bli medlem i Moderaterna eller Moderata Ungdomsf\u00f6rbundet<\/strong> <\/p>\n\n\n\n<p>Moderaterna\u00a0\u00e4r aktivt p\u00e5drivande mot regeringen och har \u00e5stadkommit\u00a0flera viktiga segrar.<\/p>\n\n\n\n<p><strong>Men mer m\u00e5ste g\u00f6ras nu!<\/strong><br>Ett parti v\u00e4xer med sina medlemmar och f\u00f6r varje ny medlem blir Moderaterna en st\u00f6rre kraft och p\u00e5verkansfaktor. Bli medlem och hj\u00e4lp oss genom att engagera dina v\u00e4nner, grannar och kollegor i kampen f\u00f6r en ny regering och en b\u00e4ttre politik f\u00f6r Sverige.<br><br>Ett medlemskap i Moderaterna kostar 100 kronor under det f\u00f6rsta kalender\u00e5ret. D\u00e4refter best\u00e4ms din \u00e5rsavgift av den f\u00f6rening du tillh\u00f6r.<\/p>\n\n\n\n<p>Medlem i Moderata Ungdomsf\u00f6rbundet kan du bli som \u00e4r mellan 12 och 30 \u00e5r. Det kostar 40 kronor. V\u00e4lj en f\u00f6rening som slutar p\u00e5 MUF.<\/p>\n\n\n\n<p><strong>V\u00e4lkommen till Moderaterna \u2013 Ditt engagemang \u00e4r v\u00e5r styrka!<\/strong><\/p>\n\n\n\n<p><\/p>\n\n\n\n<p>St\u00f6d v\u00e5rt arbete f\u00f6r att Sverige ska bli ett friare, tryggare och mer r\u00e4ttvist land. <a href=\"https:\/\/moderaterna.membersite.se\/Membership\/BuyMembership\">Bli medlem i Moderaterna!<\/a><\/p>\n\n\n\n<p><\/p>\n","protected":false},"excerpt":{"rendered":"<p>Bli medlem i Moderaterna eller Moderata Ungdomsf\u00f6rbundet Moderaterna\u00a0\u00e4r aktivt p\u00e5drivande mot regeringen och har \u00e5stadkommit\u00a0flera viktiga segrar. Men mer m\u00e5ste g\u00f6ras nu!Ett parti v\u00e4xer med sina medlemmar och f\u00f6r varje ny medlem blir Moderaterna en st\u00f6rre kraft och p\u00e5verkansfaktor. Bli medlem och hj\u00e4lp oss genom att engagera dina v\u00e4nner, grannar och kollegor i kampen f\u00f6r [&hellip;]<\/p>\n","protected":false},"author":9,"featured_media":0,"parent":0,"menu_order":0,"comment_status":"closed","ping_status":"closed","template":"","meta":{"_acf_changed":false,"_relevanssi_hide_post":"","_relevanssi_hide_content":"","_relevanssi_pin_for_all":"","_relevanssi_pin_keywords":"","_relevanssi_unpin_keywords":"","_relevanssi_related_keywords":"","_relevanssi_related_include_ids":"","_relevanssi_related_exclude_ids":"","_relevanssi_related_no_append":"","_relevanssi_related_not_related":"","_relevanssi_related_posts":"","_relevanssi_noindex_reason":"","footnotes":""},"subject":[],"class_list":["post-986","page","type-page","status-publish","hentry"],"acf":[],"publishpress_future_action":{"enabled":false,"date":"2026-05-05 18:32:38","action":"change-status","newStatus":"draft","terms":[],"taxonomy":"subject"},"_links":{"self":[{"href":"https:\/\/moderaterna.se\/orebro\/wp-json\/wp\/v2\/pages\/986","targetHints":{"allow":["GET"]}}],"collection":[{"href":"https:\/\/moderaterna.se\/orebro\/wp-json\/wp\/v2\/pages"}],"about":[{"href":"https:\/\/moderaterna.se\/orebro\/wp-json\/wp\/v2\/types\/page"}],"author":[{"embeddable":true,"href":"https:\/\/moderaterna.se\/orebro\/wp-json\/wp\/v2\/users\/9"}],"replies":[{"embeddable":true,"href":"https:\/\/moderaterna.se\/orebro\/wp-json\/wp\/v2\/comments?post=986"}],"version-history":[{"count":9,"href":"https:\/\/moderaterna.se\/orebro\/wp-json\/wp\/v2\/pages\/986\/revisions"}],"predecessor-version":[{"id":1422,"href":"https:\/\/moderaterna.se\/orebro\/wp-json\/wp\/v2\/pages\/986\/revisions\/1422"}],"wp:attachment":[{"href":"https:\/\/moderaterna.se\/orebro\/wp-json\/wp\/v2\/media?parent=986"}],"wp:term":[{"taxonomy":"subject","embeddable":true,"href":"https:\/\/moderaterna.se\/orebro\/wp-json\/wp\/v2\/subject?post=986"}],"curies":[{"name":"wp","href":"https:\/\/api.w.org\/{rel}","templated":true}]}}