{"id":2230,"date":"2023-01-19T10:00:00","date_gmt":"2023-01-19T09:00:00","guid":{"rendered":"https:\/\/moderaterna.se\/kronoberg\/?page_id=2230"},"modified":"2023-01-18T15:03:45","modified_gmt":"2023-01-18T14:03:45","slug":"laget-i-lanet","status":"publish","type":"page","link":"https:\/\/moderaterna.se\/kronoberg\/laget-i-lanet\/","title":{"rendered":"L\u00e4get i l\u00e4net"},"content":{"rendered":"\n<p><strong>Vi har nog alla lagt m\u00e4rke till att Sverige \u00e4r p\u00e5 v\u00e4g in i n\u00e5gon form av l\u00e5gkonjunktur. Vi ser h\u00f6g inflation, stigande r\u00e4ntor och m\u00e5nga av v\u00e5ra inv\u00e5nare har det tufft ekonomiskt. Men det \u00e4r inte bara v\u00e5ra inv\u00e5nare som m\u00e4rker av detta, \u00e4ven v\u00e5rt n\u00e4ringsliv med stora och sm\u00e5 f\u00f6retag. <\/strong><\/p>\n\n\n\n<p>I grunden har vi ett mycket starkt n\u00e4ringsliv i Kronberg. Men l\u00e4get b\u00f6rjar bli orov\u00e4ckande och i vissa delar konkret illa, till exempel Uppvidinge, med ca. 300 personer som p\u00e5verkades av varsel 2022. Hade det varit i Stockholms stad s\u00e5 hade det proportionerligt handlat om 30 000 jobb som var i farozonen. I skrivande stund p\u00e5minns vi varje dag av pressade elpriser, st\u00f6rningar i leverant\u00f6rskedjor och begynnande varsel.<\/p>\n\n\n\n<p>Omfattningen och storleken \u00e4r just nu sv\u00e5r att bed\u00f6ma. Kronoberg med sin exportintensiva och tillverkningsintensiva ekonomi blir med sj\u00e4lvklarhet en del av konjunktursv\u00e4ngningarna. Vi vet ocks\u00e5 att n\u00e4r ekonomin viker, i form av exempelvis minskad ordering\u00e5ng till f\u00f6retagen, s\u00e5 ligger Kronoberg tidigt i konjunkturen. S\u00e5 var det 2008 och s\u00e5 kan det \u00e4ven bli nu, men \u00e5terigen s\u00e5 \u00e4r l\u00e4get i regionen som helhet mycket sv\u00e5r att bed\u00f6ma.<\/p>\n\n\n\n<p>Fler och fler signaler pekar p\u00e5 att en f\u00f6rberedelse f\u00f6r att hantera varsel och omst\u00e4llning i n\u00e4rings- och arbetslivet i Kronoberg b\u00f6r g\u00f6ras. H\u00e4r har Region Kronoberg som organisation en viktig roll att fylla.<\/p>\n\n\n\n<p>V\u00e5r roll \u00e4r som region, att ansvara f\u00f6r samordning och samverkan, som st\u00f6d till exempelvis en kommun vid stort varsel, samt st\u00e4rka f\u00f6retagens f\u00f6rm\u00e5ga till omst\u00e4llning och att \u00f6ka sin konkurrenskraft (genom omst\u00e4llningscheckar, konsultst\u00f6d mm).<\/p>\n\n\n\n<p>Vi driver tillsammans med l\u00e4nets \u00e5tta kommuner Business Region Kronoberg med ett gemensamt m\u00e5l: att driva regionen fram\u00e5t och \u00f6ka v\u00e5r attraktionskraft. Att jobba tillsammans \u00e4r \u00e4nnu viktigare n\u00e4r v\u00e5rt samh\u00e4lle p\u00e5verkas av st\u00f6rre h\u00e4ndelser och kriser. D\u00e4rf\u00f6r arbetar Business Region Kronoberg f\u00f6r att snabbt och koordinerat kunna reagera p\u00e5 n\u00e4ringslivsf\u00f6r\u00e4ndringar inom l\u00e4net. Metoden kallas Kronobergsmodellen och bygger p\u00e5 kommunernas erfarenheter av samarbete kring varsel och omst\u00e4llning. Region Kronobergs roll \u00e4r att levandeg\u00f6ra Kronobergsmodellen och underl\u00e4tta f\u00f6r akt\u00f6rernas samarbete regionalt.<\/p>\n\n\n\n<p>Under r\u00e5dande l\u00e4ge \u2013 med bland annat elkris, krig och effekter av pandemin \u2013 aktiverar vi ett bredare n\u00e4tverk av akt\u00f6rer, h\u00e4r ing\u00e5r Region Kronoberg, l\u00e4nsstyrelsen, l\u00e4nets kommuner, Arbetsf\u00f6rmedlingen, branschorganisationer, arbetsgivarorganisationer, och f\u00f6retagsfr\u00e4mjande organisationer.<\/p>\n\n\n\n<p>P\u00e5 torsdag tr\u00e4ffas ledningen f\u00f6r Region Kronoberg, l\u00e4nets \u00e5tta kommuner och \u00e4ven l\u00e4nsstyrelsen f\u00f6r att diskutera l\u00e4get i l\u00e4net. D\u00e5 kommer Region Kronoberg f\u00f6resl\u00e5 att vi direkt aktiverar v\u00e5rt gemensamma arbete i Kronobergsmodellen. \u00c4ven om l\u00e4get \u00e4r os\u00e4kert \u00e4r vi hellre f\u00f6rberedda \u00e4n of\u00f6rberedda.<\/p>\n\n\n\n<p><strong>ALLIANSEN REGION KRONOBERG<\/strong><\/p>\n","protected":false},"excerpt":{"rendered":"<p>Vi har nog alla lagt m\u00e4rke till att Sverige \u00e4r p\u00e5 v\u00e4g in i n\u00e5gon form av l\u00e5gkonjunktur. Vi ser h\u00f6g inflation, stigande r\u00e4ntor och m\u00e5nga av v\u00e5ra inv\u00e5nare har det tufft ekonomiskt. Men det \u00e4r inte bara v\u00e5ra inv\u00e5nare som m\u00e4rker av detta, \u00e4ven v\u00e5rt n\u00e4ringsliv med stora och sm\u00e5 f\u00f6retag. I grunden har [&hellip;]<\/p>\n","protected":false},"author":90,"featured_media":0,"parent":0,"menu_order":0,"comment_status":"closed","ping_status":"closed","template":"","meta":{"_acf_changed":false,"_relevanssi_hide_post":"","_relevanssi_hide_content":"","_relevanssi_pin_for_all":"","_relevanssi_pin_keywords":"","_relevanssi_unpin_keywords":"","_relevanssi_related_keywords":"","_relevanssi_related_include_ids":"","_relevanssi_related_exclude_ids":"","_relevanssi_related_no_append":"","_relevanssi_related_not_related":"","_relevanssi_related_posts":"","_relevanssi_noindex_reason":"","footnotes":""},"subject":[],"class_list":["post-2230","page","type-page","status-publish","hentry"],"acf":[],"publishpress_future_action":{"enabled":false,"date":"2026-05-07 10:48:42","action":"change-status","newStatus":"draft","terms":[],"taxonomy":"subject"},"_links":{"self":[{"href":"https:\/\/moderaterna.se\/kronoberg\/wp-json\/wp\/v2\/pages\/2230","targetHints":{"allow":["GET"]}}],"collection":[{"href":"https:\/\/moderaterna.se\/kronoberg\/wp-json\/wp\/v2\/pages"}],"about":[{"href":"https:\/\/moderaterna.se\/kronoberg\/wp-json\/wp\/v2\/types\/page"}],"author":[{"embeddable":true,"href":"https:\/\/moderaterna.se\/kronoberg\/wp-json\/wp\/v2\/users\/90"}],"replies":[{"embeddable":true,"href":"https:\/\/moderaterna.se\/kronoberg\/wp-json\/wp\/v2\/comments?post=2230"}],"version-history":[{"count":5,"href":"https:\/\/moderaterna.se\/kronoberg\/wp-json\/wp\/v2\/pages\/2230\/revisions"}],"predecessor-version":[{"id":2235,"href":"https:\/\/moderaterna.se\/kronoberg\/wp-json\/wp\/v2\/pages\/2230\/revisions\/2235"}],"wp:attachment":[{"href":"https:\/\/moderaterna.se\/kronoberg\/wp-json\/wp\/v2\/media?parent=2230"}],"wp:term":[{"taxonomy":"subject","embeddable":true,"href":"https:\/\/moderaterna.se\/kronoberg\/wp-json\/wp\/v2\/subject?post=2230"}],"curies":[{"name":"wp","href":"https:\/\/api.w.org\/{rel}","templated":true}]}}