{"id":1294,"date":"2022-06-20T11:13:56","date_gmt":"2022-06-20T09:13:56","guid":{"rendered":"https:\/\/moderaterna.se\/halland\/?post_type=politiker&#038;p=1294"},"modified":"2022-06-22T16:23:58","modified_gmt":"2022-06-22T14:23:58","slug":"sandra-johansson","status":"publish","type":"politiker","link":"https:\/\/moderaterna.se\/halland\/politiker\/sandra-johansson\/","title":{"rendered":"Sandra Johansson"},"content":{"rendered":"\n<p>Jag \u00e4r en f\u00f6retagardotter som tidigt gick i mina f\u00f6r\u00e4ldrars entrepren\u00f6rsfotsp\u00e5r. Utbildat mig inom samh\u00e4llsanalys och v\u00e4lf\u00e4rdsutveckling, har en Fil.mag. i Sociologi och jobbar som kvalitets-, milj\u00f6- och arbetsmilj\u00f6ansvarig inom byggbranschen. <\/p>\n\n\n\n<p>Min yrkesverksamma bakgrund \u00e4r driven av nyfikenhet, engagemang och en vilja att utveckla och f\u00f6rb\u00e4ttra f\u00f6retag och organisationer. Har arbetat som politiskt beslutst\u00f6d inom n\u00e4ringslivsfr\u00e5gor och ser nyttan av att samverka. Jag \u00e4r en tennisspelande Falkenbergare, mamma till tv\u00e5 barn, sambo och bosatt i Asige.<\/p>\n","protected":false},"featured_media":0,"template":"","role":[115],"secondary-role":[],"class_list":["post-1294","politiker","type-politiker","status-publish","hentry"],"acf":[],"_links":{"self":[{"href":"https:\/\/moderaterna.se\/halland\/wp-json\/wp\/v2\/politiker\/1294","targetHints":{"allow":["GET"]}}],"collection":[{"href":"https:\/\/moderaterna.se\/halland\/wp-json\/wp\/v2\/politiker"}],"about":[{"href":"https:\/\/moderaterna.se\/halland\/wp-json\/wp\/v2\/types\/politiker"}],"wp:attachment":[{"href":"https:\/\/moderaterna.se\/halland\/wp-json\/wp\/v2\/media?parent=1294"}],"wp:term":[{"taxonomy":"role","embeddable":true,"href":"https:\/\/moderaterna.se\/halland\/wp-json\/wp\/v2\/role?post=1294"},{"taxonomy":"secondary-role","embeddable":true,"href":"https:\/\/moderaterna.se\/halland\/wp-json\/wp\/v2\/secondary-role?post=1294"}],"curies":[{"name":"wp","href":"https:\/\/api.w.org\/{rel}","templated":true}]}}