{"id":1287,"date":"2022-06-16T17:01:06","date_gmt":"2022-06-16T15:01:06","guid":{"rendered":"https:\/\/moderaterna.se\/halland\/?post_type=politiker&#038;p=1287"},"modified":"2022-06-22T16:31:01","modified_gmt":"2022-06-22T14:31:01","slug":"berit-bergstrom","status":"publish","type":"politiker","link":"https:\/\/moderaterna.se\/halland\/politiker\/berit-bergstrom\/","title":{"rendered":"Berit Bergstr\u00f6m"},"content":{"rendered":"\n<p>Det som driver mig inom politiken \u00e4r m\u00e4nniskors r\u00e4tt till det fria valet, att skapa ett tryggt och v\u00e4lm\u00e5ende land med f\u00f6ruts\u00e4ttningar till en s\u00e4ker uppv\u00e4xt. Jag vill att allm\u00e4nheten ska k\u00e4nna igen sig och k\u00e4nna tillh\u00f6righet och ha f\u00f6rtroende f\u00f6r sina f\u00f6rtroendevalda. Vi \u00e4r precis som alla andra med skillnaden att vi vill driva politiken, vi m\u00e5ste vara r\u00e4dda om det f\u00f6rtroende vi f\u00e5tt och f\u00f6rvalta det p\u00e5 b\u00e4sta s\u00e4tt. Jag vill vara en f\u00f6rebild f\u00f6r nya som kommer till oss, men \u00e4ven f\u00f6r de som varit med oss l\u00e4nge.<\/p>\n","protected":false},"featured_media":0,"template":"","role":[75,118,114],"secondary-role":[],"class_list":["post-1287","politiker","type-politiker","status-publish","hentry"],"acf":[],"_links":{"self":[{"href":"https:\/\/moderaterna.se\/halland\/wp-json\/wp\/v2\/politiker\/1287","targetHints":{"allow":["GET"]}}],"collection":[{"href":"https:\/\/moderaterna.se\/halland\/wp-json\/wp\/v2\/politiker"}],"about":[{"href":"https:\/\/moderaterna.se\/halland\/wp-json\/wp\/v2\/types\/politiker"}],"wp:attachment":[{"href":"https:\/\/moderaterna.se\/halland\/wp-json\/wp\/v2\/media?parent=1287"}],"wp:term":[{"taxonomy":"role","embeddable":true,"href":"https:\/\/moderaterna.se\/halland\/wp-json\/wp\/v2\/role?post=1287"},{"taxonomy":"secondary-role","embeddable":true,"href":"https:\/\/moderaterna.se\/halland\/wp-json\/wp\/v2\/secondary-role?post=1287"}],"curies":[{"name":"wp","href":"https:\/\/api.w.org\/{rel}","templated":true}]}}