{"id":1282,"date":"2022-06-16T16:41:19","date_gmt":"2022-06-16T14:41:19","guid":{"rendered":"https:\/\/moderaterna.se\/halland\/?post_type=politiker&#038;p=1282"},"modified":"2022-06-22T16:33:23","modified_gmt":"2022-06-22T14:33:23","slug":"kenneth-camitz","status":"publish","type":"politiker","link":"https:\/\/moderaterna.se\/halland\/politiker\/kenneth-camitz\/","title":{"rendered":"Kenneth Camitz"},"content":{"rendered":"\n<p>Jag har en yrkesbakgrund inom hotell och restaurang, egenf\u00f6retagare och s\u00e4ljare, bland annat var jag del\u00e4gare i Laholms stadshotell i 6\u00e5r.<\/p>\n\n\n\n<p>Mitt intresse f\u00f6r samh\u00e4llsfr\u00e5gor \u00e4r stort, Som moderat tror jag p\u00e5 att v\u00e4lf\u00e4rdens k\u00e4rna ska prioriteras f\u00f6re annat. Allt ska inte finansieras via skattsedeln utan skola, v\u00e5rd och omsorg, infrastruktur, lag och ordning och landets f\u00f6rsvar m\u00e5ste prioriteras f\u00f6rst innan vi kan l\u00e4gga pengar p\u00e5 annat, men vi f\u00e5r inte missa dom f\u00f6rebyggande och mjuka v\u00e4rdena<br>arbetslinjen \u00e4r f\u00f6r mig ett viktigt verktyg tillsammans med kvalit\u00e9 och uppf\u00f6ljning<br>Halland \u00e4r ett moderat skyltf\u00f6nster det ska det m\u00e5ste vi arbeta f\u00f6r att det forts\u00e4tter vara.<\/p>\n","protected":false},"featured_media":0,"template":"","role":[119,114],"secondary-role":[],"class_list":["post-1282","politiker","type-politiker","status-publish","hentry"],"acf":[],"_links":{"self":[{"href":"https:\/\/moderaterna.se\/halland\/wp-json\/wp\/v2\/politiker\/1282","targetHints":{"allow":["GET"]}}],"collection":[{"href":"https:\/\/moderaterna.se\/halland\/wp-json\/wp\/v2\/politiker"}],"about":[{"href":"https:\/\/moderaterna.se\/halland\/wp-json\/wp\/v2\/types\/politiker"}],"wp:attachment":[{"href":"https:\/\/moderaterna.se\/halland\/wp-json\/wp\/v2\/media?parent=1282"}],"wp:term":[{"taxonomy":"role","embeddable":true,"href":"https:\/\/moderaterna.se\/halland\/wp-json\/wp\/v2\/role?post=1282"},{"taxonomy":"secondary-role","embeddable":true,"href":"https:\/\/moderaterna.se\/halland\/wp-json\/wp\/v2\/secondary-role?post=1282"}],"curies":[{"name":"wp","href":"https:\/\/api.w.org\/{rel}","templated":true}]}}