{"id":1270,"date":"2022-06-16T14:29:31","date_gmt":"2022-06-16T12:29:31","guid":{"rendered":"https:\/\/moderaterna.se\/halland\/?post_type=politiker&#038;p=1270"},"modified":"2022-06-22T16:38:45","modified_gmt":"2022-06-22T14:38:45","slug":"charlotta-jonson","status":"publish","type":"politiker","link":"https:\/\/moderaterna.se\/halland\/politiker\/charlotta-jonson\/","title":{"rendered":"Charlotta Jonson"},"content":{"rendered":"\n<p>Jag vill bo i ett land, i en stad d\u00e4r arbetslinjen \u00e4r det som v\u00e4ger tyngst och det sj\u00e4lvklara alternativet f\u00f6r f\u00f6rs\u00f6rjning. En plats d\u00e4r man k\u00e4nner sig trygg att ta en joggingtur efter jobbet, att l\u00e5ta sina barn leka utomhus utan r\u00e4dsla f\u00f6r hot och v\u00e5ld. En plats f\u00f6r hela livet med en god start i f\u00f6rskolan vidare till skolan d\u00e4r f\u00f6ruts\u00e4ttningar f\u00f6r h\u00f6gre studier skapas, en plats att arbeta p\u00e5, att bli gammal p\u00e5, att leva hela sitt liv p\u00e5. <\/p>\n\n\n\n<p>F\u00f6r mig betyder ett politiskt engagemang en m\u00f6jlighet till att g\u00f6ra skillnad, ett s\u00e4tt att vara medborgarnas r\u00f6st och verka f\u00f6r att Falkenberg blir en plats f\u00f6r var och en att f\u00f6rverkliga sig sj\u00e4lv och sina dr\u00f6mmar p\u00e5.<\/p>\n","protected":false},"featured_media":0,"template":"","role":[115,114],"secondary-role":[],"class_list":["post-1270","politiker","type-politiker","status-publish","hentry"],"acf":[],"_links":{"self":[{"href":"https:\/\/moderaterna.se\/halland\/wp-json\/wp\/v2\/politiker\/1270","targetHints":{"allow":["GET"]}}],"collection":[{"href":"https:\/\/moderaterna.se\/halland\/wp-json\/wp\/v2\/politiker"}],"about":[{"href":"https:\/\/moderaterna.se\/halland\/wp-json\/wp\/v2\/types\/politiker"}],"wp:attachment":[{"href":"https:\/\/moderaterna.se\/halland\/wp-json\/wp\/v2\/media?parent=1270"}],"wp:term":[{"taxonomy":"role","embeddable":true,"href":"https:\/\/moderaterna.se\/halland\/wp-json\/wp\/v2\/role?post=1270"},{"taxonomy":"secondary-role","embeddable":true,"href":"https:\/\/moderaterna.se\/halland\/wp-json\/wp\/v2\/secondary-role?post=1270"}],"curies":[{"name":"wp","href":"https:\/\/api.w.org\/{rel}","templated":true}]}}