{"id":1260,"date":"2022-06-15T15:25:02","date_gmt":"2022-06-15T13:25:02","guid":{"rendered":"https:\/\/moderaterna.se\/halland\/?post_type=politiker&#038;p=1260"},"modified":"2025-04-08T20:32:11","modified_gmt":"2025-04-08T18:32:11","slug":"hanna-netterberg","status":"publish","type":"politiker","link":"https:\/\/moderaterna.se\/halland\/politiker\/hanna-netterberg\/","title":{"rendered":"Hanna Netterberg"},"content":{"rendered":"\n<p>F\u00f6dd positiv och (ljus)bl\u00e5, med tidiga minnen av att vilja kunna och att v\u00e4lja sj\u00e4lv. Samh\u00e4llsintresserad p\u00e5 alla niv\u00e5er och drivs av tron p\u00e5 den egna individens frihet och valm\u00f6jligheter. <br><br>Nyfiken och intresserad och tar g\u00e4rna ansvar framf\u00f6r att klaga. Aktiv moderat sedan valet 2014 och har d\u00e4refter uppdrag inom partif\u00f6reningen och f\u00f6rtroendeuppdrag inom kommun och region.<br>Sj\u00e4lvst\u00e4ndig men en lagspelare, social och f\u00e5r energi av n\u00e4r teamet uppn\u00e5r m\u00e5l tillsammans. Klassisk moderat politik som ordning och reda och ekonomi intresserar mig mest men jag brinner extra f\u00f6r barn- och ungas v\u00e4lm\u00e5ende.<br>Vill forts\u00e4tta verka f\u00f6r ett tryggt, h\u00e5llbart och v\u00e4xande Varberg.<\/p>\n","protected":false},"featured_media":1082,"template":"","role":[114,120],"secondary-role":[],"class_list":["post-1260","politiker","type-politiker","status-publish","has-post-thumbnail","hentry"],"acf":[],"_links":{"self":[{"href":"https:\/\/moderaterna.se\/halland\/wp-json\/wp\/v2\/politiker\/1260","targetHints":{"allow":["GET"]}}],"collection":[{"href":"https:\/\/moderaterna.se\/halland\/wp-json\/wp\/v2\/politiker"}],"about":[{"href":"https:\/\/moderaterna.se\/halland\/wp-json\/wp\/v2\/types\/politiker"}],"wp:featuredmedia":[{"embeddable":true,"href":"https:\/\/moderaterna.se\/halland\/wp-json\/wp\/v2\/media\/1082"}],"wp:attachment":[{"href":"https:\/\/moderaterna.se\/halland\/wp-json\/wp\/v2\/media?parent=1260"}],"wp:term":[{"taxonomy":"role","embeddable":true,"href":"https:\/\/moderaterna.se\/halland\/wp-json\/wp\/v2\/role?post=1260"},{"taxonomy":"secondary-role","embeddable":true,"href":"https:\/\/moderaterna.se\/halland\/wp-json\/wp\/v2\/secondary-role?post=1260"}],"curies":[{"name":"wp","href":"https:\/\/api.w.org\/{rel}","templated":true}]}}