{"id":1255,"date":"2022-06-14T11:01:10","date_gmt":"2022-06-14T09:01:10","guid":{"rendered":"https:\/\/moderaterna.se\/halland\/?post_type=politiker&#038;p=1255"},"modified":"2022-08-23T13:35:34","modified_gmt":"2022-08-23T11:35:34","slug":"anna-fallkvist","status":"publish","type":"politiker","link":"https:\/\/moderaterna.se\/halland\/politiker\/anna-fallkvist\/","title":{"rendered":"Anna Fallkvist"},"content":{"rendered":"\n<p>Jag gillar att se utveckling och vill att det ska vara ett samh\u00e4lle d\u00e4r alla har samma m\u00f6jligheter, r\u00e4ttigheter och skyldigheter.<br><br>Ett starkt n\u00e4ringsliv \u00e4r en av de viktigaste f\u00f6ruts\u00e4ttningar f\u00f6r att en utveckling av samh\u00e4llet ska kunna ske, det m\u00e5ste bem\u00f6tas med respekt fr\u00e5n kommunalt h\u00e5ll s\u00e5 att f\u00f6ruts\u00e4ttningar f\u00f6r utveckling kan ske. Det m\u00e5ste vara l\u00e4tt att g\u00f6ra r\u00e4tt.<\/p>\n","protected":false},"featured_media":1339,"template":"","role":[116,113],"secondary-role":[],"class_list":["post-1255","politiker","type-politiker","status-publish","has-post-thumbnail","hentry"],"acf":[],"_links":{"self":[{"href":"https:\/\/moderaterna.se\/halland\/wp-json\/wp\/v2\/politiker\/1255","targetHints":{"allow":["GET"]}}],"collection":[{"href":"https:\/\/moderaterna.se\/halland\/wp-json\/wp\/v2\/politiker"}],"about":[{"href":"https:\/\/moderaterna.se\/halland\/wp-json\/wp\/v2\/types\/politiker"}],"wp:featuredmedia":[{"embeddable":true,"href":"https:\/\/moderaterna.se\/halland\/wp-json\/wp\/v2\/media\/1339"}],"wp:attachment":[{"href":"https:\/\/moderaterna.se\/halland\/wp-json\/wp\/v2\/media?parent=1255"}],"wp:term":[{"taxonomy":"role","embeddable":true,"href":"https:\/\/moderaterna.se\/halland\/wp-json\/wp\/v2\/role?post=1255"},{"taxonomy":"secondary-role","embeddable":true,"href":"https:\/\/moderaterna.se\/halland\/wp-json\/wp\/v2\/secondary-role?post=1255"}],"curies":[{"name":"wp","href":"https:\/\/api.w.org\/{rel}","templated":true}]}}