{"version":"1.0","provider_name":"Moderaterna i Halland","provider_url":"https:\/\/moderaterna.se\/halland","author_name":"Christian Johansson","author_url":"https:\/\/moderaterna.se\/halland\/author\/christianjohansson\/","title":"Hanna Netterberg","type":"rich","width":600,"height":338,"html":"<blockquote class=\"wp-embedded-content\" data-secret=\"wG62UQaXPa\"><a href=\"https:\/\/moderaterna.se\/halland\/politiker\/hanna-netterberg\/\">Hanna Netterberg<\/a><\/blockquote><iframe sandbox=\"allow-scripts\" security=\"restricted\" src=\"https:\/\/moderaterna.se\/halland\/politiker\/hanna-netterberg\/embed\/#?secret=wG62UQaXPa\" width=\"600\" height=\"338\" title=\"\u201dHanna Netterberg\u201d &ndash; Moderaterna i Halland\" data-secret=\"wG62UQaXPa\" frameborder=\"0\" marginwidth=\"0\" marginheight=\"0\" scrolling=\"no\" class=\"wp-embedded-content\"><\/iframe><script>\n\/*! This file is auto-generated *\/\n!function(d,l){\"use strict\";l.querySelector&&d.addEventListener&&\"undefined\"!=typeof URL&&(d.wp=d.wp||{},d.wp.receiveEmbedMessage||(d.wp.receiveEmbedMessage=function(e){var t=e.data;if((t||t.secret||t.message||t.value)&&!\/[^a-zA-Z0-9]\/.test(t.secret)){for(var s,r,n,a=l.querySelectorAll('iframe[data-secret=\"'+t.secret+'\"]'),o=l.querySelectorAll('blockquote[data-secret=\"'+t.secret+'\"]'),c=new RegExp(\"^https?:$\",\"i\"),i=0;i<o.length;i++)o[i].style.display=\"none\";for(i=0;i<a.length;i++)s=a[i],e.source===s.contentWindow&&(s.removeAttribute(\"style\"),\"height\"===t.message?(1e3<(r=parseInt(t.value,10))?r=1e3:~~r<200&&(r=200),s.height=r):\"link\"===t.message&&(r=new URL(s.getAttribute(\"src\")),n=new URL(t.value),c.test(n.protocol))&&n.host===r.host&&l.activeElement===s&&(d.top.location.href=t.value))}},d.addEventListener(\"message\",d.wp.receiveEmbedMessage,!1),l.addEventListener(\"DOMContentLoaded\",function(){for(var e,t,s=l.querySelectorAll(\"iframe.wp-embedded-content\"),r=0;r<s.length;r++)(t=(e=s[r]).getAttribute(\"data-secret\"))||(t=Math.random().toString(36).substring(2,12),e.src+=\"#?secret=\"+t,e.setAttribute(\"data-secret\",t)),e.contentWindow.postMessage({message:\"ready\",secret:t},\"*\")},!1)))}(window,document);\n\/\/# sourceURL=https:\/\/moderaterna.se\/halland\/wp-includes\/js\/wp-embed.min.js\n<\/script>\n","thumbnail_url":"https:\/\/moderaterna.se\/app\/uploads\/sites\/26\/2022\/04\/Hanna-Netterberg-02.jpg","thumbnail_width":370,"thumbnail_height":492,"description":"F\u00f6dd positiv och (ljus)bl\u00e5, med tidiga minnen av att vilja kunna och att v\u00e4lja sj\u00e4lv. Samh\u00e4llsintresserad p\u00e5 alla niv\u00e5er och drivs av tron p\u00e5 den egna individens frihet och valm\u00f6jligheter. Nyfiken och intresserad och tar g\u00e4rna ansvar framf\u00f6r att klaga. Aktiv moderat sedan valet 2014 och har d\u00e4refter uppdrag inom partif\u00f6reningen och f\u00f6rtroendeuppdrag inom kommun [&hellip;]"}