{"version":"1.0","provider_name":"Moderaterna i Halland","provider_url":"https:\/\/moderaterna.se\/halland","author_name":"Peter Hemgard","author_url":"https:\/\/moderaterna.se\/halland\/author\/peterhemgard\/","title":"Emanuel Forsell","type":"rich","width":600,"height":338,"html":"<blockquote class=\"wp-embedded-content\" data-secret=\"JYNtGOesuz\"><a href=\"https:\/\/moderaterna.se\/halland\/politiker\/emanuel-forsell\/\">Emanuel Forsell<\/a><\/blockquote><iframe sandbox=\"allow-scripts\" security=\"restricted\" src=\"https:\/\/moderaterna.se\/halland\/politiker\/emanuel-forsell\/embed\/#?secret=JYNtGOesuz\" width=\"600\" height=\"338\" title=\"\u201dEmanuel Forsell\u201d &ndash; Moderaterna i Halland\" data-secret=\"JYNtGOesuz\" frameborder=\"0\" marginwidth=\"0\" marginheight=\"0\" scrolling=\"no\" class=\"wp-embedded-content\"><\/iframe><script>\n\/*! This file is auto-generated *\/\n!function(d,l){\"use strict\";l.querySelector&&d.addEventListener&&\"undefined\"!=typeof URL&&(d.wp=d.wp||{},d.wp.receiveEmbedMessage||(d.wp.receiveEmbedMessage=function(e){var t=e.data;if((t||t.secret||t.message||t.value)&&!\/[^a-zA-Z0-9]\/.test(t.secret)){for(var s,r,n,a=l.querySelectorAll('iframe[data-secret=\"'+t.secret+'\"]'),o=l.querySelectorAll('blockquote[data-secret=\"'+t.secret+'\"]'),c=new RegExp(\"^https?:$\",\"i\"),i=0;i<o.length;i++)o[i].style.display=\"none\";for(i=0;i<a.length;i++)s=a[i],e.source===s.contentWindow&&(s.removeAttribute(\"style\"),\"height\"===t.message?(1e3<(r=parseInt(t.value,10))?r=1e3:~~r<200&&(r=200),s.height=r):\"link\"===t.message&&(r=new URL(s.getAttribute(\"src\")),n=new URL(t.value),c.test(n.protocol))&&n.host===r.host&&l.activeElement===s&&(d.top.location.href=t.value))}},d.addEventListener(\"message\",d.wp.receiveEmbedMessage,!1),l.addEventListener(\"DOMContentLoaded\",function(){for(var e,t,s=l.querySelectorAll(\"iframe.wp-embedded-content\"),r=0;r<s.length;r++)(t=(e=s[r]).getAttribute(\"data-secret\"))||(t=Math.random().toString(36).substring(2,12),e.src+=\"#?secret=\"+t,e.setAttribute(\"data-secret\",t)),e.contentWindow.postMessage({message:\"ready\",secret:t},\"*\")},!1)))}(window,document);\n\/\/# sourceURL=https:\/\/moderaterna.se\/halland\/wp-includes\/js\/wp-embed.min.js\n<\/script>\n","description":"Hej!Jag heter Emanuel Forsell och brinner f\u00f6r h\u00f6ga krav och l\u00e5ga skatter.Mina nuvarande uppdrag \u00e4r bland annat som gruppledare i Kungsbacka, ledamot i Gymnasie- och arbetsmarknadsn\u00e4mnden mfl. Min st\u00f6rsta passion inom politiken \u00e4r arbetslinjen. Jag tror p\u00e5 m\u00e4nniskors f\u00f6rm\u00e5ga att sj\u00e4lva ta ansvar f\u00f6r sitt liv och bygga en egen framtid. D\u00e4r m\u00e5ste ocks\u00e5 politiken [&hellip;]","thumbnail_url":"https:\/\/moderaterna.se\/app\/uploads\/sites\/26\/2021\/12\/DELNINGSBILD_hemsida_fo\u0308rstasida.png","thumbnail_width":1200,"thumbnail_height":628}