{"version":"1.0","provider_name":"Moderaterna i Halland","provider_url":"https:\/\/moderaterna.se\/halland","author_name":"Emanuel Berenett","author_url":"https:\/\/moderaterna.se\/halland\/author\/emanuelberenett\/","title":"Berit Bergstr\u00f6m","type":"rich","width":600,"height":338,"html":"<blockquote class=\"wp-embedded-content\" data-secret=\"TTkMExinPG\"><a href=\"https:\/\/moderaterna.se\/halland\/politiker\/berit-bergstrom\/\">Berit Bergstr\u00f6m<\/a><\/blockquote><iframe sandbox=\"allow-scripts\" security=\"restricted\" src=\"https:\/\/moderaterna.se\/halland\/politiker\/berit-bergstrom\/embed\/#?secret=TTkMExinPG\" width=\"600\" height=\"338\" title=\"\u201dBerit Bergstr\u00f6m\u201d &ndash; Moderaterna i Halland\" data-secret=\"TTkMExinPG\" frameborder=\"0\" marginwidth=\"0\" marginheight=\"0\" scrolling=\"no\" class=\"wp-embedded-content\"><\/iframe><script>\n\/*! This file is auto-generated *\/\n!function(d,l){\"use strict\";l.querySelector&&d.addEventListener&&\"undefined\"!=typeof URL&&(d.wp=d.wp||{},d.wp.receiveEmbedMessage||(d.wp.receiveEmbedMessage=function(e){var t=e.data;if((t||t.secret||t.message||t.value)&&!\/[^a-zA-Z0-9]\/.test(t.secret)){for(var s,r,n,a=l.querySelectorAll('iframe[data-secret=\"'+t.secret+'\"]'),o=l.querySelectorAll('blockquote[data-secret=\"'+t.secret+'\"]'),c=new RegExp(\"^https?:$\",\"i\"),i=0;i<o.length;i++)o[i].style.display=\"none\";for(i=0;i<a.length;i++)s=a[i],e.source===s.contentWindow&&(s.removeAttribute(\"style\"),\"height\"===t.message?(1e3<(r=parseInt(t.value,10))?r=1e3:~~r<200&&(r=200),s.height=r):\"link\"===t.message&&(r=new URL(s.getAttribute(\"src\")),n=new URL(t.value),c.test(n.protocol))&&n.host===r.host&&l.activeElement===s&&(d.top.location.href=t.value))}},d.addEventListener(\"message\",d.wp.receiveEmbedMessage,!1),l.addEventListener(\"DOMContentLoaded\",function(){for(var e,t,s=l.querySelectorAll(\"iframe.wp-embedded-content\"),r=0;r<s.length;r++)(t=(e=s[r]).getAttribute(\"data-secret\"))||(t=Math.random().toString(36).substring(2,12),e.src+=\"#?secret=\"+t,e.setAttribute(\"data-secret\",t)),e.contentWindow.postMessage({message:\"ready\",secret:t},\"*\")},!1)))}(window,document);\n\/\/# sourceURL=https:\/\/moderaterna.se\/halland\/wp-includes\/js\/wp-embed.min.js\n<\/script>\n","description":"Det som driver mig inom politiken \u00e4r m\u00e4nniskors r\u00e4tt till det fria valet, att skapa ett tryggt och v\u00e4lm\u00e5ende land med f\u00f6ruts\u00e4ttningar till en s\u00e4ker uppv\u00e4xt. Jag vill att allm\u00e4nheten ska k\u00e4nna igen sig och k\u00e4nna tillh\u00f6righet och ha f\u00f6rtroende f\u00f6r sina f\u00f6rtroendevalda. Vi \u00e4r precis som alla andra med skillnaden att vi vill driva [&hellip;]","thumbnail_url":"https:\/\/moderaterna.se\/app\/uploads\/sites\/26\/2021\/12\/DELNINGSBILD_hemsida_fo\u0308rstasida.png","thumbnail_width":1200,"thumbnail_height":628}