{"version":"1.0","provider_name":"Moderaterna p\u00e5 Gotland","provider_url":"https:\/\/moderaterna.se\/gotland","author_name":"Lina Fredriksson","author_url":"https:\/\/moderaterna.se\/gotland\/author\/linafredriksson\/","title":"F\u00f6rsvar","type":"rich","width":600,"height":338,"html":"<blockquote class=\"wp-embedded-content\" data-secret=\"MFX7TVEdvO\"><a href=\"https:\/\/moderaterna.se\/gotland\/var-politik\/forsvar\/\">F\u00f6rsvar<\/a><\/blockquote><iframe sandbox=\"allow-scripts\" security=\"restricted\" src=\"https:\/\/moderaterna.se\/gotland\/var-politik\/forsvar\/embed\/#?secret=MFX7TVEdvO\" width=\"600\" height=\"338\" title=\"\u201dF\u00f6rsvar\u201d &ndash; Moderaterna p\u00e5 Gotland\" data-secret=\"MFX7TVEdvO\" frameborder=\"0\" marginwidth=\"0\" marginheight=\"0\" scrolling=\"no\" class=\"wp-embedded-content\"><\/iframe><script>\n\/*! This file is auto-generated *\/\n!function(d,l){\"use strict\";l.querySelector&&d.addEventListener&&\"undefined\"!=typeof URL&&(d.wp=d.wp||{},d.wp.receiveEmbedMessage||(d.wp.receiveEmbedMessage=function(e){var t=e.data;if((t||t.secret||t.message||t.value)&&!\/[^a-zA-Z0-9]\/.test(t.secret)){for(var s,r,n,a=l.querySelectorAll('iframe[data-secret=\"'+t.secret+'\"]'),o=l.querySelectorAll('blockquote[data-secret=\"'+t.secret+'\"]'),c=new RegExp(\"^https?:$\",\"i\"),i=0;i<o.length;i++)o[i].style.display=\"none\";for(i=0;i<a.length;i++)s=a[i],e.source===s.contentWindow&&(s.removeAttribute(\"style\"),\"height\"===t.message?(1e3<(r=parseInt(t.value,10))?r=1e3:~~r<200&&(r=200),s.height=r):\"link\"===t.message&&(r=new URL(s.getAttribute(\"src\")),n=new URL(t.value),c.test(n.protocol))&&n.host===r.host&&l.activeElement===s&&(d.top.location.href=t.value))}},d.addEventListener(\"message\",d.wp.receiveEmbedMessage,!1),l.addEventListener(\"DOMContentLoaded\",function(){for(var e,t,s=l.querySelectorAll(\"iframe.wp-embedded-content\"),r=0;r<s.length;r++)(t=(e=s[r]).getAttribute(\"data-secret\"))||(t=Math.random().toString(36).substring(2,12),e.src+=\"#?secret=\"+t,e.setAttribute(\"data-secret\",t)),e.contentWindow.postMessage({message:\"ready\",secret:t},\"*\")},!1)))}(window,document);\n\/\/# sourceURL=https:\/\/moderaterna.se\/gotland\/wp-includes\/js\/wp-embed.min.js\n<\/script>\n","description":"Omv\u00e4rldsl\u00e4get kr\u00e4ver stora satsningar p\u00e5 det svenska f\u00f6rsvaret Moderaterna \u00e4r p\u00e5drivande f\u00f6r att Sverige ska ha ett starkt och robust svenskt f\u00f6rsvar. Vi beh\u00f6ver skjuta till de resurser som kr\u00e4vs p\u00e5 b\u00e5de kort och l\u00e5ng sikt f\u00f6r att m\u00f6ta det f\u00f6rs\u00e4mrade s\u00e4kerhetsl\u00e4get och st\u00e5 rustade inf\u00f6r de globala hoten.\u00a0Regeringen genomf\u00f6r nu med stor beslutsamhet den [&hellip;]","thumbnail_url":"https:\/\/moderaterna.se\/app\/uploads\/sites\/7\/2021\/12\/DELNINGSBILD_hemsida_fo\u0308rstasida.png","thumbnail_width":1200,"thumbnail_height":628}