{"id":941,"date":"2021-12-28T07:18:37","date_gmt":"2021-12-28T06:18:37","guid":{"rendered":"https:\/\/moderaterna.se\/gavleborg\/?post_type=politiker&#038;p=941"},"modified":"2022-10-22T17:30:42","modified_gmt":"2022-10-22T15:30:42","slug":"ziita-eriksson","status":"publish","type":"politiker","link":"https:\/\/moderaterna.se\/gavleborg\/politiker\/ziita-eriksson\/","title":{"rendered":"Ziita Eriksson"},"content":{"rendered":"\n<p>Jag vill arbeta f\u00f6r ett samh\u00e4lle d\u00e4r medborgarna kan v\u00e4lja hur de vill leva sina liv. Men f\u00f6rst m\u00e5ste vi skapa ett samh\u00e4lle d\u00e4r skola, sjukv\u00e5rd och r\u00e4ttsv\u00e4sende fungerar och d\u00e4r m\u00e4nniskor har en trygg ekonomi.<\/p>\n\n\n\n<p>Jag \u00e4r 38 \u00e5r, bor i S\u00e4lgsj\u00f6n\u00e4s och jobbar som intervjuare. Jag \u00e4gnar en stor del av mitt liv \u00e5t politiken.&nbsp;<\/p>\n\n\n\n<p>Det som g\u00f6r politik s\u00e5 intressant f\u00f6r mig \u00e4r att den ger mig en m\u00f6jlighet att f\u00e5 lyssna p\u00e5 m\u00e4nniskor och ta del av deras tankar och id\u00e9er om vad dom vill \u00e5stadkomma i sina liv och hur de vill att det samh\u00e4lle vi lever i ska se ut.<\/p>\n\n\n\n<p>Jag vill arbeta f\u00f6r ett samh\u00e4lle d\u00e4r medborgarna kan v\u00e4lja hur de vill leva sina liv. Men f\u00f6rst m\u00e5ste vi skapa ett samh\u00e4lle d\u00e4r skola, sjukv\u00e5rd och r\u00e4ttsv\u00e4sende fungerar och d\u00e4r m\u00e4nniskor har en trygg ekonomi.<\/p>\n\n\n\n<p>Jag anser att det hela \u00e4r starkt kopplat till syssels\u00e4ttning och f\u00f6retagande. Att \u00f6ka f\u00f6rst\u00e5elsen om vad f\u00f6retagandet inneb\u00e4r f\u00f6r Sverige och v\u00e5r kommun \u00e4r d\u00e4rf\u00f6r oerh\u00f6rt viktigt \u2013 utan f\u00f6retag skulle vi inte ha den v\u00e4lf\u00e4rd vi har idag. Utan f\u00f6retag skulle Sverige stanna! Hur vi genom enklare regelsystem kan stimulera nyetablering och \u00f6kad syssels\u00e4ttning \u00e4r d\u00e4rf\u00f6r n\u00e5got jag vill arbeta med.<\/p>\n\n\n\n<p>Vi ser idag alltf\u00f6r m\u00e5nga m\u00e4nniskor som befinner sig utanf\u00f6r arbetsmarknaden.&nbsp; M\u00e5nga av dessa har f\u00f6r l\u00e4nge sedan tappat tron p\u00e5 sig sj\u00e4lva och hoppet p\u00e5 att komma tillbaka. Jag vill arbeta f\u00f6r en fortsatt moderat politik, s\u00e5 att dessa m\u00e4nniskor \u00e5terigen v\u00e5gar tro p\u00e5 sig sj\u00e4lva och en v\u00e4g tillbaka till arbete, en v\u00e4g ur bidragsberoendet.<\/p>\n\n\n\n<p>F\u00e5 saker inskr\u00e4nker m\u00e4nniskors liv som f\u00f6ljderna av v\u00e5ld, droger och kriminalitet. Alltf\u00f6r m\u00e5nga barn och unga far illa, individer som v\u00e4xer upp med stor risk f\u00f6r att hamna i utanf\u00f6rskap. Det handlar om m\u00e4nnisko\u00f6den men drabbar \u00e4ven kommunenen h\u00e5rt ekonomiskt \u2013 pengar som skulle beh\u00f6va anv\u00e4ndas till f\u00f6rebyggande insatser, skola, \u00e4ldreomsorg och d\u00e4r v\u00e4lf\u00e4rden brister. Jag vill arbeta aktivt f\u00f6r en drogfri skola och f\u00f6r att barn och unga inte ska uts\u00e4ttas f\u00f6r vare sig v\u00e5ld eller missbruk. Att skapa trygghet \u00e4r en av samh\u00e4llets viktigaste uppgifter!<\/p>\n\n\n\n<p>Det m\u00e5ste finnas m\u00f6jlighet till delaktighet och medinflytande f\u00f6r alla kommunens inv\u00e5nare och inte bara de f\u00e5 personer som innehar en politisk post. Det \u00e4r d\u00e4rf\u00f6r viktigt att det inte finns f\u00f6r stora skillnader mellan beslutsfattare och de som ber\u00f6rs av besluten. Jag vill vara en av r\u00f6sterna f\u00f6r v\u00e5r kommum men vet samtidigt att \u201densam \u00e4r INTE stark\u201d utan vi m\u00e5ste alla tillsammans arbeta f\u00f6r att v\u00e5ra m\u00e5l genomf\u00f6rs. D\u00e4rf\u00f6r \u00e4r Dina \u00e5sikter viktiga!<\/p>\n\n\n\n<p>Du \u00e4r varmt v\u00e4lkommen att h\u00f6ra av dig till mig!<\/p>\n\n\n\n<h2 class=\"wp-block-heading\" id=\"h-snabbfakta\">Snabbfakta<\/h2>\n\n\n\n<p><strong>Bor:&nbsp;<\/strong>I S\u00e4lgsj\u00f6n\u00e4s utanf\u00f6r Hofors.<\/p>\n\n\n\n<p><strong>Utbildning:&nbsp;<\/strong>Examen (BA with Honours) i internationell marknadsf\u00f6ring, management och spr\u00e5k fr\u00e5n Bournemouth University i England.<\/p>\n\n\n\n<p><strong>Arbete:&nbsp;<\/strong>Intervjuare.<\/p>\n\n\n\n<p><strong>Tidigare jobb:&nbsp;<\/strong>Fritidsledare, cirkelledare, undervisat i SFI och har under en kort tid \u00e4ven drivit ett utbildningsf\u00f6retag. I England jobbade jag p\u00e5 ett stort amerikanskt leksaksf\u00f6retag och p\u00e5 hotell.<br>&nbsp;<\/p>\n\n\n\n<p><strong>Viktigaste fr\u00e5gor i politiken:<\/strong><\/p>\n\n\n\n<ul class=\"wp-block-list\"><li>Fler unga i arbete<\/li><li>B\u00e4ttre villkor f\u00f6r f\u00f6retagarna<\/li><li>En skola med kvalitet<\/li><li>Valfrihet inom v\u00e5rd och omsorg<\/li><li>En drogfri skola och nolltolerans mot narkotika<\/li><\/ul>\n\n\n\n<h2 class=\"wp-block-heading\" id=\"h-aktuella-uppdrag\"><strong>Aktuella uppdrag:<\/strong><\/h2>\n\n\n\n<p><strong>Hofors kommun<\/strong><\/p>\n\n\n\n<ul class=\"wp-block-list\"><li>Ordf\u00f6rande Moderaterna Hofors-Tors\u00e5ker<\/li><li>Gruppledare f\u00f6r Moderaterna i kommunfullm\u00e4ktige<\/li><li>Ledamot kommunstyrelsen<\/li><li>Ledamot kommunstyrelsens arbetsutskott<\/li><li>Ledamot Hofors kommunhus AB<\/li><li>Ledamot socialn\u00e4mnden<\/li><li>Ledamot socialn\u00e4mndens utskott f\u00f6r individ\u00e4renden<\/li><li>Ledamot brottsf\u00f6rebyggande r\u00e5det<\/li><li>Ledamot kommunala r\u00e5det f\u00f6r funktionshindrade<\/li><\/ul>\n\n\n\n<p><strong>L\u00e4nsf\u00f6rbund<\/strong><\/p>\n\n\n\n<ul class=\"wp-block-list\"><li>Ledamot f\u00f6rbundsstyrelsen<\/li><li>Ledamot polisstyrelsen<\/li><\/ul>\n","protected":false},"featured_media":942,"template":"","role":[75,92],"secondary-role":[],"class_list":["post-941","politiker","type-politiker","status-publish","has-post-thumbnail","hentry"],"acf":[],"_links":{"self":[{"href":"https:\/\/moderaterna.se\/gavleborg\/wp-json\/wp\/v2\/politiker\/941","targetHints":{"allow":["GET"]}}],"collection":[{"href":"https:\/\/moderaterna.se\/gavleborg\/wp-json\/wp\/v2\/politiker"}],"about":[{"href":"https:\/\/moderaterna.se\/gavleborg\/wp-json\/wp\/v2\/types\/politiker"}],"wp:featuredmedia":[{"embeddable":true,"href":"https:\/\/moderaterna.se\/gavleborg\/wp-json\/wp\/v2\/media\/942"}],"wp:attachment":[{"href":"https:\/\/moderaterna.se\/gavleborg\/wp-json\/wp\/v2\/media?parent=941"}],"wp:term":[{"taxonomy":"role","embeddable":true,"href":"https:\/\/moderaterna.se\/gavleborg\/wp-json\/wp\/v2\/role?post=941"},{"taxonomy":"secondary-role","embeddable":true,"href":"https:\/\/moderaterna.se\/gavleborg\/wp-json\/wp\/v2\/secondary-role?post=941"}],"curies":[{"name":"wp","href":"https:\/\/api.w.org\/{rel}","templated":true}]}}