{"id":928,"date":"2021-12-28T06:51:39","date_gmt":"2021-12-28T05:51:39","guid":{"rendered":"https:\/\/moderaterna.se\/gavleborg\/?post_type=politiker&#038;p=928"},"modified":"2023-01-01T09:38:36","modified_gmt":"2023-01-01T08:38:36","slug":"patrik-stenvard","status":"publish","type":"politiker","link":"https:\/\/moderaterna.se\/gavleborg\/politiker\/patrik-stenvard\/","title":{"rendered":"Patrik Stenvard"},"content":{"rendered":"\n<h2 class=\"wp-block-heading\" id=\"h-presentation\"><strong>Presentation<\/strong><\/h2>\n\n\n\n<p><\/p>\n\n\n\n<p>Jag har uppdrag som regionr\u00e5d samt ordf\u00f6rande f\u00f6r moderaterna i l\u00e4net. Det \u00e4r en stor f\u00f6rm\u00e5n att f\u00e5 arbeta med politik och vara med och utveckla det samh\u00e4lle som vi lever och verkar i. Jag \u00e4r uppv\u00e4xt i en mindre bruksort i s\u00f6dra delen av Sverige men bor numer i G\u00e4vle med min familj.<\/p>\n\n\n\n<p>Det som driver mig politiskt \u00e4r att g\u00f6ra vardagen b\u00e4ttre f\u00f6r G\u00e4vleborgarna. Detta g\u00f6r jag genom att alltid s\u00e4tta individen f\u00f6re systemet s\u00e5 skapas f\u00f6ruts\u00e4ttningarna f\u00f6r att l\u00e5ta m\u00e4nniskor v\u00e4xa utifr\u00e5n sin potential. S\u00e5 f\u00f6r mig \u00e4r det viktigt att vi har ett samh\u00e4lle som ser varje m\u00e4nniska men samtidigt skapar ett tryggt samh\u00e4lle, det handlar om att man alltid ska k\u00e4nna sig trygg i att r\u00f6ra sig ute eller att k\u00e4nna sig trygg i att det finns en v\u00e4lf\u00e4rd av h\u00f6gsta kvalit\u00e9. F\u00f6r n\u00e4r du beh\u00f6ver v\u00e5rd s\u00e5 ska den alltid finnas p\u00e5 plats n\u00e4ra dig och utifr\u00e5n dina behov och \u00f6nskem\u00e5l.<\/p>\n\n\n\n<h2 class=\"wp-block-heading\" id=\"h-viktigaste-fragor\"><strong><strong>Viktigaste fr\u00e5gor<\/strong><\/strong><\/h2>\n\n\n\n<p>Det gl\u00e4der mig att vi \u00e4ntligen f\u00e5r ett nytt ledarskap i regionen med en borgerlig grund att st\u00e5 p\u00e5. Min str\u00e4van \u00e4r nu att bidra med ett engagerat och n\u00e4rvarande ledarskap d\u00e4r min fr\u00e4msta prioritet \u00e4r sjukv\u00e5rden. Sjukv\u00e5rden m\u00e5ste bli mer tillg\u00e4nglig och mer j\u00e4mlik. Idag skiljer det sig alldeles f\u00f6r mycket i vilken v\u00e5rd man f\u00e5r vilket inte \u00e4r acceptabelt. F\u00f6r att klara av sjukv\u00e5rdsuppdragen \u00e4r det av st\u00f6rsta vikt att regionen blir en mer attraktiv arbetsgivare vilket kr\u00e4ver b\u00e4ttre ledarskap och b\u00e4ttre arbetsmilj\u00f6.<\/p>\n\n\n\n<h2 class=\"wp-block-heading\" id=\"h-snabbfakta\"><strong>Snabbfakta<\/strong><\/h2>\n\n\n\n<p><strong>Ort:<\/strong> G\u00e4vle<br><strong>Yrke:<\/strong> Regionr\u00e5d, ordf\u00f6rande regionstyrelsen<\/p>\n\n\n\n<h2 class=\"wp-block-heading\" id=\"h-aktuella-uppdrag\"><strong>Aktuella Uppdrag<\/strong>:<\/h2>\n\n\n\n<p><strong>Nationellt:<\/strong><\/p>\n\n\n\n<ul class=\"wp-block-list\"><li>Sveriges Kommuner och Landstings, beredningen f\u00f6r Prim\u00e4rv\u00e5rd och \u00e4ldreomsorg<\/li><\/ul>\n\n\n\n<p><strong>Region G\u00e4vleborg:<\/strong><\/p>\n\n\n\n<ul class=\"wp-block-list\"><li>Regionr\u00e5d<\/li><li>Regionstyrelse, ordf\u00f6rande<\/li><li>Regionfullm\u00e4ktige, ledamot<\/li><li>Krisledningsn\u00e4mnd, ordf\u00f6rande<\/li><\/ul>\n\n\n\n<p><strong>G\u00e4vleborgsf\u00f6rbundet:<\/strong><\/p>\n\n\n\n<ul class=\"wp-block-list\"><li>F\u00f6rbundsstyrelsen, Ordf\u00f6rande<\/li><\/ul>\n\n\n\n<h5 class=\"wp-block-heading\" id=\"h-las-mer-pa-min-blogg-stenvard-se\">L\u00e4s mer p\u00e5 min blogg Stenvard.se<\/h5>\n\n\n<ul class=\"is-grid columns-2 wp-block-rss\"><li class='wp-block-rss__item'><div class='wp-block-rss__item-title'><a href='http:\/\/www.stenvard.se\/2026\/04\/hojda-arvoden-for-regionens-politiker.html'>H\u00f6jda arvoden f\u00f6r regionens politiker<\/a><\/div><\/li><li class='wp-block-rss__item'><div class='wp-block-rss__item-title'><a href='http:\/\/www.stenvard.se\/2026\/03\/toppresultat-i-regionens-nki-matning.html'>Toppresultat i Regionens NKI m\u00e4tning<\/a><\/div><\/li><li class='wp-block-rss__item'><div class='wp-block-rss__item-title'><a href='http:\/\/www.stenvard.se\/2026\/03\/forlossningen-i-hudiksvall-ar-oppen-i.html'>F\u00f6rlossningen i Hudiksvall \u00e4r \u00f6ppen i sommar!<\/a><\/div><\/li><li class='wp-block-rss__item'><div class='wp-block-rss__item-title'><a href='http:\/\/www.stenvard.se\/2026\/02\/granskning-av-cosmic-regionens-nya.html'>Granskning av Cosmic, regionens nya journalsystem<\/a><\/div><\/li><li class='wp-block-rss__item'><div class='wp-block-rss__item-title'><a href='http:\/\/www.stenvard.se\/2026\/01\/mest-synliga-regionpolitikern.html'>Mest synliga regionpolitikern?<\/a><\/div><\/li><\/ul>\n\n\n<p><\/p>\n","protected":false},"featured_media":1578,"template":"","role":[74,75,163,76],"secondary-role":[],"class_list":["post-928","politiker","type-politiker","status-publish","has-post-thumbnail","hentry"],"acf":[],"_links":{"self":[{"href":"https:\/\/moderaterna.se\/gavleborg\/wp-json\/wp\/v2\/politiker\/928","targetHints":{"allow":["GET"]}}],"collection":[{"href":"https:\/\/moderaterna.se\/gavleborg\/wp-json\/wp\/v2\/politiker"}],"about":[{"href":"https:\/\/moderaterna.se\/gavleborg\/wp-json\/wp\/v2\/types\/politiker"}],"wp:featuredmedia":[{"embeddable":true,"href":"https:\/\/moderaterna.se\/gavleborg\/wp-json\/wp\/v2\/media\/1578"}],"wp:attachment":[{"href":"https:\/\/moderaterna.se\/gavleborg\/wp-json\/wp\/v2\/media?parent=928"}],"wp:term":[{"taxonomy":"role","embeddable":true,"href":"https:\/\/moderaterna.se\/gavleborg\/wp-json\/wp\/v2\/role?post=928"},{"taxonomy":"secondary-role","embeddable":true,"href":"https:\/\/moderaterna.se\/gavleborg\/wp-json\/wp\/v2\/secondary-role?post=928"}],"curies":[{"name":"wp","href":"https:\/\/api.w.org\/{rel}","templated":true}]}}