{"id":916,"date":"2021-12-28T06:27:04","date_gmt":"2021-12-28T05:27:04","guid":{"rendered":"https:\/\/moderaterna.se\/gavleborg\/?post_type=politiker&#038;p=916"},"modified":"2023-04-02T12:29:50","modified_gmt":"2023-04-02T10:29:50","slug":"marjo-myllykoski","status":"publish","type":"politiker","link":"https:\/\/moderaterna.se\/gavleborg\/politiker\/marjo-myllykoski\/","title":{"rendered":"Marjo Myllykoski"},"content":{"rendered":"\n<p><\/p>\n\n\n\n<h2 class=\"wp-block-heading\" id=\"h-presentation\"><strong>Presentation<\/strong><\/h2>\n\n\n\n<p>Engagerad, driven med moderata v\u00e4rderingar i ryggm\u00e4rgen. 2013 engagerade jag mig i Moderaterna f\u00f6r att f\u00e5 m\u00f6jlighet att skapa ett b\u00e4ttre S\u00f6derhamn. Efter valet 2018 sitter jag i kommunledningen som vice kommunstyrelseordf\u00f6rande och ordf\u00f6rande i kultur- och samh\u00e4llsservicen\u00e4mnden, ledamot i kommunfullm\u00e4ktige med flera uppdrag. I regionfullm\u00e4ktige \u00e4r jag ers\u00e4ttare. Mitt engagemang \u00e4r stort och under de senaste snart fyra \u00e5ren har jag framg\u00e5ngsrikt f\u00f6rb\u00e4ttrat S\u00f6derhamnarnas vardag i stort som sm\u00e5tt. Politik beh\u00f6ver f\u00f6lja en linje fr\u00e5n regering &#8211; region &#8211; kommun f\u00f6r att f\u00e5 genomslag i de fr\u00e5gor som kan l\u00f6sa m\u00e5nga av Sveriges och region G\u00e4vleborgs problem. Vi beh\u00f6ver moderat politik f\u00f6r \u00f6kad trygghet, minskad arbetsl\u00f6shet, tillv\u00e4xt bland v\u00e5ra f\u00f6retag och v\u00e4lm\u00e5ende medborgare. D\u00e4rf\u00f6r kandiderar jag p\u00e5 alla niv\u00e5er. Jag vill bidra d\u00e4r mitt engagemang beh\u00f6vs och d\u00e4r jag f\u00e5r f\u00f6rtroende att representera Moderaterna.&nbsp;<\/p>\n\n\n\n<h2 class=\"wp-block-heading\" id=\"h-viktigaste-fragor\"><strong>Viktigaste fr\u00e5gor<\/strong><\/h2>\n\n\n\n<p>En trygg v\u00e4lf\u00e4rd, fokus p\u00e5 tillv\u00e4xt f\u00f6r b\u00e5de samh\u00e4lle och individ, minskad arbetsl\u00f6shet och en rik fritid f\u00f6r \u00f6kad folkh\u00e4lsa. G\u00e4vleborg ska vara en region som genomg\u00e5ende har ett gott f\u00f6retagsklimat och tillv\u00e4xt &#8211; s\u00e5 att fler g\u00e4vleborgare g\u00e5r fr\u00e5n bidrag till arbete. Ett tryggt G\u00e4vleborg med god v\u00e5rd genom hela livet, h\u00e5llbar samh\u00e4llsplanering som tar h\u00f6jd i energifr\u00e5gorna, infrastruktursatsningar f\u00f6r utveckling och konkurrenskraft och m\u00f6jlighet till en rik fritid.<\/p>\n\n\n\n<p><strong>Snabbfakta<\/strong><\/p>\n\n\n\n<p><strong>Titel:<\/strong>&nbsp;Kommunalr\u00e5d<br><strong>Ort:<\/strong>&nbsp;S\u00f6derhamn<\/p>\n\n\n\n<h2 class=\"wp-block-heading\" id=\"h-aktuella-uppdrag\">Aktuella uppdrag<\/h2>\n\n\n\n<p><strong>Region G\u00e4vleborg<\/strong><\/p>\n\n\n\n<ul class=\"wp-block-list\"><li>Regionfullm\u00e4ktige, ers\u00e4ttare<\/li><\/ul>\n\n\n\n<p><strong>S\u00f6derhamn kommun:<\/strong><\/p>\n\n\n\n<ul class=\"wp-block-list\"><li>Kultur- och samh\u00e4llservicen\u00e4mnden, ordf\u00f6rande<\/li><li>Kommunstyrelsen, Vice ordf\u00f6rande<\/li><li>Valn\u00e4mnd, Vice ordf\u00f6rande<\/li><li>Kommunfullm\u00e4ktige, Ledamot<\/li><li>Direktionen H\u00e4lsinglands utbildningsf\u00f6rbund, Ledamot<\/li><li>Vice gruppledare<\/li><\/ul>\n\n\n\n<p><strong>S\u00f6derhamnsf\u00f6rening<\/strong><\/p>\n\n\n\n<ul class=\"wp-block-list\"><li>Ordf\u00f6rande  <\/li><li>Moderatkvinnoansvarig <\/li><\/ul>\n\n\n\n<p><strong>G\u00e4vleborgsf\u00f6rbundet<\/strong><\/p>\n\n\n\n<ul class=\"wp-block-list\"><li>Ledamot f\u00f6rbundsstyrelsen<\/li><li>\u00d6ppna Moderater G\u00e4vleborg, vice ordf\u00f6rande<\/li><\/ul>\n\n\n\n<ul class=\"wp-block-list\"><li><\/li><\/ul>\n","protected":false},"featured_media":1606,"template":"","role":[75,164,92,163],"secondary-role":[],"class_list":["post-916","politiker","type-politiker","status-publish","has-post-thumbnail","hentry"],"acf":[],"_links":{"self":[{"href":"https:\/\/moderaterna.se\/gavleborg\/wp-json\/wp\/v2\/politiker\/916","targetHints":{"allow":["GET"]}}],"collection":[{"href":"https:\/\/moderaterna.se\/gavleborg\/wp-json\/wp\/v2\/politiker"}],"about":[{"href":"https:\/\/moderaterna.se\/gavleborg\/wp-json\/wp\/v2\/types\/politiker"}],"wp:featuredmedia":[{"embeddable":true,"href":"https:\/\/moderaterna.se\/gavleborg\/wp-json\/wp\/v2\/media\/1606"}],"wp:attachment":[{"href":"https:\/\/moderaterna.se\/gavleborg\/wp-json\/wp\/v2\/media?parent=916"}],"wp:term":[{"taxonomy":"role","embeddable":true,"href":"https:\/\/moderaterna.se\/gavleborg\/wp-json\/wp\/v2\/role?post=916"},{"taxonomy":"secondary-role","embeddable":true,"href":"https:\/\/moderaterna.se\/gavleborg\/wp-json\/wp\/v2\/secondary-role?post=916"}],"curies":[{"name":"wp","href":"https:\/\/api.w.org\/{rel}","templated":true}]}}