{"id":881,"date":"2021-12-26T16:26:21","date_gmt":"2021-12-26T15:26:21","guid":{"rendered":"https:\/\/moderaterna.se\/gavleborg\/?post_type=politiker&#038;p=881"},"modified":"2026-03-15T18:44:34","modified_gmt":"2026-03-15T17:44:34","slug":"cecilia-natander","status":"publish","type":"politiker","link":"https:\/\/moderaterna.se\/gavleborg\/politiker\/cecilia-natander\/","title":{"rendered":"Cecilia Natander"},"content":{"rendered":"\n<h2 class=\"wp-block-heading\" id=\"h-presentation\">Presentation<\/h2>\n\n\n\n<p>Kandidatexamen i folkh\u00e4lsovetenskap, snart klar mastersexamen i digitalisering. Hobbylantbrukare och enskild f\u00f6retagare sedan m\u00e5nga \u00e5r. 5-barnsmor. F\u00f6rfattare. Brinner f\u00f6r ny teknik, arbetsmilj\u00f6 och glesbygd. St\u00e5r upp f\u00f6r det jag tror p\u00e5 och v\u00e5gar bek\u00e4nna mina fel. Politik \u00e4r f\u00f6r mig en fr\u00e5ga om f\u00f6r\u00e4ndring, vilket kan inneb\u00e4ra obekv\u00e4ma beslut, tuffa f\u00f6rhandlingar och meningsskiljaktigheter, men f\u00e5r aldrig bli en fr\u00e5ga om personlig vinning.<\/p>\n\n\n\n<h2 class=\"wp-block-heading\" id=\"h-viktigaste-fragor\"><strong>Viktigaste fr\u00e5gor<\/strong><\/h2>\n\n\n\n<p>Landsbygdsfr\u00e5gor; det m\u00e5ste bli l\u00e4ttare att bo och leva p\u00e5 landsbygden och i mindre t\u00e4torter. Folkh\u00e4lsopolitiska Digitalisering f\u00f6r att klara de demografiska f\u00f6r\u00e4ndringar som sker. G\u00e5r inte att springa snabbare p\u00e5 golvet &#8211; vi m\u00e5ste b\u00f6rja jobba smartare med hj\u00e4lp av ny teknik. B\u00e4ttre arbetsmilj\u00f6 f\u00f6r ett h\u00e5llbart arbetsliv. Det ska vara m\u00f6jligt att bo och leva i hela Sverige.<\/p>\n\n\n\n<h2 class=\"wp-block-heading\" id=\"h-snabbfakta-nbsp\">Snabbfakta&nbsp;<\/h2>\n\n\n\n<p><strong>Yrke\/titel: <\/strong>V\u00e5rdenhetschef<br><strong>Ort:<\/strong> En\u00e5nger, Hudiksvall<br><\/p>\n\n\n\n<h2 class=\"wp-block-heading\" id=\"h-aktuella-uppdrag\">Aktuella uppdrag<\/h2>\n\n\n\n<p><strong>Region G\u00e4vleborg<\/strong><\/p>\n\n\n\n<ul class=\"wp-block-list\">\n<li>Regionfullm\u00e4ktige, ers\u00e4ttare<\/li>\n<\/ul>\n","protected":false},"featured_media":1623,"template":"","role":[163],"secondary-role":[],"class_list":["post-881","politiker","type-politiker","status-publish","has-post-thumbnail","hentry"],"acf":[],"_links":{"self":[{"href":"https:\/\/moderaterna.se\/gavleborg\/wp-json\/wp\/v2\/politiker\/881","targetHints":{"allow":["GET"]}}],"collection":[{"href":"https:\/\/moderaterna.se\/gavleborg\/wp-json\/wp\/v2\/politiker"}],"about":[{"href":"https:\/\/moderaterna.se\/gavleborg\/wp-json\/wp\/v2\/types\/politiker"}],"wp:featuredmedia":[{"embeddable":true,"href":"https:\/\/moderaterna.se\/gavleborg\/wp-json\/wp\/v2\/media\/1623"}],"wp:attachment":[{"href":"https:\/\/moderaterna.se\/gavleborg\/wp-json\/wp\/v2\/media?parent=881"}],"wp:term":[{"taxonomy":"role","embeddable":true,"href":"https:\/\/moderaterna.se\/gavleborg\/wp-json\/wp\/v2\/role?post=881"},{"taxonomy":"secondary-role","embeddable":true,"href":"https:\/\/moderaterna.se\/gavleborg\/wp-json\/wp\/v2\/secondary-role?post=881"}],"curies":[{"name":"wp","href":"https:\/\/api.w.org\/{rel}","templated":true}]}}