{"id":862,"date":"2021-12-22T18:18:03","date_gmt":"2021-12-22T17:18:03","guid":{"rendered":"https:\/\/moderaterna.se\/gavleborg\/?post_type=politiker&#038;p=862"},"modified":"2023-02-05T17:32:37","modified_gmt":"2023-02-05T16:32:37","slug":"anders-fogeus","status":"publish","type":"politiker","link":"https:\/\/moderaterna.se\/gavleborg\/politiker\/anders-fogeus\/","title":{"rendered":"Anders Fogeus"},"content":{"rendered":"\n<p><\/p>\n\n\n\n<h2 class=\"wp-block-heading\" id=\"h-presentation\"><strong>Presentation<\/strong><\/h2>\n\n\n\n<p>Jag \u00e4r gift och bor i Bomhus, G\u00e4vle. Har haft politiska uppdrag i moderaterna sedan 2010. Mina kommunala f\u00f6rtroendeuppdrag har varit ledamot i f.d tekniska n\u00e4mnden, kommunfullm\u00e4ktige, kultur och fritidsn\u00e4mnden samt fem olika kommunala bolag. I regionen har jag varit ledamot regionfullm\u00e4ktige samt h\u00e5llbarhetsn\u00e4mnden. Inom moderaterna har jag varit ordf\u00f6rande i G\u00e4vle.<\/p>\n\n\n\n<h2 class=\"wp-block-heading\" id=\"h-viktigaste-fragor\"><strong>Viktigaste fr\u00e5gor<\/strong><\/h2>\n\n\n\n<p>G\u00e4vle &#8211; m\u00f6jligheternas stad. H\u00e4r finns en god infrastruktur s\u00e5v\u00e4l p\u00e5 land som till havs. Mycket f\u00f6rb\u00e4ttringar har gjorts senaste decennierna men tyv\u00e4rr inte tillr\u00e4ckligt. De viktigaste fr\u00e5gorna f\u00f6r mig \u00e4r skapa goda f\u00f6ruts\u00e4ttningar f\u00f6r f\u00f6retagsetableringar, god kvalitet p\u00e5 skolor och eftergymnasiala utbildningar. Energifr\u00e5gor m\u00e5ste l\u00f6sas s\u00e5 att vi f\u00e5r en s\u00e4ker robust tillg\u00e5ng. Trygghetsfr\u00e5gor och arbetsl\u00f6sheten \u00e4r viktiga fr\u00e5gor i G\u00e4vle.<\/p>\n\n\n\n<h2 class=\"wp-block-heading\" id=\"h-snabbfakta\"><strong>Snabbfakta<\/strong><\/h2>\n\n\n\n<p><strong>Yrke:&nbsp;<\/strong>Pension\u00e4r<br><strong>Ort:&nbsp;<\/strong>Bomhus, G\u00e4vle<\/p>\n\n\n\n<h2 class=\"wp-block-heading\" id=\"h-aktuella-uppdrag\"><strong>Aktuella uppdrag:<\/strong><\/h2>\n\n\n\n<p><strong>Region G\u00e4vleborg<\/strong><\/p>\n\n\n\n<ul class=\"wp-block-list\"><li>H\u00e5llbarhetsn\u00e4mnden, ers\u00e4ttare<\/li><\/ul>\n\n\n\n<p><strong>G\u00e4vle kommun<\/strong><\/p>\n\n\n\n<ul class=\"wp-block-list\"><li>G\u00e4vle Energi AB, 2:vice ordf\u00f6rande<\/li><li>G\u00e4vle Kraftv\u00e4rme AB, ledamot<\/li><li>G\u00e4vle Energisystem AB, ledamot<\/li><li>Bion\u00e4r N\u00e4rv\u00e4rme AB, suppleant <\/li><li>G\u00e4strike Ekogas AB, ledamot<\/li><li>Revisorer f\u00f6r granskning av revisionskollegiet, ledamot<\/li><\/ul>\n\n\n\n<p><strong>G\u00e4vlef\u00f6reningen:<\/strong><\/p>\n\n\n\n<ul class=\"wp-block-list\"><li>Valberedning, ordf\u00f6rande<\/li><\/ul>\n","protected":false},"featured_media":1671,"template":"","role":[93],"secondary-role":[],"class_list":["post-862","politiker","type-politiker","status-publish","has-post-thumbnail","hentry"],"acf":[],"_links":{"self":[{"href":"https:\/\/moderaterna.se\/gavleborg\/wp-json\/wp\/v2\/politiker\/862","targetHints":{"allow":["GET"]}}],"collection":[{"href":"https:\/\/moderaterna.se\/gavleborg\/wp-json\/wp\/v2\/politiker"}],"about":[{"href":"https:\/\/moderaterna.se\/gavleborg\/wp-json\/wp\/v2\/types\/politiker"}],"wp:featuredmedia":[{"embeddable":true,"href":"https:\/\/moderaterna.se\/gavleborg\/wp-json\/wp\/v2\/media\/1671"}],"wp:attachment":[{"href":"https:\/\/moderaterna.se\/gavleborg\/wp-json\/wp\/v2\/media?parent=862"}],"wp:term":[{"taxonomy":"role","embeddable":true,"href":"https:\/\/moderaterna.se\/gavleborg\/wp-json\/wp\/v2\/role?post=862"},{"taxonomy":"secondary-role","embeddable":true,"href":"https:\/\/moderaterna.se\/gavleborg\/wp-json\/wp\/v2\/secondary-role?post=862"}],"curies":[{"name":"wp","href":"https:\/\/api.w.org\/{rel}","templated":true}]}}