{"id":1872,"date":"2023-07-13T09:54:45","date_gmt":"2023-07-13T07:54:45","guid":{"rendered":"https:\/\/moderaterna.se\/gavleborg\/?post_type=politiker&#038;p=1872"},"modified":"2023-07-13T09:55:06","modified_gmt":"2023-07-13T07:55:06","slug":"pekka-seitola","status":"publish","type":"politiker","link":"https:\/\/moderaterna.se\/gavleborg\/politiker\/pekka-seitola\/","title":{"rendered":"Pekka Seitola"},"content":{"rendered":"\n<h2 class=\"wp-block-heading\" id=\"h-presentation\"><strong>Presentation<\/strong><\/h2>\n\n\n\n<p>\u00c4r gift med Linda sedan 30 \u00e5r tillbaks med tv\u00e5 utflugna barn, gillar att \u00e5ka skidor och segla beroende p\u00e5 \u00e5rstid. Vi bor p\u00e5 Norrlandet vid havet i en restaurerad sommarvilla. Har tilldelats \u00e4ran att f\u00e5 fungera som ordf\u00f6rande i Jungfrukusten Ekonomiska f\u00f6rening och i Svenska 2.4mR f\u00f6rbundet (segling), b\u00e5da ideella organisationer. Arbetar med ett antal olika f\u00f6retag i icke operativa roller, egentligen som styrelseledamot.<\/p>\n\n\n\n<h2 class=\"wp-block-heading\" id=\"h-viktigaste-fragor\"><strong>Viktigaste fr\u00e5gor<\/strong><\/h2>\n\n\n\n<p>Ett effektivt och attraktivt G\u00e4vle d\u00e4r m\u00e4nniskor vill verka och bo. Detta inneb\u00e4r att skola, omsorg och v\u00e5rd ska vara av toppklass, och f\u00f6r finansiering ska G\u00e4vle vara den kommun dit f\u00f6retag vill komma och skapa attraktiva arbetsplatser. G\u00e4vle har alla f\u00f6ruts\u00e4ttningar till att vara en attraktiv kommun.<\/p>\n\n\n\n<h2 class=\"wp-block-heading\" id=\"h-snabbfakta\"><strong>Snabbfakta<\/strong><\/h2>\n\n\n\n<p><strong>Titel:<\/strong>\u00a0Egenf\u00f6retagare<br><strong>Ort:<\/strong>\u00a0G\u00e4vle<\/p>\n\n\n\n<h2 class=\"wp-block-heading\" id=\"h-aktuella-uppdrag\"><strong>Aktuella Uppdrag<\/strong><\/h2>\n\n\n\n<p><strong>G\u00e4vle kommun:<\/strong><\/p>\n\n\n\n<ul class=\"wp-block-list\"><li>Kommunalr\u00e5d i opposition<\/li><li>Fullm\u00e4ktige, ledamot<\/li><li>Kommunstyrelsen, ledamot<\/li><li>N\u00e4ringslivsutskottet, ledamot<\/li><\/ul>\n","protected":false},"featured_media":1873,"template":"","role":[164,92],"secondary-role":[],"class_list":["post-1872","politiker","type-politiker","status-publish","has-post-thumbnail","hentry"],"acf":[],"_links":{"self":[{"href":"https:\/\/moderaterna.se\/gavleborg\/wp-json\/wp\/v2\/politiker\/1872","targetHints":{"allow":["GET"]}}],"collection":[{"href":"https:\/\/moderaterna.se\/gavleborg\/wp-json\/wp\/v2\/politiker"}],"about":[{"href":"https:\/\/moderaterna.se\/gavleborg\/wp-json\/wp\/v2\/types\/politiker"}],"wp:featuredmedia":[{"embeddable":true,"href":"https:\/\/moderaterna.se\/gavleborg\/wp-json\/wp\/v2\/media\/1873"}],"wp:attachment":[{"href":"https:\/\/moderaterna.se\/gavleborg\/wp-json\/wp\/v2\/media?parent=1872"}],"wp:term":[{"taxonomy":"role","embeddable":true,"href":"https:\/\/moderaterna.se\/gavleborg\/wp-json\/wp\/v2\/role?post=1872"},{"taxonomy":"secondary-role","embeddable":true,"href":"https:\/\/moderaterna.se\/gavleborg\/wp-json\/wp\/v2\/secondary-role?post=1872"}],"curies":[{"name":"wp","href":"https:\/\/api.w.org\/{rel}","templated":true}]}}