{"id":1689,"date":"2022-07-31T18:07:04","date_gmt":"2022-07-31T16:07:04","guid":{"rendered":"https:\/\/moderaterna.se\/gavleborg\/?post_type=politiker&#038;p=1689"},"modified":"2025-08-18T13:58:00","modified_gmt":"2025-08-18T11:58:00","slug":"adam-rydstedt","status":"publish","type":"politiker","link":"https:\/\/moderaterna.se\/gavleborg\/politiker\/adam-rydstedt\/","title":{"rendered":"Adam Rydstedt"},"content":{"rendered":"\n<h2 class=\"wp-block-heading\" id=\"h-presentation\"><strong>Presentation<\/strong><\/h2>\n\n\n\n<p>Hej, mitt namn \u00e4r Adam Rydstedt. Jag \u00e4r f\u00f6dd och uppvuxen i Hudiksvall. Jag \u00e4r stolt Hudikbo och jag vill alltid g\u00f6ra det b\u00e4sta f\u00f6r alla som bor i v\u00e5r kommun. Har sedan valet 2022 f\u00e5tt f\u00f6rtroendet att vara kommunalr\u00e5d och ordf\u00f6rande i l\u00e4randen\u00e4mnden. P\u00e5 fritiden \u00e4r jag huvudtr\u00e4nare f\u00f6r den lokala simklubben. Ut\u00f6ver det \u00e4r jag idrottsn\u00f6rd. Jag har precis gjort min f\u00f6rsta svenska klassiker och har nu p\u00e5b\u00f6rjat min andra. Vi moderater har vad som kr\u00e4vs f\u00f6r att vinna v\u00e4ljarnas f\u00f6rtroende. Vi m\u00e5ste forts\u00e4tt producera id\u00e9er och l\u00e5ta tankarna om ett b\u00e4ttre Sverige gro.<\/p>\n\n\n\n<h2 class=\"wp-block-heading\" id=\"h-viktigaste-fragor\"><strong>Viktigaste fr\u00e5gor<\/strong><\/h2>\n\n\n\n<p>Hudiksvall \u00e4r en fantastisk kommun. Men det beh\u00f6vs g\u00f6ra mer f\u00f6r att den ska bli \u00e4nnu b\u00e4ttre. * Lokal arbetslinje fler m\u00e5ste g\u00e5 fr\u00e5n bidrag till jobb * G\u00f6ra r\u00e4tt prioriteringar f\u00f6r att f\u00e5 valuta f\u00f6r v\u00e5ra gemensamma skattepengar. * En av Sverige fr\u00e4msta idrottskommuner * En likv\u00e4rdig skola d\u00e4r vi ger v\u00e5ra barn och unga r\u00e4tt f\u00f6ruts\u00e4ttningar fr\u00e5n f\u00f6rskolan upp till gymnasiet f\u00f6r att f\u00e5 en bra start i livet.<\/p>\n\n\n\n<h2 class=\"wp-block-heading\" id=\"h-snabbfakta\"><strong>Snabbfakta<\/strong><\/h2>\n\n\n\n<p><strong>Titel:<\/strong>&nbsp;Kommunalr\u00e5d<br><strong>Ort:<\/strong>&nbsp;Hudiksvall<\/p>\n\n\n\n<h2 class=\"wp-block-heading\" id=\"h-aktuella-uppdrag\"><strong>Aktuella Uppdrag<\/strong><\/h2>\n\n\n\n<p><strong>Hudiksvalls kommun:<\/strong><\/p>\n\n\n\n<ul class=\"wp-block-list\">\n<li>Kommunalr\u00e5d<\/li>\n\n\n\n<li>Kommunstyrelsen, vice ordf\u00f6rande<\/li>\n\n\n\n<li>Kommunfullm\u00e4ktige, ledamot<\/li>\n\n\n\n<li>L\u00e4randen\u00e4mnd, ordf\u00f6rande<\/li>\n<\/ul>\n\n\n\n<p><strong><strong>G\u00e4vleborgsf\u00f6rbundet:<\/strong><\/strong><\/p>\n\n\n\n<ul class=\"wp-block-list\">\n<li>2:e vice f\u00f6rbundsordf\u00f6rande<\/li>\n<\/ul>\n\n\n\n<p><strong>Hudiksvallsf\u00f6reningen:<\/strong><\/p>\n\n\n\n<ul class=\"wp-block-list\">\n<li>Styrelse, medlemsansvarig<\/li>\n<\/ul>\n","protected":false},"featured_media":1690,"template":"","role":[75,164,92],"secondary-role":[],"class_list":["post-1689","politiker","type-politiker","status-publish","has-post-thumbnail","hentry"],"acf":[],"_links":{"self":[{"href":"https:\/\/moderaterna.se\/gavleborg\/wp-json\/wp\/v2\/politiker\/1689","targetHints":{"allow":["GET"]}}],"collection":[{"href":"https:\/\/moderaterna.se\/gavleborg\/wp-json\/wp\/v2\/politiker"}],"about":[{"href":"https:\/\/moderaterna.se\/gavleborg\/wp-json\/wp\/v2\/types\/politiker"}],"wp:featuredmedia":[{"embeddable":true,"href":"https:\/\/moderaterna.se\/gavleborg\/wp-json\/wp\/v2\/media\/1690"}],"wp:attachment":[{"href":"https:\/\/moderaterna.se\/gavleborg\/wp-json\/wp\/v2\/media?parent=1689"}],"wp:term":[{"taxonomy":"role","embeddable":true,"href":"https:\/\/moderaterna.se\/gavleborg\/wp-json\/wp\/v2\/role?post=1689"},{"taxonomy":"secondary-role","embeddable":true,"href":"https:\/\/moderaterna.se\/gavleborg\/wp-json\/wp\/v2\/secondary-role?post=1689"}],"curies":[{"name":"wp","href":"https:\/\/api.w.org\/{rel}","templated":true}]}}