{"id":1668,"date":"2022-07-21T11:06:36","date_gmt":"2022-07-21T09:06:36","guid":{"rendered":"https:\/\/moderaterna.se\/gavleborg\/?post_type=politiker&#038;p=1668"},"modified":"2026-03-15T18:50:23","modified_gmt":"2026-03-15T17:50:23","slug":"peter-weider","status":"publish","type":"politiker","link":"https:\/\/moderaterna.se\/gavleborg\/politiker\/peter-weider\/","title":{"rendered":"Peter Weider"},"content":{"rendered":"\n<h2 class=\"wp-block-heading\" id=\"h-presentation\"><strong>Presentation<\/strong><\/h2>\n\n\n\n<p>Efter 38 fantastiska, l\u00e4rorika, roliga, utvecklande \u00e5r som chef och ledare inom flera stora tj\u00e4nstef\u00f6retag har jag nu varvat ner som egen f\u00f6retagare i Arn\u00f6viken\/Arn\u00f6n. Att driva eget f\u00f6retag inom service ( lunchCaf\u00e8, butik, f\u00e5r och lamm ) skiljer sig inte s\u00e5 mycket i grunden fr\u00e5n det ansvar jag hade senast med en oms\u00e4ttning p\u00e5 3 miljarder. Att driva f\u00f6retag kr\u00e4ver att du kan och vill lyssna p\u00e5 m\u00e4nniskor, att du \u00e4r engagerad, att du v\u00e5gar jobba med utveckling och f\u00f6r\u00e4ndring, att du \u00e4r prestigel\u00f6s och vill se resultat. Min politiska ambition bygger d\u00e4rf\u00f6r p\u00e5 att jag kan och vill p\u00e5verka utvecklingen inom kommunala och regionala fr\u00e5gor f\u00f6r att skapa b\u00e4ttre f\u00f6ruts\u00e4ttningar f\u00f6r oss skattebetalare att bo, leva och verka i stad och p\u00e5 landsbygd. D\u00e4rf\u00f6r kandiderar jag b\u00e5de till kommunfullm\u00e4ktige och Regionfullm\u00e4ktige.<\/p>\n\n\n\n<h2 class=\"wp-block-heading\" id=\"h-viktigaste-fragor\"><strong>Viktigaste fr\u00e5gor<\/strong><\/h2>\n\n\n\n<p>B\u00e4ttre och f\u00f6renklade f\u00f6ruts\u00e4ttningar f\u00f6r att kunna bo, leva och verka p\u00e5 landsbygden. B\u00e4ttre och f\u00f6renklade f\u00f6ruts\u00e4ttningar f\u00f6r att starta, driva och utveckla f\u00f6retag Ge b\u00e4sta kvalitet och tillg\u00e4nglighet i omsorg och sjukv\u00e5rd F\u00f6renkla och f\u00f6rb\u00e4ttra inom viktiga infrastrukturfr\u00e5gor, som bredband, persontransporter<\/p>\n\n\n\n<h2 class=\"wp-block-heading\" id=\"h-snabbfakta\"><strong>Snabbfakta<\/strong><\/h2>\n\n\n\n<p><strong>Titel:<\/strong>&nbsp;F\u00f6retagare<br><strong>Ort:<\/strong>&nbsp;Arn\u00f6n, Hudiksvall<\/p>\n\n\n\n<h2 class=\"wp-block-heading\" id=\"h-aktuella-uppdrag\"><strong>Aktuella Uppdrag<\/strong><\/h2>\n\n\n\n<p><strong>Region G\u00e4vleborg<\/strong>:<\/p>\n\n\n\n<ul class=\"wp-block-list\">\n<li>Vice gruppordf\u00f6rande<\/li>\n\n\n\n<li>Regionfullm\u00e4ktige, ledamot<\/li>\n\n\n\n<li>Regionstyrelsen, ers\u00e4ttare<\/li>\n<\/ul>\n\n\n\n<p><strong>Hudiksvalls kommun:<\/strong><\/p>\n\n\n\n<ul class=\"wp-block-list\">\n<li>Kommunfullm\u00e4ktige, ledamot<\/li>\n\n\n\n<li>Tekniska n\u00e4mnden, vice ordf\u00f6rande<\/li>\n\n\n\n<li>Fiberstaden AB, ledamot<\/li>\n<\/ul>\n\n\n\n<p><\/p>\n","protected":false},"featured_media":1758,"template":"","role":[92,163],"secondary-role":[],"class_list":["post-1668","politiker","type-politiker","status-publish","has-post-thumbnail","hentry"],"acf":[],"_links":{"self":[{"href":"https:\/\/moderaterna.se\/gavleborg\/wp-json\/wp\/v2\/politiker\/1668","targetHints":{"allow":["GET"]}}],"collection":[{"href":"https:\/\/moderaterna.se\/gavleborg\/wp-json\/wp\/v2\/politiker"}],"about":[{"href":"https:\/\/moderaterna.se\/gavleborg\/wp-json\/wp\/v2\/types\/politiker"}],"wp:featuredmedia":[{"embeddable":true,"href":"https:\/\/moderaterna.se\/gavleborg\/wp-json\/wp\/v2\/media\/1758"}],"wp:attachment":[{"href":"https:\/\/moderaterna.se\/gavleborg\/wp-json\/wp\/v2\/media?parent=1668"}],"wp:term":[{"taxonomy":"role","embeddable":true,"href":"https:\/\/moderaterna.se\/gavleborg\/wp-json\/wp\/v2\/role?post=1668"},{"taxonomy":"secondary-role","embeddable":true,"href":"https:\/\/moderaterna.se\/gavleborg\/wp-json\/wp\/v2\/secondary-role?post=1668"}],"curies":[{"name":"wp","href":"https:\/\/api.w.org\/{rel}","templated":true}]}}