{"id":1625,"date":"2022-06-30T20:12:23","date_gmt":"2022-06-30T18:12:23","guid":{"rendered":"https:\/\/moderaterna.se\/gavleborg\/?post_type=politiker&#038;p=1625"},"modified":"2024-12-12T14:49:04","modified_gmt":"2024-12-12T13:49:04","slug":"frida-stal","status":"publish","type":"politiker","link":"https:\/\/moderaterna.se\/gavleborg\/politiker\/frida-stal\/","title":{"rendered":"Frida St\u00e5l"},"content":{"rendered":"\n<h2 class=\"wp-block-heading\" id=\"h-presentation\"><strong>Presentation<\/strong><\/h2>\n\n\n\n<p>Jag brinner f\u00f6r att skapa fler m\u00f6jligheter f\u00f6r m\u00e4nniskor att f\u00f6rb\u00e4ttra sin vardag. Genom att \u00f6ka m\u00e4nniskors kunskap, passion och attraktionskraft s\u00e5 skapas en st\u00f6rre potential f\u00f6r ett b\u00e4ttre samh\u00e4lle och en h\u00e5llbar framtid s\u00e5v\u00e4l ekonomiskt, ekologiskt som socialt. Det kan vi tillsammans skapa genom b\u00e4ttre utbildning f\u00f6r barn, ungdomar och vuxna samt fler jobb till vuxna.<\/p>\n\n\n\n<h2 class=\"wp-block-heading\" id=\"h-viktigaste-fragor\"><strong>Viktigaste fr\u00e5gor<\/strong><\/h2>\n\n\n\n<p>Folkh\u00e4lsan \u00e4r den fr\u00e5ga som jag brinner starkast f\u00f6r. Alla m\u00e4nniskor har r\u00e4tt till en god h\u00e4lsa och fler ska k\u00e4nna att de har makt \u00f6ver sina egna liv. B\u00e4ttre utbildning och fler i arbete \u00e4r en s\u00e4ker v\u00e4g till \u00f6kad folkh\u00e4lsa. Och det vinner hela samh\u00e4llet p\u00e5.<\/p>\n\n\n\n<h2 class=\"wp-block-heading\" id=\"h-snabbfakta\"><strong>Snabbfakta<\/strong><\/h2>\n\n\n\n<p><strong>Titel:<\/strong>&nbsp;Folkh\u00e4lsovetare<br><strong>Ort:<\/strong>&nbsp;S\u00f6derhamn<\/p>\n\n\n\n<h2 class=\"wp-block-heading\" id=\"h-aktuella-uppdrag\"><strong>Aktuella Uppdrag<\/strong><\/h2>\n\n\n\n<p><strong>Region G\u00e4vleborg:<\/strong><\/p>\n\n\n\n<ul class=\"wp-block-list\">\n<li>Regionr\u00e5d<\/li>\n\n\n\n<li>Regionfullm\u00e4ktige, ledamot<\/li>\n\n\n\n<li>Kultur- och kompetensn\u00e4mnden, ordf\u00f6rande<\/li>\n\n\n\n<li>Demokratiberedning, vice ordf\u00f6rande<\/li>\n\n\n\n<li>2:e vice gruppledare<\/li>\n<\/ul>\n\n\n\n<p><strong>S\u00f6derhamn kommun:<\/strong><\/p>\n\n\n\n<ul class=\"wp-block-list\">\n<li>Kommunfullm\u00e4ktige, ledamot<\/li>\n\n\n\n<li>Barn- och utbildningsn\u00e4mnden, ledamot<\/li>\n<\/ul>\n\n\n\n<p><strong>S\u00f6derhamnsf\u00f6reningen:<\/strong><\/p>\n\n\n\n<ul class=\"wp-block-list\">\n<li>Ordf\u00f6rande<\/li>\n<\/ul>\n","protected":false},"featured_media":1964,"template":"","role":[92,163,76],"secondary-role":[],"class_list":["post-1625","politiker","type-politiker","status-publish","has-post-thumbnail","hentry"],"acf":[],"_links":{"self":[{"href":"https:\/\/moderaterna.se\/gavleborg\/wp-json\/wp\/v2\/politiker\/1625","targetHints":{"allow":["GET"]}}],"collection":[{"href":"https:\/\/moderaterna.se\/gavleborg\/wp-json\/wp\/v2\/politiker"}],"about":[{"href":"https:\/\/moderaterna.se\/gavleborg\/wp-json\/wp\/v2\/types\/politiker"}],"wp:featuredmedia":[{"embeddable":true,"href":"https:\/\/moderaterna.se\/gavleborg\/wp-json\/wp\/v2\/media\/1964"}],"wp:attachment":[{"href":"https:\/\/moderaterna.se\/gavleborg\/wp-json\/wp\/v2\/media?parent=1625"}],"wp:term":[{"taxonomy":"role","embeddable":true,"href":"https:\/\/moderaterna.se\/gavleborg\/wp-json\/wp\/v2\/role?post=1625"},{"taxonomy":"secondary-role","embeddable":true,"href":"https:\/\/moderaterna.se\/gavleborg\/wp-json\/wp\/v2\/secondary-role?post=1625"}],"curies":[{"name":"wp","href":"https:\/\/api.w.org\/{rel}","templated":true}]}}