{"id":82,"date":"2021-10-13T14:29:52","date_gmt":"2021-10-13T12:29:52","guid":{"rendered":"https:\/\/moderaterna.se\/?page_id=82"},"modified":"2026-08-16T08:54:49","modified_gmt":"2026-08-16T06:54:49","slug":"valkommen-till-moderaterna-gavleborg","status":"publish","type":"page","link":"https:\/\/moderaterna.se\/gavleborg\/","title":{"rendered":"Moderaterna \u2013 Nu f\u00e5r vi ordning p\u00e5 G\u00e4vleborg"},"content":{"rendered":"\n<div class=\"wp-block-media-text is-stacked-on-mobile\"><figure class=\"wp-block-media-text__media\"><a href=\"https:\/\/moderaterna.se\/gavleborg\/var-politik\/\"><img loading=\"lazy\" decoding=\"async\" width=\"1024\" height=\"576\" src=\"https:\/\/moderaterna.se\/app\/uploads\/sites\/8\/2022\/06\/federico-respini-sYffw0LNr7s-unsplash-1024x576.jpg\" alt=\"\" class=\"wp-image-1454 size-full\" srcset=\"https:\/\/moderaterna.se\/app\/uploads\/sites\/8\/2022\/06\/federico-respini-sYffw0LNr7s-unsplash-1024x576.jpg 1024w, https:\/\/moderaterna.se\/app\/uploads\/sites\/8\/2022\/06\/federico-respini-sYffw0LNr7s-unsplash-300x169.jpg 300w, https:\/\/moderaterna.se\/app\/uploads\/sites\/8\/2022\/06\/federico-respini-sYffw0LNr7s-unsplash-768x432.jpg 768w, https:\/\/moderaterna.se\/app\/uploads\/sites\/8\/2022\/06\/federico-respini-sYffw0LNr7s-unsplash-1536x864.jpg 1536w, https:\/\/moderaterna.se\/app\/uploads\/sites\/8\/2022\/06\/federico-respini-sYffw0LNr7s-unsplash-2048x1152.jpg 2048w\" sizes=\"auto, (max-width: 1024px) 100vw, 1024px\" \/><\/a><\/figure><div class=\"wp-block-media-text__content\">\n<p><strong>L\u00e4s om v\u00e5r politik i v\u00e5rt regionpolitiska program<\/strong><\/p>\n\n\n\n<p>Vi moderater ser ett G\u00e4vleborg fullt av m\u00f6jligheter och potential. H\u00e4r finns drivkraft i v\u00e5ra inv\u00e5nare, f\u00f6retagare och industrier samt m\u00f6jlighet till rekreation i v\u00e5rt varierande naturlandskap. Vi tror p\u00e5 ett G\u00e4vleborg d\u00e4r friheten att forma sin vardag g\u00e5r hand i hand med ansvaret att bidra till den gemensamma v\u00e4lf\u00e4rden. <a href=\"https:\/\/moderaterna.se\/gavleborg\/var-politik\/\">l\u00e4s mer<\/a><\/p>\n<\/div><\/div>\n\n\n\n<div class=\"wp-block-columns is-layout-flex wp-container-core-columns-is-layout-9d6595d7 wp-block-columns-is-layout-flex\">\n<div class=\"wp-block-column is-layout-flow wp-block-column-is-layout-flow\">\n<div class=\"wp-block-media-text is-stacked-on-mobile is-vertically-aligned-top\"><figure class=\"wp-block-media-text__media\"><a href=\"https:\/\/moderaterna.se\/gavleborg\/1100-farre-i-vardko-och-vi-fortsatter-korta-koerna\/\"><img loading=\"lazy\" decoding=\"async\" width=\"745\" height=\"559\" src=\"https:\/\/moderaterna.se\/app\/uploads\/sites\/8\/2026\/08\/patienter-och-anhoriga-4x3-1.jpg\" alt=\"\" class=\"wp-image-2396 size-full\" srcset=\"https:\/\/moderaterna.se\/app\/uploads\/sites\/8\/2026\/08\/patienter-och-anhoriga-4x3-1.jpg 745w, https:\/\/moderaterna.se\/app\/uploads\/sites\/8\/2026\/08\/patienter-och-anhoriga-4x3-1-300x225.jpg 300w\" sizes=\"auto, (max-width: 745px) 100vw, 745px\" \/><\/a><\/figure><div class=\"wp-block-media-text__content\">\n<p><strong>1100 f\u00e4rre i v\u00e5rdk\u00f6 \u2013 Och vi forts\u00e4tter korta k\u00f6erna<\/strong><\/p>\n\n\n\n<p>Att korta v\u00e5rdk\u00f6erna \u00e4r avg\u00f6rande f\u00f6r att m\u00e4nniskor ska f\u00e5 v\u00e5rd i tid. I dag \u00e4r det 1 100 f\u00e4rre som v\u00e4ntar p\u00e5 v\u00e5rd j\u00e4mf\u00f6rt med f\u00f6r fyra \u00e5r sedan, vilket inneb\u00e4r att fler f\u00e5r hj\u00e4lp snabbare. <a href=\"https:\/\/moderaterna.se\/gavleborg\/1100-farre-i-vardko-och-vi-fortsatter-korta-koerna\/\">L\u00e4s mer<\/a><\/p>\n<\/div><\/div>\n<\/div>\n\n\n\n<div class=\"wp-block-column is-layout-flow wp-block-column-is-layout-flow\">\n<div class=\"wp-block-media-text is-stacked-on-mobile is-vertically-aligned-top\"><figure class=\"wp-block-media-text__media\"><a href=\"https:\/\/moderaterna.se\/gavleborg\/for-en-vard-som-ar-nara-nar-du-behover-den\/\"><img loading=\"lazy\" decoding=\"async\" width=\"1024\" height=\"768\" src=\"https:\/\/moderaterna.se\/app\/uploads\/sites\/8\/2026\/08\/varplats-4x3-1-1024x768.png\" alt=\"\" class=\"wp-image-2397 size-full\" srcset=\"https:\/\/moderaterna.se\/app\/uploads\/sites\/8\/2026\/08\/varplats-4x3-1-1024x768.png 1024w, https:\/\/moderaterna.se\/app\/uploads\/sites\/8\/2026\/08\/varplats-4x3-1-300x225.png 300w, https:\/\/moderaterna.se\/app\/uploads\/sites\/8\/2026\/08\/varplats-4x3-1-768x576.png 768w, https:\/\/moderaterna.se\/app\/uploads\/sites\/8\/2026\/08\/varplats-4x3-1.png 1365w\" sizes=\"auto, (max-width: 1024px) 100vw, 1024px\" \/><\/a><\/figure><div class=\"wp-block-media-text__content\">\n<p><strong>F\u00f6r en v\u00e5rd som \u00e4r n\u00e4ra \u2013 N\u00e4r du beh\u00f6ver den<\/strong><\/p>\n\n\n\n<p>N\u00e4r du beh\u00f6ver v\u00e5rd ska den finnas n\u00e4ra, b\u00e5de geografiskt och genom att det ska vara enkelt att f\u00e5 kontakt och f\u00e5 r\u00e4tt hj\u00e4lp i r\u00e4tt tid. D\u00e4rf\u00f6r vill vi g\u00f6ra v\u00e5rden i Region G\u00e4vleborg mer tillg\u00e4nglig f\u00f6r inv\u00e5narna genom att f\u00f6ra v\u00e5rden n\u00e4rmare patienten. <a href=\"https:\/\/moderaterna.se\/gavleborg\/for-en-vard-som-ar-nara-nar-du-behover-den\/\">L\u00e4s mer<\/a><\/p>\n<\/div><\/div>\n<\/div>\n<\/div>\n\n\n\n<div class=\"wp-block-columns is-layout-flex wp-container-core-columns-is-layout-9d6595d7 wp-block-columns-is-layout-flex\">\n<div class=\"wp-block-column is-layout-flow wp-block-column-is-layout-flow\">\n<div class=\"wp-block-media-text is-stacked-on-mobile is-vertically-aligned-top\"><figure class=\"wp-block-media-text__media\"><img loading=\"lazy\" decoding=\"async\" width=\"1024\" height=\"768\" src=\"https:\/\/moderaterna.se\/app\/uploads\/sites\/8\/2026\/08\/medarbetare-2-1024x768.png\" alt=\"\" class=\"wp-image-2369 size-large\" srcset=\"https:\/\/moderaterna.se\/app\/uploads\/sites\/8\/2026\/08\/medarbetare-2-1024x768.png 1024w, https:\/\/moderaterna.se\/app\/uploads\/sites\/8\/2026\/08\/medarbetare-2-300x225.png 300w, https:\/\/moderaterna.se\/app\/uploads\/sites\/8\/2026\/08\/medarbetare-2-768x576.png 768w, https:\/\/moderaterna.se\/app\/uploads\/sites\/8\/2026\/08\/medarbetare-2.png 1448w\" sizes=\"auto, (max-width: 1024px) 100vw, 1024px\" \/><\/figure><div class=\"wp-block-media-text__content\">\n<p><strong>260 fler v\u00e5rdanst\u00e4llda \u2013 Och det ska bli fler<\/strong><\/p>\n\n\n\n<p>V\u00e5ra medarbetare \u00e4r de som m\u00f6jligg\u00f6r v\u00e5rden. I dag arbetar 260 fler personer i v\u00e5rden i Region G\u00e4vleborg j\u00e4mf\u00f6rt med 2022, n\u00e4r vi tog \u00f6ver ansvaret. <a href=\"http:\/\/260 fler v\u00e5rdanst\u00e4llda \u2013 Och det ska bli fler V\u00e5ra medarbetare \u00e4r de som m\u00f6jligg\u00f6r v\u00e5rden. I dag arbetar 260 fler personer i v\u00e5rden i Region G\u00e4vleborg j\u00e4mf\u00f6rt med 2022, n\u00e4r vi tog \u00f6ver ansvaret. Det finns flera f\u00f6rdelar med att det har blivit fler v\u00e5rdanst\u00e4llda, b\u00e5de f\u00f6r medarbetarna och patienterna. Fler kollegor ger en b\u00e4ttre arbetsmilj\u00f6 f\u00f6r personalen och skapar b\u00e4ttre m\u00f6jligheter att ge \u00e4nnu fler inv\u00e5nare en trygg v\u00e5rd.\">l\u00e4s mer<\/a><br><\/p>\n<\/div><\/div>\n<\/div>\n\n\n\n<div class=\"wp-block-column is-layout-flow wp-block-column-is-layout-flow\">\n<div class=\"wp-block-media-text is-stacked-on-mobile is-vertically-aligned-top\"><figure class=\"wp-block-media-text__media\"><a href=\"https:\/\/moderaterna.se\/gavleborg\/1600-farre-arbetslosa-och-vi-skapar-fler-jobb\/\"><img loading=\"lazy\" decoding=\"async\" width=\"1024\" height=\"768\" src=\"https:\/\/moderaterna.se\/app\/uploads\/sites\/8\/2026\/08\/Foretagare-2-4x3-1.jpg\" alt=\"\" class=\"wp-image-2391 size-full\" srcset=\"https:\/\/moderaterna.se\/app\/uploads\/sites\/8\/2026\/08\/Foretagare-2-4x3-1.jpg 1024w, https:\/\/moderaterna.se\/app\/uploads\/sites\/8\/2026\/08\/Foretagare-2-4x3-1-300x225.jpg 300w, https:\/\/moderaterna.se\/app\/uploads\/sites\/8\/2026\/08\/Foretagare-2-4x3-1-768x576.jpg 768w\" sizes=\"auto, (max-width: 1024px) 100vw, 1024px\" \/><\/a><\/figure><div class=\"wp-block-media-text__content\">\n<p><strong>1600 f\u00e4rre arbetsl\u00f6sa \u2013 Och vi skapar fler jobb<\/strong> <\/p>\n\n\n\n<p>Ett arbete \u00e4r mer \u00e4n en l\u00f6n. Det ger m\u00e4nniskor m\u00f6jlighet att st\u00e5 p\u00e5 egna ben, utvecklas och forma sin egen framtid. Sedan vi tog \u00f6ver ansvaret i Region G\u00e4vleborg har arbetsl\u00f6sheten minskat och 1 600 fler m\u00e4nniskor har kommit i arbete. <a href=\"https:\/\/moderaterna.se\/gavleborg\/1600-farre-arbetslosa-och-vi-skapar-fler-jobb\/\">l\u00e4s mer<\/a><\/p>\n\n\n\n<div class=\"wp-block-columns is-layout-flex wp-container-core-columns-is-layout-9d6595d7 wp-block-columns-is-layout-flex\">\n<div class=\"wp-block-column is-layout-flow wp-block-column-is-layout-flow\"><\/div>\n\n\n\n<div class=\"wp-block-column is-layout-flow wp-block-column-is-layout-flow\"><\/div>\n<\/div>\n<\/div><\/div>\n<\/div>\n<\/div>\n\n\n\n<div class=\"wp-block-columns is-layout-flex wp-container-core-columns-is-layout-9d6595d7 wp-block-columns-is-layout-flex\">\n<div class=\"wp-block-column is-layout-flow wp-block-column-is-layout-flow\">\n<div class=\"wp-block-media-text is-stacked-on-mobile is-vertically-aligned-top\"><figure class=\"wp-block-media-text__media\"><a href=\"https:\/\/moderaterna.se\/gavleborg\/bokslut2026\/\"><img loading=\"lazy\" decoding=\"async\" width=\"1024\" height=\"683\" src=\"https:\/\/moderaterna.se\/app\/uploads\/sites\/8\/2026\/07\/Bokslut-2-1024x683.jpg\" alt=\"\" class=\"wp-image-2284 size-large\" srcset=\"https:\/\/moderaterna.se\/app\/uploads\/sites\/8\/2026\/07\/Bokslut-2-1024x683.jpg 1024w, https:\/\/moderaterna.se\/app\/uploads\/sites\/8\/2026\/07\/Bokslut-2-300x200.jpg 300w, https:\/\/moderaterna.se\/app\/uploads\/sites\/8\/2026\/07\/Bokslut-2-768x512.jpg 768w, https:\/\/moderaterna.se\/app\/uploads\/sites\/8\/2026\/07\/Bokslut-2-600x400.jpg 600w, https:\/\/moderaterna.se\/app\/uploads\/sites\/8\/2026\/07\/Bokslut-2.jpg 1536w\" sizes=\"auto, (max-width: 1024px) 100vw, 1024px\" \/><\/a><\/figure><div class=\"wp-block-media-text__content\">\n<p><strong>Bokslut f\u00f6r mandatperiden 2022-2026<\/strong><\/p>\n\n\n\n<p>Vi moderater har lett den politiska majoriteten i Region G\u00e4vleborg under mandatperioden. L\u00e4s h\u00e4r vad vi har \u00e5stadkommit under dessa \u00e5r.  <a href=\"https:\/\/moderaterna.se\/gavleborg\/bokslut2026\/\">L\u00e4s mer<\/a><\/p>\n<\/div><\/div>\n<\/div>\n\n\n\n<div class=\"wp-block-column is-layout-flow wp-block-column-is-layout-flow\">\n<div class=\"wp-block-media-text is-stacked-on-mobile is-vertically-aligned-top\"><figure class=\"wp-block-media-text__media\"><a href=\"https:\/\/moderaterna.se\/gavleborg\/1600-farre-arbetslosa-och-vi-skapar-fler-jobb\/\"><img loading=\"lazy\" decoding=\"async\" width=\"1024\" height=\"576\" src=\"https:\/\/moderaterna.se\/app\/uploads\/sites\/8\/2026\/07\/vag-1-edited-1024x576.jpg\" alt=\"\" class=\"wp-image-2349 size-full\" srcset=\"https:\/\/moderaterna.se\/app\/uploads\/sites\/8\/2026\/07\/vag-1-edited-1024x576.jpg 1024w, https:\/\/moderaterna.se\/app\/uploads\/sites\/8\/2026\/07\/vag-1-edited-300x169.jpg 300w, https:\/\/moderaterna.se\/app\/uploads\/sites\/8\/2026\/07\/vag-1-edited-768x432.jpg 768w, https:\/\/moderaterna.se\/app\/uploads\/sites\/8\/2026\/07\/vag-1-edited.jpg 1536w\" sizes=\"auto, (max-width: 1024px) 100vw, 1024px\" \/><\/a><\/figure><div class=\"wp-block-media-text__content\">\n<p><strong><strong>V\u00e5ra vall\u00f6ften i valet 2026<\/strong><\/strong><\/p>\n\n\n\n<p>L\u00e4s mer om v\u00e5ra vall\u00f6ften inf\u00f6r valet 2026. Uppdateras l\u00f6pande<\/p>\n\n\n\n<div class=\"wp-block-columns is-layout-flex wp-container-core-columns-is-layout-9d6595d7 wp-block-columns-is-layout-flex\">\n<div class=\"wp-block-column is-layout-flow wp-block-column-is-layout-flow\"><\/div>\n\n\n\n<div class=\"wp-block-column is-layout-flow wp-block-column-is-layout-flow\"><\/div>\n<\/div>\n<\/div><\/div>\n<\/div>\n<\/div>\n\n\n\n<div class=\"wp-block-group\"><div class=\"wp-block-group__inner-container is-layout-constrained wp-block-group-is-layout-constrained\">\n<div class=\"wp-block-columns is-layout-flex wp-container-core-columns-is-layout-9d6595d7 wp-block-columns-is-layout-flex\">\n<div class=\"wp-block-column is-layout-flow wp-block-column-is-layout-flow\"><\/div>\n\n\n\n<div class=\"wp-block-column is-layout-flow wp-block-column-is-layout-flow\"><\/div>\n<\/div>\n<\/div><\/div>\n\n\n\n<div class=\"wp-block-cover is-light has-off-white-color has-text-color has-link-color has-medium-font-size wp-elements-a681d7bfd946ca2b8e4c9abd71ace2a8 wp-duotone-unset-1\" style=\"min-height:232px;aspect-ratio:unset;\"><img loading=\"lazy\" decoding=\"async\" width=\"1024\" height=\"640\" class=\"wp-block-cover__image-background wp-image-2131 size-large\" alt=\"\" src=\"https:\/\/moderaterna.se\/app\/uploads\/sites\/8\/2026\/06\/4_ar_till_under_2MB-1024x640.jpg\" data-object-fit=\"cover\" srcset=\"https:\/\/moderaterna.se\/app\/uploads\/sites\/8\/2026\/06\/4_ar_till_under_2MB-1024x640.jpg 1024w, https:\/\/moderaterna.se\/app\/uploads\/sites\/8\/2026\/06\/4_ar_till_under_2MB-300x188.jpg 300w, https:\/\/moderaterna.se\/app\/uploads\/sites\/8\/2026\/06\/4_ar_till_under_2MB-768x480.jpg 768w, https:\/\/moderaterna.se\/app\/uploads\/sites\/8\/2026\/06\/4_ar_till_under_2MB-1536x961.jpg 1536w, https:\/\/moderaterna.se\/app\/uploads\/sites\/8\/2026\/06\/4_ar_till_under_2MB.jpg 1586w\" sizes=\"auto, (max-width: 1024px) 100vw, 1024px\" \/><span aria-hidden=\"true\" class=\"wp-block-cover__background has-blue-background-color has-background-dim-100 has-background-dim\"><\/span><div class=\"wp-block-cover__inner-container is-layout-flow wp-block-cover-is-layout-flow\">\n<p class=\"has-text-align-center has-off-white-color has-transparent-background-color has-text-color has-background has-link-color has-large-font-size wp-elements-cfa5b4a29a126884e040c821b519370f\"><a href=\"https:\/\/moderaterna.se\/gavleborg\/vara-politiker\/\" id=\"https:\/\/moderaterna.se\/gavleborg\/vara-politiker\/\">L\u00e4s om v\u00e5ra politiker<\/a><\/p>\n<\/div><\/div>\n\n\n\n<div class=\"wp-block-columns is-layout-flex wp-container-core-columns-is-layout-9d6595d7 wp-block-columns-is-layout-flex\">\n<div class=\"wp-block-column is-layout-flow wp-block-column-is-layout-flow\">\n<div class=\"wp-block-cover is-light\" style=\"min-height:221px;aspect-ratio:unset;\"><img loading=\"lazy\" decoding=\"async\" width=\"1024\" height=\"576\" class=\"wp-block-cover__image-background wp-image-1722 size-large\" alt=\"Regionkotntor\" src=\"https:\/\/moderaterna.se\/app\/uploads\/sites\/8\/2022\/11\/DSC_0180-1-1024x576.jpg\" data-object-fit=\"cover\" srcset=\"https:\/\/moderaterna.se\/app\/uploads\/sites\/8\/2022\/11\/DSC_0180-1-1024x576.jpg 1024w, https:\/\/moderaterna.se\/app\/uploads\/sites\/8\/2022\/11\/DSC_0180-1-300x169.jpg 300w, https:\/\/moderaterna.se\/app\/uploads\/sites\/8\/2022\/11\/DSC_0180-1-768x432.jpg 768w, https:\/\/moderaterna.se\/app\/uploads\/sites\/8\/2022\/11\/DSC_0180-1-1536x864.jpg 1536w, https:\/\/moderaterna.se\/app\/uploads\/sites\/8\/2022\/11\/DSC_0180-1.jpg 1620w\" sizes=\"auto, (max-width: 1024px) 100vw, 1024px\" \/><span aria-hidden=\"true\" class=\"wp-block-cover__background has-blue-background-color has-background-dim-100 has-background-dim\"><\/span><div class=\"wp-block-cover__inner-container is-layout-flow wp-block-cover-is-layout-flow\">\n<p class=\"has-text-align-center has-off-white-color has-text-color has-link-color has-large-font-size wp-elements-ef232956c2ae05183051ef4a179ec50e\"><a href=\"https:\/\/moderaterna.se\/gavleborg\/regionvalsedel-2026\/\" id=\"https:\/\/moderaterna.se\/gavleborg\/regionvalsedel-2026\/\">Regionvalsedel<\/a><\/p>\n<\/div><\/div>\n<\/div>\n\n\n\n<div class=\"wp-block-column is-layout-flow wp-block-column-is-layout-flow\">\n<div class=\"wp-block-cover is-light\" style=\"min-height:222px;aspect-ratio:unset;\"><img loading=\"lazy\" decoding=\"async\" width=\"1024\" height=\"576\" class=\"wp-block-cover__image-background wp-image-2353 size-large\" alt=\"\" src=\"https:\/\/moderaterna.se\/app\/uploads\/sites\/8\/2026\/07\/DSC_0117-1024x576.jpg\" data-object-fit=\"cover\" srcset=\"https:\/\/moderaterna.se\/app\/uploads\/sites\/8\/2026\/07\/DSC_0117-1024x576.jpg 1024w, https:\/\/moderaterna.se\/app\/uploads\/sites\/8\/2026\/07\/DSC_0117-300x169.jpg 300w, https:\/\/moderaterna.se\/app\/uploads\/sites\/8\/2026\/07\/DSC_0117-768x432.jpg 768w, https:\/\/moderaterna.se\/app\/uploads\/sites\/8\/2026\/07\/DSC_0117-1536x864.jpg 1536w, https:\/\/moderaterna.se\/app\/uploads\/sites\/8\/2026\/07\/DSC_0117-2048x1152.jpg 2048w\" sizes=\"auto, (max-width: 1024px) 100vw, 1024px\" \/><span aria-hidden=\"true\" class=\"wp-block-cover__background has-blue-background-color has-background-dim-100 has-background-dim\"><\/span><div class=\"wp-block-cover__inner-container is-layout-constrained wp-block-cover-is-layout-constrained\">\n<p class=\"has-text-align-center has-off-white-color has-text-color has-link-color has-large-font-size wp-elements-5c37446f24ccec5a279c8c159d6b0444\"><a href=\"https:\/\/moderaterna.se\/gavleborg\/riksdagsvalsedel-2026\/\" id=\"https:\/\/moderaterna.se\/gavleborg\/riksdagsvalsedel-2026\/\">Riksdagsvalsedel<\/a><\/p>\n<\/div><\/div>\n<\/div>\n<\/div>\n\n\n\n<p><\/p>\n\n\n\n<div class=\"wp-block-cover is-light has-off-white-color has-text-color has-link-color has-medium-font-size wp-elements-a2b4d23624bf4dca860f51f4f9306519 wp-duotone-unset-2\" style=\"min-height:232px;aspect-ratio:unset;\"><img loading=\"lazy\" decoding=\"async\" width=\"683\" height=\"1024\" class=\"wp-block-cover__image-background wp-image-1911 size-large\" alt=\"\" src=\"https:\/\/moderaterna.se\/app\/uploads\/sites\/8\/2023\/09\/michal-biernat-h0xEUQXzU38-unsplash-683x1024.jpg\" data-object-fit=\"cover\" srcset=\"https:\/\/moderaterna.se\/app\/uploads\/sites\/8\/2023\/09\/michal-biernat-h0xEUQXzU38-unsplash-683x1024.jpg 683w, https:\/\/moderaterna.se\/app\/uploads\/sites\/8\/2023\/09\/michal-biernat-h0xEUQXzU38-unsplash-200x300.jpg 200w, https:\/\/moderaterna.se\/app\/uploads\/sites\/8\/2023\/09\/michal-biernat-h0xEUQXzU38-unsplash-768x1152.jpg 768w, https:\/\/moderaterna.se\/app\/uploads\/sites\/8\/2023\/09\/michal-biernat-h0xEUQXzU38-unsplash-1024x1536.jpg 1024w, https:\/\/moderaterna.se\/app\/uploads\/sites\/8\/2023\/09\/michal-biernat-h0xEUQXzU38-unsplash-1365x2048.jpg 1365w, https:\/\/moderaterna.se\/app\/uploads\/sites\/8\/2023\/09\/michal-biernat-h0xEUQXzU38-unsplash-scaled.jpg 1707w\" sizes=\"auto, (max-width: 683px) 100vw, 683px\" \/><span aria-hidden=\"true\" class=\"wp-block-cover__background has-background-dim-70 has-background-dim\" style=\"background-color:#f5b5d2\"><\/span><div class=\"wp-block-cover__inner-container is-layout-flow wp-block-cover-is-layout-flow\">\n<p class=\"has-text-align-center has-large-font-size\"><a href=\"https:\/\/moderaterna.se\/gavleborg\/kontakta-oss\/\" id=\"https:\/\/moderaterna.se\/gavleborg\/kontakta-oss\/\">Kontakta oss<\/a><\/p>\n<\/div><\/div>\n\n\n\n<p><\/p>\n\n\n<div id=\"donation-membership-block_acf_block_6a815eb842a6a\" class=\"donation-membership custom-block\">\n    <div class=\"donation-membership__content\">\n                    <div class=\"donation-membership__content--puffs swiper\">\n                <div class=\"donation-membership__content--puffs__wrapper swiper-wrapper\">\n                                            <div class=\"donation-membership__content--puffs__single swiper-slide highlighted theme__color--blue\">\n                            <p class=\"donation-membership__content--puffs__single--category\">Ta steget<\/p>\n                            <div class=\"donation-membership__content--puffs__single--line\"><\/div>\n                            <h3 class=\"donation-membership__content--puffs__single--title h4--blue\">\n                                Bli medlem i Moderaterna eller Moderata Ungdomsf\u00f6rbundet                            <\/h3>\n                            <p class=\"donation-membership__content--puffs__single--amount h3--blue\">\n                                100 kr                            <\/p>\n                            <ul>\n                                                                    <li>\n                                    <p>H\u00f6j straffen<\/p> \n                                    <\/li>\n                                                                    <li>\n                                    <p>Fixa jobben<\/p> \n                                    <\/li>\n                                                                    <li>\n                                    <p>S\u00e4nk skatten<\/p> \n                                    <\/li>\n                                                                    <li>\n                                    <p><\/p> \n                                    <\/li>\n                                                            <\/ul>\n                            <a class=\"membership-link  link-button highlighted link-button__blue link-button__blue--pink\"\n                                href=\"https:\/\/moderaterna.membersite.se\/Membership\/BuyMembership\"\n                                data-category=\"Ta steget\">\n                                <svg xmlns=\"http:\/\/www.w3.org\/2000\/svg\" data-name=\"Icon ionic-ios-arrow-round-forward\" width=\"17.168\" height=\"11.45\" viewBox=\"0 0 17.168 11.45\" aria-hidden=\"true\"><path data-name=\"Icon ionic-ios-arrow-round-forward\" d=\"M10.948.219a.779.779 0 0 0-.006 1.1l3.626 3.629H.769a.775.775 0 0 0 0 1.55h13.793l-3.626 3.632a.785.785 0 0 0 .006 1.1.772.772 0 0 0 1.091-.006l4.914-4.949a.871.871 0 0 0 .161-.244.74.74 0 0 0 .06-.3.777.777 0 0 0-.221-.543L12.033.239a.76.76 0 0 0-1.085-.02z\" fill=\"#213a8f\"\/><\/svg>                                Bli medlem                            <\/a>\n                        <\/div>\n                                    <\/div>\n                <div class=\"swiper-pagination\"><\/div>\n            <\/div>\n            <\/div>\n<\/div>\n\n\n\n\n<p><\/p>\n","protected":false},"excerpt":{"rendered":"<p>L\u00e4s om v\u00e5r politik i v\u00e5rt regionpolitiska program Vi moderater ser ett G\u00e4vleborg fullt av m\u00f6jligheter och potential. H\u00e4r finns drivkraft i v\u00e5ra inv\u00e5nare, f\u00f6retagare och industrier samt m\u00f6jlighet till rekreation i v\u00e5rt varierande naturlandskap. Vi tror p\u00e5 ett G\u00e4vleborg d\u00e4r friheten att forma sin vardag g\u00e5r hand i hand med ansvaret att bidra till [&hellip;]<\/p>\n","protected":false},"author":9,"featured_media":1647,"parent":0,"menu_order":0,"comment_status":"closed","ping_status":"closed","template":"","meta":{"_acf_changed":false,"_relevanssi_hide_post":"","_relevanssi_hide_content":"","_relevanssi_pin_for_all":"","_relevanssi_pin_keywords":"","_relevanssi_unpin_keywords":"","_relevanssi_related_keywords":"","_relevanssi_related_include_ids":"","_relevanssi_related_exclude_ids":"","_relevanssi_related_no_append":"","_relevanssi_related_not_related":"","_relevanssi_related_posts":"526","_relevanssi_noindex_reason":"","footnotes":""},"subject":[],"class_list":["post-82","page","type-page","status-publish","has-post-thumbnail","hentry"],"acf":[],"publishpress_future_action":{"enabled":false,"date":"2026-09-11 03:17:25","action":"change-status","newStatus":"draft","terms":[],"taxonomy":"subject"},"_links":{"self":[{"href":"https:\/\/moderaterna.se\/gavleborg\/wp-json\/wp\/v2\/pages\/82","targetHints":{"allow":["GET"]}}],"collection":[{"href":"https:\/\/moderaterna.se\/gavleborg\/wp-json\/wp\/v2\/pages"}],"about":[{"href":"https:\/\/moderaterna.se\/gavleborg\/wp-json\/wp\/v2\/types\/page"}],"author":[{"embeddable":true,"href":"https:\/\/moderaterna.se\/gavleborg\/wp-json\/wp\/v2\/users\/9"}],"replies":[{"embeddable":true,"href":"https:\/\/moderaterna.se\/gavleborg\/wp-json\/wp\/v2\/comments?post=82"}],"version-history":[{"count":165,"href":"https:\/\/moderaterna.se\/gavleborg\/wp-json\/wp\/v2\/pages\/82\/revisions"}],"predecessor-version":[{"id":2450,"href":"https:\/\/moderaterna.se\/gavleborg\/wp-json\/wp\/v2\/pages\/82\/revisions\/2450"}],"wp:featuredmedia":[{"embeddable":true,"href":"https:\/\/moderaterna.se\/gavleborg\/wp-json\/wp\/v2\/media\/1647"}],"wp:attachment":[{"href":"https:\/\/moderaterna.se\/gavleborg\/wp-json\/wp\/v2\/media?parent=82"}],"wp:term":[{"taxonomy":"subject","embeddable":true,"href":"https:\/\/moderaterna.se\/gavleborg\/wp-json\/wp\/v2\/subject?post=82"}],"curies":[{"name":"wp","href":"https:\/\/api.w.org\/{rel}","templated":true}]}}