{"version":"1.0","provider_name":"Moderaterna G\u00e4vleborg","provider_url":"https:\/\/moderaterna.se\/gavleborg","author_name":"Patrik Stenvard","author_url":"https:\/\/moderaterna.se\/gavleborg\/author\/patrikstenvard\/","title":"Prim\u00e4rv\u00e5rd","type":"rich","width":600,"height":338,"html":"<blockquote class=\"wp-embedded-content\" data-secret=\"egOcoEsKWu\"><a href=\"https:\/\/moderaterna.se\/gavleborg\/var-politik\/primarvard\/\">Prim\u00e4rv\u00e5rd<\/a><\/blockquote><iframe sandbox=\"allow-scripts\" security=\"restricted\" src=\"https:\/\/moderaterna.se\/gavleborg\/var-politik\/primarvard\/embed\/#?secret=egOcoEsKWu\" width=\"600\" height=\"338\" title=\"\u201dPrim\u00e4rv\u00e5rd\u201d &ndash; Moderaterna G\u00e4vleborg\" data-secret=\"egOcoEsKWu\" frameborder=\"0\" marginwidth=\"0\" marginheight=\"0\" scrolling=\"no\" class=\"wp-embedded-content\"><\/iframe><script>\n\/*! This file is auto-generated *\/\n!function(d,l){\"use strict\";l.querySelector&&d.addEventListener&&\"undefined\"!=typeof URL&&(d.wp=d.wp||{},d.wp.receiveEmbedMessage||(d.wp.receiveEmbedMessage=function(e){var t=e.data;if((t||t.secret||t.message||t.value)&&!\/[^a-zA-Z0-9]\/.test(t.secret)){for(var s,r,n,a=l.querySelectorAll('iframe[data-secret=\"'+t.secret+'\"]'),o=l.querySelectorAll('blockquote[data-secret=\"'+t.secret+'\"]'),c=new RegExp(\"^https?:$\",\"i\"),i=0;i<o.length;i++)o[i].style.display=\"none\";for(i=0;i<a.length;i++)s=a[i],e.source===s.contentWindow&&(s.removeAttribute(\"style\"),\"height\"===t.message?(1e3<(r=parseInt(t.value,10))?r=1e3:~~r<200&&(r=200),s.height=r):\"link\"===t.message&&(r=new URL(s.getAttribute(\"src\")),n=new URL(t.value),c.test(n.protocol))&&n.host===r.host&&l.activeElement===s&&(d.top.location.href=t.value))}},d.addEventListener(\"message\",d.wp.receiveEmbedMessage,!1),l.addEventListener(\"DOMContentLoaded\",function(){for(var e,t,s=l.querySelectorAll(\"iframe.wp-embedded-content\"),r=0;r<s.length;r++)(t=(e=s[r]).getAttribute(\"data-secret\"))||(t=Math.random().toString(36).substring(2,12),e.src+=\"#?secret=\"+t,e.setAttribute(\"data-secret\",t)),e.contentWindow.postMessage({message:\"ready\",secret:t},\"*\")},!1)))}(window,document);\n\/\/# sourceURL=https:\/\/moderaterna.se\/gavleborg\/wp-includes\/js\/wp-embed.min.js\n<\/script>\n","description":"Det har l\u00e4nge p\u00e5g\u00e5tt en underfinansiering av prim\u00e4rv\u00e5rden i G\u00e4vleborg, alltmer ansvar flyttas ut men pengarna f\u00f6ljer inte med. Prim\u00e4rv\u00e5rden f\u00e5r mer ansvar och g\u00f6r mer men f\u00e5r inte betalt f\u00f6r detta. Detta skapar en rad olika problem f\u00f6r verksamheterna. Borttagningen av kravet p\u00e5 allm\u00e4nspecialister p\u00e5 l\u00e4nets h\u00e4lsocentraler f\u00f6rs\u00e4mrar kvalit\u00e9n p\u00e5 v\u00e5rden f\u00f6r patienterna och [&hellip;]","thumbnail_url":"https:\/\/moderaterna.se\/app\/uploads\/sites\/8\/2021\/12\/DELNINGSBILD_hemsida_fo\u0308rstasida.png","thumbnail_width":1200,"thumbnail_height":628}