{"version":"1.0","provider_name":"Moderaterna G\u00e4vleborg","provider_url":"https:\/\/moderaterna.se\/gavleborg","author_name":"Patrik Stenvard","author_url":"https:\/\/moderaterna.se\/gavleborg\/author\/patrikstenvard\/","title":"Maria Ahlm\u00e9n","type":"rich","width":600,"height":338,"html":"<blockquote class=\"wp-embedded-content\" data-secret=\"jTSeBpMwNF\"><a href=\"https:\/\/moderaterna.se\/gavleborg\/politiker\/maria-ahlmen\/\">Maria Ahlm\u00e9n<\/a><\/blockquote><iframe sandbox=\"allow-scripts\" security=\"restricted\" src=\"https:\/\/moderaterna.se\/gavleborg\/politiker\/maria-ahlmen\/embed\/#?secret=jTSeBpMwNF\" width=\"600\" height=\"338\" title=\"\u201dMaria Ahlm\u00e9n\u201d &ndash; Moderaterna G\u00e4vleborg\" data-secret=\"jTSeBpMwNF\" frameborder=\"0\" marginwidth=\"0\" marginheight=\"0\" scrolling=\"no\" class=\"wp-embedded-content\"><\/iframe><script>\n\/*! This file is auto-generated *\/\n!function(d,l){\"use strict\";l.querySelector&&d.addEventListener&&\"undefined\"!=typeof URL&&(d.wp=d.wp||{},d.wp.receiveEmbedMessage||(d.wp.receiveEmbedMessage=function(e){var t=e.data;if((t||t.secret||t.message||t.value)&&!\/[^a-zA-Z0-9]\/.test(t.secret)){for(var s,r,n,a=l.querySelectorAll('iframe[data-secret=\"'+t.secret+'\"]'),o=l.querySelectorAll('blockquote[data-secret=\"'+t.secret+'\"]'),c=new RegExp(\"^https?:$\",\"i\"),i=0;i<o.length;i++)o[i].style.display=\"none\";for(i=0;i<a.length;i++)s=a[i],e.source===s.contentWindow&&(s.removeAttribute(\"style\"),\"height\"===t.message?(1e3<(r=parseInt(t.value,10))?r=1e3:~~r<200&&(r=200),s.height=r):\"link\"===t.message&&(r=new URL(s.getAttribute(\"src\")),n=new URL(t.value),c.test(n.protocol))&&n.host===r.host&&l.activeElement===s&&(d.top.location.href=t.value))}},d.addEventListener(\"message\",d.wp.receiveEmbedMessage,!1),l.addEventListener(\"DOMContentLoaded\",function(){for(var e,t,s=l.querySelectorAll(\"iframe.wp-embedded-content\"),r=0;r<s.length;r++)(t=(e=s[r]).getAttribute(\"data-secret\"))||(t=Math.random().toString(36).substring(2,12),e.src+=\"#?secret=\"+t,e.setAttribute(\"data-secret\",t)),e.contentWindow.postMessage({message:\"ready\",secret:t},\"*\")},!1)))}(window,document);\n\/\/# sourceURL=https:\/\/moderaterna.se\/gavleborg\/wp-includes\/js\/wp-embed.min.js\n<\/script>\n","thumbnail_url":"https:\/\/moderaterna.se\/app\/uploads\/sites\/8\/2023\/07\/Maria-Lundin.jpeg","thumbnail_width":1170,"thumbnail_height":1553,"description":"Presentation Det \u00e4r dags att s\u00e4kra upp en v\u00e4rdigare \u00e5lderdom med en betydligt b\u00e4ttre \u00e4ldreomsorg och en fungerande sjukv\u00e5rd utan l\u00e5nga k\u00f6er. Ett tryggare samh\u00e4lle d\u00e4r lag och ordning m\u00e5ste sk\u00e4rpas och str\u00e4ngare straff inf\u00f6ras. Bringa ordning i invandringenspolitiken med bla spr\u00e5kkrav. Jag tror p\u00e5 frihet och individens egna ansvar att forma sitt liv. Snabbfakta [&hellip;]"}